{"id":63158,"date":"2026-05-26T09:00:39","date_gmt":"2026-05-26T07:00:39","guid":{"rendered":"https:\/\/www.kilowattfestival.it\/calendario-del-festival-ordinato-per-giorni-2026\/"},"modified":"2026-06-05T13:05:30","modified_gmt":"2026-06-05T11:05:30","slug":"festival-calendar-ordered-by-days-2026","status":"publish","type":"page","link":"https:\/\/www.kilowattfestival.it\/en\/festival-calendar-ordered-by-days-2026\/","title":{"rendered":"Festival calendar ordered by days 2026"},"content":{"rendered":"\t\t<div data-elementor-type=\"wp-page\" data-elementor-id=\"63158\" class=\"elementor elementor-63158 elementor-62904\" data-elementor-post-type=\"page\">\n\t\t\t\t\t\t<section data-dce-background-color=\"#2F7751\" data-dce-background-image-url=\"https:\/\/www.kilowattfestival.it\/wp-content\/uploads\/2026\/05\/kwt26_bg-men-woman-green_hor-dx_sw.jpg\" class=\"elementor-section elementor-top-section elementor-element elementor-element-2e7bf2e4 elementor-section-full_width elementor-section-height-default elementor-section-height-default\" data-id=\"2e7bf2e4\" data-element_type=\"section\" data-settings=\"{&quot;background_background&quot;:&quot;classic&quot;}\">\n\t\t\t\t\t\t\t<div class=\"elementor-background-overlay\"><\/div>\n\t\t\t\t\t\t\t<div class=\"elementor-container elementor-column-gap-default\">\n\t\t\t\t\t<div class=\"elementor-column elementor-col-100 elementor-top-column elementor-element elementor-element-444ca088\" data-id=\"444ca088\" data-element_type=\"column\">\n\t\t\t<div class=\"elementor-widget-wrap elementor-element-populated\">\n\t\t\t\t\t\t<div class=\"elementor-element elementor-element-f920965 elementor-widget elementor-widget-spacer\" data-id=\"f920965\" data-element_type=\"widget\" data-widget_type=\"spacer.default\">\n\t\t\t\t<div class=\"elementor-widget-container\">\n\t\t\t\t\t\t\t<div class=\"elementor-spacer\">\n\t\t\t<div class=\"elementor-spacer-inner\"><\/div>\n\t\t<\/div>\n\t\t\t\t\t\t<\/div>\n\t\t\t\t<\/div>\n\t\t\t\t<div class=\"elementor-element elementor-element-8028f73 elementor-absolute elementor-widget elementor-widget-heading\" data-id=\"8028f73\" data-element_type=\"widget\" data-settings=\"{&quot;_position&quot;:&quot;absolute&quot;}\" data-widget_type=\"heading.default\">\n\t\t\t\t<div class=\"elementor-widget-container\">\n\t\t\t\t\t<h2 class=\"elementor-heading-title elementor-size-default\">KILOWATT 2026<br><span style=\"color:#ffda73;font-size:75%;font-weight:600\">17\u25cf25 JULY<\/span><\/h2>\t\t\t\t<\/div>\n\t\t\t\t<\/div>\n\t\t\t\t\t<\/div>\n\t\t<\/div>\n\t\t\t\t\t<\/div>\n\t\t<\/section>\n\t\t\t\t<section data-dce-background-overlay-image-url=\"https:\/\/www.kilowattfestival.it\/wp-content\/uploads\/pixel-texture-bg.png\" class=\"elementor-section elementor-top-section elementor-element elementor-element-722f4543 elementor-section-boxed elementor-section-height-default elementor-section-height-default\" data-id=\"722f4543\" data-element_type=\"section\">\n\t\t\t\t\t\t\t<div class=\"elementor-background-overlay\"><\/div>\n\t\t\t\t\t\t\t<div class=\"elementor-container elementor-column-gap-default\">\n\t\t\t\t\t<div class=\"elementor-column elementor-col-100 elementor-top-column elementor-element elementor-element-3ad1a14e\" data-id=\"3ad1a14e\" data-element_type=\"column\">\n\t\t\t<div class=\"elementor-widget-wrap elementor-element-populated\">\n\t\t\t\t\t\t<div class=\"elementor-element elementor-element-1e0299b elementor-widget elementor-widget-heading\" data-id=\"1e0299b\" data-element_type=\"widget\" data-widget_type=\"heading.default\">\n\t\t\t\t<div class=\"elementor-widget-container\">\n\t\t\t\t\t<h1 class=\"elementor-heading-title elementor-size-default\">FESTIVAL CALENDAR<\/h1>\t\t\t\t<\/div>\n\t\t\t\t<\/div>\n\t\t\t\t<div class=\"elementor-element elementor-element-590cd8fe toggle-header elementor-widget elementor-widget-heading\" data-id=\"590cd8fe\" data-element_type=\"widget\" data-widget_type=\"heading.default\">\n\t\t\t\t<div class=\"elementor-widget-container\">\n\t\t\t\t\t<div class=\"elementor-heading-title elementor-size-default\"><button><h3><i class=\"fa fa-calendar-day\"><\/i> &nbsp; Friday, july 17, 2026<\/h3><\/button><\/div>\t\t\t\t<\/div>\n\t\t\t\t<\/div>\n\t\t\t\t<div class=\"elementor-element elementor-element-0d81cc4 toggle-content dce-posts-layout-default dce-col-4 dce-col-tablet-3 dce-col-mobile-1 dce-align-left elementor-widget elementor-widget-dce-dynamicposts-v2\" data-id=\"0d81cc4\" data-element_type=\"widget\" id=\"giorno-1\" data-settings=\"{&quot;templatemode_linkable&quot;:&quot;yes&quot;,&quot;style_items&quot;:&quot;default&quot;,&quot;grid_grid_type&quot;:&quot;flex&quot;}\" data-widget_type=\"dce-dynamicposts-v2.grid\">\n\t\t\t\t<div class=\"elementor-widget-container\">\n\t\t\t\t\t\n\t\t<div class=\"dce-fix-background-loop dce-posts-container dce-posts dce-dynamic-posts-collection  dce-skin-grid dce-skin-grid-flex\">\n\t\t\t\t\t\t<div class=\"dce-posts-wrapper dce-wrapper-grid\">\n\t\t\t\n\t\t<article class=\"post-63346 contenuto type-contenuto status-publish has-post-thumbnail hentry capotravecategorie-festival-en capotravetags-events capotravetags-festival-events-2026 capotravetags_libere-visual-art dce-post dce-post-item dce-item-grid\" data-dce-post-id=\"63346\" data-dce-post-index=\"0\" data-post-link=\"https:\/\/www.kilowattfestival.it\/en\/contenuto\/esortazione-ai-visionari\/\">\n\t\t\t<div class=\"dce-post-block elementor-animation-float\">\n\t\t<div class=\"dce-item dce-item_custommeta elementor-repeater-item-546d9cf\"><div class=\"dce-post-custommeta\"><div class=\"dce-meta-item dce-meta-546d9cf dce-meta-date elementor-repeater-item-546d9cf\">17\/07\/2026<\/div><\/div><\/div><div class=\"dce-item dce-item_token elementor-repeater-item-2eeb17e\"><i class=\"far fa-clock\"><\/i><span>14:30 - 16:30<\/span><\/div><div class=\"dce-item dce-item_image elementor-repeater-item-bcc25aa\"><a class=\"dce-post-image\" href=\"https:\/\/www.kilowattfestival.it\/en\/contenuto\/esortazione-ai-visionari\/\"><figure data-image-ratio=\"0.6\" class=\"dce-img\"><img fetchpriority=\"high\" decoding=\"async\" width=\"768\" height=\"512\" src=\"https:\/\/www.kilowattfestival.it\/wp-content\/uploads\/2026\/05\/4.ESORTAZIONE_AI_VISIONARI_KWT26-ph.FrancescoGalli-768x512.jpg\" class=\"\" alt=\"Esortazione ai Visionari\" srcset=\"https:\/\/www.kilowattfestival.it\/wp-content\/uploads\/2026\/05\/4.ESORTAZIONE_AI_VISIONARI_KWT26-ph.FrancescoGalli-768x512.jpg 768w, https:\/\/www.kilowattfestival.it\/wp-content\/uploads\/2026\/05\/4.ESORTAZIONE_AI_VISIONARI_KWT26-ph.FrancescoGalli-300x200.jpg 300w, https:\/\/www.kilowattfestival.it\/wp-content\/uploads\/2026\/05\/4.ESORTAZIONE_AI_VISIONARI_KWT26-ph.FrancescoGalli-1536x1024.jpg 1536w, https:\/\/www.kilowattfestival.it\/wp-content\/uploads\/2026\/05\/4.ESORTAZIONE_AI_VISIONARI_KWT26-ph.FrancescoGalli-2048x1365.jpg 2048w\" sizes=\"(max-width: 768px) 100vw, 768px\" \/><\/figure><\/a><\/div><div class=\"dce-item dce-item_custommeta elementor-repeater-item-aa91113\"><div class=\"dce-post-custommeta dce-post-custommeta\"><div class=\"dce-meta-item dce-meta-546d9cf dce-meta-date elementor-repeater-item-546d9cf dce-meta-item dce-meta-aa91113 dce-meta-text elementor-repeater-item-aa91113\"><div>Esortazione ai Visionari<\/div><\/div><\/div><\/div><div class=\"dce-item dce-item_title elementor-repeater-item-a773ffa\"><h3 class=\"dce-post-title\">Esortazione ai Visionari<\/h3><\/div><div class=\"dce-item dce-item_termstaxonomy elementor-repeater-item-76b0ed9\"><div class=\"dce-post-terms\"><ul class=\"dce-terms-list dce-taxonomy-capotravetags_libere\"><li class=\"dce-term-item\"><span class=\"dce-term dce-term-99\" data-dce-order=\"\">Visual Art<\/span><\/li><\/ul><\/div><\/div><div class=\"dce-item dce-item_token elementor-repeater-item-deb9021\"><i class=\"fa fa-stopwatch\"><\/i>&nbsp; <span>running time: 2 days<\/span><\/div><div class=\"dce-item dce-item_token elementor-repeater-item-1b0d7c2\"><i class=\"fa fa-map-marker-alt\"><\/i>&nbsp; <span>Tedamis<\/span><\/div><div class=\"dce-item dce-item_token elementor-repeater-item-bdde9fe\"><div class=\"eve-meta-ingresso\"><i class=\"fa fa-ticket-alt\"><\/i>&nbsp;<span>Free entrance<\/span><\/div><\/div>\t\t\t<\/div>\n\t\t<\/article>\n\t\t\n\t\t<article class=\"post-63228 contenuto type-contenuto status-publish has-post-thumbnail hentry capotravecategorie-festival-en capotravetags-events capotravetags-festival-events-2026 capotravetags_libere-visual-art dce-post dce-post-item dce-item-grid\" data-dce-post-id=\"63228\" data-dce-post-index=\"1\" data-post-link=\"https:\/\/www.kilowattfestival.it\/en\/contenuto\/tre-mostre-dedicate-a-eugenio-barba-e-julia-varley-kwt2026-arte-visiva\/\">\n\t\t\t<div class=\"dce-post-block elementor-animation-float\">\n\t\t<div class=\"dce-item dce-item_custommeta elementor-repeater-item-546d9cf\"><div class=\"dce-post-custommeta dce-post-custommeta dce-post-custommeta\"><div class=\"dce-meta-item dce-meta-546d9cf dce-meta-date elementor-repeater-item-546d9cf\">17\/07\/2026<\/div><\/div><\/div><div class=\"dce-item dce-item_token elementor-repeater-item-2eeb17e\"><i class=\"far fa-clock\"><\/i><span>16:00 - 20:00<\/span><\/div><div class=\"dce-item dce-item_image elementor-repeater-item-bcc25aa\"><a class=\"dce-post-image\" href=\"https:\/\/www.kilowattfestival.it\/en\/contenuto\/tre-mostre-dedicate-a-eugenio-barba-e-julia-varley-kwt2026-arte-visiva\/\"><figure data-image-ratio=\"0.6\" class=\"dce-img\"><img decoding=\"async\" width=\"768\" height=\"432\" src=\"https:\/\/www.kilowattfestival.it\/wp-content\/uploads\/2026\/05\/Mostra_AnnalisaGonnella_KWT26_v2-768x432.jpg\" class=\"\" alt=\"Three exhibitions dedicated to Eugenio Barba and Julia Varley\" srcset=\"https:\/\/www.kilowattfestival.it\/wp-content\/uploads\/2026\/05\/Mostra_AnnalisaGonnella_KWT26_v2-768x432.jpg 768w, https:\/\/www.kilowattfestival.it\/wp-content\/uploads\/2026\/05\/Mostra_AnnalisaGonnella_KWT26_v2-300x169.jpg 300w, https:\/\/www.kilowattfestival.it\/wp-content\/uploads\/2026\/05\/Mostra_AnnalisaGonnella_KWT26_v2-1536x864.jpg 1536w, https:\/\/www.kilowattfestival.it\/wp-content\/uploads\/2026\/05\/Mostra_AnnalisaGonnella_KWT26_v2.jpg 1920w\" sizes=\"(max-width: 768px) 100vw, 768px\" \/><\/figure><\/a><\/div><div class=\"dce-item dce-item_custommeta elementor-repeater-item-aa91113\"><div class=\"dce-post-custommeta dce-post-custommeta dce-post-custommeta dce-post-custommeta\"><div class=\"dce-meta-item dce-meta-546d9cf dce-meta-date elementor-repeater-item-546d9cf dce-meta-item dce-meta-aa91113 dce-meta-text elementor-repeater-item-aa91113\"><div>Francesco Galli, Annalisa Gonnella (curated by)<\/div><\/div><\/div><\/div><div class=\"dce-item dce-item_title elementor-repeater-item-a773ffa\"><h3 class=\"dce-post-title\">Three exhibitions dedicated to Eugenio Barba and Julia Varley<\/h3><\/div><div class=\"dce-item dce-item_termstaxonomy elementor-repeater-item-76b0ed9\"><div class=\"dce-post-terms\"><ul class=\"dce-terms-list dce-taxonomy-capotravetags_libere\"><li class=\"dce-term-item\"><span class=\"dce-term dce-term-99\" data-dce-order=\"\">Visual Art<\/span><\/li><\/ul><\/div><\/div><div class=\"dce-item dce-item_token elementor-repeater-item-deb9021\"><i class=\"fa fa-stopwatch\"><\/i>&nbsp; <span>running time: 9 days<\/span><\/div><div class=\"dce-item dce-item_token elementor-repeater-item-1b0d7c2\"><i class=\"fa fa-map-marker-alt\"><\/i>&nbsp; <span>Teatro alla Misericordia \/ Palazzo Alberti<\/span><\/div><div class=\"dce-item dce-item_token elementor-repeater-item-bdde9fe\"><div class=\"eve-meta-ingresso\"><i class=\"fa fa-ticket-alt\"><\/i>&nbsp;<span>Free entrance<\/span><\/div><\/div>\t\t\t<\/div>\n\t\t<\/article>\n\t\t\n\t\t<article class=\"post-63242 contenuto type-contenuto status-publish has-post-thumbnail hentry capotravecategorie-festival-en capotravetags-events capotravetags-festival-events-2026 capotravetags_libere-theatre dce-post dce-post-item dce-item-grid\" data-dce-post-id=\"63242\" data-dce-post-index=\"2\" data-post-link=\"https:\/\/www.kilowattfestival.it\/en\/contenuto\/mia-zia-daniela-detta-dada-per-andare-a-ballare-la-notte-indossava-zeppe-tacco-25-kwt2026-teatro\/\">\n\t\t\t<div class=\"dce-post-block elementor-animation-float\">\n\t\t<div class=\"dce-item dce-item_custommeta elementor-repeater-item-546d9cf\"><div class=\"dce-post-custommeta dce-post-custommeta dce-post-custommeta dce-post-custommeta dce-post-custommeta\"><div class=\"dce-meta-item dce-meta-546d9cf dce-meta-date elementor-repeater-item-546d9cf\">17\/07\/2026<\/div><\/div><\/div><div class=\"dce-item dce-item_token elementor-repeater-item-2eeb17e\"><i class=\"far fa-clock\"><\/i><span>17:00<\/span><\/div><div class=\"dce-item dce-item_image elementor-repeater-item-bcc25aa\"><a class=\"dce-post-image\" href=\"https:\/\/www.kilowattfestival.it\/en\/contenuto\/mia-zia-daniela-detta-dada-per-andare-a-ballare-la-notte-indossava-zeppe-tacco-25-kwt2026-teatro\/\"><figure data-image-ratio=\"0.6\" class=\"dce-img\"><img decoding=\"async\" width=\"768\" height=\"432\" src=\"https:\/\/www.kilowattfestival.it\/wp-content\/uploads\/2026\/05\/MIA_ZIA_DANIELA_DETTA_DADA_PER_ANDARE_A_BALLARE_LA_NOTTE_INDOSSAVA_ZEPPE_TACCO_25_KWT26_v2-768x432.jpg\" class=\"\" alt=\"Mia zia Daniela detta Dada per andare a ballare la notte indossava zeppe tacco 25\" srcset=\"https:\/\/www.kilowattfestival.it\/wp-content\/uploads\/2026\/05\/MIA_ZIA_DANIELA_DETTA_DADA_PER_ANDARE_A_BALLARE_LA_NOTTE_INDOSSAVA_ZEPPE_TACCO_25_KWT26_v2-768x432.jpg 768w, https:\/\/www.kilowattfestival.it\/wp-content\/uploads\/2026\/05\/MIA_ZIA_DANIELA_DETTA_DADA_PER_ANDARE_A_BALLARE_LA_NOTTE_INDOSSAVA_ZEPPE_TACCO_25_KWT26_v2-300x169.jpg 300w, https:\/\/www.kilowattfestival.it\/wp-content\/uploads\/2026\/05\/MIA_ZIA_DANIELA_DETTA_DADA_PER_ANDARE_A_BALLARE_LA_NOTTE_INDOSSAVA_ZEPPE_TACCO_25_KWT26_v2.jpg 1150w\" sizes=\"(max-width: 768px) 100vw, 768px\" \/><\/figure><\/a><\/div><div class=\"dce-item dce-item_custommeta elementor-repeater-item-aa91113\"><div class=\"dce-post-custommeta dce-post-custommeta dce-post-custommeta dce-post-custommeta dce-post-custommeta dce-post-custommeta\"><div class=\"dce-meta-item dce-meta-546d9cf dce-meta-date elementor-repeater-item-546d9cf dce-meta-item dce-meta-aa91113 dce-meta-text elementor-repeater-item-aa91113\"><div>Riccardo Iellen<\/div><\/div><\/div><\/div><div class=\"dce-item dce-item_title elementor-repeater-item-a773ffa\"><h3 class=\"dce-post-title\">Mia zia Daniela detta Dada per andare a ballare la notte indossava zeppe tacco 25<\/h3><\/div><div class=\"dce-item dce-item_termstaxonomy elementor-repeater-item-76b0ed9\"><div class=\"dce-post-terms\"><ul class=\"dce-terms-list dce-taxonomy-capotravetags_libere\"><li class=\"dce-term-item\"><span class=\"dce-term dce-term-65\" data-dce-order=\"\">Theatre<\/span><\/li><\/ul><\/div><\/div><div class=\"dce-item dce-item_token elementor-repeater-item-deb9021\"><i class=\"fa fa-stopwatch\"><\/i>&nbsp; <span>running time: 55&#039;<\/span><\/div><div class=\"dce-item dce-item_token elementor-repeater-item-1b0d7c2\"><i class=\"fa fa-map-marker-alt\"><\/i>&nbsp; <span>Auditorium di Santa Chiara<\/span><\/div><div class=\"dce-item dce-item_token elementor-repeater-item-bdde9fe\"><div class=\"eve-meta-ingresso\"><i class=\"fa fa-ticket-alt\"><\/i>&nbsp;<span> 10&nbsp;\u20ac&nbsp;full \/ 8&nbsp;\u20ac&nbsp;reduced<\/span><\/div><\/div>\t\t\t<\/div>\n\t\t<\/article>\n\t\t\n\t\t<article class=\"post-63297 contenuto type-contenuto status-publish has-post-thumbnail hentry capotravecategorie-festival-en capotravetags-events capotravetags-festival-events-2026 capotravetags_libere-theatre dce-post dce-post-item dce-item-grid\" data-dce-post-id=\"63297\" data-dce-post-index=\"3\" data-post-link=\"https:\/\/www.kilowattfestival.it\/en\/contenuto\/la-casa-misteriosa-lassu-nella-nebbia-kwt2026-teatro\/\">\n\t\t\t<div class=\"dce-post-block elementor-animation-float\">\n\t\t<div class=\"dce-item dce-item_custommeta elementor-repeater-item-546d9cf\"><div class=\"dce-post-custommeta dce-post-custommeta dce-post-custommeta dce-post-custommeta dce-post-custommeta dce-post-custommeta dce-post-custommeta\"><div class=\"dce-meta-item dce-meta-546d9cf dce-meta-date elementor-repeater-item-546d9cf\">17\/07\/2026<\/div><\/div><\/div><div class=\"dce-item dce-item_token elementor-repeater-item-2eeb17e\"><i class=\"far fa-clock\"><\/i><span>19:10, 21:30<\/span><\/div><div class=\"dce-item dce-item_image elementor-repeater-item-bcc25aa\"><a class=\"dce-post-image\" href=\"https:\/\/www.kilowattfestival.it\/en\/contenuto\/la-casa-misteriosa-lassu-nella-nebbia-kwt2026-teatro\/\"><figure data-image-ratio=\"0.6\" class=\"dce-img\"><img loading=\"lazy\" decoding=\"async\" width=\"768\" height=\"513\" src=\"https:\/\/www.kilowattfestival.it\/wp-content\/uploads\/2026\/06\/LA_CASA_MISTERIOSA_LASSU_NELLA_NEBBIA_Cuocolo_Bosetti_KWT26-768x513.jpg\" class=\"\" alt=\"La casa misteriosa lass\u00f9 nella nebbia\" srcset=\"https:\/\/www.kilowattfestival.it\/wp-content\/uploads\/2026\/06\/LA_CASA_MISTERIOSA_LASSU_NELLA_NEBBIA_Cuocolo_Bosetti_KWT26-768x513.jpg 768w, https:\/\/www.kilowattfestival.it\/wp-content\/uploads\/2026\/06\/LA_CASA_MISTERIOSA_LASSU_NELLA_NEBBIA_Cuocolo_Bosetti_KWT26-300x200.jpg 300w, https:\/\/www.kilowattfestival.it\/wp-content\/uploads\/2026\/06\/LA_CASA_MISTERIOSA_LASSU_NELLA_NEBBIA_Cuocolo_Bosetti_KWT26-1536x1026.jpg 1536w, https:\/\/www.kilowattfestival.it\/wp-content\/uploads\/2026\/06\/LA_CASA_MISTERIOSA_LASSU_NELLA_NEBBIA_Cuocolo_Bosetti_KWT26-2048x1367.jpg 2048w\" sizes=\"(max-width: 768px) 100vw, 768px\" \/><\/figure><\/a><\/div><div class=\"dce-item dce-item_custommeta elementor-repeater-item-aa91113\"><div class=\"dce-post-custommeta dce-post-custommeta dce-post-custommeta dce-post-custommeta dce-post-custommeta dce-post-custommeta dce-post-custommeta dce-post-custommeta\"><div class=\"dce-meta-item dce-meta-546d9cf dce-meta-date elementor-repeater-item-546d9cf dce-meta-item dce-meta-aa91113 dce-meta-text elementor-repeater-item-aa91113\"><div>Cuocolo \/ Bosetti<\/div><\/div><\/div><\/div><div class=\"dce-item dce-item_title elementor-repeater-item-a773ffa\"><h3 class=\"dce-post-title\">La casa misteriosa lass\u00f9 nella nebbia<\/h3><\/div><div class=\"dce-item dce-item_termstaxonomy elementor-repeater-item-76b0ed9\"><div class=\"dce-post-terms\"><ul class=\"dce-terms-list dce-taxonomy-capotravetags_libere\"><li class=\"dce-term-item\"><span class=\"dce-term dce-term-65\" data-dce-order=\"\">Theatre<\/span><\/li><\/ul><\/div><\/div><div class=\"dce-item dce-item_token elementor-repeater-item-deb9021\"><i class=\"fa fa-stopwatch\"><\/i>&nbsp; <span>running time: 40&#039;<\/span><\/div><div class=\"dce-item dce-item_token elementor-repeater-item-1b0d7c2\"><i class=\"fa fa-map-marker-alt\"><\/i>&nbsp; <span>Palazzo Aloigi Luzzi<\/span><\/div><div class=\"dce-item dce-item_token elementor-repeater-item-bdde9fe\"><div class=\"eve-meta-ingresso\"><i class=\"fa fa-ticket-alt\"><\/i>&nbsp;<span> 10&nbsp;\u20ac&nbsp;full \/ 8&nbsp;\u20ac&nbsp;reduced<\/span><\/div><\/div>\t\t\t<\/div>\n\t\t<\/article>\n\t\t\n\t\t<article class=\"post-63299 contenuto type-contenuto status-publish has-post-thumbnail hentry capotravecategorie-festival-en capotravetags-events capotravetags-festival-events-2026 capotravetags_libere-music dce-post dce-post-item dce-item-grid\" data-dce-post-id=\"63299\" data-dce-post-index=\"4\" data-post-link=\"https:\/\/www.kilowattfestival.it\/en\/contenuto\/nicola-pitassio-grooveboi-quartet-ozge-merc-in-concerto-live-electronics-kwt2026-musica\/\">\n\t\t\t<div class=\"dce-post-block elementor-animation-float\">\n\t\t<div class=\"dce-item dce-item_custommeta elementor-repeater-item-546d9cf\"><div class=\"dce-post-custommeta dce-post-custommeta dce-post-custommeta dce-post-custommeta dce-post-custommeta dce-post-custommeta dce-post-custommeta dce-post-custommeta dce-post-custommeta\"><div class=\"dce-meta-item dce-meta-546d9cf dce-meta-date elementor-repeater-item-546d9cf\">17\/07\/2026<\/div><\/div><\/div><div class=\"dce-item dce-item_token elementor-repeater-item-2eeb17e\"><i class=\"far fa-clock\"><\/i><span>19:00<\/span><\/div><div class=\"dce-item dce-item_image elementor-repeater-item-bcc25aa\"><a class=\"dce-post-image\" href=\"https:\/\/www.kilowattfestival.it\/en\/contenuto\/nicola-pitassio-grooveboi-quartet-ozge-merc-in-concerto-live-electronics-kwt2026-musica\/\"><figure data-image-ratio=\"0.6\" class=\"dce-img\"><img loading=\"lazy\" decoding=\"async\" width=\"768\" height=\"432\" src=\"https:\/\/www.kilowattfestival.it\/wp-content\/uploads\/2026\/05\/MUSICA-Concerti_GROOVEBOI_KWT26_v2-768x432.jpg\" class=\"\" alt=\"Nicola Pitassio \/ Grooveboi Quartet + \u00d6zge Merc in concert (live electronics)\" srcset=\"https:\/\/www.kilowattfestival.it\/wp-content\/uploads\/2026\/05\/MUSICA-Concerti_GROOVEBOI_KWT26_v2-768x432.jpg 768w, https:\/\/www.kilowattfestival.it\/wp-content\/uploads\/2026\/05\/MUSICA-Concerti_GROOVEBOI_KWT26_v2-300x169.jpg 300w, https:\/\/www.kilowattfestival.it\/wp-content\/uploads\/2026\/05\/MUSICA-Concerti_GROOVEBOI_KWT26_v2.jpg 1366w\" sizes=\"(max-width: 768px) 100vw, 768px\" \/><\/figure><\/a><\/div><div class=\"dce-item dce-item_custommeta elementor-repeater-item-aa91113\"><div class=\"dce-post-custommeta dce-post-custommeta dce-post-custommeta dce-post-custommeta dce-post-custommeta dce-post-custommeta dce-post-custommeta dce-post-custommeta dce-post-custommeta dce-post-custommeta\"><div class=\"dce-meta-item dce-meta-546d9cf dce-meta-date elementor-repeater-item-546d9cf dce-meta-item dce-meta-aa91113 dce-meta-text elementor-repeater-item-aa91113\"><div>Nicola Pitassio \/ Grooveboi Quartet + \u00d6zge Merc<\/div><\/div><\/div><\/div><div class=\"dce-item dce-item_title elementor-repeater-item-a773ffa\"><h3 class=\"dce-post-title\">Nicola Pitassio \/ Grooveboi Quartet + \u00d6zge Merc in concert (live electronics)<\/h3><\/div><div class=\"dce-item dce-item_termstaxonomy elementor-repeater-item-76b0ed9\"><div class=\"dce-post-terms\"><ul class=\"dce-terms-list dce-taxonomy-capotravetags_libere\"><li class=\"dce-term-item\"><span class=\"dce-term dce-term-69\" data-dce-order=\"\">Music<\/span><\/li><\/ul><\/div><\/div><div class=\"dce-item dce-item_token elementor-repeater-item-deb9021\"><i class=\"fa fa-stopwatch\"><\/i>&nbsp; <span>running time: 50&#039;<\/span><\/div><div class=\"dce-item dce-item_token elementor-repeater-item-1b0d7c2\"><i class=\"fa fa-map-marker-alt\"><\/i>&nbsp; <span>Giardini di Piero<\/span><\/div><div class=\"dce-item dce-item_token elementor-repeater-item-bdde9fe\"><div class=\"eve-meta-ingresso\"><i class=\"fa fa-ticket-alt\"><\/i>&nbsp;<span> 3&nbsp;\u20ac<\/span><\/div><\/div>\t\t\t<\/div>\n\t\t<\/article>\n\t\t\n\t\t<article class=\"post-63251 contenuto type-contenuto status-publish has-post-thumbnail hentry capotravecategorie-festival-en capotravetags-events capotravetags-festival-events-2026 capotravetags_libere-dance dce-post dce-post-item dce-item-grid\" data-dce-post-id=\"63251\" data-dce-post-index=\"5\" data-post-link=\"https:\/\/www.kilowattfestival.it\/en\/contenuto\/portrait-kwt2026-danza\/\">\n\t\t\t<div class=\"dce-post-block elementor-animation-float\">\n\t\t<div class=\"dce-item dce-item_custommeta elementor-repeater-item-546d9cf\"><div class=\"dce-post-custommeta dce-post-custommeta dce-post-custommeta dce-post-custommeta dce-post-custommeta dce-post-custommeta dce-post-custommeta dce-post-custommeta dce-post-custommeta dce-post-custommeta dce-post-custommeta\"><div class=\"dce-meta-item dce-meta-546d9cf dce-meta-date elementor-repeater-item-546d9cf\">17\/07\/2026<\/div><\/div><\/div><div class=\"dce-item dce-item_token elementor-repeater-item-2eeb17e\"><i class=\"far fa-clock\"><\/i><span>20:10<\/span><\/div><div class=\"dce-item dce-item_image elementor-repeater-item-bcc25aa\"><a class=\"dce-post-image\" href=\"https:\/\/www.kilowattfestival.it\/en\/contenuto\/portrait-kwt2026-danza\/\"><figure data-image-ratio=\"0.6\" class=\"dce-img\"><img loading=\"lazy\" decoding=\"async\" width=\"768\" height=\"512\" src=\"https:\/\/www.kilowattfestival.it\/wp-content\/uploads\/2026\/05\/LA_PIEUVRE_RebeccaJourno_KWT26-768x512.jpg\" class=\"\" alt=\"Portrait\" srcset=\"https:\/\/www.kilowattfestival.it\/wp-content\/uploads\/2026\/05\/LA_PIEUVRE_RebeccaJourno_KWT26-768x512.jpg 768w, https:\/\/www.kilowattfestival.it\/wp-content\/uploads\/2026\/05\/LA_PIEUVRE_RebeccaJourno_KWT26-300x200.jpg 300w, https:\/\/www.kilowattfestival.it\/wp-content\/uploads\/2026\/05\/LA_PIEUVRE_RebeccaJourno_KWT26-1536x1024.jpg 1536w, https:\/\/www.kilowattfestival.it\/wp-content\/uploads\/2026\/05\/LA_PIEUVRE_RebeccaJourno_KWT26.jpg 1620w\" sizes=\"(max-width: 768px) 100vw, 768px\" \/><\/figure><\/a><\/div><div class=\"dce-item dce-item_custommeta elementor-repeater-item-aa91113\"><div class=\"dce-post-custommeta dce-post-custommeta dce-post-custommeta dce-post-custommeta dce-post-custommeta dce-post-custommeta dce-post-custommeta dce-post-custommeta dce-post-custommeta dce-post-custommeta dce-post-custommeta dce-post-custommeta\"><div class=\"dce-meta-item dce-meta-546d9cf dce-meta-date elementor-repeater-item-546d9cf dce-meta-item dce-meta-aa91113 dce-meta-text elementor-repeater-item-aa91113\"><div>La Pieuvre \/ Rebecca Journo (FR)<\/div><\/div><\/div><\/div><div class=\"dce-item dce-item_title elementor-repeater-item-a773ffa\"><h3 class=\"dce-post-title\">Portrait<\/h3><\/div><div class=\"dce-item dce-item_termstaxonomy elementor-repeater-item-76b0ed9\"><div class=\"dce-post-terms\"><ul class=\"dce-terms-list dce-taxonomy-capotravetags_libere\"><li class=\"dce-term-item\"><span class=\"dce-term dce-term-62\" data-dce-order=\"\">Dance<\/span><\/li><\/ul><\/div><\/div><div class=\"dce-item dce-item_token elementor-repeater-item-deb9021\"><i class=\"fa fa-stopwatch\"><\/i>&nbsp; <span>running time: 60&#039;<\/span><\/div><div class=\"dce-item dce-item_token elementor-repeater-item-1b0d7c2\"><i class=\"fa fa-map-marker-alt\"><\/i>&nbsp; <span>Teatro alla Misericordia<\/span><\/div><div class=\"dce-item dce-item_token elementor-repeater-item-bdde9fe\"><div class=\"eve-meta-ingresso\"><i class=\"fa fa-ticket-alt\"><\/i>&nbsp;<span> 10&nbsp;\u20ac&nbsp;full \/ 8&nbsp;\u20ac&nbsp;reduced<\/span><\/div><\/div>\t\t\t<\/div>\n\t\t<\/article>\n\t\t\n\t\t<article class=\"post-63254 contenuto type-contenuto status-publish has-post-thumbnail hentry capotravecategorie-festival-en capotravetags-events capotravetags-festival-events-2026 capotravetags_libere-theatre dce-post dce-post-item dce-item-grid\" data-dce-post-id=\"63254\" data-dce-post-index=\"6\" data-post-link=\"https:\/\/www.kilowattfestival.it\/en\/contenuto\/lisa-kwt2026-teatro\/\">\n\t\t\t<div class=\"dce-post-block elementor-animation-float\">\n\t\t<div class=\"dce-item dce-item_custommeta elementor-repeater-item-546d9cf\"><div class=\"dce-post-custommeta dce-post-custommeta dce-post-custommeta dce-post-custommeta dce-post-custommeta dce-post-custommeta dce-post-custommeta dce-post-custommeta dce-post-custommeta dce-post-custommeta dce-post-custommeta dce-post-custommeta dce-post-custommeta\"><div class=\"dce-meta-item dce-meta-546d9cf dce-meta-date elementor-repeater-item-546d9cf\">17\/07\/2026<\/div><\/div><\/div><div class=\"dce-item dce-item_token elementor-repeater-item-2eeb17e\"><i class=\"far fa-clock\"><\/i><span>21:30<\/span><\/div><div class=\"dce-item dce-item_image elementor-repeater-item-bcc25aa\"><a class=\"dce-post-image\" href=\"https:\/\/www.kilowattfestival.it\/en\/contenuto\/lisa-kwt2026-teatro\/\"><figure data-image-ratio=\"0.6\" class=\"dce-img\"><img loading=\"lazy\" decoding=\"async\" width=\"768\" height=\"513\" src=\"https:\/\/www.kilowattfestival.it\/wp-content\/uploads\/2026\/05\/LISA_PisanoGranelli_KWT26-768x513.jpg\" class=\"\" alt=\"Lisa\" srcset=\"https:\/\/www.kilowattfestival.it\/wp-content\/uploads\/2026\/05\/LISA_PisanoGranelli_KWT26-768x513.jpg 768w, https:\/\/www.kilowattfestival.it\/wp-content\/uploads\/2026\/05\/LISA_PisanoGranelli_KWT26-300x200.jpg 300w, https:\/\/www.kilowattfestival.it\/wp-content\/uploads\/2026\/05\/LISA_PisanoGranelli_KWT26-1536x1025.jpg 1536w, https:\/\/www.kilowattfestival.it\/wp-content\/uploads\/2026\/05\/LISA_PisanoGranelli_KWT26.jpg 1618w\" sizes=\"(max-width: 768px) 100vw, 768px\" \/><\/figure><\/a><\/div><div class=\"dce-item dce-item_custommeta elementor-repeater-item-aa91113\"><div class=\"dce-post-custommeta dce-post-custommeta dce-post-custommeta dce-post-custommeta dce-post-custommeta dce-post-custommeta dce-post-custommeta dce-post-custommeta dce-post-custommeta dce-post-custommeta dce-post-custommeta dce-post-custommeta dce-post-custommeta dce-post-custommeta\"><div class=\"dce-meta-item dce-meta-546d9cf dce-meta-date elementor-repeater-item-546d9cf dce-meta-item dce-meta-aa91113 dce-meta-text elementor-repeater-item-aa91113\"><div>Fabio Pisano - Mariangela Granelli<\/div><\/div><\/div><\/div><div class=\"dce-item dce-item_title elementor-repeater-item-a773ffa\"><h3 class=\"dce-post-title\">Lisa<\/h3><\/div><div class=\"dce-item dce-item_termstaxonomy elementor-repeater-item-76b0ed9\"><div class=\"dce-post-terms\"><ul class=\"dce-terms-list dce-taxonomy-capotravetags_libere\"><li class=\"dce-term-item\"><span class=\"dce-term dce-term-65\" data-dce-order=\"\">Theatre<\/span><\/li><\/ul><\/div><\/div><div class=\"dce-item dce-item_token elementor-repeater-item-deb9021\"><i class=\"fa fa-stopwatch\"><\/i>&nbsp; <span>running time: 60&#039;<\/span><\/div><div class=\"dce-item dce-item_token elementor-repeater-item-1b0d7c2\"><i class=\"fa fa-map-marker-alt\"><\/i>&nbsp; <span>Chiostro di San Francesco<\/span><\/div><div class=\"dce-item dce-item_token elementor-repeater-item-bdde9fe\"><div class=\"eve-meta-ingresso\"><i class=\"fa fa-ticket-alt\"><\/i>&nbsp;<span> 10&nbsp;\u20ac&nbsp;full \/ 8&nbsp;\u20ac&nbsp;reduced<\/span><\/div><\/div>\t\t\t<\/div>\n\t\t<\/article>\n\t\t\n\t\t<article class=\"post-63258 contenuto type-contenuto status-publish has-post-thumbnail hentry capotravecategorie-festival-en capotravetags-events capotravetags-festival-events-2026 capotravetags_libere-theatre dce-post dce-post-item dce-item-grid\" data-dce-post-id=\"63258\" data-dce-post-index=\"7\" data-post-link=\"https:\/\/www.kilowattfestival.it\/en\/contenuto\/teatro-solitudine-mestiere-rivolta-kwt2026-teatro\/\">\n\t\t\t<div class=\"dce-post-block elementor-animation-float\">\n\t\t<div class=\"dce-item dce-item_custommeta elementor-repeater-item-546d9cf\"><div class=\"dce-post-custommeta dce-post-custommeta dce-post-custommeta dce-post-custommeta dce-post-custommeta dce-post-custommeta dce-post-custommeta dce-post-custommeta dce-post-custommeta dce-post-custommeta dce-post-custommeta dce-post-custommeta dce-post-custommeta dce-post-custommeta dce-post-custommeta\"><div class=\"dce-meta-item dce-meta-546d9cf dce-meta-date elementor-repeater-item-546d9cf\">17\/07\/2026<\/div><\/div><\/div><div class=\"dce-item dce-item_token elementor-repeater-item-2eeb17e\"><i class=\"far fa-clock\"><\/i><span>22:45<\/span><\/div><div class=\"dce-item dce-item_image elementor-repeater-item-bcc25aa\"><a class=\"dce-post-image\" href=\"https:\/\/www.kilowattfestival.it\/en\/contenuto\/teatro-solitudine-mestiere-rivolta-kwt2026-teatro\/\"><figure data-image-ratio=\"0.6\" class=\"dce-img\"><img loading=\"lazy\" decoding=\"async\" width=\"768\" height=\"432\" src=\"https:\/\/www.kilowattfestival.it\/wp-content\/uploads\/2026\/05\/TEATRO-SOLITUDINE-Mestiere-Rivolta_KWT26_v2-768x432.jpg\" class=\"\" alt=\"Teatro. Solitudine Mestiere Rivolta\" srcset=\"https:\/\/www.kilowattfestival.it\/wp-content\/uploads\/2026\/05\/TEATRO-SOLITUDINE-Mestiere-Rivolta_KWT26_v2-768x432.jpg 768w, https:\/\/www.kilowattfestival.it\/wp-content\/uploads\/2026\/05\/TEATRO-SOLITUDINE-Mestiere-Rivolta_KWT26_v2-300x169.jpg 300w, https:\/\/www.kilowattfestival.it\/wp-content\/uploads\/2026\/05\/TEATRO-SOLITUDINE-Mestiere-Rivolta_KWT26_v2-1536x864.jpg 1536w, https:\/\/www.kilowattfestival.it\/wp-content\/uploads\/2026\/05\/TEATRO-SOLITUDINE-Mestiere-Rivolta_KWT26_v2.jpg 1920w\" sizes=\"(max-width: 768px) 100vw, 768px\" \/><\/figure><\/a><\/div><div class=\"dce-item dce-item_custommeta elementor-repeater-item-aa91113\"><div class=\"dce-post-custommeta dce-post-custommeta dce-post-custommeta dce-post-custommeta dce-post-custommeta dce-post-custommeta dce-post-custommeta dce-post-custommeta dce-post-custommeta dce-post-custommeta dce-post-custommeta dce-post-custommeta dce-post-custommeta dce-post-custommeta dce-post-custommeta dce-post-custommeta\"><div class=\"dce-meta-item dce-meta-546d9cf dce-meta-date elementor-repeater-item-546d9cf dce-meta-item dce-meta-aa91113 dce-meta-text elementor-repeater-item-aa91113\"><div>Eugenio Barba, Julia Varley, Nicola Borghesi, Liv Ferracchiati, Licia Lanera<\/div><\/div><\/div><\/div><div class=\"dce-item dce-item_title elementor-repeater-item-a773ffa\"><h3 class=\"dce-post-title\">Teatro. Solitudine Mestiere Rivolta<\/h3><\/div><div class=\"dce-item dce-item_termstaxonomy elementor-repeater-item-76b0ed9\"><div class=\"dce-post-terms\"><ul class=\"dce-terms-list dce-taxonomy-capotravetags_libere\"><li class=\"dce-term-item\"><span class=\"dce-term dce-term-65\" data-dce-order=\"\">Theatre<\/span><\/li><\/ul><\/div><\/div><div class=\"dce-item dce-item_token elementor-repeater-item-deb9021\"><i class=\"fa fa-stopwatch\"><\/i>&nbsp; <span>running time: 80&#039;<\/span><\/div><div class=\"dce-item dce-item_token elementor-repeater-item-1b0d7c2\"><i class=\"fa fa-map-marker-alt\"><\/i>&nbsp; <span>Chiostro di Santa Chiara<\/span><\/div><div class=\"dce-item dce-item_token elementor-repeater-item-bdde9fe\"><div class=\"eve-meta-ingresso\"><i class=\"fa fa-ticket-alt\"><\/i>&nbsp;<span> 10&nbsp;\u20ac&nbsp;full \/ 8&nbsp;\u20ac&nbsp;reduced<\/span><\/div><\/div>\t\t\t<\/div>\n\t\t<\/article>\n\t\t\n\t\t<article class=\"post-63300 contenuto type-contenuto status-publish has-post-thumbnail hentry capotravecategorie-festival-en capotravetags-events capotravetags-festival-events-2026 capotravetags_libere-music dce-post dce-post-item dce-item-grid\" data-dce-post-id=\"63300\" data-dce-post-index=\"8\" data-post-link=\"https:\/\/www.kilowattfestival.it\/en\/contenuto\/dj-set-di-francy-b-percussion-adrian-dj-percussion-live-kwt2026-musica\/\">\n\t\t\t<div class=\"dce-post-block elementor-animation-float\">\n\t\t<div class=\"dce-item dce-item_custommeta elementor-repeater-item-546d9cf\"><div class=\"dce-post-custommeta dce-post-custommeta dce-post-custommeta dce-post-custommeta dce-post-custommeta dce-post-custommeta dce-post-custommeta dce-post-custommeta dce-post-custommeta dce-post-custommeta dce-post-custommeta dce-post-custommeta dce-post-custommeta dce-post-custommeta dce-post-custommeta dce-post-custommeta dce-post-custommeta\"><div class=\"dce-meta-item dce-meta-546d9cf dce-meta-date elementor-repeater-item-546d9cf\">17\/07\/2026<\/div><\/div><\/div><div class=\"dce-item dce-item_token elementor-repeater-item-2eeb17e\"><i class=\"far fa-clock\"><\/i><span>23:00<\/span><\/div><div class=\"dce-item dce-item_image elementor-repeater-item-bcc25aa\"><a class=\"dce-post-image\" href=\"https:\/\/www.kilowattfestival.it\/en\/contenuto\/dj-set-di-francy-b-percussion-adrian-dj-percussion-live-kwt2026-musica\/\"><figure data-image-ratio=\"0.6\" class=\"dce-img\"><img loading=\"lazy\" decoding=\"async\" width=\"768\" height=\"432\" src=\"https:\/\/www.kilowattfestival.it\/wp-content\/uploads\/2026\/05\/MUSICA_Dj-Francy-B-e-Adrian_KWT26-768x432.jpg\" class=\"\" alt=\"Dj-set by Francy B percussion &#038; Adrian Dj (percussion live)\" srcset=\"https:\/\/www.kilowattfestival.it\/wp-content\/uploads\/2026\/05\/MUSICA_Dj-Francy-B-e-Adrian_KWT26-768x432.jpg 768w, https:\/\/www.kilowattfestival.it\/wp-content\/uploads\/2026\/05\/MUSICA_Dj-Francy-B-e-Adrian_KWT26-300x169.jpg 300w, https:\/\/www.kilowattfestival.it\/wp-content\/uploads\/2026\/05\/MUSICA_Dj-Francy-B-e-Adrian_KWT26-1536x864.jpg 1536w, https:\/\/www.kilowattfestival.it\/wp-content\/uploads\/2026\/05\/MUSICA_Dj-Francy-B-e-Adrian_KWT26.jpg 1920w\" sizes=\"(max-width: 768px) 100vw, 768px\" \/><\/figure><\/a><\/div><div class=\"dce-item dce-item_custommeta elementor-repeater-item-aa91113\"><div class=\"dce-post-custommeta dce-post-custommeta dce-post-custommeta dce-post-custommeta dce-post-custommeta dce-post-custommeta dce-post-custommeta dce-post-custommeta dce-post-custommeta dce-post-custommeta dce-post-custommeta dce-post-custommeta dce-post-custommeta dce-post-custommeta dce-post-custommeta dce-post-custommeta dce-post-custommeta dce-post-custommeta\"><div class=\"dce-meta-item dce-meta-546d9cf dce-meta-date elementor-repeater-item-546d9cf dce-meta-item dce-meta-aa91113 dce-meta-text elementor-repeater-item-aa91113\"><div>Francy B percussion &amp; Adrian Dj<\/div><\/div><\/div><\/div><div class=\"dce-item dce-item_title elementor-repeater-item-a773ffa\"><h3 class=\"dce-post-title\">Dj-set by Francy B percussion &#038; Adrian Dj (percussion live)<\/h3><\/div><div class=\"dce-item dce-item_termstaxonomy elementor-repeater-item-76b0ed9\"><div class=\"dce-post-terms\"><ul class=\"dce-terms-list dce-taxonomy-capotravetags_libere\"><li class=\"dce-term-item\"><span class=\"dce-term dce-term-69\" data-dce-order=\"\">Music<\/span><\/li><\/ul><\/div><\/div><div class=\"dce-item dce-item_token elementor-repeater-item-deb9021\"><i class=\"fa fa-stopwatch\"><\/i>&nbsp; <span>running time: 180&#039;<\/span><\/div><div class=\"dce-item dce-item_token elementor-repeater-item-1b0d7c2\"><i class=\"fa fa-map-marker-alt\"><\/i>&nbsp; <span>Giardini di Piero<\/span><\/div><div class=\"dce-item dce-item_token elementor-repeater-item-bdde9fe\"><div class=\"eve-meta-ingresso\"><i class=\"fa fa-ticket-alt\"><\/i>&nbsp;<span> 1&nbsp;\u20ac<\/span><\/div><\/div>\t\t\t<\/div>\n\t\t<\/article>\n\t\t\t\t\t<\/div>\n\t\t\t\t\t<\/div>\n\t\t\t\t\t\t<\/div>\n\t\t\t\t<\/div>\n\t\t\t\t<div class=\"elementor-element elementor-element-2211f36a toggle-header elementor-widget elementor-widget-heading\" data-id=\"2211f36a\" data-element_type=\"widget\" data-widget_type=\"heading.default\">\n\t\t\t\t<div class=\"elementor-widget-container\">\n\t\t\t\t\t<div class=\"elementor-heading-title elementor-size-default\"><button><h3><i class=\"fa fa-calendar-day\"><\/i> &nbsp; Saturday, july 18, 2026<\/h3><\/button><\/div>\t\t\t\t<\/div>\n\t\t\t\t<\/div>\n\t\t\t\t<div class=\"elementor-element elementor-element-7a8b1b5 toggle-content dce-posts-layout-default dce-col-4 dce-col-tablet-3 dce-col-mobile-1 dce-align-left elementor-widget elementor-widget-dce-dynamicposts-v2\" data-id=\"7a8b1b5\" data-element_type=\"widget\" id=\"giorno-2\" data-settings=\"{&quot;templatemode_linkable&quot;:&quot;yes&quot;,&quot;style_items&quot;:&quot;default&quot;,&quot;grid_grid_type&quot;:&quot;flex&quot;}\" data-widget_type=\"dce-dynamicposts-v2.grid\">\n\t\t\t\t<div class=\"elementor-widget-container\">\n\t\t\t\t\t\n\t\t<div class=\"dce-fix-background-loop dce-posts-container dce-posts dce-dynamic-posts-collection  dce-skin-grid dce-skin-grid-flex\">\n\t\t\t\t\t\t<div class=\"dce-posts-wrapper dce-wrapper-grid\">\n\t\t\t\n\t\t<article class=\"post-63259 contenuto type-contenuto status-publish has-post-thumbnail hentry capotravecategorie-festival-en capotravetags-events capotravetags-festival-events-2026 capotravetags_libere-workshops dce-post dce-post-item dce-item-grid\" data-dce-post-id=\"63259\" data-dce-post-index=\"0\" data-post-link=\"https:\/\/www.kilowattfestival.it\/en\/contenuto\/una-buona-idea-kwt2026-laboratori\/\">\n\t\t\t<div class=\"dce-post-block elementor-animation-float\">\n\t\t<div class=\"dce-item dce-item_custommeta elementor-repeater-item-546d9cf\"><div class=\"dce-post-custommeta\"><div class=\"dce-meta-item dce-meta-546d9cf dce-meta-date elementor-repeater-item-546d9cf\">18\/07\/2026<\/div><\/div><\/div><div class=\"dce-item dce-item_token elementor-repeater-item-2eeb17e\"><i class=\"far fa-clock\"><\/i><span>09:45 - 16:45<\/span><\/div><div class=\"dce-item dce-item_image elementor-repeater-item-bcc25aa\"><a class=\"dce-post-image\" href=\"https:\/\/www.kilowattfestival.it\/en\/contenuto\/una-buona-idea-kwt2026-laboratori\/\"><figure data-image-ratio=\"0.6\" class=\"dce-img\"><img loading=\"lazy\" decoding=\"async\" width=\"768\" height=\"512\" src=\"https:\/\/www.kilowattfestival.it\/wp-content\/uploads\/2026\/05\/LAB_ph-Enrico-Baraldi_KWT26-768x512.jpg\" class=\"\" alt=\"Una buona idea\" srcset=\"https:\/\/www.kilowattfestival.it\/wp-content\/uploads\/2026\/05\/LAB_ph-Enrico-Baraldi_KWT26-768x512.jpg 768w, https:\/\/www.kilowattfestival.it\/wp-content\/uploads\/2026\/05\/LAB_ph-Enrico-Baraldi_KWT26-300x200.jpg 300w, https:\/\/www.kilowattfestival.it\/wp-content\/uploads\/2026\/05\/LAB_ph-Enrico-Baraldi_KWT26-1536x1024.jpg 1536w, https:\/\/www.kilowattfestival.it\/wp-content\/uploads\/2026\/05\/LAB_ph-Enrico-Baraldi_KWT26.jpg 1620w\" sizes=\"(max-width: 768px) 100vw, 768px\" \/><\/figure><\/a><\/div><div class=\"dce-item dce-item_custommeta elementor-repeater-item-aa91113\"><div class=\"dce-post-custommeta dce-post-custommeta\"><div class=\"dce-meta-item dce-meta-546d9cf dce-meta-date elementor-repeater-item-546d9cf dce-meta-item dce-meta-aa91113 dce-meta-text elementor-repeater-item-aa91113\"><div>Nicola Borghesi<\/div><\/div><\/div><\/div><div class=\"dce-item dce-item_title elementor-repeater-item-a773ffa\"><h3 class=\"dce-post-title\">Una buona idea<\/h3><\/div><div class=\"dce-item dce-item_termstaxonomy elementor-repeater-item-76b0ed9\"><div class=\"dce-post-terms\"><ul class=\"dce-terms-list dce-taxonomy-capotravetags_libere\"><li class=\"dce-term-item\"><span class=\"dce-term dce-term-67\" data-dce-order=\"\">Workshops<\/span><\/li><\/ul><\/div><\/div><div class=\"dce-item dce-item_token elementor-repeater-item-deb9021\"><i class=\"fa fa-stopwatch\"><\/i>&nbsp; <span>running time: 7 days<\/span><\/div><div class=\"dce-item dce-item_token elementor-repeater-item-1b0d7c2\"><i class=\"fa fa-map-marker-alt\"><\/i>&nbsp; <span>Tedamis<\/span><\/div><div class=\"dce-item dce-item_token elementor-repeater-item-bdde9fe\"><\/div>\t\t\t<\/div>\n\t\t<\/article>\n\t\t\n\t\t<article class=\"post-63261 contenuto type-contenuto status-publish has-post-thumbnail hentry capotravecategorie-festival-en capotravetags-events capotravetags-festival-events-2026 capotravetags_libere-meeting dce-post dce-post-item dce-item-grid\" data-dce-post-id=\"63261\" data-dce-post-index=\"1\" data-post-link=\"https:\/\/www.kilowattfestival.it\/en\/contenuto\/feedback-visionari-kwt2026-incontro\/\">\n\t\t\t<div class=\"dce-post-block elementor-animation-float\">\n\t\t<div class=\"dce-item dce-item_custommeta elementor-repeater-item-546d9cf\"><div class=\"dce-post-custommeta dce-post-custommeta dce-post-custommeta\"><div class=\"dce-meta-item dce-meta-546d9cf dce-meta-date elementor-repeater-item-546d9cf\">18\/07\/2026<\/div><\/div><\/div><div class=\"dce-item dce-item_token elementor-repeater-item-2eeb17e\"><i class=\"far fa-clock\"><\/i><span>11:00 - 12:30<\/span><\/div><div class=\"dce-item dce-item_image elementor-repeater-item-bcc25aa\"><a class=\"dce-post-image\" href=\"https:\/\/www.kilowattfestival.it\/en\/contenuto\/feedback-visionari-kwt2026-incontro\/\"><figure data-image-ratio=\"0.6\" class=\"dce-img\"><img loading=\"lazy\" decoding=\"async\" width=\"768\" height=\"463\" src=\"https:\/\/www.kilowattfestival.it\/wp-content\/uploads\/2026\/05\/INCONTRI_PUBBLICI_TRA_I_VISIONARI_KWT26-768x463.jpg\" class=\"\" alt=\"Feedback Visionari\" srcset=\"https:\/\/www.kilowattfestival.it\/wp-content\/uploads\/2026\/05\/INCONTRI_PUBBLICI_TRA_I_VISIONARI_KWT26-768x463.jpg 768w, https:\/\/www.kilowattfestival.it\/wp-content\/uploads\/2026\/05\/INCONTRI_PUBBLICI_TRA_I_VISIONARI_KWT26-300x181.jpg 300w, https:\/\/www.kilowattfestival.it\/wp-content\/uploads\/2026\/05\/INCONTRI_PUBBLICI_TRA_I_VISIONARI_KWT26-1536x925.jpg 1536w, https:\/\/www.kilowattfestival.it\/wp-content\/uploads\/2026\/05\/INCONTRI_PUBBLICI_TRA_I_VISIONARI_KWT26.jpg 1793w\" sizes=\"(max-width: 768px) 100vw, 768px\" \/><\/figure><\/a><\/div><div class=\"dce-item dce-item_custommeta elementor-repeater-item-aa91113\"><div class=\"dce-post-custommeta dce-post-custommeta dce-post-custommeta dce-post-custommeta\"><div class=\"dce-meta-item dce-meta-546d9cf dce-meta-date elementor-repeater-item-546d9cf dce-meta-item dce-meta-aa91113 dce-meta-text elementor-repeater-item-aa91113\"><div>Visionari 2026<\/div><\/div><\/div><\/div><div class=\"dce-item dce-item_title elementor-repeater-item-a773ffa\"><h3 class=\"dce-post-title\">Feedback Visionari<\/h3><\/div><div class=\"dce-item dce-item_termstaxonomy elementor-repeater-item-76b0ed9\"><div class=\"dce-post-terms\"><ul class=\"dce-terms-list dce-taxonomy-capotravetags_libere\"><li class=\"dce-term-item\"><span class=\"dce-term dce-term-102\" data-dce-order=\"\">Meeting<\/span><\/li><\/ul><\/div><\/div><div class=\"dce-item dce-item_token elementor-repeater-item-deb9021\"><i class=\"fa fa-stopwatch\"><\/i>&nbsp; <span>running time: 9 days<\/span><\/div><div class=\"dce-item dce-item_token elementor-repeater-item-1b0d7c2\"><i class=\"fa fa-map-marker-alt\"><\/i>&nbsp; <span>Giardini di Piero<\/span><\/div><div class=\"dce-item dce-item_token elementor-repeater-item-bdde9fe\"><div class=\"eve-meta-ingresso\"><i class=\"fa fa-ticket-alt\"><\/i>&nbsp;<span>Free entrance<\/span><\/div><\/div>\t\t\t<\/div>\n\t\t<\/article>\n\t\t\n\t\t<article class=\"post-63231 contenuto type-contenuto status-publish has-post-thumbnail hentry capotravecategorie-festival-en capotravetags-events capotravetags-festival-events-2026 capotravetags_libere-replica-en capotravetags_libere-visual-art dce-post dce-post-item dce-item-grid\" data-dce-post-id=\"63231\" data-dce-post-index=\"2\" data-post-link=\"https:\/\/www.kilowattfestival.it\/en\/contenuto\/tre-mostre-dedicate-a-eugenio-barba-e-julia-varley-kwt2026-arte-visiva-2\/\">\n\t\t\t<div class=\"dce-post-block elementor-animation-float\">\n\t\t<div class=\"dce-item dce-item_custommeta elementor-repeater-item-546d9cf\"><div class=\"dce-post-custommeta dce-post-custommeta dce-post-custommeta dce-post-custommeta dce-post-custommeta\"><div class=\"dce-meta-item dce-meta-546d9cf dce-meta-date elementor-repeater-item-546d9cf\">18\/07\/2026<\/div><\/div><\/div><div class=\"dce-item dce-item_token elementor-repeater-item-2eeb17e\"><i class=\"far fa-clock\"><\/i><span>16:00 - 20:00<\/span><\/div><div class=\"dce-item dce-item_image elementor-repeater-item-bcc25aa\"><a class=\"dce-post-image\" href=\"https:\/\/www.kilowattfestival.it\/en\/contenuto\/tre-mostre-dedicate-a-eugenio-barba-e-julia-varley-kwt2026-arte-visiva-2\/\"><figure data-image-ratio=\"0.6\" class=\"dce-img\"><img loading=\"lazy\" decoding=\"async\" width=\"768\" height=\"512\" src=\"https:\/\/www.kilowattfestival.it\/wp-content\/uploads\/2026\/05\/Mostra_FrancescoGalli_KWT26-768x512.jpg\" class=\"\" alt=\"Three exhibitions dedicated to Eugenio Barba and Julia Varley\" srcset=\"https:\/\/www.kilowattfestival.it\/wp-content\/uploads\/2026\/05\/Mostra_FrancescoGalli_KWT26-768x512.jpg 768w, https:\/\/www.kilowattfestival.it\/wp-content\/uploads\/2026\/05\/Mostra_FrancescoGalli_KWT26-300x200.jpg 300w, https:\/\/www.kilowattfestival.it\/wp-content\/uploads\/2026\/05\/Mostra_FrancescoGalli_KWT26.jpg 1181w\" sizes=\"(max-width: 768px) 100vw, 768px\" \/><\/figure><\/a><\/div><div class=\"dce-item dce-item_custommeta elementor-repeater-item-aa91113\"><div class=\"dce-post-custommeta dce-post-custommeta dce-post-custommeta dce-post-custommeta dce-post-custommeta dce-post-custommeta\"><div class=\"dce-meta-item dce-meta-546d9cf dce-meta-date elementor-repeater-item-546d9cf dce-meta-item dce-meta-aa91113 dce-meta-text elementor-repeater-item-aa91113\"><div>Francesco Galli, Annalisa Gonnella (curated by)<\/div><\/div><\/div><\/div><div class=\"dce-item dce-item_title elementor-repeater-item-a773ffa\"><h3 class=\"dce-post-title\">Three exhibitions dedicated to Eugenio Barba and Julia Varley<\/h3><\/div><div class=\"dce-item dce-item_termstaxonomy elementor-repeater-item-76b0ed9\"><div class=\"dce-post-terms\"><ul class=\"dce-terms-list dce-taxonomy-capotravetags_libere\"><li class=\"dce-term-item\"><span class=\"dce-term dce-term-84\" data-dce-order=\"\">Repeat performance<\/span><\/li><li class=\"dce-term-item\"><span class=\"dce-separator\">\/<\/span><span class=\"dce-term dce-term-99\" data-dce-order=\"\">Visual Art<\/span><\/li><\/ul><\/div><\/div><div class=\"dce-item dce-item_token elementor-repeater-item-deb9021\"><i class=\"fa fa-stopwatch\"><\/i>&nbsp; <span>running time: 9 days<\/span><\/div><div class=\"dce-item dce-item_token elementor-repeater-item-1b0d7c2\"><i class=\"fa fa-map-marker-alt\"><\/i>&nbsp; <span>Teatro alla Misericordia \/ Palazzo Alberti<\/span><\/div><div class=\"dce-item dce-item_token elementor-repeater-item-bdde9fe\"><div class=\"eve-meta-ingresso\"><i class=\"fa fa-ticket-alt\"><\/i>&nbsp;<span>Free entrance<\/span><\/div><\/div>\t\t\t<\/div>\n\t\t<\/article>\n\t\t\n\t\t<article class=\"post-63296 contenuto type-contenuto status-publish has-post-thumbnail hentry capotravecategorie-festival-en capotravetags-events capotravetags-festival-events-2026 capotravetags_libere-visual-art dce-post dce-post-item dce-item-grid\" data-dce-post-id=\"63296\" data-dce-post-index=\"3\" data-post-link=\"https:\/\/www.kilowattfestival.it\/en\/contenuto\/esortazione-ai-visionari-2\/\">\n\t\t\t<div class=\"dce-post-block elementor-animation-float\">\n\t\t<div class=\"dce-item dce-item_custommeta elementor-repeater-item-546d9cf\"><div class=\"dce-post-custommeta dce-post-custommeta dce-post-custommeta dce-post-custommeta dce-post-custommeta dce-post-custommeta dce-post-custommeta\"><div class=\"dce-meta-item dce-meta-546d9cf dce-meta-date elementor-repeater-item-546d9cf\">18\/07\/2026<\/div><\/div><\/div><div class=\"dce-item dce-item_token elementor-repeater-item-2eeb17e\"><i class=\"far fa-clock\"><\/i><span>14:30 - 16:30<\/span><\/div><div class=\"dce-item dce-item_image elementor-repeater-item-bcc25aa\"><a class=\"dce-post-image\" href=\"https:\/\/www.kilowattfestival.it\/en\/contenuto\/esortazione-ai-visionari-2\/\"><figure data-image-ratio=\"0.6\" class=\"dce-img\"><img fetchpriority=\"high\" decoding=\"async\" width=\"768\" height=\"512\" src=\"https:\/\/www.kilowattfestival.it\/wp-content\/uploads\/2026\/05\/4.ESORTAZIONE_AI_VISIONARI_KWT26-ph.FrancescoGalli-768x512.jpg\" class=\"\" alt=\"Esortazione ai Visionari\" srcset=\"https:\/\/www.kilowattfestival.it\/wp-content\/uploads\/2026\/05\/4.ESORTAZIONE_AI_VISIONARI_KWT26-ph.FrancescoGalli-768x512.jpg 768w, https:\/\/www.kilowattfestival.it\/wp-content\/uploads\/2026\/05\/4.ESORTAZIONE_AI_VISIONARI_KWT26-ph.FrancescoGalli-300x200.jpg 300w, https:\/\/www.kilowattfestival.it\/wp-content\/uploads\/2026\/05\/4.ESORTAZIONE_AI_VISIONARI_KWT26-ph.FrancescoGalli-1536x1024.jpg 1536w, https:\/\/www.kilowattfestival.it\/wp-content\/uploads\/2026\/05\/4.ESORTAZIONE_AI_VISIONARI_KWT26-ph.FrancescoGalli-2048x1365.jpg 2048w\" sizes=\"(max-width: 768px) 100vw, 768px\" \/><\/figure><\/a><\/div><div class=\"dce-item dce-item_custommeta elementor-repeater-item-aa91113\"><div class=\"dce-post-custommeta dce-post-custommeta dce-post-custommeta dce-post-custommeta dce-post-custommeta dce-post-custommeta dce-post-custommeta dce-post-custommeta\"><div class=\"dce-meta-item dce-meta-546d9cf dce-meta-date elementor-repeater-item-546d9cf dce-meta-item dce-meta-aa91113 dce-meta-text elementor-repeater-item-aa91113\"><div>Esortazione ai Visionari<\/div><\/div><\/div><\/div><div class=\"dce-item dce-item_title elementor-repeater-item-a773ffa\"><h3 class=\"dce-post-title\">Esortazione ai Visionari<\/h3><\/div><div class=\"dce-item dce-item_termstaxonomy elementor-repeater-item-76b0ed9\"><div class=\"dce-post-terms\"><ul class=\"dce-terms-list dce-taxonomy-capotravetags_libere\"><li class=\"dce-term-item\"><span class=\"dce-term dce-term-99\" data-dce-order=\"\">Visual Art<\/span><\/li><\/ul><\/div><\/div><div class=\"dce-item dce-item_token elementor-repeater-item-deb9021\"><i class=\"fa fa-stopwatch\"><\/i>&nbsp; <span>running time: 2 days<\/span><\/div><div class=\"dce-item dce-item_token elementor-repeater-item-1b0d7c2\"><i class=\"fa fa-map-marker-alt\"><\/i>&nbsp; <span>Tedamis<\/span><\/div><div class=\"dce-item dce-item_token elementor-repeater-item-bdde9fe\"><div class=\"eve-meta-ingresso\"><i class=\"fa fa-ticket-alt\"><\/i>&nbsp;<span>Free entrance<\/span><\/div><\/div>\t\t\t<\/div>\n\t\t<\/article>\n\t\t\n\t\t<article class=\"post-63262 contenuto type-contenuto status-publish has-post-thumbnail hentry capotravecategorie-festival-en capotravetags-events capotravetags-festival-events-2026 capotravetags_libere-meeting dce-post dce-post-item dce-item-grid\" data-dce-post-id=\"63262\" data-dce-post-index=\"4\" data-post-link=\"https:\/\/www.kilowattfestival.it\/en\/contenuto\/leredita-pesca-da-sola-i-suoi-eredi-kwt2026-incontro\/\">\n\t\t\t<div class=\"dce-post-block elementor-animation-float\">\n\t\t<div class=\"dce-item dce-item_custommeta elementor-repeater-item-546d9cf\"><div class=\"dce-post-custommeta dce-post-custommeta dce-post-custommeta dce-post-custommeta dce-post-custommeta dce-post-custommeta dce-post-custommeta dce-post-custommeta dce-post-custommeta\"><div class=\"dce-meta-item dce-meta-546d9cf dce-meta-date elementor-repeater-item-546d9cf\">18\/07\/2026<\/div><\/div><\/div><div class=\"dce-item dce-item_token elementor-repeater-item-2eeb17e\"><i class=\"far fa-clock\"><\/i><span>10:00 - 13:00<\/span><\/div><div class=\"dce-item dce-item_image elementor-repeater-item-bcc25aa\"><a class=\"dce-post-image\" href=\"https:\/\/www.kilowattfestival.it\/en\/contenuto\/leredita-pesca-da-sola-i-suoi-eredi-kwt2026-incontro\/\"><figure data-image-ratio=\"0.6\" class=\"dce-img\"><img loading=\"lazy\" decoding=\"async\" width=\"768\" height=\"432\" src=\"https:\/\/www.kilowattfestival.it\/wp-content\/uploads\/2026\/05\/INCONTRO_L_arte_dell_impossibile_L_EREDITA_PESCA_DA_SOLA_I_SUOI_EREDI_KWT26_v2-768x432.jpg\" class=\"\" alt=\"L\u2019eredit\u00e0 pesca da sola i suoi eredi\" srcset=\"https:\/\/www.kilowattfestival.it\/wp-content\/uploads\/2026\/05\/INCONTRO_L_arte_dell_impossibile_L_EREDITA_PESCA_DA_SOLA_I_SUOI_EREDI_KWT26_v2-768x432.jpg 768w, https:\/\/www.kilowattfestival.it\/wp-content\/uploads\/2026\/05\/INCONTRO_L_arte_dell_impossibile_L_EREDITA_PESCA_DA_SOLA_I_SUOI_EREDI_KWT26_v2-300x169.jpg 300w, https:\/\/www.kilowattfestival.it\/wp-content\/uploads\/2026\/05\/INCONTRO_L_arte_dell_impossibile_L_EREDITA_PESCA_DA_SOLA_I_SUOI_EREDI_KWT26_v2.jpg 1488w\" sizes=\"(max-width: 768px) 100vw, 768px\" \/><\/figure><\/a><\/div><div class=\"dce-item dce-item_custommeta elementor-repeater-item-aa91113\"><div class=\"dce-post-custommeta dce-post-custommeta dce-post-custommeta dce-post-custommeta dce-post-custommeta dce-post-custommeta dce-post-custommeta dce-post-custommeta dce-post-custommeta dce-post-custommeta\"><div class=\"dce-meta-item dce-meta-546d9cf dce-meta-date elementor-repeater-item-546d9cf dce-meta-item dce-meta-aa91113 dce-meta-text elementor-repeater-item-aa91113\"><div>Marco De Marinis (moderator)<\/div><\/div><\/div><\/div><div class=\"dce-item dce-item_title elementor-repeater-item-a773ffa\"><h3 class=\"dce-post-title\">L\u2019eredit\u00e0 pesca da sola i suoi eredi<\/h3><\/div><div class=\"dce-item dce-item_termstaxonomy elementor-repeater-item-76b0ed9\"><div class=\"dce-post-terms\"><ul class=\"dce-terms-list dce-taxonomy-capotravetags_libere\"><li class=\"dce-term-item\"><span class=\"dce-term dce-term-102\" data-dce-order=\"\">Meeting<\/span><\/li><\/ul><\/div><\/div><div class=\"dce-item dce-item_token elementor-repeater-item-deb9021\"><i class=\"fa fa-stopwatch\"><\/i>&nbsp; <span>running time: 2 giorni<\/span><\/div><div class=\"dce-item dce-item_token elementor-repeater-item-1b0d7c2\"><i class=\"fa fa-map-marker-alt\"><\/i>&nbsp; <span>Palazzo Alberti<\/span><\/div><div class=\"dce-item dce-item_token elementor-repeater-item-bdde9fe\"><div class=\"eve-meta-ingresso\"><i class=\"fa fa-ticket-alt\"><\/i>&nbsp;<span>Free entrance<\/span><\/div><\/div>\t\t\t<\/div>\n\t\t<\/article>\n\t\t\n\t\t<article class=\"post-63263 contenuto type-contenuto status-publish has-post-thumbnail hentry capotravecategorie-festival-en capotravetags-events capotravetags-festival-events-2026 capotravetags_libere-theatre dce-post dce-post-item dce-item-grid\" data-dce-post-id=\"63263\" data-dce-post-index=\"5\" data-post-link=\"https:\/\/www.kilowattfestival.it\/en\/contenuto\/un-po-meno-fantasma-kwt2026-teatro\/\">\n\t\t\t<div class=\"dce-post-block elementor-animation-float\">\n\t\t<div class=\"dce-item dce-item_custommeta elementor-repeater-item-546d9cf\"><div class=\"dce-post-custommeta dce-post-custommeta dce-post-custommeta dce-post-custommeta dce-post-custommeta dce-post-custommeta dce-post-custommeta dce-post-custommeta dce-post-custommeta dce-post-custommeta dce-post-custommeta\"><div class=\"dce-meta-item dce-meta-546d9cf dce-meta-date elementor-repeater-item-546d9cf\">18\/07\/2026<\/div><\/div><\/div><div class=\"dce-item dce-item_token elementor-repeater-item-2eeb17e\"><i class=\"far fa-clock\"><\/i><span>17:00<\/span><\/div><div class=\"dce-item dce-item_image elementor-repeater-item-bcc25aa\"><a class=\"dce-post-image\" href=\"https:\/\/www.kilowattfestival.it\/en\/contenuto\/un-po-meno-fantasma-kwt2026-teatro\/\"><figure data-image-ratio=\"0.6\" class=\"dce-img\"><img loading=\"lazy\" decoding=\"async\" width=\"768\" height=\"432\" src=\"https:\/\/www.kilowattfestival.it\/wp-content\/uploads\/2026\/05\/UN_PO_MENO_FANTASMA_Kronoteatro_KWT26_v2-768x432.jpg\" class=\"\" alt=\"Un po&#8217; meno fantasma\" srcset=\"https:\/\/www.kilowattfestival.it\/wp-content\/uploads\/2026\/05\/UN_PO_MENO_FANTASMA_Kronoteatro_KWT26_v2-768x432.jpg 768w, https:\/\/www.kilowattfestival.it\/wp-content\/uploads\/2026\/05\/UN_PO_MENO_FANTASMA_Kronoteatro_KWT26_v2-300x169.jpg 300w, https:\/\/www.kilowattfestival.it\/wp-content\/uploads\/2026\/05\/UN_PO_MENO_FANTASMA_Kronoteatro_KWT26_v2-1536x864.jpg 1536w, https:\/\/www.kilowattfestival.it\/wp-content\/uploads\/2026\/05\/UN_PO_MENO_FANTASMA_Kronoteatro_KWT26_v2.jpg 1920w\" sizes=\"(max-width: 768px) 100vw, 768px\" \/><\/figure><\/a><\/div><div class=\"dce-item dce-item_custommeta elementor-repeater-item-aa91113\"><div class=\"dce-post-custommeta dce-post-custommeta dce-post-custommeta dce-post-custommeta dce-post-custommeta dce-post-custommeta dce-post-custommeta dce-post-custommeta dce-post-custommeta dce-post-custommeta dce-post-custommeta dce-post-custommeta\"><div class=\"dce-meta-item dce-meta-546d9cf dce-meta-date elementor-repeater-item-546d9cf dce-meta-item dce-meta-aa91113 dce-meta-text elementor-repeater-item-aa91113\"><div>Kronoteatro<\/div><\/div><\/div><\/div><div class=\"dce-item dce-item_title elementor-repeater-item-a773ffa\"><h3 class=\"dce-post-title\">Un po&#8217; meno fantasma<\/h3><\/div><div class=\"dce-item dce-item_termstaxonomy elementor-repeater-item-76b0ed9\"><div class=\"dce-post-terms\"><ul class=\"dce-terms-list dce-taxonomy-capotravetags_libere\"><li class=\"dce-term-item\"><span class=\"dce-term dce-term-65\" data-dce-order=\"\">Theatre<\/span><\/li><\/ul><\/div><\/div><div class=\"dce-item dce-item_token elementor-repeater-item-deb9021\"><i class=\"fa fa-stopwatch\"><\/i>&nbsp; <span>running time: 55&#039;<\/span><\/div><div class=\"dce-item dce-item_token elementor-repeater-item-1b0d7c2\"><i class=\"fa fa-map-marker-alt\"><\/i>&nbsp; <span>Auditorium di Santa Chiara<\/span><\/div><div class=\"dce-item dce-item_token elementor-repeater-item-bdde9fe\"><div class=\"eve-meta-ingresso\"><i class=\"fa fa-ticket-alt\"><\/i>&nbsp;<span> 10&nbsp;\u20ac&nbsp;full \/ 8&nbsp;\u20ac&nbsp;reduced<\/span><\/div><\/div>\t\t\t<\/div>\n\t\t<\/article>\n\t\t\n\t\t<article class=\"post-63264 contenuto type-contenuto status-publish has-post-thumbnail hentry capotravecategorie-festival-en capotravetags-events capotravetags-festival-events-2026 capotravetags_libere-replica-en capotravetags_libere-theatre dce-post dce-post-item dce-item-grid\" data-dce-post-id=\"63264\" data-dce-post-index=\"6\" data-post-link=\"https:\/\/www.kilowattfestival.it\/en\/contenuto\/la-casa-misteriosa-lassu-nella-nebbia-kwt2026-teatro-2\/\">\n\t\t\t<div class=\"dce-post-block elementor-animation-float\">\n\t\t<div class=\"dce-item dce-item_custommeta elementor-repeater-item-546d9cf\"><div class=\"dce-post-custommeta dce-post-custommeta dce-post-custommeta dce-post-custommeta dce-post-custommeta dce-post-custommeta dce-post-custommeta dce-post-custommeta dce-post-custommeta dce-post-custommeta dce-post-custommeta dce-post-custommeta dce-post-custommeta\"><div class=\"dce-meta-item dce-meta-546d9cf dce-meta-date elementor-repeater-item-546d9cf\">18\/07\/2026<\/div><\/div><\/div><div class=\"dce-item dce-item_token elementor-repeater-item-2eeb17e\"><i class=\"far fa-clock\"><\/i><span>18:10, 19:10, 21:30<\/span><\/div><div class=\"dce-item dce-item_image elementor-repeater-item-bcc25aa\"><a class=\"dce-post-image\" href=\"https:\/\/www.kilowattfestival.it\/en\/contenuto\/la-casa-misteriosa-lassu-nella-nebbia-kwt2026-teatro-2\/\"><figure data-image-ratio=\"0.6\" class=\"dce-img\"><img loading=\"lazy\" decoding=\"async\" width=\"768\" height=\"513\" src=\"https:\/\/www.kilowattfestival.it\/wp-content\/uploads\/2026\/06\/LA_CASA_MISTERIOSA_LASSU_NELLA_NEBBIA_Cuocolo_Bosetti_KWT26-768x513.jpg\" class=\"\" alt=\"La casa misteriosa lass\u00f9 nella nebbia\" srcset=\"https:\/\/www.kilowattfestival.it\/wp-content\/uploads\/2026\/06\/LA_CASA_MISTERIOSA_LASSU_NELLA_NEBBIA_Cuocolo_Bosetti_KWT26-768x513.jpg 768w, https:\/\/www.kilowattfestival.it\/wp-content\/uploads\/2026\/06\/LA_CASA_MISTERIOSA_LASSU_NELLA_NEBBIA_Cuocolo_Bosetti_KWT26-300x200.jpg 300w, https:\/\/www.kilowattfestival.it\/wp-content\/uploads\/2026\/06\/LA_CASA_MISTERIOSA_LASSU_NELLA_NEBBIA_Cuocolo_Bosetti_KWT26-1536x1026.jpg 1536w, https:\/\/www.kilowattfestival.it\/wp-content\/uploads\/2026\/06\/LA_CASA_MISTERIOSA_LASSU_NELLA_NEBBIA_Cuocolo_Bosetti_KWT26-2048x1367.jpg 2048w\" sizes=\"(max-width: 768px) 100vw, 768px\" \/><\/figure><\/a><\/div><div class=\"dce-item dce-item_custommeta elementor-repeater-item-aa91113\"><div class=\"dce-post-custommeta dce-post-custommeta dce-post-custommeta dce-post-custommeta dce-post-custommeta dce-post-custommeta dce-post-custommeta dce-post-custommeta dce-post-custommeta dce-post-custommeta dce-post-custommeta dce-post-custommeta dce-post-custommeta dce-post-custommeta\"><div class=\"dce-meta-item dce-meta-546d9cf dce-meta-date elementor-repeater-item-546d9cf dce-meta-item dce-meta-aa91113 dce-meta-text elementor-repeater-item-aa91113\"><div>Cuocolo \/ Bosetti<\/div><\/div><\/div><\/div><div class=\"dce-item dce-item_title elementor-repeater-item-a773ffa\"><h3 class=\"dce-post-title\">La casa misteriosa lass\u00f9 nella nebbia<\/h3><\/div><div class=\"dce-item dce-item_termstaxonomy elementor-repeater-item-76b0ed9\"><div class=\"dce-post-terms\"><ul class=\"dce-terms-list dce-taxonomy-capotravetags_libere\"><li class=\"dce-term-item\"><span class=\"dce-term dce-term-84\" data-dce-order=\"\">Repeat performance<\/span><\/li><li class=\"dce-term-item\"><span class=\"dce-separator\">\/<\/span><span class=\"dce-term dce-term-65\" data-dce-order=\"\">Theatre<\/span><\/li><\/ul><\/div><\/div><div class=\"dce-item dce-item_token elementor-repeater-item-deb9021\"><i class=\"fa fa-stopwatch\"><\/i>&nbsp; <span>running time: 40&#039;<\/span><\/div><div class=\"dce-item dce-item_token elementor-repeater-item-1b0d7c2\"><i class=\"fa fa-map-marker-alt\"><\/i>&nbsp; <span>Palazzo Aloigi Luzzi<\/span><\/div><div class=\"dce-item dce-item_token elementor-repeater-item-bdde9fe\"><div class=\"eve-meta-ingresso\"><i class=\"fa fa-ticket-alt\"><\/i>&nbsp;<span> 10&nbsp;\u20ac&nbsp;full \/ 8&nbsp;\u20ac&nbsp;reduced<\/span><\/div><\/div>\t\t\t<\/div>\n\t\t<\/article>\n\t\t\n\t\t<article class=\"post-63265 contenuto type-contenuto status-publish has-post-thumbnail hentry capotravecategorie-festival-en capotravetags-events capotravetags-festival-events-2026 capotravetags_libere-urban-dance dce-post dce-post-item dce-item-grid\" data-dce-post-id=\"63265\" data-dce-post-index=\"7\" data-post-link=\"https:\/\/www.kilowattfestival.it\/en\/contenuto\/room-with-view-kwt2026-danza-urbana\/\">\n\t\t\t<div class=\"dce-post-block elementor-animation-float\">\n\t\t<div class=\"dce-item dce-item_custommeta elementor-repeater-item-546d9cf\"><div class=\"dce-post-custommeta dce-post-custommeta dce-post-custommeta dce-post-custommeta dce-post-custommeta dce-post-custommeta dce-post-custommeta dce-post-custommeta dce-post-custommeta dce-post-custommeta dce-post-custommeta dce-post-custommeta dce-post-custommeta dce-post-custommeta dce-post-custommeta\"><div class=\"dce-meta-item dce-meta-546d9cf dce-meta-date elementor-repeater-item-546d9cf\">18\/07\/2026<\/div><\/div><\/div><div class=\"dce-item dce-item_token elementor-repeater-item-2eeb17e\"><i class=\"far fa-clock\"><\/i><span>18:15<\/span><\/div><div class=\"dce-item dce-item_image elementor-repeater-item-bcc25aa\"><a class=\"dce-post-image\" href=\"https:\/\/www.kilowattfestival.it\/en\/contenuto\/room-with-view-kwt2026-danza-urbana\/\"><figure data-image-ratio=\"0.6\" class=\"dce-img\"><img loading=\"lazy\" decoding=\"async\" width=\"768\" height=\"576\" src=\"https:\/\/www.kilowattfestival.it\/wp-content\/uploads\/2026\/05\/ROOM_WITH_VIEW_Beschi-Scandale_KWT26-768x576.jpg\" class=\"\" alt=\"Room with view\" srcset=\"https:\/\/www.kilowattfestival.it\/wp-content\/uploads\/2026\/05\/ROOM_WITH_VIEW_Beschi-Scandale_KWT26-768x576.jpg 768w, https:\/\/www.kilowattfestival.it\/wp-content\/uploads\/2026\/05\/ROOM_WITH_VIEW_Beschi-Scandale_KWT26-300x225.jpg 300w, https:\/\/www.kilowattfestival.it\/wp-content\/uploads\/2026\/05\/ROOM_WITH_VIEW_Beschi-Scandale_KWT26.jpg 1440w\" sizes=\"(max-width: 768px) 100vw, 768px\" \/><\/figure><\/a><\/div><div class=\"dce-item dce-item_custommeta elementor-repeater-item-aa91113\"><div class=\"dce-post-custommeta dce-post-custommeta dce-post-custommeta dce-post-custommeta dce-post-custommeta dce-post-custommeta dce-post-custommeta dce-post-custommeta dce-post-custommeta dce-post-custommeta dce-post-custommeta dce-post-custommeta dce-post-custommeta dce-post-custommeta dce-post-custommeta dce-post-custommeta\"><div class=\"dce-meta-item dce-meta-546d9cf dce-meta-date elementor-repeater-item-546d9cf dce-meta-item dce-meta-aa91113 dce-meta-text elementor-repeater-item-aa91113\"><div>Laura Beschi - Alessio Scandale (DE)<\/div><\/div><\/div><\/div><div class=\"dce-item dce-item_title elementor-repeater-item-a773ffa\"><h3 class=\"dce-post-title\">Room with view<\/h3><\/div><div class=\"dce-item dce-item_termstaxonomy elementor-repeater-item-76b0ed9\"><div class=\"dce-post-terms\"><ul class=\"dce-terms-list dce-taxonomy-capotravetags_libere\"><li class=\"dce-term-item\"><span class=\"dce-term dce-term-100\" data-dce-order=\"\">Urban Dance<\/span><\/li><\/ul><\/div><\/div><div class=\"dce-item dce-item_token elementor-repeater-item-deb9021\"><i class=\"fa fa-stopwatch\"><\/i>&nbsp; <span>running time: 15&#039;<\/span><\/div><div class=\"dce-item dce-item_token elementor-repeater-item-1b0d7c2\"><i class=\"fa fa-map-marker-alt\"><\/i>&nbsp; <span>Piazza Torre di Berta<\/span><\/div><div class=\"dce-item dce-item_token elementor-repeater-item-bdde9fe\"><div class=\"eve-meta-ingresso\"><i class=\"fa fa-ticket-alt\"><\/i>&nbsp;<span> 1&nbsp;\u20ac<\/span><\/div><\/div>\t\t\t<\/div>\n\t\t<\/article>\n\t\t\n\t\t<article class=\"post-63267 contenuto type-contenuto status-publish has-post-thumbnail hentry capotravecategorie-festival-en capotravetags-events capotravetags-festival-events-2026 capotravetags_libere-music dce-post dce-post-item dce-item-grid\" data-dce-post-id=\"63267\" data-dce-post-index=\"8\" data-post-link=\"https:\/\/www.kilowattfestival.it\/en\/contenuto\/eleonora-bianchini-moon-tales-trio-in-concerto-jazz-kwt2026-musica\/\">\n\t\t\t<div class=\"dce-post-block elementor-animation-float\">\n\t\t<div class=\"dce-item dce-item_custommeta elementor-repeater-item-546d9cf\"><div class=\"dce-post-custommeta dce-post-custommeta dce-post-custommeta dce-post-custommeta dce-post-custommeta dce-post-custommeta dce-post-custommeta dce-post-custommeta dce-post-custommeta dce-post-custommeta dce-post-custommeta dce-post-custommeta dce-post-custommeta dce-post-custommeta dce-post-custommeta dce-post-custommeta dce-post-custommeta\"><div class=\"dce-meta-item dce-meta-546d9cf dce-meta-date elementor-repeater-item-546d9cf\">18\/07\/2026<\/div><\/div><\/div><div class=\"dce-item dce-item_token elementor-repeater-item-2eeb17e\"><i class=\"far fa-clock\"><\/i><span>19:00<\/span><\/div><div class=\"dce-item dce-item_image elementor-repeater-item-bcc25aa\"><a class=\"dce-post-image\" href=\"https:\/\/www.kilowattfestival.it\/en\/contenuto\/eleonora-bianchini-moon-tales-trio-in-concerto-jazz-kwt2026-musica\/\"><figure data-image-ratio=\"0.6\" class=\"dce-img\"><img loading=\"lazy\" decoding=\"async\" width=\"768\" height=\"585\" src=\"https:\/\/www.kilowattfestival.it\/wp-content\/uploads\/2026\/05\/MUSICA-Concerti_ELEONORA_BIANCHINI_TRIO_KWT26-768x585.jpg\" class=\"\" alt=\"Eleonora Bianchini Moon Tales Trio in concerto (jazz)\" srcset=\"https:\/\/www.kilowattfestival.it\/wp-content\/uploads\/2026\/05\/MUSICA-Concerti_ELEONORA_BIANCHINI_TRIO_KWT26-768x585.jpg 768w, https:\/\/www.kilowattfestival.it\/wp-content\/uploads\/2026\/05\/MUSICA-Concerti_ELEONORA_BIANCHINI_TRIO_KWT26-300x228.jpg 300w, https:\/\/www.kilowattfestival.it\/wp-content\/uploads\/2026\/05\/MUSICA-Concerti_ELEONORA_BIANCHINI_TRIO_KWT26.jpg 1419w\" sizes=\"(max-width: 768px) 100vw, 768px\" \/><\/figure><\/a><\/div><div class=\"dce-item dce-item_custommeta elementor-repeater-item-aa91113\"><div class=\"dce-post-custommeta dce-post-custommeta dce-post-custommeta dce-post-custommeta dce-post-custommeta dce-post-custommeta dce-post-custommeta dce-post-custommeta dce-post-custommeta dce-post-custommeta dce-post-custommeta dce-post-custommeta dce-post-custommeta dce-post-custommeta dce-post-custommeta dce-post-custommeta dce-post-custommeta dce-post-custommeta\"><div class=\"dce-meta-item dce-meta-546d9cf dce-meta-date elementor-repeater-item-546d9cf dce-meta-item dce-meta-aa91113 dce-meta-text elementor-repeater-item-aa91113\"><div>Eleonora Bianchini Moon Tales Trio<\/div><\/div><\/div><\/div><div class=\"dce-item dce-item_title elementor-repeater-item-a773ffa\"><h3 class=\"dce-post-title\">Eleonora Bianchini Moon Tales Trio in concerto (jazz)<\/h3><\/div><div class=\"dce-item dce-item_termstaxonomy elementor-repeater-item-76b0ed9\"><div class=\"dce-post-terms\"><ul class=\"dce-terms-list dce-taxonomy-capotravetags_libere\"><li class=\"dce-term-item\"><span class=\"dce-term dce-term-69\" data-dce-order=\"\">Music<\/span><\/li><\/ul><\/div><\/div><div class=\"dce-item dce-item_token elementor-repeater-item-deb9021\"><i class=\"fa fa-stopwatch\"><\/i>&nbsp; <span>running time: 50&#039;<\/span><\/div><div class=\"dce-item dce-item_token elementor-repeater-item-1b0d7c2\"><i class=\"fa fa-map-marker-alt\"><\/i>&nbsp; <span>Giardini di Piero<\/span><\/div><div class=\"dce-item dce-item_token elementor-repeater-item-bdde9fe\"><div class=\"eve-meta-ingresso\"><i class=\"fa fa-ticket-alt\"><\/i>&nbsp;<span> 3&nbsp;\u20ac<\/span><\/div><\/div>\t\t\t<\/div>\n\t\t<\/article>\n\t\t\n\t\t<article class=\"post-63362 contenuto type-contenuto status-publish has-post-thumbnail hentry capotravecategorie-festival-en capotravetags-events capotravetags-festival-events-2026 capotravetags_libere-theatre dce-post dce-post-item dce-item-grid\" data-dce-post-id=\"63362\" data-dce-post-index=\"9\" data-post-link=\"https:\/\/www.kilowattfestival.it\/en\/contenuto\/compassione-kwt2026-teatro\/\">\n\t\t\t<div class=\"dce-post-block elementor-animation-float\">\n\t\t<div class=\"dce-item dce-item_custommeta elementor-repeater-item-546d9cf\"><div class=\"dce-post-custommeta dce-post-custommeta dce-post-custommeta dce-post-custommeta dce-post-custommeta dce-post-custommeta dce-post-custommeta dce-post-custommeta dce-post-custommeta dce-post-custommeta dce-post-custommeta dce-post-custommeta dce-post-custommeta dce-post-custommeta dce-post-custommeta dce-post-custommeta dce-post-custommeta dce-post-custommeta dce-post-custommeta\"><div class=\"dce-meta-item dce-meta-546d9cf dce-meta-date elementor-repeater-item-546d9cf\">18\/07\/2026<\/div><\/div><\/div><div class=\"dce-item dce-item_token elementor-repeater-item-2eeb17e\"><i class=\"far fa-clock\"><\/i><span>20:10<\/span><\/div><div class=\"dce-item dce-item_image elementor-repeater-item-bcc25aa\"><a class=\"dce-post-image\" href=\"https:\/\/www.kilowattfestival.it\/en\/contenuto\/compassione-kwt2026-teatro\/\"><figure data-image-ratio=\"0.6\" class=\"dce-img\"><img loading=\"lazy\" decoding=\"async\" width=\"768\" height=\"432\" src=\"https:\/\/www.kilowattfestival.it\/wp-content\/uploads\/2026\/05\/COMPASSIONE_KWT26_v2-768x432.jpg\" class=\"\" alt=\"Compassione\" srcset=\"https:\/\/www.kilowattfestival.it\/wp-content\/uploads\/2026\/05\/COMPASSIONE_KWT26_v2-768x432.jpg 768w, https:\/\/www.kilowattfestival.it\/wp-content\/uploads\/2026\/05\/COMPASSIONE_KWT26_v2-300x169.jpg 300w, https:\/\/www.kilowattfestival.it\/wp-content\/uploads\/2026\/05\/COMPASSIONE_KWT26_v2.jpg 1181w\" sizes=\"(max-width: 768px) 100vw, 768px\" \/><\/figure><\/a><\/div><div class=\"dce-item dce-item_custommeta elementor-repeater-item-aa91113\"><div class=\"dce-post-custommeta dce-post-custommeta dce-post-custommeta dce-post-custommeta dce-post-custommeta dce-post-custommeta dce-post-custommeta dce-post-custommeta dce-post-custommeta dce-post-custommeta dce-post-custommeta dce-post-custommeta dce-post-custommeta dce-post-custommeta dce-post-custommeta dce-post-custommeta dce-post-custommeta dce-post-custommeta dce-post-custommeta dce-post-custommeta\"><div class=\"dce-meta-item dce-meta-546d9cf dce-meta-date elementor-repeater-item-546d9cf dce-meta-item dce-meta-aa91113 dce-meta-text elementor-repeater-item-aa91113\"><div>Odin Teatret \/ Eugenio Barba - Julia Varley<\/div><\/div><\/div><\/div><div class=\"dce-item dce-item_title elementor-repeater-item-a773ffa\"><h3 class=\"dce-post-title\">Compassione<\/h3><\/div><div class=\"dce-item dce-item_termstaxonomy elementor-repeater-item-76b0ed9\"><div class=\"dce-post-terms\"><ul class=\"dce-terms-list dce-taxonomy-capotravetags_libere\"><li class=\"dce-term-item\"><span class=\"dce-term dce-term-65\" data-dce-order=\"\">Theatre<\/span><\/li><\/ul><\/div><\/div><div class=\"dce-item dce-item_token elementor-repeater-item-deb9021\"><i class=\"fa fa-stopwatch\"><\/i>&nbsp; <span>running time: 60&#039;<\/span><\/div><div class=\"dce-item dce-item_token elementor-repeater-item-1b0d7c2\"><i class=\"fa fa-map-marker-alt\"><\/i>&nbsp; <span>Teatro alla Misericordia<\/span><\/div><div class=\"dce-item dce-item_token elementor-repeater-item-bdde9fe\"><div class=\"eve-meta-ingresso\"><i class=\"fa fa-ticket-alt\"><\/i>&nbsp;<span> 15&nbsp;\u20ac&nbsp;full \/ 12&nbsp;\u20ac&nbsp;reduced<\/span><\/div><\/div>\t\t\t<\/div>\n\t\t<\/article>\n\t\t\n\t\t<article class=\"post-63266 contenuto type-contenuto status-publish has-post-thumbnail hentry capotravecategorie-festival-en capotravetags-events capotravetags-festival-events-2026 capotravetags_libere-dance dce-post dce-post-item dce-item-grid\" data-dce-post-id=\"63266\" data-dce-post-index=\"10\" data-post-link=\"https:\/\/www.kilowattfestival.it\/en\/contenuto\/ad-libitum-kwt2026-danza\/\">\n\t\t\t<div class=\"dce-post-block elementor-animation-float\">\n\t\t<div class=\"dce-item dce-item_custommeta elementor-repeater-item-546d9cf\"><div class=\"dce-post-custommeta dce-post-custommeta dce-post-custommeta dce-post-custommeta dce-post-custommeta dce-post-custommeta dce-post-custommeta dce-post-custommeta dce-post-custommeta dce-post-custommeta dce-post-custommeta dce-post-custommeta dce-post-custommeta dce-post-custommeta dce-post-custommeta dce-post-custommeta dce-post-custommeta dce-post-custommeta dce-post-custommeta dce-post-custommeta dce-post-custommeta\"><div class=\"dce-meta-item dce-meta-546d9cf dce-meta-date elementor-repeater-item-546d9cf\">18\/07\/2026<\/div><\/div><\/div><div class=\"dce-item dce-item_token elementor-repeater-item-2eeb17e\"><i class=\"far fa-clock\"><\/i><span>21:30<\/span><\/div><div class=\"dce-item dce-item_image elementor-repeater-item-bcc25aa\"><a class=\"dce-post-image\" href=\"https:\/\/www.kilowattfestival.it\/en\/contenuto\/ad-libitum-kwt2026-danza\/\"><figure data-image-ratio=\"0.6\" class=\"dce-img\"><img loading=\"lazy\" decoding=\"async\" width=\"768\" height=\"432\" src=\"https:\/\/www.kilowattfestival.it\/wp-content\/uploads\/2026\/05\/AD_LIBITUM_Simon-LeBorgne_KWT26_v2-768x432.jpg\" class=\"\" alt=\"Ad Libitum\" srcset=\"https:\/\/www.kilowattfestival.it\/wp-content\/uploads\/2026\/05\/AD_LIBITUM_Simon-LeBorgne_KWT26_v2-768x432.jpg 768w, https:\/\/www.kilowattfestival.it\/wp-content\/uploads\/2026\/05\/AD_LIBITUM_Simon-LeBorgne_KWT26_v2-300x169.jpg 300w, https:\/\/www.kilowattfestival.it\/wp-content\/uploads\/2026\/05\/AD_LIBITUM_Simon-LeBorgne_KWT26_v2-1536x864.jpg 1536w, https:\/\/www.kilowattfestival.it\/wp-content\/uploads\/2026\/05\/AD_LIBITUM_Simon-LeBorgne_KWT26_v2.jpg 1920w\" sizes=\"(max-width: 768px) 100vw, 768px\" \/><\/figure><\/a><\/div><div class=\"dce-item dce-item_custommeta elementor-repeater-item-aa91113\"><div class=\"dce-post-custommeta dce-post-custommeta dce-post-custommeta dce-post-custommeta dce-post-custommeta dce-post-custommeta dce-post-custommeta dce-post-custommeta dce-post-custommeta dce-post-custommeta dce-post-custommeta dce-post-custommeta dce-post-custommeta dce-post-custommeta dce-post-custommeta dce-post-custommeta dce-post-custommeta dce-post-custommeta dce-post-custommeta dce-post-custommeta dce-post-custommeta dce-post-custommeta\"><div class=\"dce-meta-item dce-meta-546d9cf dce-meta-date elementor-repeater-item-546d9cf dce-meta-item dce-meta-aa91113 dce-meta-text elementor-repeater-item-aa91113\"><div>Simon Le Borgne - Ulysse Zangs (FR)<\/div><\/div><\/div><\/div><div class=\"dce-item dce-item_title elementor-repeater-item-a773ffa\"><h3 class=\"dce-post-title\">Ad Libitum<\/h3><\/div><div class=\"dce-item dce-item_termstaxonomy elementor-repeater-item-76b0ed9\"><div class=\"dce-post-terms\"><ul class=\"dce-terms-list dce-taxonomy-capotravetags_libere\"><li class=\"dce-term-item\"><span class=\"dce-term dce-term-62\" data-dce-order=\"\">Dance<\/span><\/li><\/ul><\/div><\/div><div class=\"dce-item dce-item_token elementor-repeater-item-deb9021\"><i class=\"fa fa-stopwatch\"><\/i>&nbsp; <span>running time: 50&#039;<\/span><\/div><div class=\"dce-item dce-item_token elementor-repeater-item-1b0d7c2\"><i class=\"fa fa-map-marker-alt\"><\/i>&nbsp; <span>Chiostro di San Francesco<\/span><\/div><div class=\"dce-item dce-item_token elementor-repeater-item-bdde9fe\"><div class=\"eve-meta-ingresso\"><i class=\"fa fa-ticket-alt\"><\/i>&nbsp;<span> 10&nbsp;\u20ac&nbsp;full \/ 8&nbsp;\u20ac&nbsp;reduced<\/span><\/div><\/div>\t\t\t<\/div>\n\t\t<\/article>\n\t\t\n\t\t<article class=\"post-63268 contenuto type-contenuto status-publish has-post-thumbnail hentry capotravecategorie-festival-en capotravetags-events capotravetags-festival-events-2026 capotravetags_libere-circo-en dce-post dce-post-item dce-item-grid\" data-dce-post-id=\"63268\" data-dce-post-index=\"11\" data-post-link=\"https:\/\/www.kilowattfestival.it\/en\/contenuto\/heroes-kwt2026-circo\/\">\n\t\t\t<div class=\"dce-post-block elementor-animation-float\">\n\t\t<div class=\"dce-item dce-item_custommeta elementor-repeater-item-546d9cf\"><div class=\"dce-post-custommeta dce-post-custommeta dce-post-custommeta dce-post-custommeta dce-post-custommeta dce-post-custommeta dce-post-custommeta dce-post-custommeta dce-post-custommeta dce-post-custommeta dce-post-custommeta dce-post-custommeta dce-post-custommeta dce-post-custommeta dce-post-custommeta dce-post-custommeta dce-post-custommeta dce-post-custommeta dce-post-custommeta dce-post-custommeta dce-post-custommeta dce-post-custommeta dce-post-custommeta\"><div class=\"dce-meta-item dce-meta-546d9cf dce-meta-date elementor-repeater-item-546d9cf\">18\/07\/2026<\/div><\/div><\/div><div class=\"dce-item dce-item_token elementor-repeater-item-2eeb17e\"><i class=\"far fa-clock\"><\/i><span>22:45<\/span><\/div><div class=\"dce-item dce-item_image elementor-repeater-item-bcc25aa\"><a class=\"dce-post-image\" href=\"https:\/\/www.kilowattfestival.it\/en\/contenuto\/heroes-kwt2026-circo\/\"><figure data-image-ratio=\"0.6\" class=\"dce-img\"><img loading=\"lazy\" decoding=\"async\" width=\"768\" height=\"512\" src=\"https:\/\/www.kilowattfestival.it\/wp-content\/uploads\/2026\/05\/HEROES_BluCinque_KWT26-768x512.jpg\" class=\"\" alt=\"Heroes\" srcset=\"https:\/\/www.kilowattfestival.it\/wp-content\/uploads\/2026\/05\/HEROES_BluCinque_KWT26-768x512.jpg 768w, https:\/\/www.kilowattfestival.it\/wp-content\/uploads\/2026\/05\/HEROES_BluCinque_KWT26-300x200.jpg 300w, https:\/\/www.kilowattfestival.it\/wp-content\/uploads\/2026\/05\/HEROES_BluCinque_KWT26-1536x1024.jpg 1536w, https:\/\/www.kilowattfestival.it\/wp-content\/uploads\/2026\/05\/HEROES_BluCinque_KWT26.jpg 1620w\" sizes=\"(max-width: 768px) 100vw, 768px\" \/><\/figure><\/a><\/div><div class=\"dce-item dce-item_custommeta elementor-repeater-item-aa91113\"><div class=\"dce-post-custommeta dce-post-custommeta dce-post-custommeta dce-post-custommeta dce-post-custommeta dce-post-custommeta dce-post-custommeta dce-post-custommeta dce-post-custommeta dce-post-custommeta dce-post-custommeta dce-post-custommeta dce-post-custommeta dce-post-custommeta dce-post-custommeta dce-post-custommeta dce-post-custommeta dce-post-custommeta dce-post-custommeta dce-post-custommeta dce-post-custommeta dce-post-custommeta dce-post-custommeta dce-post-custommeta\"><div class=\"dce-meta-item dce-meta-546d9cf dce-meta-date elementor-repeater-item-546d9cf dce-meta-item dce-meta-aa91113 dce-meta-text elementor-repeater-item-aa91113\"><div>Compagnia blucinQue<\/div><\/div><\/div><\/div><div class=\"dce-item dce-item_title elementor-repeater-item-a773ffa\"><h3 class=\"dce-post-title\">Heroes<\/h3><\/div><div class=\"dce-item dce-item_termstaxonomy elementor-repeater-item-76b0ed9\"><div class=\"dce-post-terms\"><ul class=\"dce-terms-list dce-taxonomy-capotravetags_libere\"><li class=\"dce-term-item\"><span class=\"dce-term dce-term-89\" data-dce-order=\"\">Circus<\/span><\/li><\/ul><\/div><\/div><div class=\"dce-item dce-item_token elementor-repeater-item-deb9021\"><i class=\"fa fa-stopwatch\"><\/i>&nbsp; <span>running time: 70&#039;<\/span><\/div><div class=\"dce-item dce-item_token elementor-repeater-item-1b0d7c2\"><i class=\"fa fa-map-marker-alt\"><\/i>&nbsp; <span>Chiostro di Santa Chiara<\/span><\/div><div class=\"dce-item dce-item_token elementor-repeater-item-bdde9fe\"><div class=\"eve-meta-ingresso\"><i class=\"fa fa-ticket-alt\"><\/i>&nbsp;<span> 10&nbsp;\u20ac&nbsp;full \/ 8&nbsp;\u20ac&nbsp;reduced<\/span><\/div><\/div>\t\t\t<\/div>\n\t\t<\/article>\n\t\t\n\t\t<article class=\"post-63269 contenuto type-contenuto status-publish has-post-thumbnail hentry capotravecategorie-festival-en capotravetags-events capotravetags-festival-events-2026 capotravetags_libere-music dce-post dce-post-item dce-item-grid\" data-dce-post-id=\"63269\" data-dce-post-index=\"12\" data-post-link=\"https:\/\/www.kilowattfestival.it\/en\/contenuto\/dj-set-di-farisan-hi-fi-reggae-kwt2026-musica\/\">\n\t\t\t<div class=\"dce-post-block elementor-animation-float\">\n\t\t<div class=\"dce-item dce-item_custommeta elementor-repeater-item-546d9cf\"><div class=\"dce-post-custommeta dce-post-custommeta dce-post-custommeta dce-post-custommeta dce-post-custommeta dce-post-custommeta dce-post-custommeta dce-post-custommeta dce-post-custommeta dce-post-custommeta dce-post-custommeta dce-post-custommeta dce-post-custommeta dce-post-custommeta dce-post-custommeta dce-post-custommeta dce-post-custommeta dce-post-custommeta dce-post-custommeta dce-post-custommeta dce-post-custommeta dce-post-custommeta dce-post-custommeta dce-post-custommeta dce-post-custommeta\"><div class=\"dce-meta-item dce-meta-546d9cf dce-meta-date elementor-repeater-item-546d9cf\">18\/07\/2026<\/div><\/div><\/div><div class=\"dce-item dce-item_token elementor-repeater-item-2eeb17e\"><i class=\"far fa-clock\"><\/i><span>23:00<\/span><\/div><div class=\"dce-item dce-item_image elementor-repeater-item-bcc25aa\"><a class=\"dce-post-image\" href=\"https:\/\/www.kilowattfestival.it\/en\/contenuto\/dj-set-di-farisan-hi-fi-reggae-kwt2026-musica\/\"><figure data-image-ratio=\"0.6\" class=\"dce-img\"><img loading=\"lazy\" decoding=\"async\" width=\"768\" height=\"483\" src=\"https:\/\/www.kilowattfestival.it\/wp-content\/uploads\/2026\/05\/MUSICA_Dj-Farisan-Hi-fi_KWT26-768x483.jpg\" class=\"\" alt=\"Dj-set by Farisan Hi-fi (reggae)\" srcset=\"https:\/\/www.kilowattfestival.it\/wp-content\/uploads\/2026\/05\/MUSICA_Dj-Farisan-Hi-fi_KWT26-768x483.jpg 768w, https:\/\/www.kilowattfestival.it\/wp-content\/uploads\/2026\/05\/MUSICA_Dj-Farisan-Hi-fi_KWT26-300x189.jpg 300w, https:\/\/www.kilowattfestival.it\/wp-content\/uploads\/2026\/05\/MUSICA_Dj-Farisan-Hi-fi_KWT26-1536x967.jpg 1536w, https:\/\/www.kilowattfestival.it\/wp-content\/uploads\/2026\/05\/MUSICA_Dj-Farisan-Hi-fi_KWT26.jpg 1600w\" sizes=\"(max-width: 768px) 100vw, 768px\" \/><\/figure><\/a><\/div><div class=\"dce-item dce-item_custommeta elementor-repeater-item-aa91113\"><div class=\"dce-post-custommeta dce-post-custommeta dce-post-custommeta dce-post-custommeta dce-post-custommeta dce-post-custommeta dce-post-custommeta dce-post-custommeta dce-post-custommeta dce-post-custommeta dce-post-custommeta dce-post-custommeta dce-post-custommeta dce-post-custommeta dce-post-custommeta dce-post-custommeta dce-post-custommeta dce-post-custommeta dce-post-custommeta dce-post-custommeta dce-post-custommeta dce-post-custommeta dce-post-custommeta dce-post-custommeta dce-post-custommeta dce-post-custommeta\"><div class=\"dce-meta-item dce-meta-546d9cf dce-meta-date elementor-repeater-item-546d9cf dce-meta-item dce-meta-aa91113 dce-meta-text elementor-repeater-item-aa91113\"><div>Farisan Hi-fi<\/div><\/div><\/div><\/div><div class=\"dce-item dce-item_title elementor-repeater-item-a773ffa\"><h3 class=\"dce-post-title\">Dj-set by Farisan Hi-fi (reggae)<\/h3><\/div><div class=\"dce-item dce-item_termstaxonomy elementor-repeater-item-76b0ed9\"><div class=\"dce-post-terms\"><ul class=\"dce-terms-list dce-taxonomy-capotravetags_libere\"><li class=\"dce-term-item\"><span class=\"dce-term dce-term-69\" data-dce-order=\"\">Music<\/span><\/li><\/ul><\/div><\/div><div class=\"dce-item dce-item_token elementor-repeater-item-deb9021\"><i class=\"fa fa-stopwatch\"><\/i>&nbsp; <span>running time: 180&#039;<\/span><\/div><div class=\"dce-item dce-item_token elementor-repeater-item-1b0d7c2\"><i class=\"fa fa-map-marker-alt\"><\/i>&nbsp; <span>Giardini di Piero<\/span><\/div><div class=\"dce-item dce-item_token elementor-repeater-item-bdde9fe\"><div class=\"eve-meta-ingresso\"><i class=\"fa fa-ticket-alt\"><\/i>&nbsp;<span> 1&nbsp;\u20ac<\/span><\/div><\/div>\t\t\t<\/div>\n\t\t<\/article>\n\t\t\t\t\t<\/div>\n\t\t\t\t\t<\/div>\n\t\t\t\t\t\t<\/div>\n\t\t\t\t<\/div>\n\t\t\t\t<div class=\"elementor-element elementor-element-04ad6f5 toggle-header elementor-widget elementor-widget-heading\" data-id=\"04ad6f5\" data-element_type=\"widget\" data-widget_type=\"heading.default\">\n\t\t\t\t<div class=\"elementor-widget-container\">\n\t\t\t\t\t<div class=\"elementor-heading-title elementor-size-default\"><button><h3><i class=\"fa fa-calendar-day\"><\/i> &nbsp; Sunday, july 19, 2026<\/h3><\/button><\/div>\t\t\t\t<\/div>\n\t\t\t\t<\/div>\n\t\t\t\t<div class=\"elementor-element elementor-element-4b0f0b7 toggle-content dce-posts-layout-default dce-col-4 dce-col-tablet-3 dce-col-mobile-1 dce-align-left elementor-widget elementor-widget-dce-dynamicposts-v2\" data-id=\"4b0f0b7\" data-element_type=\"widget\" id=\"giorno-3\" data-settings=\"{&quot;templatemode_linkable&quot;:&quot;yes&quot;,&quot;style_items&quot;:&quot;default&quot;,&quot;grid_grid_type&quot;:&quot;flex&quot;}\" data-widget_type=\"dce-dynamicposts-v2.grid\">\n\t\t\t\t<div class=\"elementor-widget-container\">\n\t\t\t\t\t\n\t\t<div class=\"dce-fix-background-loop dce-posts-container dce-posts dce-dynamic-posts-collection  dce-skin-grid dce-skin-grid-flex\">\n\t\t\t\t\t\t<div class=\"dce-posts-wrapper dce-wrapper-grid\">\n\t\t\t\n\t\t<article class=\"post-63270 contenuto type-contenuto status-publish has-post-thumbnail hentry capotravecategorie-festival-en capotravetags-events capotravetags-festival-events-2026 capotravetags_libere-replica-en capotravetags_libere-workshops dce-post dce-post-item dce-item-grid\" data-dce-post-id=\"63270\" data-dce-post-index=\"0\" data-post-link=\"https:\/\/www.kilowattfestival.it\/en\/contenuto\/una-buona-idea-kwt2026-laboratori-2\/\">\n\t\t\t<div class=\"dce-post-block elementor-animation-float\">\n\t\t<div class=\"dce-item dce-item_custommeta elementor-repeater-item-546d9cf\"><div class=\"dce-post-custommeta\"><div class=\"dce-meta-item dce-meta-546d9cf dce-meta-date elementor-repeater-item-546d9cf\">19\/07\/2026<\/div><\/div><\/div><div class=\"dce-item dce-item_token elementor-repeater-item-2eeb17e\"><i class=\"far fa-clock\"><\/i><span>09:45 - 16:45<\/span><\/div><div class=\"dce-item dce-item_image elementor-repeater-item-bcc25aa\"><a class=\"dce-post-image\" href=\"https:\/\/www.kilowattfestival.it\/en\/contenuto\/una-buona-idea-kwt2026-laboratori-2\/\"><figure data-image-ratio=\"0.6\" class=\"dce-img\"><img loading=\"lazy\" decoding=\"async\" width=\"768\" height=\"512\" src=\"https:\/\/www.kilowattfestival.it\/wp-content\/uploads\/2026\/05\/LAB_ph-Enrico-Baraldi_KWT26-768x512.jpg\" class=\"\" alt=\"Una buona idea\" srcset=\"https:\/\/www.kilowattfestival.it\/wp-content\/uploads\/2026\/05\/LAB_ph-Enrico-Baraldi_KWT26-768x512.jpg 768w, https:\/\/www.kilowattfestival.it\/wp-content\/uploads\/2026\/05\/LAB_ph-Enrico-Baraldi_KWT26-300x200.jpg 300w, https:\/\/www.kilowattfestival.it\/wp-content\/uploads\/2026\/05\/LAB_ph-Enrico-Baraldi_KWT26-1536x1024.jpg 1536w, https:\/\/www.kilowattfestival.it\/wp-content\/uploads\/2026\/05\/LAB_ph-Enrico-Baraldi_KWT26.jpg 1620w\" sizes=\"(max-width: 768px) 100vw, 768px\" \/><\/figure><\/a><\/div><div class=\"dce-item dce-item_custommeta elementor-repeater-item-aa91113\"><div class=\"dce-post-custommeta dce-post-custommeta\"><div class=\"dce-meta-item dce-meta-546d9cf dce-meta-date elementor-repeater-item-546d9cf dce-meta-item dce-meta-aa91113 dce-meta-text elementor-repeater-item-aa91113\"><div>Nicola Borghesi<\/div><\/div><\/div><\/div><div class=\"dce-item dce-item_title elementor-repeater-item-a773ffa\"><h3 class=\"dce-post-title\">Una buona idea<\/h3><\/div><div class=\"dce-item dce-item_termstaxonomy elementor-repeater-item-76b0ed9\"><div class=\"dce-post-terms\"><ul class=\"dce-terms-list dce-taxonomy-capotravetags_libere\"><li class=\"dce-term-item\"><span class=\"dce-term dce-term-84\" data-dce-order=\"\">Repeat performance<\/span><\/li><li class=\"dce-term-item\"><span class=\"dce-separator\">\/<\/span><span class=\"dce-term dce-term-67\" data-dce-order=\"\">Workshops<\/span><\/li><\/ul><\/div><\/div><div class=\"dce-item dce-item_token elementor-repeater-item-deb9021\"><i class=\"fa fa-stopwatch\"><\/i>&nbsp; <span>running time: 7 days<\/span><\/div><div class=\"dce-item dce-item_token elementor-repeater-item-1b0d7c2\"><i class=\"fa fa-map-marker-alt\"><\/i>&nbsp; <span>Tedamis<\/span><\/div><div class=\"dce-item dce-item_token elementor-repeater-item-bdde9fe\"><\/div>\t\t\t<\/div>\n\t\t<\/article>\n\t\t\n\t\t<article class=\"post-63272 contenuto type-contenuto status-publish has-post-thumbnail hentry capotravecategorie-festival-en capotravetags-events capotravetags-festival-events-2026 capotravetags_libere-workshops dce-post dce-post-item dce-item-grid\" data-dce-post-id=\"63272\" data-dce-post-index=\"1\" data-post-link=\"https:\/\/www.kilowattfestival.it\/en\/contenuto\/il-corpo-come-soglia-kwt2026-laboratori\/\">\n\t\t\t<div class=\"dce-post-block elementor-animation-float\">\n\t\t<div class=\"dce-item dce-item_custommeta elementor-repeater-item-546d9cf\"><div class=\"dce-post-custommeta dce-post-custommeta dce-post-custommeta\"><div class=\"dce-meta-item dce-meta-546d9cf dce-meta-date elementor-repeater-item-546d9cf\">19\/07\/2026<\/div><\/div><\/div><div class=\"dce-item dce-item_token elementor-repeater-item-2eeb17e\"><i class=\"far fa-clock\"><\/i><span>09:45 - 16:45<\/span><\/div><div class=\"dce-item dce-item_image elementor-repeater-item-bcc25aa\"><a class=\"dce-post-image\" href=\"https:\/\/www.kilowattfestival.it\/en\/contenuto\/il-corpo-come-soglia-kwt2026-laboratori\/\"><figure data-image-ratio=\"0.6\" class=\"dce-img\"><img loading=\"lazy\" decoding=\"async\" width=\"768\" height=\"433\" src=\"https:\/\/www.kilowattfestival.it\/wp-content\/uploads\/2026\/05\/LAB_Il-corpo-come-soglia-Francesco-Marilungo_KWT26_v2-768x433.jpg\" class=\"\" alt=\"Il corpo come soglia\" srcset=\"https:\/\/www.kilowattfestival.it\/wp-content\/uploads\/2026\/05\/LAB_Il-corpo-come-soglia-Francesco-Marilungo_KWT26_v2-768x433.jpg 768w, https:\/\/www.kilowattfestival.it\/wp-content\/uploads\/2026\/05\/LAB_Il-corpo-come-soglia-Francesco-Marilungo_KWT26_v2-300x169.jpg 300w, https:\/\/www.kilowattfestival.it\/wp-content\/uploads\/2026\/05\/LAB_Il-corpo-come-soglia-Francesco-Marilungo_KWT26_v2.jpg 780w\" sizes=\"(max-width: 768px) 100vw, 768px\" \/><\/figure><\/a><\/div><div class=\"dce-item dce-item_custommeta elementor-repeater-item-aa91113\"><div class=\"dce-post-custommeta dce-post-custommeta dce-post-custommeta dce-post-custommeta\"><div class=\"dce-meta-item dce-meta-546d9cf dce-meta-date elementor-repeater-item-546d9cf dce-meta-item dce-meta-aa91113 dce-meta-text elementor-repeater-item-aa91113\"><div>Francesco Marilungo<\/div><\/div><\/div><\/div><div class=\"dce-item dce-item_title elementor-repeater-item-a773ffa\"><h3 class=\"dce-post-title\">Il corpo come soglia<\/h3><\/div><div class=\"dce-item dce-item_termstaxonomy elementor-repeater-item-76b0ed9\"><div class=\"dce-post-terms\"><ul class=\"dce-terms-list dce-taxonomy-capotravetags_libere\"><li class=\"dce-term-item\"><span class=\"dce-term dce-term-67\" data-dce-order=\"\">Workshops<\/span><\/li><\/ul><\/div><\/div><div class=\"dce-item dce-item_token elementor-repeater-item-deb9021\"><i class=\"fa fa-stopwatch\"><\/i>&nbsp; <span>running time: 7 days<\/span><\/div><div class=\"dce-item dce-item_token elementor-repeater-item-1b0d7c2\"><i class=\"fa fa-map-marker-alt\"><\/i>&nbsp; <span>Palestra della Scuola Primaria C.Collodi<\/span><\/div><div class=\"dce-item dce-item_token elementor-repeater-item-bdde9fe\"><\/div>\t\t\t<\/div>\n\t\t<\/article>\n\t\t\n\t\t<article class=\"post-63273 contenuto type-contenuto status-publish has-post-thumbnail hentry capotravecategorie-festival-en capotravetags-events capotravetags-festival-events-2026 capotravetags_libere-meeting capotravetags_libere-replica-en dce-post dce-post-item dce-item-grid\" data-dce-post-id=\"63273\" data-dce-post-index=\"2\" data-post-link=\"https:\/\/www.kilowattfestival.it\/en\/contenuto\/feedback-visionari-kwt2026-incontro-2\/\">\n\t\t\t<div class=\"dce-post-block elementor-animation-float\">\n\t\t<div class=\"dce-item dce-item_custommeta elementor-repeater-item-546d9cf\"><div class=\"dce-post-custommeta dce-post-custommeta dce-post-custommeta dce-post-custommeta dce-post-custommeta\"><div class=\"dce-meta-item dce-meta-546d9cf dce-meta-date elementor-repeater-item-546d9cf\">19\/07\/2026<\/div><\/div><\/div><div class=\"dce-item dce-item_token elementor-repeater-item-2eeb17e\"><i class=\"far fa-clock\"><\/i><span>11:00 - 12:30<\/span><\/div><div class=\"dce-item dce-item_image elementor-repeater-item-bcc25aa\"><a class=\"dce-post-image\" href=\"https:\/\/www.kilowattfestival.it\/en\/contenuto\/feedback-visionari-kwt2026-incontro-2\/\"><figure data-image-ratio=\"0.6\" class=\"dce-img\"><img loading=\"lazy\" decoding=\"async\" width=\"768\" height=\"463\" src=\"https:\/\/www.kilowattfestival.it\/wp-content\/uploads\/2026\/05\/INCONTRI_PUBBLICI_TRA_I_VISIONARI_KWT26-768x463.jpg\" class=\"\" alt=\"Feedback Visionari\" srcset=\"https:\/\/www.kilowattfestival.it\/wp-content\/uploads\/2026\/05\/INCONTRI_PUBBLICI_TRA_I_VISIONARI_KWT26-768x463.jpg 768w, https:\/\/www.kilowattfestival.it\/wp-content\/uploads\/2026\/05\/INCONTRI_PUBBLICI_TRA_I_VISIONARI_KWT26-300x181.jpg 300w, https:\/\/www.kilowattfestival.it\/wp-content\/uploads\/2026\/05\/INCONTRI_PUBBLICI_TRA_I_VISIONARI_KWT26-1536x925.jpg 1536w, https:\/\/www.kilowattfestival.it\/wp-content\/uploads\/2026\/05\/INCONTRI_PUBBLICI_TRA_I_VISIONARI_KWT26.jpg 1793w\" sizes=\"(max-width: 768px) 100vw, 768px\" \/><\/figure><\/a><\/div><div class=\"dce-item dce-item_custommeta elementor-repeater-item-aa91113\"><div class=\"dce-post-custommeta dce-post-custommeta dce-post-custommeta dce-post-custommeta dce-post-custommeta dce-post-custommeta\"><div class=\"dce-meta-item dce-meta-546d9cf dce-meta-date elementor-repeater-item-546d9cf dce-meta-item dce-meta-aa91113 dce-meta-text elementor-repeater-item-aa91113\"><div>Visionari 2026<\/div><\/div><\/div><\/div><div class=\"dce-item dce-item_title elementor-repeater-item-a773ffa\"><h3 class=\"dce-post-title\">Feedback Visionari<\/h3><\/div><div class=\"dce-item dce-item_termstaxonomy elementor-repeater-item-76b0ed9\"><div class=\"dce-post-terms\"><ul class=\"dce-terms-list dce-taxonomy-capotravetags_libere\"><li class=\"dce-term-item\"><span class=\"dce-term dce-term-102\" data-dce-order=\"\">Meeting<\/span><\/li><li class=\"dce-term-item\"><span class=\"dce-separator\">\/<\/span><span class=\"dce-term dce-term-84\" data-dce-order=\"\">Repeat performance<\/span><\/li><\/ul><\/div><\/div><div class=\"dce-item dce-item_token elementor-repeater-item-deb9021\"><i class=\"fa fa-stopwatch\"><\/i>&nbsp; <span>running time: 9 days<\/span><\/div><div class=\"dce-item dce-item_token elementor-repeater-item-1b0d7c2\"><i class=\"fa fa-map-marker-alt\"><\/i>&nbsp; <span>Giardini di Piero<\/span><\/div><div class=\"dce-item dce-item_token elementor-repeater-item-bdde9fe\"><div class=\"eve-meta-ingresso\"><i class=\"fa fa-ticket-alt\"><\/i>&nbsp;<span>Free entrance<\/span><\/div><\/div>\t\t\t<\/div>\n\t\t<\/article>\n\t\t\n\t\t<article class=\"post-63232 contenuto type-contenuto status-publish has-post-thumbnail hentry capotravecategorie-festival-en capotravetags-events capotravetags-festival-events-2026 capotravetags_libere-replica-en capotravetags_libere-visual-art dce-post dce-post-item dce-item-grid\" data-dce-post-id=\"63232\" data-dce-post-index=\"3\" data-post-link=\"https:\/\/www.kilowattfestival.it\/en\/contenuto\/tre-mostre-dedicate-a-eugenio-barba-e-julia-varley-kwt2026-arte-visiva-3\/\">\n\t\t\t<div class=\"dce-post-block elementor-animation-float\">\n\t\t<div class=\"dce-item dce-item_custommeta elementor-repeater-item-546d9cf\"><div class=\"dce-post-custommeta dce-post-custommeta dce-post-custommeta dce-post-custommeta dce-post-custommeta dce-post-custommeta dce-post-custommeta\"><div class=\"dce-meta-item dce-meta-546d9cf dce-meta-date elementor-repeater-item-546d9cf\">19\/07\/2026<\/div><\/div><\/div><div class=\"dce-item dce-item_token elementor-repeater-item-2eeb17e\"><i class=\"far fa-clock\"><\/i><span>16:00 - 20:00<\/span><\/div><div class=\"dce-item dce-item_image elementor-repeater-item-bcc25aa\"><a class=\"dce-post-image\" href=\"https:\/\/www.kilowattfestival.it\/en\/contenuto\/tre-mostre-dedicate-a-eugenio-barba-e-julia-varley-kwt2026-arte-visiva-3\/\"><figure data-image-ratio=\"0.6\" class=\"dce-img\"><img loading=\"lazy\" decoding=\"async\" width=\"768\" height=\"488\" src=\"https:\/\/www.kilowattfestival.it\/wp-content\/uploads\/2026\/05\/Mostra_Imanifestidell_Odin_KWT26_v2-768x488.jpg\" class=\"\" alt=\"Three exhibitions dedicated to Eugenio Barba and Julia Varley\" srcset=\"https:\/\/www.kilowattfestival.it\/wp-content\/uploads\/2026\/05\/Mostra_Imanifestidell_Odin_KWT26_v2-768x488.jpg 768w, https:\/\/www.kilowattfestival.it\/wp-content\/uploads\/2026\/05\/Mostra_Imanifestidell_Odin_KWT26_v2-300x191.jpg 300w, https:\/\/www.kilowattfestival.it\/wp-content\/uploads\/2026\/05\/Mostra_Imanifestidell_Odin_KWT26_v2-1536x976.jpg 1536w, https:\/\/www.kilowattfestival.it\/wp-content\/uploads\/2026\/05\/Mostra_Imanifestidell_Odin_KWT26_v2.jpg 1700w\" sizes=\"(max-width: 768px) 100vw, 768px\" \/><\/figure><\/a><\/div><div class=\"dce-item dce-item_custommeta elementor-repeater-item-aa91113\"><div class=\"dce-post-custommeta dce-post-custommeta dce-post-custommeta dce-post-custommeta dce-post-custommeta dce-post-custommeta dce-post-custommeta dce-post-custommeta\"><div class=\"dce-meta-item dce-meta-546d9cf dce-meta-date elementor-repeater-item-546d9cf dce-meta-item dce-meta-aa91113 dce-meta-text elementor-repeater-item-aa91113\"><div>Francesco Galli, Annalisa Gonnella (curated by)<\/div><\/div><\/div><\/div><div class=\"dce-item dce-item_title elementor-repeater-item-a773ffa\"><h3 class=\"dce-post-title\">Three exhibitions dedicated to Eugenio Barba and Julia Varley<\/h3><\/div><div class=\"dce-item dce-item_termstaxonomy elementor-repeater-item-76b0ed9\"><div class=\"dce-post-terms\"><ul class=\"dce-terms-list dce-taxonomy-capotravetags_libere\"><li class=\"dce-term-item\"><span class=\"dce-term dce-term-84\" data-dce-order=\"\">Repeat performance<\/span><\/li><li class=\"dce-term-item\"><span class=\"dce-separator\">\/<\/span><span class=\"dce-term dce-term-99\" data-dce-order=\"\">Visual Art<\/span><\/li><\/ul><\/div><\/div><div class=\"dce-item dce-item_token elementor-repeater-item-deb9021\"><i class=\"fa fa-stopwatch\"><\/i>&nbsp; <span>running time: 9 days<\/span><\/div><div class=\"dce-item dce-item_token elementor-repeater-item-1b0d7c2\"><i class=\"fa fa-map-marker-alt\"><\/i>&nbsp; <span>Teatro alla Misericordia \/ Palazzo Alberti<\/span><\/div><div class=\"dce-item dce-item_token elementor-repeater-item-bdde9fe\"><div class=\"eve-meta-ingresso\"><i class=\"fa fa-ticket-alt\"><\/i>&nbsp;<span>Free entrance<\/span><\/div><\/div>\t\t\t<\/div>\n\t\t<\/article>\n\t\t\n\t\t<article class=\"post-63294 contenuto type-contenuto status-publish has-post-thumbnail hentry capotravecategorie-festival-en capotravetags-events capotravetags-festival-events-2026 capotravetags_libere-meeting capotravetags_libere-replica-en dce-post dce-post-item dce-item-grid\" data-dce-post-id=\"63294\" data-dce-post-index=\"4\" data-post-link=\"https:\/\/www.kilowattfestival.it\/en\/contenuto\/leredita-pesca-da-sola-i-suoi-eredi-kwt2026-incontro-2\/\">\n\t\t\t<div class=\"dce-post-block elementor-animation-float\">\n\t\t<div class=\"dce-item dce-item_custommeta elementor-repeater-item-546d9cf\"><div class=\"dce-post-custommeta dce-post-custommeta dce-post-custommeta dce-post-custommeta dce-post-custommeta dce-post-custommeta dce-post-custommeta dce-post-custommeta dce-post-custommeta\"><div class=\"dce-meta-item dce-meta-546d9cf dce-meta-date elementor-repeater-item-546d9cf\">19\/07\/2026<\/div><\/div><\/div><div class=\"dce-item dce-item_token elementor-repeater-item-2eeb17e\"><i class=\"far fa-clock\"><\/i><span>10:00 - 13:00<\/span><\/div><div class=\"dce-item dce-item_image elementor-repeater-item-bcc25aa\"><a class=\"dce-post-image\" href=\"https:\/\/www.kilowattfestival.it\/en\/contenuto\/leredita-pesca-da-sola-i-suoi-eredi-kwt2026-incontro-2\/\"><figure data-image-ratio=\"0.6\" class=\"dce-img\"><img loading=\"lazy\" decoding=\"async\" width=\"768\" height=\"432\" src=\"https:\/\/www.kilowattfestival.it\/wp-content\/uploads\/2026\/05\/INCONTRO_Zona-Limite_L_EREDITA_PESCA_DA_SOLA_I_SUOI_EREDI-19lug_KWT26_v2-768x432.jpg\" class=\"\" alt=\"L\u2019eredit\u00e0 pesca da sola i suoi eredi\" srcset=\"https:\/\/www.kilowattfestival.it\/wp-content\/uploads\/2026\/05\/INCONTRO_Zona-Limite_L_EREDITA_PESCA_DA_SOLA_I_SUOI_EREDI-19lug_KWT26_v2-768x432.jpg 768w, https:\/\/www.kilowattfestival.it\/wp-content\/uploads\/2026\/05\/INCONTRO_Zona-Limite_L_EREDITA_PESCA_DA_SOLA_I_SUOI_EREDI-19lug_KWT26_v2-300x169.jpg 300w, https:\/\/www.kilowattfestival.it\/wp-content\/uploads\/2026\/05\/INCONTRO_Zona-Limite_L_EREDITA_PESCA_DA_SOLA_I_SUOI_EREDI-19lug_KWT26_v2.jpg 1476w\" sizes=\"(max-width: 768px) 100vw, 768px\" \/><\/figure><\/a><\/div><div class=\"dce-item dce-item_custommeta elementor-repeater-item-aa91113\"><div class=\"dce-post-custommeta dce-post-custommeta dce-post-custommeta dce-post-custommeta dce-post-custommeta dce-post-custommeta dce-post-custommeta dce-post-custommeta dce-post-custommeta dce-post-custommeta\"><div class=\"dce-meta-item dce-meta-546d9cf dce-meta-date elementor-repeater-item-546d9cf dce-meta-item dce-meta-aa91113 dce-meta-text elementor-repeater-item-aa91113\"><div>Marco De Marinis (moderator)<\/div><\/div><\/div><\/div><div class=\"dce-item dce-item_title elementor-repeater-item-a773ffa\"><h3 class=\"dce-post-title\">L\u2019eredit\u00e0 pesca da sola i suoi eredi<\/h3><\/div><div class=\"dce-item dce-item_termstaxonomy elementor-repeater-item-76b0ed9\"><div class=\"dce-post-terms\"><ul class=\"dce-terms-list dce-taxonomy-capotravetags_libere\"><li class=\"dce-term-item\"><span class=\"dce-term dce-term-102\" data-dce-order=\"\">Meeting<\/span><\/li><li class=\"dce-term-item\"><span class=\"dce-separator\">\/<\/span><span class=\"dce-term dce-term-84\" data-dce-order=\"\">Repeat performance<\/span><\/li><\/ul><\/div><\/div><div class=\"dce-item dce-item_token elementor-repeater-item-deb9021\"><i class=\"fa fa-stopwatch\"><\/i>&nbsp; <span>running time: 2 giorni<\/span><\/div><div class=\"dce-item dce-item_token elementor-repeater-item-1b0d7c2\"><i class=\"fa fa-map-marker-alt\"><\/i>&nbsp; <span>Palazzo Alberti<\/span><\/div><div class=\"dce-item dce-item_token elementor-repeater-item-bdde9fe\"><div class=\"eve-meta-ingresso\"><i class=\"fa fa-ticket-alt\"><\/i>&nbsp;<span>Free entrance<\/span><\/div><\/div>\t\t\t<\/div>\n\t\t<\/article>\n\t\t\n\t\t<article class=\"post-63295 contenuto type-contenuto status-publish has-post-thumbnail hentry capotravecategorie-festival-en capotravetags-events capotravetags-festival-events-2026 capotravetags_libere-meeting dce-post dce-post-item dce-item-grid\" data-dce-post-id=\"63295\" data-dce-post-index=\"5\" data-post-link=\"https:\/\/www.kilowattfestival.it\/en\/contenuto\/incontro-pubblico-del-network-europeo-coopera-kwt2026-incontro\/\">\n\t\t\t<div class=\"dce-post-block elementor-animation-float\">\n\t\t<div class=\"dce-item dce-item_custommeta elementor-repeater-item-546d9cf\"><div class=\"dce-post-custommeta dce-post-custommeta dce-post-custommeta dce-post-custommeta dce-post-custommeta dce-post-custommeta dce-post-custommeta dce-post-custommeta dce-post-custommeta dce-post-custommeta dce-post-custommeta\"><div class=\"dce-meta-item dce-meta-546d9cf dce-meta-date elementor-repeater-item-546d9cf\">19\/07\/2026<\/div><\/div><\/div><div class=\"dce-item dce-item_token elementor-repeater-item-2eeb17e\"><i class=\"far fa-clock\"><\/i><span>15:30 - 16:30<\/span><\/div><div class=\"dce-item dce-item_image elementor-repeater-item-bcc25aa\"><a class=\"dce-post-image\" href=\"https:\/\/www.kilowattfestival.it\/en\/contenuto\/incontro-pubblico-del-network-europeo-coopera-kwt2026-incontro\/\"><figure data-image-ratio=\"0.6\" class=\"dce-img\"><img loading=\"lazy\" decoding=\"async\" width=\"768\" height=\"432\" src=\"https:\/\/www.kilowattfestival.it\/wp-content\/uploads\/2026\/05\/INCONTRO_COOPERA_KWT26-1-768x432.jpg\" class=\"\" alt=\"Pubblic meeting of the European Network CoOpera\" srcset=\"https:\/\/www.kilowattfestival.it\/wp-content\/uploads\/2026\/05\/INCONTRO_COOPERA_KWT26-1-768x432.jpg 768w, https:\/\/www.kilowattfestival.it\/wp-content\/uploads\/2026\/05\/INCONTRO_COOPERA_KWT26-1-300x169.jpg 300w, https:\/\/www.kilowattfestival.it\/wp-content\/uploads\/2026\/05\/INCONTRO_COOPERA_KWT26-1-1536x864.jpg 1536w, https:\/\/www.kilowattfestival.it\/wp-content\/uploads\/2026\/05\/INCONTRO_COOPERA_KWT26-1.jpg 1920w\" sizes=\"(max-width: 768px) 100vw, 768px\" \/><\/figure><\/a><\/div><div class=\"dce-item dce-item_custommeta elementor-repeater-item-aa91113\"><div class=\"dce-post-custommeta dce-post-custommeta dce-post-custommeta dce-post-custommeta dce-post-custommeta dce-post-custommeta dce-post-custommeta dce-post-custommeta dce-post-custommeta dce-post-custommeta dce-post-custommeta dce-post-custommeta\"><div class=\"dce-meta-item dce-meta-546d9cf dce-meta-date elementor-repeater-item-546d9cf dce-meta-item dce-meta-aa91113 dce-meta-text elementor-repeater-item-aa91113\"><div>Meeting<\/div><\/div><\/div><\/div><div class=\"dce-item dce-item_title elementor-repeater-item-a773ffa\"><h3 class=\"dce-post-title\">Pubblic meeting of the European Network CoOpera<\/h3><\/div><div class=\"dce-item dce-item_termstaxonomy elementor-repeater-item-76b0ed9\"><div class=\"dce-post-terms\"><ul class=\"dce-terms-list dce-taxonomy-capotravetags_libere\"><li class=\"dce-term-item\"><span class=\"dce-term dce-term-102\" data-dce-order=\"\">Meeting<\/span><\/li><\/ul><\/div><\/div><div class=\"dce-item dce-item_token elementor-repeater-item-deb9021\"><i class=\"fa fa-stopwatch\"><\/i>&nbsp; <span>running time: 60&#039;<\/span><\/div><div class=\"dce-item dce-item_token elementor-repeater-item-1b0d7c2\"><i class=\"fa fa-map-marker-alt\"><\/i>&nbsp; <span>Palazzo Alberti<\/span><\/div><div class=\"dce-item dce-item_token elementor-repeater-item-bdde9fe\"><div class=\"eve-meta-ingresso\"><i class=\"fa fa-ticket-alt\"><\/i>&nbsp;<span>Free entrance<\/span><\/div><\/div>\t\t\t<\/div>\n\t\t<\/article>\n\t\t\n\t\t<article class=\"post-63339 contenuto type-contenuto status-publish has-post-thumbnail hentry capotravecategorie-festival-en capotravetags-events capotravetags-festival-events-2026 capotravetags_libere-theatre dce-post dce-post-item dce-item-grid\" data-dce-post-id=\"63339\" data-dce-post-index=\"6\" data-post-link=\"https:\/\/www.kilowattfestival.it\/en\/contenuto\/lettere-dallaldila-kwt2026-teatro\/\">\n\t\t\t<div class=\"dce-post-block elementor-animation-float\">\n\t\t<div class=\"dce-item dce-item_custommeta elementor-repeater-item-546d9cf\"><div class=\"dce-post-custommeta dce-post-custommeta dce-post-custommeta dce-post-custommeta dce-post-custommeta dce-post-custommeta dce-post-custommeta dce-post-custommeta dce-post-custommeta dce-post-custommeta dce-post-custommeta dce-post-custommeta dce-post-custommeta\"><div class=\"dce-meta-item dce-meta-546d9cf dce-meta-date elementor-repeater-item-546d9cf\">19\/07\/2026<\/div><\/div><\/div><div class=\"dce-item dce-item_token elementor-repeater-item-2eeb17e\"><i class=\"far fa-clock\"><\/i><span>17:00<\/span><\/div><div class=\"dce-item dce-item_image elementor-repeater-item-bcc25aa\"><a class=\"dce-post-image\" href=\"https:\/\/www.kilowattfestival.it\/en\/contenuto\/lettere-dallaldila-kwt2026-teatro\/\"><figure data-image-ratio=\"0.6\" class=\"dce-img\"><img loading=\"lazy\" decoding=\"async\" width=\"768\" height=\"432\" src=\"https:\/\/www.kilowattfestival.it\/wp-content\/uploads\/2026\/05\/LETTERE_DALL_ALDILA_YuriCasagrandeConti_KWT26ph-768x432.jpg\" class=\"\" alt=\"Lettere dall\u2019aldil\u00e0\" srcset=\"https:\/\/www.kilowattfestival.it\/wp-content\/uploads\/2026\/05\/LETTERE_DALL_ALDILA_YuriCasagrandeConti_KWT26ph-768x432.jpg 768w, https:\/\/www.kilowattfestival.it\/wp-content\/uploads\/2026\/05\/LETTERE_DALL_ALDILA_YuriCasagrandeConti_KWT26ph-300x169.jpg 300w, https:\/\/www.kilowattfestival.it\/wp-content\/uploads\/2026\/05\/LETTERE_DALL_ALDILA_YuriCasagrandeConti_KWT26ph-1536x864.jpg 1536w, https:\/\/www.kilowattfestival.it\/wp-content\/uploads\/2026\/05\/LETTERE_DALL_ALDILA_YuriCasagrandeConti_KWT26ph.jpg 1920w\" sizes=\"(max-width: 768px) 100vw, 768px\" \/><\/figure><\/a><\/div><div class=\"dce-item dce-item_custommeta elementor-repeater-item-aa91113\"><div class=\"dce-post-custommeta dce-post-custommeta dce-post-custommeta dce-post-custommeta dce-post-custommeta dce-post-custommeta dce-post-custommeta dce-post-custommeta dce-post-custommeta dce-post-custommeta dce-post-custommeta dce-post-custommeta dce-post-custommeta dce-post-custommeta\"><div class=\"dce-meta-item dce-meta-546d9cf dce-meta-date elementor-repeater-item-546d9cf dce-meta-item dce-meta-aa91113 dce-meta-text elementor-repeater-item-aa91113\"><div>Yuri Casagrande Conti<\/div><\/div><\/div><\/div><div class=\"dce-item dce-item_title elementor-repeater-item-a773ffa\"><h3 class=\"dce-post-title\">Lettere dall\u2019aldil\u00e0<\/h3><\/div><div class=\"dce-item dce-item_termstaxonomy elementor-repeater-item-76b0ed9\"><div class=\"dce-post-terms\"><ul class=\"dce-terms-list dce-taxonomy-capotravetags_libere\"><li class=\"dce-term-item\"><span class=\"dce-term dce-term-65\" data-dce-order=\"\">Theatre<\/span><\/li><\/ul><\/div><\/div><div class=\"dce-item dce-item_token elementor-repeater-item-deb9021\"><i class=\"fa fa-stopwatch\"><\/i>&nbsp; <span>running time: 70&#039;<\/span><\/div><div class=\"dce-item dce-item_token elementor-repeater-item-1b0d7c2\"><i class=\"fa fa-map-marker-alt\"><\/i>&nbsp; <span>Auditorium di Santa Chiara<\/span><\/div><div class=\"dce-item dce-item_token elementor-repeater-item-bdde9fe\"><div class=\"eve-meta-ingresso\"><i class=\"fa fa-ticket-alt\"><\/i>&nbsp;<span> 10&nbsp;\u20ac&nbsp;full \/ 8&nbsp;\u20ac&nbsp;reduced<\/span><\/div><\/div>\t\t\t<\/div>\n\t\t<\/article>\n\t\t\n\t\t<article class=\"post-63386 contenuto type-contenuto status-publish has-post-thumbnail hentry capotravecategorie-festival-en capotravetags-events capotravetags-festival-events-2026 capotravetags_libere-urban-dance dce-post dce-post-item dce-item-grid\" data-dce-post-id=\"63386\" data-dce-post-index=\"7\" data-post-link=\"https:\/\/www.kilowattfestival.it\/en\/contenuto\/amoebas-kwt2026-danza-urbana\/\">\n\t\t\t<div class=\"dce-post-block elementor-animation-float\">\n\t\t<div class=\"dce-item dce-item_custommeta elementor-repeater-item-546d9cf\"><div class=\"dce-post-custommeta dce-post-custommeta dce-post-custommeta dce-post-custommeta dce-post-custommeta dce-post-custommeta dce-post-custommeta dce-post-custommeta dce-post-custommeta dce-post-custommeta dce-post-custommeta dce-post-custommeta dce-post-custommeta dce-post-custommeta dce-post-custommeta\"><div class=\"dce-meta-item dce-meta-546d9cf dce-meta-date elementor-repeater-item-546d9cf\">19\/07\/2026<\/div><\/div><\/div><div class=\"dce-item dce-item_token elementor-repeater-item-2eeb17e\"><i class=\"far fa-clock\"><\/i><span>18:30<\/span><\/div><div class=\"dce-item dce-item_image elementor-repeater-item-bcc25aa\"><a class=\"dce-post-image\" href=\"https:\/\/www.kilowattfestival.it\/en\/contenuto\/amoebas-kwt2026-danza-urbana\/\"><figure data-image-ratio=\"0.6\" class=\"dce-img\"><img loading=\"lazy\" decoding=\"async\" width=\"768\" height=\"544\" src=\"https:\/\/www.kilowattfestival.it\/wp-content\/uploads\/2026\/05\/AMOEBAS_Elia_Pangaro_KWT26.jpg-768x544.jpg\" class=\"\" alt=\"Amoebas\" srcset=\"https:\/\/www.kilowattfestival.it\/wp-content\/uploads\/2026\/05\/AMOEBAS_Elia_Pangaro_KWT26.jpg-768x544.jpg 768w, https:\/\/www.kilowattfestival.it\/wp-content\/uploads\/2026\/05\/AMOEBAS_Elia_Pangaro_KWT26.jpg-300x212.jpg 300w, https:\/\/www.kilowattfestival.it\/wp-content\/uploads\/2026\/05\/AMOEBAS_Elia_Pangaro_KWT26.jpg.jpg 1123w\" sizes=\"(max-width: 768px) 100vw, 768px\" \/><\/figure><\/a><\/div><div class=\"dce-item dce-item_custommeta elementor-repeater-item-aa91113\"><div class=\"dce-post-custommeta dce-post-custommeta dce-post-custommeta dce-post-custommeta dce-post-custommeta dce-post-custommeta dce-post-custommeta dce-post-custommeta dce-post-custommeta dce-post-custommeta dce-post-custommeta dce-post-custommeta dce-post-custommeta dce-post-custommeta dce-post-custommeta dce-post-custommeta\"><div class=\"dce-meta-item dce-meta-546d9cf dce-meta-date elementor-repeater-item-546d9cf dce-meta-item dce-meta-aa91113 dce-meta-text elementor-repeater-item-aa91113\"><div>Elia Pangaro - Alexander de Vries (NL)<\/div><\/div><\/div><\/div><div class=\"dce-item dce-item_title elementor-repeater-item-a773ffa\"><h3 class=\"dce-post-title\">Amoebas<\/h3><\/div><div class=\"dce-item dce-item_termstaxonomy elementor-repeater-item-76b0ed9\"><div class=\"dce-post-terms\"><ul class=\"dce-terms-list dce-taxonomy-capotravetags_libere\"><li class=\"dce-term-item\"><span class=\"dce-term dce-term-100\" data-dce-order=\"\">Urban Dance<\/span><\/li><\/ul><\/div><\/div><div class=\"dce-item dce-item_token elementor-repeater-item-deb9021\"><i class=\"fa fa-stopwatch\"><\/i>&nbsp; <span>running time: 30&#039;<\/span><\/div><div class=\"dce-item dce-item_token elementor-repeater-item-1b0d7c2\"><i class=\"fa fa-map-marker-alt\"><\/i>&nbsp; <span>Piazza Torre di Berta<\/span><\/div><div class=\"dce-item dce-item_token elementor-repeater-item-bdde9fe\"><div class=\"eve-meta-ingresso\"><i class=\"fa fa-ticket-alt\"><\/i>&nbsp;<span> 1&nbsp;\u20ac<\/span><\/div><\/div>\t\t\t<\/div>\n\t\t<\/article>\n\t\t\n\t\t<article class=\"post-63307 contenuto type-contenuto status-publish has-post-thumbnail hentry capotravecategorie-festival-en capotravetags-events capotravetags-festival-events-2026 capotravetags_libere-music dce-post dce-post-item dce-item-grid\" data-dce-post-id=\"63307\" data-dce-post-index=\"8\" data-post-link=\"https:\/\/www.kilowattfestival.it\/en\/contenuto\/bienoise-aka-alberto-ricca-in-concerto-live-electronics-kwt2026-musica\/\">\n\t\t\t<div class=\"dce-post-block elementor-animation-float\">\n\t\t<div class=\"dce-item dce-item_custommeta elementor-repeater-item-546d9cf\"><div class=\"dce-post-custommeta dce-post-custommeta dce-post-custommeta dce-post-custommeta dce-post-custommeta dce-post-custommeta dce-post-custommeta dce-post-custommeta dce-post-custommeta dce-post-custommeta dce-post-custommeta dce-post-custommeta dce-post-custommeta dce-post-custommeta dce-post-custommeta dce-post-custommeta dce-post-custommeta\"><div class=\"dce-meta-item dce-meta-546d9cf dce-meta-date elementor-repeater-item-546d9cf\">19\/07\/2026<\/div><\/div><\/div><div class=\"dce-item dce-item_token elementor-repeater-item-2eeb17e\"><i class=\"far fa-clock\"><\/i><span>19:00<\/span><\/div><div class=\"dce-item dce-item_image elementor-repeater-item-bcc25aa\"><a class=\"dce-post-image\" href=\"https:\/\/www.kilowattfestival.it\/en\/contenuto\/bienoise-aka-alberto-ricca-in-concerto-live-electronics-kwt2026-musica\/\"><figure data-image-ratio=\"0.6\" class=\"dce-img\"><img loading=\"lazy\" decoding=\"async\" width=\"768\" height=\"512\" src=\"https:\/\/www.kilowattfestival.it\/wp-content\/uploads\/2026\/05\/MUSICA-Concerti_BIENOISE_KWT26-768x512.jpg\" class=\"\" alt=\"Bienoise aka Alberto Ricca in concert (live electronics)\" srcset=\"https:\/\/www.kilowattfestival.it\/wp-content\/uploads\/2026\/05\/MUSICA-Concerti_BIENOISE_KWT26-768x512.jpg 768w, https:\/\/www.kilowattfestival.it\/wp-content\/uploads\/2026\/05\/MUSICA-Concerti_BIENOISE_KWT26-300x200.jpg 300w, https:\/\/www.kilowattfestival.it\/wp-content\/uploads\/2026\/05\/MUSICA-Concerti_BIENOISE_KWT26-1536x1024.jpg 1536w, https:\/\/www.kilowattfestival.it\/wp-content\/uploads\/2026\/05\/MUSICA-Concerti_BIENOISE_KWT26.jpg 1620w\" sizes=\"(max-width: 768px) 100vw, 768px\" \/><\/figure><\/a><\/div><div class=\"dce-item dce-item_custommeta elementor-repeater-item-aa91113\"><div class=\"dce-post-custommeta dce-post-custommeta dce-post-custommeta dce-post-custommeta dce-post-custommeta dce-post-custommeta dce-post-custommeta dce-post-custommeta dce-post-custommeta dce-post-custommeta dce-post-custommeta dce-post-custommeta dce-post-custommeta dce-post-custommeta dce-post-custommeta dce-post-custommeta dce-post-custommeta dce-post-custommeta\"><div class=\"dce-meta-item dce-meta-546d9cf dce-meta-date elementor-repeater-item-546d9cf dce-meta-item dce-meta-aa91113 dce-meta-text elementor-repeater-item-aa91113\"><div>Bienoise aka Alberto Ricca<\/div><\/div><\/div><\/div><div class=\"dce-item dce-item_title elementor-repeater-item-a773ffa\"><h3 class=\"dce-post-title\">Bienoise aka Alberto Ricca in concert (live electronics)<\/h3><\/div><div class=\"dce-item dce-item_termstaxonomy elementor-repeater-item-76b0ed9\"><div class=\"dce-post-terms\"><ul class=\"dce-terms-list dce-taxonomy-capotravetags_libere\"><li class=\"dce-term-item\"><span class=\"dce-term dce-term-69\" data-dce-order=\"\">Music<\/span><\/li><\/ul><\/div><\/div><div class=\"dce-item dce-item_token elementor-repeater-item-deb9021\"><i class=\"fa fa-stopwatch\"><\/i>&nbsp; <span>running time: 50&#039;<\/span><\/div><div class=\"dce-item dce-item_token elementor-repeater-item-1b0d7c2\"><i class=\"fa fa-map-marker-alt\"><\/i>&nbsp; <span>Giardini di Piero<\/span><\/div><div class=\"dce-item dce-item_token elementor-repeater-item-bdde9fe\"><div class=\"eve-meta-ingresso\"><i class=\"fa fa-ticket-alt\"><\/i>&nbsp;<span> 3&nbsp;\u20ac<\/span><\/div><\/div>\t\t\t<\/div>\n\t\t<\/article>\n\t\t\n\t\t<article class=\"post-63347 contenuto type-contenuto status-publish has-post-thumbnail hentry capotravecategorie-festival-en capotravetags-events capotravetags-festival-events-2026 capotravetags_libere-replica-en capotravetags_libere-theatre dce-post dce-post-item dce-item-grid\" data-dce-post-id=\"63347\" data-dce-post-index=\"9\" data-post-link=\"https:\/\/www.kilowattfestival.it\/en\/contenuto\/la-casa-misteriosa-lassu-nella-nebbia-kwt2026-teatro-3\/\">\n\t\t\t<div class=\"dce-post-block elementor-animation-float\">\n\t\t<div class=\"dce-item dce-item_custommeta elementor-repeater-item-546d9cf\"><div class=\"dce-post-custommeta dce-post-custommeta dce-post-custommeta dce-post-custommeta dce-post-custommeta dce-post-custommeta dce-post-custommeta dce-post-custommeta dce-post-custommeta dce-post-custommeta dce-post-custommeta dce-post-custommeta dce-post-custommeta dce-post-custommeta dce-post-custommeta dce-post-custommeta dce-post-custommeta dce-post-custommeta dce-post-custommeta\"><div class=\"dce-meta-item dce-meta-546d9cf dce-meta-date elementor-repeater-item-546d9cf\">19\/07\/2026<\/div><\/div><\/div><div class=\"dce-item dce-item_token elementor-repeater-item-2eeb17e\"><i class=\"far fa-clock\"><\/i><span>19:10, 21:30<\/span><\/div><div class=\"dce-item dce-item_image elementor-repeater-item-bcc25aa\"><a class=\"dce-post-image\" href=\"https:\/\/www.kilowattfestival.it\/en\/contenuto\/la-casa-misteriosa-lassu-nella-nebbia-kwt2026-teatro-3\/\"><figure data-image-ratio=\"0.6\" class=\"dce-img\"><img loading=\"lazy\" decoding=\"async\" width=\"768\" height=\"513\" src=\"https:\/\/www.kilowattfestival.it\/wp-content\/uploads\/2026\/06\/LA_CASA_MISTERIOSA_LASSU_NELLA_NEBBIA_Cuocolo_Bosetti_KWT26-768x513.jpg\" class=\"\" alt=\"La casa misteriosa lass\u00f9 nella nebbia\" srcset=\"https:\/\/www.kilowattfestival.it\/wp-content\/uploads\/2026\/06\/LA_CASA_MISTERIOSA_LASSU_NELLA_NEBBIA_Cuocolo_Bosetti_KWT26-768x513.jpg 768w, https:\/\/www.kilowattfestival.it\/wp-content\/uploads\/2026\/06\/LA_CASA_MISTERIOSA_LASSU_NELLA_NEBBIA_Cuocolo_Bosetti_KWT26-300x200.jpg 300w, https:\/\/www.kilowattfestival.it\/wp-content\/uploads\/2026\/06\/LA_CASA_MISTERIOSA_LASSU_NELLA_NEBBIA_Cuocolo_Bosetti_KWT26-1536x1026.jpg 1536w, https:\/\/www.kilowattfestival.it\/wp-content\/uploads\/2026\/06\/LA_CASA_MISTERIOSA_LASSU_NELLA_NEBBIA_Cuocolo_Bosetti_KWT26-2048x1367.jpg 2048w\" sizes=\"(max-width: 768px) 100vw, 768px\" \/><\/figure><\/a><\/div><div class=\"dce-item dce-item_custommeta elementor-repeater-item-aa91113\"><div class=\"dce-post-custommeta dce-post-custommeta dce-post-custommeta dce-post-custommeta dce-post-custommeta dce-post-custommeta dce-post-custommeta dce-post-custommeta dce-post-custommeta dce-post-custommeta dce-post-custommeta dce-post-custommeta dce-post-custommeta dce-post-custommeta dce-post-custommeta dce-post-custommeta dce-post-custommeta dce-post-custommeta dce-post-custommeta dce-post-custommeta\"><div class=\"dce-meta-item dce-meta-546d9cf dce-meta-date elementor-repeater-item-546d9cf dce-meta-item dce-meta-aa91113 dce-meta-text elementor-repeater-item-aa91113\"><div>Cuocolo \/ Bosetti<\/div><\/div><\/div><\/div><div class=\"dce-item dce-item_title elementor-repeater-item-a773ffa\"><h3 class=\"dce-post-title\">La casa misteriosa lass\u00f9 nella nebbia<\/h3><\/div><div class=\"dce-item dce-item_termstaxonomy elementor-repeater-item-76b0ed9\"><div class=\"dce-post-terms\"><ul class=\"dce-terms-list dce-taxonomy-capotravetags_libere\"><li class=\"dce-term-item\"><span class=\"dce-term dce-term-84\" data-dce-order=\"\">Repeat performance<\/span><\/li><li class=\"dce-term-item\"><span class=\"dce-separator\">\/<\/span><span class=\"dce-term dce-term-65\" data-dce-order=\"\">Theatre<\/span><\/li><\/ul><\/div><\/div><div class=\"dce-item dce-item_token elementor-repeater-item-deb9021\"><i class=\"fa fa-stopwatch\"><\/i>&nbsp; <span>running time: 40&#039;<\/span><\/div><div class=\"dce-item dce-item_token elementor-repeater-item-1b0d7c2\"><i class=\"fa fa-map-marker-alt\"><\/i>&nbsp; <span>Palazzo Aloigi Luzzi<\/span><\/div><div class=\"dce-item dce-item_token elementor-repeater-item-bdde9fe\"><div class=\"eve-meta-ingresso\"><i class=\"fa fa-ticket-alt\"><\/i>&nbsp;<span> 10&nbsp;\u20ac&nbsp;full \/ 8&nbsp;\u20ac&nbsp;reduced<\/span><\/div><\/div>\t\t\t<\/div>\n\t\t<\/article>\n\t\t\n\t\t<article class=\"post-63340 contenuto type-contenuto status-publish has-post-thumbnail hentry capotravecategorie-festival-en capotravetags-events capotravetags-festival-events-2026 capotravetags_libere-theatre dce-post dce-post-item dce-item-grid\" data-dce-post-id=\"63340\" data-dce-post-index=\"10\" data-post-link=\"https:\/\/www.kilowattfestival.it\/en\/contenuto\/kamikaze-kwt2026-teatro\/\">\n\t\t\t<div class=\"dce-post-block elementor-animation-float\">\n\t\t<div class=\"dce-item dce-item_custommeta elementor-repeater-item-546d9cf\"><div class=\"dce-post-custommeta dce-post-custommeta dce-post-custommeta dce-post-custommeta dce-post-custommeta dce-post-custommeta dce-post-custommeta dce-post-custommeta dce-post-custommeta dce-post-custommeta dce-post-custommeta dce-post-custommeta dce-post-custommeta dce-post-custommeta dce-post-custommeta dce-post-custommeta dce-post-custommeta dce-post-custommeta dce-post-custommeta dce-post-custommeta dce-post-custommeta\"><div class=\"dce-meta-item dce-meta-546d9cf dce-meta-date elementor-repeater-item-546d9cf\">19\/07\/2026<\/div><\/div><\/div><div class=\"dce-item dce-item_token elementor-repeater-item-2eeb17e\"><i class=\"far fa-clock\"><\/i><span>20:10<\/span><\/div><div class=\"dce-item dce-item_image elementor-repeater-item-bcc25aa\"><a class=\"dce-post-image\" href=\"https:\/\/www.kilowattfestival.it\/en\/contenuto\/kamikaze-kwt2026-teatro\/\"><figure data-image-ratio=\"0.6\" class=\"dce-img\"><img loading=\"lazy\" decoding=\"async\" width=\"768\" height=\"432\" src=\"https:\/\/www.kilowattfestival.it\/wp-content\/uploads\/2026\/05\/KAMIKAZE_Giulio-Santolini_KWT26_v2-768x432.jpg\" class=\"\" alt=\"Kamikaze-Spero vada meglio dell&#8217;ultima volta\" srcset=\"https:\/\/www.kilowattfestival.it\/wp-content\/uploads\/2026\/05\/KAMIKAZE_Giulio-Santolini_KWT26_v2-768x432.jpg 768w, https:\/\/www.kilowattfestival.it\/wp-content\/uploads\/2026\/05\/KAMIKAZE_Giulio-Santolini_KWT26_v2-300x169.jpg 300w, https:\/\/www.kilowattfestival.it\/wp-content\/uploads\/2026\/05\/KAMIKAZE_Giulio-Santolini_KWT26_v2.jpg 960w\" sizes=\"(max-width: 768px) 100vw, 768px\" \/><\/figure><\/a><\/div><div class=\"dce-item dce-item_custommeta elementor-repeater-item-aa91113\"><div class=\"dce-post-custommeta dce-post-custommeta dce-post-custommeta dce-post-custommeta dce-post-custommeta dce-post-custommeta dce-post-custommeta dce-post-custommeta dce-post-custommeta dce-post-custommeta dce-post-custommeta dce-post-custommeta dce-post-custommeta dce-post-custommeta dce-post-custommeta dce-post-custommeta dce-post-custommeta dce-post-custommeta dce-post-custommeta dce-post-custommeta dce-post-custommeta dce-post-custommeta\"><div class=\"dce-meta-item dce-meta-546d9cf dce-meta-date elementor-repeater-item-546d9cf dce-meta-item dce-meta-aa91113 dce-meta-text elementor-repeater-item-aa91113\"><div>Giulio Santolini<\/div><\/div><\/div><\/div><div class=\"dce-item dce-item_title elementor-repeater-item-a773ffa\"><h3 class=\"dce-post-title\">Kamikaze-Spero vada meglio dell&#8217;ultima volta<\/h3><\/div><div class=\"dce-item dce-item_termstaxonomy elementor-repeater-item-76b0ed9\"><div class=\"dce-post-terms\"><ul class=\"dce-terms-list dce-taxonomy-capotravetags_libere\"><li class=\"dce-term-item\"><span class=\"dce-term dce-term-65\" data-dce-order=\"\">Theatre<\/span><\/li><\/ul><\/div><\/div><div class=\"dce-item dce-item_token elementor-repeater-item-deb9021\"><i class=\"fa fa-stopwatch\"><\/i>&nbsp; <span>running time: 70&#039;<\/span><\/div><div class=\"dce-item dce-item_token elementor-repeater-item-1b0d7c2\"><i class=\"fa fa-map-marker-alt\"><\/i>&nbsp; <span>Teatro alla Misericordia<\/span><\/div><div class=\"dce-item dce-item_token elementor-repeater-item-bdde9fe\"><div class=\"eve-meta-ingresso\"><i class=\"fa fa-ticket-alt\"><\/i>&nbsp;<span> 10&nbsp;\u20ac&nbsp;full \/ 8&nbsp;\u20ac&nbsp;reduced<\/span><\/div><\/div>\t\t\t<\/div>\n\t\t<\/article>\n\t\t\n\t\t<article class=\"post-63341 contenuto type-contenuto status-publish has-post-thumbnail hentry capotravecategorie-festival-en capotravetags-events capotravetags-festival-events-2026 capotravetags_libere-dance dce-post dce-post-item dce-item-grid\" data-dce-post-id=\"63341\" data-dce-post-index=\"11\" data-post-link=\"https:\/\/www.kilowattfestival.it\/en\/contenuto\/momentum-2-kwt2026-danza\/\">\n\t\t\t<div class=\"dce-post-block elementor-animation-float\">\n\t\t<div class=\"dce-item dce-item_custommeta elementor-repeater-item-546d9cf\"><div class=\"dce-post-custommeta dce-post-custommeta dce-post-custommeta dce-post-custommeta dce-post-custommeta dce-post-custommeta dce-post-custommeta dce-post-custommeta dce-post-custommeta dce-post-custommeta dce-post-custommeta dce-post-custommeta dce-post-custommeta dce-post-custommeta dce-post-custommeta dce-post-custommeta dce-post-custommeta dce-post-custommeta dce-post-custommeta dce-post-custommeta dce-post-custommeta dce-post-custommeta dce-post-custommeta\"><div class=\"dce-meta-item dce-meta-546d9cf dce-meta-date elementor-repeater-item-546d9cf\">19\/07\/2026<\/div><\/div><\/div><div class=\"dce-item dce-item_token elementor-repeater-item-2eeb17e\"><i class=\"far fa-clock\"><\/i><span>21:40<\/span><\/div><div class=\"dce-item dce-item_image elementor-repeater-item-bcc25aa\"><a class=\"dce-post-image\" href=\"https:\/\/www.kilowattfestival.it\/en\/contenuto\/momentum-2-kwt2026-danza\/\"><figure data-image-ratio=\"0.6\" class=\"dce-img\"><img loading=\"lazy\" decoding=\"async\" width=\"768\" height=\"511\" src=\"https:\/\/www.kilowattfestival.it\/wp-content\/uploads\/2026\/05\/MOMENTUM2_CocoonDance_KWT26-768x511.jpg\" class=\"\" alt=\"Momentum #2\" srcset=\"https:\/\/www.kilowattfestival.it\/wp-content\/uploads\/2026\/05\/MOMENTUM2_CocoonDance_KWT26-768x511.jpg 768w, https:\/\/www.kilowattfestival.it\/wp-content\/uploads\/2026\/05\/MOMENTUM2_CocoonDance_KWT26-300x200.jpg 300w, https:\/\/www.kilowattfestival.it\/wp-content\/uploads\/2026\/05\/MOMENTUM2_CocoonDance_KWT26-1536x1022.jpg 1536w, https:\/\/www.kilowattfestival.it\/wp-content\/uploads\/2026\/05\/MOMENTUM2_CocoonDance_KWT26.jpg 1623w\" sizes=\"(max-width: 768px) 100vw, 768px\" \/><\/figure><\/a><\/div><div class=\"dce-item dce-item_custommeta elementor-repeater-item-aa91113\"><div class=\"dce-post-custommeta dce-post-custommeta dce-post-custommeta dce-post-custommeta dce-post-custommeta dce-post-custommeta dce-post-custommeta dce-post-custommeta dce-post-custommeta dce-post-custommeta dce-post-custommeta dce-post-custommeta dce-post-custommeta dce-post-custommeta dce-post-custommeta dce-post-custommeta dce-post-custommeta dce-post-custommeta dce-post-custommeta dce-post-custommeta dce-post-custommeta dce-post-custommeta dce-post-custommeta dce-post-custommeta\"><div class=\"dce-meta-item dce-meta-546d9cf dce-meta-date elementor-repeater-item-546d9cf dce-meta-item dce-meta-aa91113 dce-meta-text elementor-repeater-item-aa91113\"><div>CocoonDance Company \/ Rafa\u00eble Giovanola (USA - DE - CH)<\/div><\/div><\/div><\/div><div class=\"dce-item dce-item_title elementor-repeater-item-a773ffa\"><h3 class=\"dce-post-title\">Momentum #2<\/h3><\/div><div class=\"dce-item dce-item_termstaxonomy elementor-repeater-item-76b0ed9\"><div class=\"dce-post-terms\"><ul class=\"dce-terms-list dce-taxonomy-capotravetags_libere\"><li class=\"dce-term-item\"><span class=\"dce-term dce-term-62\" data-dce-order=\"\">Dance<\/span><\/li><\/ul><\/div><\/div><div class=\"dce-item dce-item_token elementor-repeater-item-deb9021\"><i class=\"fa fa-stopwatch\"><\/i>&nbsp; <span>running time: 40&#039;<\/span><\/div><div class=\"dce-item dce-item_token elementor-repeater-item-1b0d7c2\"><i class=\"fa fa-map-marker-alt\"><\/i>&nbsp; <span>Chiostro di San Francesco<\/span><\/div><div class=\"dce-item dce-item_token elementor-repeater-item-bdde9fe\"><div class=\"eve-meta-ingresso\"><i class=\"fa fa-ticket-alt\"><\/i>&nbsp;<span> 10&nbsp;\u20ac&nbsp;full \/ 8&nbsp;\u20ac&nbsp;reduced<\/span><\/div><\/div>\t\t\t<\/div>\n\t\t<\/article>\n\t\t\n\t\t<article class=\"post-63368 contenuto type-contenuto status-publish has-post-thumbnail hentry capotravecategorie-festival-en capotravetags-events capotravetags-festival-events-2026 capotravetags_libere-theatre dce-post dce-post-item dce-item-grid\" data-dce-post-id=\"63368\" data-dce-post-index=\"12\" data-post-link=\"https:\/\/www.kilowattfestival.it\/en\/contenuto\/la-futura-classe-dirigente-kwt2026-teatro\/\">\n\t\t\t<div class=\"dce-post-block elementor-animation-float\">\n\t\t<div class=\"dce-item dce-item_custommeta elementor-repeater-item-546d9cf\"><div class=\"dce-post-custommeta dce-post-custommeta dce-post-custommeta dce-post-custommeta dce-post-custommeta dce-post-custommeta dce-post-custommeta dce-post-custommeta dce-post-custommeta dce-post-custommeta dce-post-custommeta dce-post-custommeta dce-post-custommeta dce-post-custommeta dce-post-custommeta dce-post-custommeta dce-post-custommeta dce-post-custommeta dce-post-custommeta dce-post-custommeta dce-post-custommeta dce-post-custommeta dce-post-custommeta dce-post-custommeta dce-post-custommeta\"><div class=\"dce-meta-item dce-meta-546d9cf dce-meta-date elementor-repeater-item-546d9cf\">19\/07\/2026<\/div><\/div><\/div><div class=\"dce-item dce-item_token elementor-repeater-item-2eeb17e\"><i class=\"far fa-clock\"><\/i><span>22:35<\/span><\/div><div class=\"dce-item dce-item_image elementor-repeater-item-bcc25aa\"><a class=\"dce-post-image\" href=\"https:\/\/www.kilowattfestival.it\/en\/contenuto\/la-futura-classe-dirigente-kwt2026-teatro\/\"><figure data-image-ratio=\"0.6\" class=\"dce-img\"><img loading=\"lazy\" decoding=\"async\" width=\"768\" height=\"432\" src=\"https:\/\/www.kilowattfestival.it\/wp-content\/uploads\/2026\/05\/LA_FUTURA-CLASSE-DIRIGENTE_Caterina-Marino_KWT26_v2-768x432.jpg\" class=\"\" alt=\"La futura classe dirigente\" srcset=\"https:\/\/www.kilowattfestival.it\/wp-content\/uploads\/2026\/05\/LA_FUTURA-CLASSE-DIRIGENTE_Caterina-Marino_KWT26_v2-768x432.jpg 768w, https:\/\/www.kilowattfestival.it\/wp-content\/uploads\/2026\/05\/LA_FUTURA-CLASSE-DIRIGENTE_Caterina-Marino_KWT26_v2-300x169.jpg 300w, https:\/\/www.kilowattfestival.it\/wp-content\/uploads\/2026\/05\/LA_FUTURA-CLASSE-DIRIGENTE_Caterina-Marino_KWT26_v2-1536x864.jpg 1536w, https:\/\/www.kilowattfestival.it\/wp-content\/uploads\/2026\/05\/LA_FUTURA-CLASSE-DIRIGENTE_Caterina-Marino_KWT26_v2.jpg 1920w\" sizes=\"(max-width: 768px) 100vw, 768px\" \/><\/figure><\/a><\/div><div class=\"dce-item dce-item_custommeta elementor-repeater-item-aa91113\"><div class=\"dce-post-custommeta dce-post-custommeta dce-post-custommeta dce-post-custommeta dce-post-custommeta dce-post-custommeta dce-post-custommeta dce-post-custommeta dce-post-custommeta dce-post-custommeta dce-post-custommeta dce-post-custommeta dce-post-custommeta dce-post-custommeta dce-post-custommeta dce-post-custommeta dce-post-custommeta dce-post-custommeta dce-post-custommeta dce-post-custommeta dce-post-custommeta dce-post-custommeta dce-post-custommeta dce-post-custommeta dce-post-custommeta dce-post-custommeta\"><div class=\"dce-meta-item dce-meta-546d9cf dce-meta-date elementor-repeater-item-546d9cf dce-meta-item dce-meta-aa91113 dce-meta-text elementor-repeater-item-aa91113\"><div>Caterina Marino<\/div><\/div><\/div><\/div><div class=\"dce-item dce-item_title elementor-repeater-item-a773ffa\"><h3 class=\"dce-post-title\">La futura classe dirigente<\/h3><\/div><div class=\"dce-item dce-item_termstaxonomy elementor-repeater-item-76b0ed9\"><div class=\"dce-post-terms\"><ul class=\"dce-terms-list dce-taxonomy-capotravetags_libere\"><li class=\"dce-term-item\"><span class=\"dce-term dce-term-65\" data-dce-order=\"\">Theatre<\/span><\/li><\/ul><\/div><\/div><div class=\"dce-item dce-item_token elementor-repeater-item-deb9021\"><i class=\"fa fa-stopwatch\"><\/i>&nbsp; <span>running time: 70&#039;<\/span><\/div><div class=\"dce-item dce-item_token elementor-repeater-item-1b0d7c2\"><i class=\"fa fa-map-marker-alt\"><\/i>&nbsp; <span>Chiostro di Santa Chiara<\/span><\/div><div class=\"dce-item dce-item_token elementor-repeater-item-bdde9fe\"><div class=\"eve-meta-ingresso\"><i class=\"fa fa-ticket-alt\"><\/i>&nbsp;<span> 10&nbsp;\u20ac&nbsp;full \/ 8&nbsp;\u20ac&nbsp;reduced<\/span><\/div><\/div>\t\t\t<\/div>\n\t\t<\/article>\n\t\t\n\t\t<article class=\"post-63301 contenuto type-contenuto status-publish has-post-thumbnail hentry capotravecategorie-festival-en capotravetags-events capotravetags-festival-events-2026 capotravetags_libere-music dce-post dce-post-item dce-item-grid\" data-dce-post-id=\"63301\" data-dce-post-index=\"13\" data-post-link=\"https:\/\/www.kilowattfestival.it\/en\/contenuto\/dj-set-di-mea-dj-commercial-kwt2026-musica\/\">\n\t\t\t<div class=\"dce-post-block elementor-animation-float\">\n\t\t<div class=\"dce-item dce-item_custommeta elementor-repeater-item-546d9cf\"><div class=\"dce-post-custommeta dce-post-custommeta dce-post-custommeta dce-post-custommeta dce-post-custommeta dce-post-custommeta dce-post-custommeta dce-post-custommeta dce-post-custommeta dce-post-custommeta dce-post-custommeta dce-post-custommeta dce-post-custommeta dce-post-custommeta dce-post-custommeta dce-post-custommeta dce-post-custommeta dce-post-custommeta dce-post-custommeta dce-post-custommeta dce-post-custommeta dce-post-custommeta dce-post-custommeta dce-post-custommeta dce-post-custommeta dce-post-custommeta dce-post-custommeta\"><div class=\"dce-meta-item dce-meta-546d9cf dce-meta-date elementor-repeater-item-546d9cf\">19\/07\/2026<\/div><\/div><\/div><div class=\"dce-item dce-item_token elementor-repeater-item-2eeb17e\"><i class=\"far fa-clock\"><\/i><span>23:00<\/span><\/div><div class=\"dce-item dce-item_image elementor-repeater-item-bcc25aa\"><a class=\"dce-post-image\" href=\"https:\/\/www.kilowattfestival.it\/en\/contenuto\/dj-set-di-mea-dj-commercial-kwt2026-musica\/\"><figure data-image-ratio=\"0.6\" class=\"dce-img\"><img loading=\"lazy\" decoding=\"async\" width=\"768\" height=\"432\" src=\"https:\/\/www.kilowattfestival.it\/wp-content\/uploads\/2026\/05\/MUSICA_Dj-Mea_KWT26-1-768x432.jpg\" class=\"\" alt=\"Dj-set by Mea Dj (commercial)\" srcset=\"https:\/\/www.kilowattfestival.it\/wp-content\/uploads\/2026\/05\/MUSICA_Dj-Mea_KWT26-1-768x432.jpg 768w, https:\/\/www.kilowattfestival.it\/wp-content\/uploads\/2026\/05\/MUSICA_Dj-Mea_KWT26-1-300x169.jpg 300w, https:\/\/www.kilowattfestival.it\/wp-content\/uploads\/2026\/05\/MUSICA_Dj-Mea_KWT26-1-1536x864.jpg 1536w, https:\/\/www.kilowattfestival.it\/wp-content\/uploads\/2026\/05\/MUSICA_Dj-Mea_KWT26-1.jpg 1920w\" sizes=\"(max-width: 768px) 100vw, 768px\" \/><\/figure><\/a><\/div><div class=\"dce-item dce-item_custommeta elementor-repeater-item-aa91113\"><div class=\"dce-post-custommeta dce-post-custommeta dce-post-custommeta dce-post-custommeta dce-post-custommeta dce-post-custommeta dce-post-custommeta dce-post-custommeta dce-post-custommeta dce-post-custommeta dce-post-custommeta dce-post-custommeta dce-post-custommeta dce-post-custommeta dce-post-custommeta dce-post-custommeta dce-post-custommeta dce-post-custommeta dce-post-custommeta dce-post-custommeta dce-post-custommeta dce-post-custommeta dce-post-custommeta dce-post-custommeta dce-post-custommeta dce-post-custommeta dce-post-custommeta dce-post-custommeta\"><div class=\"dce-meta-item dce-meta-546d9cf dce-meta-date elementor-repeater-item-546d9cf dce-meta-item dce-meta-aa91113 dce-meta-text elementor-repeater-item-aa91113\"><div>Mea Dj<\/div><\/div><\/div><\/div><div class=\"dce-item dce-item_title elementor-repeater-item-a773ffa\"><h3 class=\"dce-post-title\">Dj-set by Mea Dj (commercial)<\/h3><\/div><div class=\"dce-item dce-item_termstaxonomy elementor-repeater-item-76b0ed9\"><div class=\"dce-post-terms\"><ul class=\"dce-terms-list dce-taxonomy-capotravetags_libere\"><li class=\"dce-term-item\"><span class=\"dce-term dce-term-69\" data-dce-order=\"\">Music<\/span><\/li><\/ul><\/div><\/div><div class=\"dce-item dce-item_token elementor-repeater-item-deb9021\"><i class=\"fa fa-stopwatch\"><\/i>&nbsp; <span>running time: 120&#039;<\/span><\/div><div class=\"dce-item dce-item_token elementor-repeater-item-1b0d7c2\"><i class=\"fa fa-map-marker-alt\"><\/i>&nbsp; <span>Giardini di Piero<\/span><\/div><div class=\"dce-item dce-item_token elementor-repeater-item-bdde9fe\"><div class=\"eve-meta-ingresso\"><i class=\"fa fa-ticket-alt\"><\/i>&nbsp;<span> 1&nbsp;\u20ac<\/span><\/div><\/div>\t\t\t<\/div>\n\t\t<\/article>\n\t\t\t\t\t<\/div>\n\t\t\t\t\t<\/div>\n\t\t\t\t\t\t<\/div>\n\t\t\t\t<\/div>\n\t\t\t\t<div class=\"elementor-element elementor-element-2af8037 toggle-header elementor-widget elementor-widget-heading\" data-id=\"2af8037\" data-element_type=\"widget\" data-widget_type=\"heading.default\">\n\t\t\t\t<div class=\"elementor-widget-container\">\n\t\t\t\t\t<div class=\"elementor-heading-title elementor-size-default\"><button><h3><i class=\"fa fa-calendar-day\"><\/i> &nbsp; Monday, july 20, 2026<\/h3><\/button><\/div>\t\t\t\t<\/div>\n\t\t\t\t<\/div>\n\t\t\t\t<div class=\"elementor-element elementor-element-0255f88 toggle-content dce-posts-layout-default dce-col-4 dce-col-tablet-3 dce-col-mobile-1 dce-align-left elementor-widget elementor-widget-dce-dynamicposts-v2\" data-id=\"0255f88\" data-element_type=\"widget\" id=\"giorno-4\" data-settings=\"{&quot;templatemode_linkable&quot;:&quot;yes&quot;,&quot;style_items&quot;:&quot;default&quot;,&quot;grid_grid_type&quot;:&quot;flex&quot;}\" data-widget_type=\"dce-dynamicposts-v2.grid\">\n\t\t\t\t<div class=\"elementor-widget-container\">\n\t\t\t\t\t\n\t\t<div class=\"dce-fix-background-loop dce-posts-container dce-posts dce-dynamic-posts-collection  dce-skin-grid dce-skin-grid-flex\">\n\t\t\t\t\t\t<div class=\"dce-posts-wrapper dce-wrapper-grid\">\n\t\t\t\n\t\t<article class=\"post-63314 contenuto type-contenuto status-publish has-post-thumbnail hentry capotravecategorie-festival-en capotravetags-events capotravetags-festival-events-2026 capotravetags_libere-replica-en capotravetags_libere-workshops dce-post dce-post-item dce-item-grid\" data-dce-post-id=\"63314\" data-dce-post-index=\"0\" data-post-link=\"https:\/\/www.kilowattfestival.it\/en\/contenuto\/una-buona-idea-kwt2026-laboratori-3\/\">\n\t\t\t<div class=\"dce-post-block elementor-animation-float\">\n\t\t<div class=\"dce-item dce-item_custommeta elementor-repeater-item-546d9cf\"><div class=\"dce-post-custommeta\"><div class=\"dce-meta-item dce-meta-546d9cf dce-meta-date elementor-repeater-item-546d9cf\">20\/07\/2026<\/div><\/div><\/div><div class=\"dce-item dce-item_token elementor-repeater-item-2eeb17e\"><i class=\"far fa-clock\"><\/i><span>09:45 - 16:45<\/span><\/div><div class=\"dce-item dce-item_image elementor-repeater-item-bcc25aa\"><a class=\"dce-post-image\" href=\"https:\/\/www.kilowattfestival.it\/en\/contenuto\/una-buona-idea-kwt2026-laboratori-3\/\"><figure data-image-ratio=\"0.6\" class=\"dce-img\"><img loading=\"lazy\" decoding=\"async\" width=\"768\" height=\"512\" src=\"https:\/\/www.kilowattfestival.it\/wp-content\/uploads\/2026\/05\/LAB_ph-Enrico-Baraldi_KWT26-768x512.jpg\" class=\"\" alt=\"Una buona idea\" srcset=\"https:\/\/www.kilowattfestival.it\/wp-content\/uploads\/2026\/05\/LAB_ph-Enrico-Baraldi_KWT26-768x512.jpg 768w, https:\/\/www.kilowattfestival.it\/wp-content\/uploads\/2026\/05\/LAB_ph-Enrico-Baraldi_KWT26-300x200.jpg 300w, https:\/\/www.kilowattfestival.it\/wp-content\/uploads\/2026\/05\/LAB_ph-Enrico-Baraldi_KWT26-1536x1024.jpg 1536w, https:\/\/www.kilowattfestival.it\/wp-content\/uploads\/2026\/05\/LAB_ph-Enrico-Baraldi_KWT26.jpg 1620w\" sizes=\"(max-width: 768px) 100vw, 768px\" \/><\/figure><\/a><\/div><div class=\"dce-item dce-item_custommeta elementor-repeater-item-aa91113\"><div class=\"dce-post-custommeta dce-post-custommeta\"><div class=\"dce-meta-item dce-meta-546d9cf dce-meta-date elementor-repeater-item-546d9cf dce-meta-item dce-meta-aa91113 dce-meta-text elementor-repeater-item-aa91113\"><div>Nicola Borghesi<\/div><\/div><\/div><\/div><div class=\"dce-item dce-item_title elementor-repeater-item-a773ffa\"><h3 class=\"dce-post-title\">Una buona idea<\/h3><\/div><div class=\"dce-item dce-item_termstaxonomy elementor-repeater-item-76b0ed9\"><div class=\"dce-post-terms\"><ul class=\"dce-terms-list dce-taxonomy-capotravetags_libere\"><li class=\"dce-term-item\"><span class=\"dce-term dce-term-84\" data-dce-order=\"\">Repeat performance<\/span><\/li><li class=\"dce-term-item\"><span class=\"dce-separator\">\/<\/span><span class=\"dce-term dce-term-67\" data-dce-order=\"\">Workshops<\/span><\/li><\/ul><\/div><\/div><div class=\"dce-item dce-item_token elementor-repeater-item-deb9021\"><i class=\"fa fa-stopwatch\"><\/i>&nbsp; <span>running time: 7 days<\/span><\/div><div class=\"dce-item dce-item_token elementor-repeater-item-1b0d7c2\"><i class=\"fa fa-map-marker-alt\"><\/i>&nbsp; <span>Tedamis<\/span><\/div><div class=\"dce-item dce-item_token elementor-repeater-item-bdde9fe\"><\/div>\t\t\t<\/div>\n\t\t<\/article>\n\t\t\n\t\t<article class=\"post-63345 contenuto type-contenuto status-publish has-post-thumbnail hentry capotravecategorie-festival-en capotravetags-events capotravetags-festival-events-2026 capotravetags_libere-replica-en capotravetags_libere-workshops dce-post dce-post-item dce-item-grid\" data-dce-post-id=\"63345\" data-dce-post-index=\"1\" data-post-link=\"https:\/\/www.kilowattfestival.it\/en\/contenuto\/il-corpo-come-soglia-kwt2026-laboratori-2\/\">\n\t\t\t<div class=\"dce-post-block elementor-animation-float\">\n\t\t<div class=\"dce-item dce-item_custommeta elementor-repeater-item-546d9cf\"><div class=\"dce-post-custommeta dce-post-custommeta dce-post-custommeta\"><div class=\"dce-meta-item dce-meta-546d9cf dce-meta-date elementor-repeater-item-546d9cf\">20\/07\/2026<\/div><\/div><\/div><div class=\"dce-item dce-item_token elementor-repeater-item-2eeb17e\"><i class=\"far fa-clock\"><\/i><span>09:45 - 16:45<\/span><\/div><div class=\"dce-item dce-item_image elementor-repeater-item-bcc25aa\"><a class=\"dce-post-image\" href=\"https:\/\/www.kilowattfestival.it\/en\/contenuto\/il-corpo-come-soglia-kwt2026-laboratori-2\/\"><figure data-image-ratio=\"0.6\" class=\"dce-img\"><img loading=\"lazy\" decoding=\"async\" width=\"768\" height=\"433\" src=\"https:\/\/www.kilowattfestival.it\/wp-content\/uploads\/2026\/05\/LAB_Il-corpo-come-soglia-Francesco-Marilungo_KWT26_v2-768x433.jpg\" class=\"\" alt=\"Il corpo come soglia\" srcset=\"https:\/\/www.kilowattfestival.it\/wp-content\/uploads\/2026\/05\/LAB_Il-corpo-come-soglia-Francesco-Marilungo_KWT26_v2-768x433.jpg 768w, https:\/\/www.kilowattfestival.it\/wp-content\/uploads\/2026\/05\/LAB_Il-corpo-come-soglia-Francesco-Marilungo_KWT26_v2-300x169.jpg 300w, https:\/\/www.kilowattfestival.it\/wp-content\/uploads\/2026\/05\/LAB_Il-corpo-come-soglia-Francesco-Marilungo_KWT26_v2.jpg 780w\" sizes=\"(max-width: 768px) 100vw, 768px\" \/><\/figure><\/a><\/div><div class=\"dce-item dce-item_custommeta elementor-repeater-item-aa91113\"><div class=\"dce-post-custommeta dce-post-custommeta dce-post-custommeta dce-post-custommeta\"><div class=\"dce-meta-item dce-meta-546d9cf dce-meta-date elementor-repeater-item-546d9cf dce-meta-item dce-meta-aa91113 dce-meta-text elementor-repeater-item-aa91113\"><div>Francesco Marilungo<\/div><\/div><\/div><\/div><div class=\"dce-item dce-item_title elementor-repeater-item-a773ffa\"><h3 class=\"dce-post-title\">Il corpo come soglia<\/h3><\/div><div class=\"dce-item dce-item_termstaxonomy elementor-repeater-item-76b0ed9\"><div class=\"dce-post-terms\"><ul class=\"dce-terms-list dce-taxonomy-capotravetags_libere\"><li class=\"dce-term-item\"><span class=\"dce-term dce-term-84\" data-dce-order=\"\">Repeat performance<\/span><\/li><li class=\"dce-term-item\"><span class=\"dce-separator\">\/<\/span><span class=\"dce-term dce-term-67\" data-dce-order=\"\">Workshops<\/span><\/li><\/ul><\/div><\/div><div class=\"dce-item dce-item_token elementor-repeater-item-deb9021\"><i class=\"fa fa-stopwatch\"><\/i>&nbsp; <span>running time: 7 days<\/span><\/div><div class=\"dce-item dce-item_token elementor-repeater-item-1b0d7c2\"><i class=\"fa fa-map-marker-alt\"><\/i>&nbsp; <span>Palestra della Scuola Primaria C.Collodi<\/span><\/div><div class=\"dce-item dce-item_token elementor-repeater-item-bdde9fe\"><\/div>\t\t\t<\/div>\n\t\t<\/article>\n\t\t\n\t\t<article class=\"post-63326 contenuto type-contenuto status-publish has-post-thumbnail hentry capotravecategorie-festival-en capotravetags-events capotravetags-festival-events-2026 capotravetags_libere-workshops dce-post dce-post-item dce-item-grid\" data-dce-post-id=\"63326\" data-dce-post-index=\"2\" data-post-link=\"https:\/\/www.kilowattfestival.it\/en\/contenuto\/prove-di-libero-rigore-kwt2026-laboratori\/\">\n\t\t\t<div class=\"dce-post-block elementor-animation-float\">\n\t\t<div class=\"dce-item dce-item_custommeta elementor-repeater-item-546d9cf\"><div class=\"dce-post-custommeta dce-post-custommeta dce-post-custommeta dce-post-custommeta dce-post-custommeta\"><div class=\"dce-meta-item dce-meta-546d9cf dce-meta-date elementor-repeater-item-546d9cf\">20\/07\/2026<\/div><\/div><\/div><div class=\"dce-item dce-item_token elementor-repeater-item-2eeb17e\"><i class=\"far fa-clock\"><\/i><span>14:00 - 16:45<\/span><\/div><div class=\"dce-item dce-item_image elementor-repeater-item-bcc25aa\"><a class=\"dce-post-image\" href=\"https:\/\/www.kilowattfestival.it\/en\/contenuto\/prove-di-libero-rigore-kwt2026-laboratori\/\"><figure data-image-ratio=\"0.6\" class=\"dce-img\"><img loading=\"lazy\" decoding=\"async\" width=\"768\" height=\"432\" src=\"https:\/\/www.kilowattfestival.it\/wp-content\/uploads\/2026\/05\/LAB_Daria-Deflorian-Andrea-Pizzalis-Prove-di-libero-rigore_KWT26-768x432.jpg\" class=\"\" alt=\"Prove di libero rigore\" srcset=\"https:\/\/www.kilowattfestival.it\/wp-content\/uploads\/2026\/05\/LAB_Daria-Deflorian-Andrea-Pizzalis-Prove-di-libero-rigore_KWT26-768x432.jpg 768w, https:\/\/www.kilowattfestival.it\/wp-content\/uploads\/2026\/05\/LAB_Daria-Deflorian-Andrea-Pizzalis-Prove-di-libero-rigore_KWT26-300x169.jpg 300w, https:\/\/www.kilowattfestival.it\/wp-content\/uploads\/2026\/05\/LAB_Daria-Deflorian-Andrea-Pizzalis-Prove-di-libero-rigore_KWT26-1536x864.jpg 1536w, https:\/\/www.kilowattfestival.it\/wp-content\/uploads\/2026\/05\/LAB_Daria-Deflorian-Andrea-Pizzalis-Prove-di-libero-rigore_KWT26.jpg 1920w\" sizes=\"(max-width: 768px) 100vw, 768px\" \/><\/figure><\/a><\/div><div class=\"dce-item dce-item_custommeta elementor-repeater-item-aa91113\"><div class=\"dce-post-custommeta dce-post-custommeta dce-post-custommeta dce-post-custommeta dce-post-custommeta dce-post-custommeta\"><div class=\"dce-meta-item dce-meta-546d9cf dce-meta-date elementor-repeater-item-546d9cf dce-meta-item dce-meta-aa91113 dce-meta-text elementor-repeater-item-aa91113\"><div>Daria Deflorian<\/div><\/div><\/div><\/div><div class=\"dce-item dce-item_title elementor-repeater-item-a773ffa\"><h3 class=\"dce-post-title\">Prove di libero rigore<\/h3><\/div><div class=\"dce-item dce-item_termstaxonomy elementor-repeater-item-76b0ed9\"><div class=\"dce-post-terms\"><ul class=\"dce-terms-list dce-taxonomy-capotravetags_libere\"><li class=\"dce-term-item\"><span class=\"dce-term dce-term-67\" data-dce-order=\"\">Workshops<\/span><\/li><\/ul><\/div><\/div><div class=\"dce-item dce-item_token elementor-repeater-item-deb9021\"><i class=\"fa fa-stopwatch\"><\/i>&nbsp; <span>running time: 6 days<\/span><\/div><div class=\"dce-item dce-item_token elementor-repeater-item-1b0d7c2\"><i class=\"fa fa-map-marker-alt\"><\/i>&nbsp; <span>Tedamis<\/span><\/div><div class=\"dce-item dce-item_token elementor-repeater-item-bdde9fe\"><\/div>\t\t\t<\/div>\n\t\t<\/article>\n\t\t\n\t\t<article class=\"post-63274 contenuto type-contenuto status-publish has-post-thumbnail hentry capotravecategorie-festival-en capotravetags-events capotravetags-festival-events-2026 capotravetags_libere-meeting capotravetags_libere-replica-en dce-post dce-post-item dce-item-grid\" data-dce-post-id=\"63274\" data-dce-post-index=\"3\" data-post-link=\"https:\/\/www.kilowattfestival.it\/en\/contenuto\/feedback-visionari-kwt2026-incontro-3\/\">\n\t\t\t<div class=\"dce-post-block elementor-animation-float\">\n\t\t<div class=\"dce-item dce-item_custommeta elementor-repeater-item-546d9cf\"><div class=\"dce-post-custommeta dce-post-custommeta dce-post-custommeta dce-post-custommeta dce-post-custommeta dce-post-custommeta dce-post-custommeta\"><div class=\"dce-meta-item dce-meta-546d9cf dce-meta-date elementor-repeater-item-546d9cf\">20\/07\/2026<\/div><\/div><\/div><div class=\"dce-item dce-item_token elementor-repeater-item-2eeb17e\"><i class=\"far fa-clock\"><\/i><span>11:00 - 12:30<\/span><\/div><div class=\"dce-item dce-item_image elementor-repeater-item-bcc25aa\"><a class=\"dce-post-image\" href=\"https:\/\/www.kilowattfestival.it\/en\/contenuto\/feedback-visionari-kwt2026-incontro-3\/\"><figure data-image-ratio=\"0.6\" class=\"dce-img\"><img loading=\"lazy\" decoding=\"async\" width=\"768\" height=\"463\" src=\"https:\/\/www.kilowattfestival.it\/wp-content\/uploads\/2026\/05\/INCONTRI_PUBBLICI_TRA_I_VISIONARI_KWT26-768x463.jpg\" class=\"\" alt=\"Feedback Visionari\" srcset=\"https:\/\/www.kilowattfestival.it\/wp-content\/uploads\/2026\/05\/INCONTRI_PUBBLICI_TRA_I_VISIONARI_KWT26-768x463.jpg 768w, https:\/\/www.kilowattfestival.it\/wp-content\/uploads\/2026\/05\/INCONTRI_PUBBLICI_TRA_I_VISIONARI_KWT26-300x181.jpg 300w, https:\/\/www.kilowattfestival.it\/wp-content\/uploads\/2026\/05\/INCONTRI_PUBBLICI_TRA_I_VISIONARI_KWT26-1536x925.jpg 1536w, https:\/\/www.kilowattfestival.it\/wp-content\/uploads\/2026\/05\/INCONTRI_PUBBLICI_TRA_I_VISIONARI_KWT26.jpg 1793w\" sizes=\"(max-width: 768px) 100vw, 768px\" \/><\/figure><\/a><\/div><div class=\"dce-item dce-item_custommeta elementor-repeater-item-aa91113\"><div class=\"dce-post-custommeta dce-post-custommeta dce-post-custommeta dce-post-custommeta dce-post-custommeta dce-post-custommeta dce-post-custommeta dce-post-custommeta\"><div class=\"dce-meta-item dce-meta-546d9cf dce-meta-date elementor-repeater-item-546d9cf dce-meta-item dce-meta-aa91113 dce-meta-text elementor-repeater-item-aa91113\"><div>Visionari 2026<\/div><\/div><\/div><\/div><div class=\"dce-item dce-item_title elementor-repeater-item-a773ffa\"><h3 class=\"dce-post-title\">Feedback Visionari<\/h3><\/div><div class=\"dce-item dce-item_termstaxonomy elementor-repeater-item-76b0ed9\"><div class=\"dce-post-terms\"><ul class=\"dce-terms-list dce-taxonomy-capotravetags_libere\"><li class=\"dce-term-item\"><span class=\"dce-term dce-term-102\" data-dce-order=\"\">Meeting<\/span><\/li><li class=\"dce-term-item\"><span class=\"dce-separator\">\/<\/span><span class=\"dce-term dce-term-84\" data-dce-order=\"\">Repeat performance<\/span><\/li><\/ul><\/div><\/div><div class=\"dce-item dce-item_token elementor-repeater-item-deb9021\"><i class=\"fa fa-stopwatch\"><\/i>&nbsp; <span>running time: 9 days<\/span><\/div><div class=\"dce-item dce-item_token elementor-repeater-item-1b0d7c2\"><i class=\"fa fa-map-marker-alt\"><\/i>&nbsp; <span>Giardini di Piero<\/span><\/div><div class=\"dce-item dce-item_token elementor-repeater-item-bdde9fe\"><div class=\"eve-meta-ingresso\"><i class=\"fa fa-ticket-alt\"><\/i>&nbsp;<span>Free entrance<\/span><\/div><\/div>\t\t\t<\/div>\n\t\t<\/article>\n\t\t\n\t\t<article class=\"post-63234 contenuto type-contenuto status-publish has-post-thumbnail hentry capotravecategorie-festival-en capotravetags-events capotravetags-festival-events-2026 capotravetags_libere-replica-en capotravetags_libere-visual-art dce-post dce-post-item dce-item-grid\" data-dce-post-id=\"63234\" data-dce-post-index=\"4\" data-post-link=\"https:\/\/www.kilowattfestival.it\/en\/contenuto\/tre-mostre-dedicate-a-eugenio-barba-e-julia-varley-kwt2026-arte-visiva-4\/\">\n\t\t\t<div class=\"dce-post-block elementor-animation-float\">\n\t\t<div class=\"dce-item dce-item_custommeta elementor-repeater-item-546d9cf\"><div class=\"dce-post-custommeta dce-post-custommeta dce-post-custommeta dce-post-custommeta dce-post-custommeta dce-post-custommeta dce-post-custommeta dce-post-custommeta dce-post-custommeta\"><div class=\"dce-meta-item dce-meta-546d9cf dce-meta-date elementor-repeater-item-546d9cf\">20\/07\/2026<\/div><\/div><\/div><div class=\"dce-item dce-item_token elementor-repeater-item-2eeb17e\"><i class=\"far fa-clock\"><\/i><span>16:00 - 20:00<\/span><\/div><div class=\"dce-item dce-item_image elementor-repeater-item-bcc25aa\"><a class=\"dce-post-image\" href=\"https:\/\/www.kilowattfestival.it\/en\/contenuto\/tre-mostre-dedicate-a-eugenio-barba-e-julia-varley-kwt2026-arte-visiva-4\/\"><figure data-image-ratio=\"0.6\" class=\"dce-img\"><img loading=\"lazy\" decoding=\"async\" width=\"768\" height=\"1076\" src=\"https:\/\/www.kilowattfestival.it\/wp-content\/uploads\/2026\/05\/Mostra_AnnalisaGonnella_KWT26-768x1076.jpg\" class=\"\" alt=\"Three exhibitions dedicated to Eugenio Barba and Julia Varley\" srcset=\"https:\/\/www.kilowattfestival.it\/wp-content\/uploads\/2026\/05\/Mostra_AnnalisaGonnella_KWT26-768x1076.jpg 768w, https:\/\/www.kilowattfestival.it\/wp-content\/uploads\/2026\/05\/Mostra_AnnalisaGonnella_KWT26-300x420.jpg 300w, https:\/\/www.kilowattfestival.it\/wp-content\/uploads\/2026\/05\/Mostra_AnnalisaGonnella_KWT26.jpg 771w\" sizes=\"(max-width: 768px) 100vw, 768px\" \/><\/figure><\/a><\/div><div class=\"dce-item dce-item_custommeta elementor-repeater-item-aa91113\"><div class=\"dce-post-custommeta dce-post-custommeta dce-post-custommeta dce-post-custommeta dce-post-custommeta dce-post-custommeta dce-post-custommeta dce-post-custommeta dce-post-custommeta dce-post-custommeta\"><div class=\"dce-meta-item dce-meta-546d9cf dce-meta-date elementor-repeater-item-546d9cf dce-meta-item dce-meta-aa91113 dce-meta-text elementor-repeater-item-aa91113\"><div>Francesco Galli, Annalisa Gonnella (curated by)<\/div><\/div><\/div><\/div><div class=\"dce-item dce-item_title elementor-repeater-item-a773ffa\"><h3 class=\"dce-post-title\">Three exhibitions dedicated to Eugenio Barba and Julia Varley<\/h3><\/div><div class=\"dce-item dce-item_termstaxonomy elementor-repeater-item-76b0ed9\"><div class=\"dce-post-terms\"><ul class=\"dce-terms-list dce-taxonomy-capotravetags_libere\"><li class=\"dce-term-item\"><span class=\"dce-term dce-term-84\" data-dce-order=\"\">Repeat performance<\/span><\/li><li class=\"dce-term-item\"><span class=\"dce-separator\">\/<\/span><span class=\"dce-term dce-term-99\" data-dce-order=\"\">Visual Art<\/span><\/li><\/ul><\/div><\/div><div class=\"dce-item dce-item_token elementor-repeater-item-deb9021\"><i class=\"fa fa-stopwatch\"><\/i>&nbsp; <span>running time: 9 days<\/span><\/div><div class=\"dce-item dce-item_token elementor-repeater-item-1b0d7c2\"><i class=\"fa fa-map-marker-alt\"><\/i>&nbsp; <span>Teatro alla Misericordia \/ Palazzo Alberti<\/span><\/div><div class=\"dce-item dce-item_token elementor-repeater-item-bdde9fe\"><div class=\"eve-meta-ingresso\"><i class=\"fa fa-ticket-alt\"><\/i>&nbsp;<span>Free entrance<\/span><\/div><\/div>\t\t\t<\/div>\n\t\t<\/article>\n\t\t\n\t\t<article class=\"post-63293 contenuto type-contenuto status-publish has-post-thumbnail hentry capotravecategorie-festival-en capotravetags-events capotravetags-festival-events-2026 capotravetags_libere-meeting dce-post dce-post-item dce-item-grid\" data-dce-post-id=\"63293\" data-dce-post-index=\"5\" data-post-link=\"https:\/\/www.kilowattfestival.it\/en\/contenuto\/incontro-pubblico-della-rete-regionale-toscana-terra-accogliente-kwt2026-incontro\/\">\n\t\t\t<div class=\"dce-post-block elementor-animation-float\">\n\t\t<div class=\"dce-item dce-item_custommeta elementor-repeater-item-546d9cf\"><div class=\"dce-post-custommeta dce-post-custommeta dce-post-custommeta dce-post-custommeta dce-post-custommeta dce-post-custommeta dce-post-custommeta dce-post-custommeta dce-post-custommeta dce-post-custommeta dce-post-custommeta\"><div class=\"dce-meta-item dce-meta-546d9cf dce-meta-date elementor-repeater-item-546d9cf\">20\/07\/2026<\/div><\/div><\/div><div class=\"dce-item dce-item_token elementor-repeater-item-2eeb17e\"><i class=\"far fa-clock\"><\/i><span>14:30 - 16:30<\/span><\/div><div class=\"dce-item dce-item_image elementor-repeater-item-bcc25aa\"><a class=\"dce-post-image\" href=\"https:\/\/www.kilowattfestival.it\/en\/contenuto\/incontro-pubblico-della-rete-regionale-toscana-terra-accogliente-kwt2026-incontro\/\"><figure data-image-ratio=\"0.6\" class=\"dce-img\"><img loading=\"lazy\" decoding=\"async\" width=\"768\" height=\"432\" src=\"https:\/\/www.kilowattfestival.it\/wp-content\/uploads\/2026\/05\/INCONTRO_TOSCANA_TERRA_ACCOGLIENTE_KWT26_v2-768x432.jpg\" class=\"\" alt=\"Public meeting of the regional network Toscana Terra Accogliente\" srcset=\"https:\/\/www.kilowattfestival.it\/wp-content\/uploads\/2026\/05\/INCONTRO_TOSCANA_TERRA_ACCOGLIENTE_KWT26_v2-768x432.jpg 768w, https:\/\/www.kilowattfestival.it\/wp-content\/uploads\/2026\/05\/INCONTRO_TOSCANA_TERRA_ACCOGLIENTE_KWT26_v2-300x169.jpg 300w, https:\/\/www.kilowattfestival.it\/wp-content\/uploads\/2026\/05\/INCONTRO_TOSCANA_TERRA_ACCOGLIENTE_KWT26_v2-1536x864.jpg 1536w, https:\/\/www.kilowattfestival.it\/wp-content\/uploads\/2026\/05\/INCONTRO_TOSCANA_TERRA_ACCOGLIENTE_KWT26_v2.jpg 1920w\" sizes=\"(max-width: 768px) 100vw, 768px\" \/><\/figure><\/a><\/div><div class=\"dce-item dce-item_custommeta elementor-repeater-item-aa91113\"><div class=\"dce-post-custommeta dce-post-custommeta dce-post-custommeta dce-post-custommeta dce-post-custommeta dce-post-custommeta dce-post-custommeta dce-post-custommeta dce-post-custommeta dce-post-custommeta dce-post-custommeta dce-post-custommeta\"><div class=\"dce-meta-item dce-meta-546d9cf dce-meta-date elementor-repeater-item-546d9cf dce-meta-item dce-meta-aa91113 dce-meta-text elementor-repeater-item-aa91113\"><div>Incontro<\/div><\/div><\/div><\/div><div class=\"dce-item dce-item_title elementor-repeater-item-a773ffa\"><h3 class=\"dce-post-title\">Public meeting of the regional network Toscana Terra Accogliente<\/h3><\/div><div class=\"dce-item dce-item_termstaxonomy elementor-repeater-item-76b0ed9\"><div class=\"dce-post-terms\"><ul class=\"dce-terms-list dce-taxonomy-capotravetags_libere\"><li class=\"dce-term-item\"><span class=\"dce-term dce-term-102\" data-dce-order=\"\">Meeting<\/span><\/li><\/ul><\/div><\/div><div class=\"dce-item dce-item_token elementor-repeater-item-deb9021\"><i class=\"fa fa-stopwatch\"><\/i>&nbsp; <span>running time: 120&#039;<\/span><\/div><div class=\"dce-item dce-item_token elementor-repeater-item-1b0d7c2\"><i class=\"fa fa-map-marker-alt\"><\/i>&nbsp; <span>Palazzo Alberti<\/span><\/div><div class=\"dce-item dce-item_token elementor-repeater-item-bdde9fe\"><div class=\"eve-meta-ingresso\"><i class=\"fa fa-ticket-alt\"><\/i>&nbsp;<span>Free entrance<\/span><\/div><\/div>\t\t\t<\/div>\n\t\t<\/article>\n\t\t\n\t\t<article class=\"post-63344 contenuto type-contenuto status-publish has-post-thumbnail hentry capotravecategorie-festival-en capotravetags-events capotravetags-festival-events-2026 capotravetags_libere-dance dce-post dce-post-item dce-item-grid\" data-dce-post-id=\"63344\" data-dce-post-index=\"6\" data-post-link=\"https:\/\/www.kilowattfestival.it\/en\/contenuto\/lessenziale-e-invisibile-agli-occhi-studio-kwt2026-danza\/\">\n\t\t\t<div class=\"dce-post-block elementor-animation-float\">\n\t\t<div class=\"dce-item dce-item_custommeta elementor-repeater-item-546d9cf\"><div class=\"dce-post-custommeta dce-post-custommeta dce-post-custommeta dce-post-custommeta dce-post-custommeta dce-post-custommeta dce-post-custommeta dce-post-custommeta dce-post-custommeta dce-post-custommeta dce-post-custommeta dce-post-custommeta dce-post-custommeta\"><div class=\"dce-meta-item dce-meta-546d9cf dce-meta-date elementor-repeater-item-546d9cf\">20\/07\/2026<\/div><\/div><\/div><div class=\"dce-item dce-item_token elementor-repeater-item-2eeb17e\"><i class=\"far fa-clock\"><\/i><span>17:00<\/span><\/div><div class=\"dce-item dce-item_image elementor-repeater-item-bcc25aa\"><a class=\"dce-post-image\" href=\"https:\/\/www.kilowattfestival.it\/en\/contenuto\/lessenziale-e-invisibile-agli-occhi-studio-kwt2026-danza\/\"><figure data-image-ratio=\"0.6\" class=\"dce-img\"><img loading=\"lazy\" decoding=\"async\" width=\"768\" height=\"587\" src=\"https:\/\/www.kilowattfestival.it\/wp-content\/uploads\/2026\/05\/L_ESSENZIALE_E_INVISIBILE_AGLI_OCCHI_Claudia_Catarzi_KWT26-768x587.jpg\" class=\"\" alt=\"L\u2019essenziale \u00e8 invisibile agli occhi (studio)\" srcset=\"https:\/\/www.kilowattfestival.it\/wp-content\/uploads\/2026\/05\/L_ESSENZIALE_E_INVISIBILE_AGLI_OCCHI_Claudia_Catarzi_KWT26-768x587.jpg 768w, https:\/\/www.kilowattfestival.it\/wp-content\/uploads\/2026\/05\/L_ESSENZIALE_E_INVISIBILE_AGLI_OCCHI_Claudia_Catarzi_KWT26-300x229.jpg 300w, https:\/\/www.kilowattfestival.it\/wp-content\/uploads\/2026\/05\/L_ESSENZIALE_E_INVISIBILE_AGLI_OCCHI_Claudia_Catarzi_KWT26.jpg 1536w\" sizes=\"(max-width: 768px) 100vw, 768px\" \/><\/figure><\/a><\/div><div class=\"dce-item dce-item_custommeta elementor-repeater-item-aa91113\"><div class=\"dce-post-custommeta dce-post-custommeta dce-post-custommeta dce-post-custommeta dce-post-custommeta dce-post-custommeta dce-post-custommeta dce-post-custommeta dce-post-custommeta dce-post-custommeta dce-post-custommeta dce-post-custommeta dce-post-custommeta dce-post-custommeta\"><div class=\"dce-meta-item dce-meta-546d9cf dce-meta-date elementor-repeater-item-546d9cf dce-meta-item dce-meta-aa91113 dce-meta-text elementor-repeater-item-aa91113\"><div>Claudia Catarzi<\/div><\/div><\/div><\/div><div class=\"dce-item dce-item_title elementor-repeater-item-a773ffa\"><h3 class=\"dce-post-title\">L\u2019essenziale \u00e8 invisibile agli occhi (studio)<\/h3><\/div><div class=\"dce-item dce-item_termstaxonomy elementor-repeater-item-76b0ed9\"><div class=\"dce-post-terms\"><ul class=\"dce-terms-list dce-taxonomy-capotravetags_libere\"><li class=\"dce-term-item\"><span class=\"dce-term dce-term-62\" data-dce-order=\"\">Dance<\/span><\/li><\/ul><\/div><\/div><div class=\"dce-item dce-item_token elementor-repeater-item-deb9021\"><i class=\"fa fa-stopwatch\"><\/i>&nbsp; <span>running time: 45&#039;<\/span><\/div><div class=\"dce-item dce-item_token elementor-repeater-item-1b0d7c2\"><i class=\"fa fa-map-marker-alt\"><\/i>&nbsp; <span>Auditorium di Santa Chiara<\/span><\/div><div class=\"dce-item dce-item_token elementor-repeater-item-bdde9fe\"><div class=\"eve-meta-ingresso\"><i class=\"fa fa-ticket-alt\"><\/i>&nbsp;<span> 5&nbsp;\u20ac&nbsp;full \/ 3&nbsp;\u20ac&nbsp;reduced<\/span><\/div><\/div>\t\t\t<\/div>\n\t\t<\/article>\n\t\t\n\t\t<article class=\"post-63352 contenuto type-contenuto status-publish has-post-thumbnail hentry capotravecategorie-festival-en capotravetags-events capotravetags-festival-events-2026 capotravetags_libere-urban-dance dce-post dce-post-item dce-item-grid\" data-dce-post-id=\"63352\" data-dce-post-index=\"7\" data-post-link=\"https:\/\/www.kilowattfestival.it\/en\/contenuto\/geometria-del-chiasso-kwt2026-danza-urbana\/\">\n\t\t\t<div class=\"dce-post-block elementor-animation-float\">\n\t\t<div class=\"dce-item dce-item_custommeta elementor-repeater-item-546d9cf\"><div class=\"dce-post-custommeta dce-post-custommeta dce-post-custommeta dce-post-custommeta dce-post-custommeta dce-post-custommeta dce-post-custommeta dce-post-custommeta dce-post-custommeta dce-post-custommeta dce-post-custommeta dce-post-custommeta dce-post-custommeta dce-post-custommeta dce-post-custommeta\"><div class=\"dce-meta-item dce-meta-546d9cf dce-meta-date elementor-repeater-item-546d9cf\">20\/07\/2026<\/div><\/div><\/div><div class=\"dce-item dce-item_token elementor-repeater-item-2eeb17e\"><i class=\"far fa-clock\"><\/i><span>18:10<\/span><\/div><div class=\"dce-item dce-item_image elementor-repeater-item-bcc25aa\"><a class=\"dce-post-image\" href=\"https:\/\/www.kilowattfestival.it\/en\/contenuto\/geometria-del-chiasso-kwt2026-danza-urbana\/\"><figure data-image-ratio=\"0.6\" class=\"dce-img\"><img loading=\"lazy\" decoding=\"async\" width=\"768\" height=\"494\" src=\"https:\/\/www.kilowattfestival.it\/wp-content\/uploads\/2026\/05\/GEOMETRIA_DEL_CHIASSO_CamillaMontesi_KWT26-768x494.jpg\" class=\"\" alt=\"Geometria del chiasso\" srcset=\"https:\/\/www.kilowattfestival.it\/wp-content\/uploads\/2026\/05\/GEOMETRIA_DEL_CHIASSO_CamillaMontesi_KWT26-768x494.jpg 768w, https:\/\/www.kilowattfestival.it\/wp-content\/uploads\/2026\/05\/GEOMETRIA_DEL_CHIASSO_CamillaMontesi_KWT26-300x193.jpg 300w, https:\/\/www.kilowattfestival.it\/wp-content\/uploads\/2026\/05\/GEOMETRIA_DEL_CHIASSO_CamillaMontesi_KWT26-1536x988.jpg 1536w, https:\/\/www.kilowattfestival.it\/wp-content\/uploads\/2026\/05\/GEOMETRIA_DEL_CHIASSO_CamillaMontesi_KWT26.jpg 1679w\" sizes=\"(max-width: 768px) 100vw, 768px\" \/><\/figure><\/a><\/div><div class=\"dce-item dce-item_custommeta elementor-repeater-item-aa91113\"><div class=\"dce-post-custommeta dce-post-custommeta dce-post-custommeta dce-post-custommeta dce-post-custommeta dce-post-custommeta dce-post-custommeta dce-post-custommeta dce-post-custommeta dce-post-custommeta dce-post-custommeta dce-post-custommeta dce-post-custommeta dce-post-custommeta dce-post-custommeta dce-post-custommeta\"><div class=\"dce-meta-item dce-meta-546d9cf dce-meta-date elementor-repeater-item-546d9cf dce-meta-item dce-meta-aa91113 dce-meta-text elementor-repeater-item-aa91113\"><div>Camilla Montesi<\/div><\/div><\/div><\/div><div class=\"dce-item dce-item_title elementor-repeater-item-a773ffa\"><h3 class=\"dce-post-title\">Geometria del chiasso<\/h3><\/div><div class=\"dce-item dce-item_termstaxonomy elementor-repeater-item-76b0ed9\"><div class=\"dce-post-terms\"><ul class=\"dce-terms-list dce-taxonomy-capotravetags_libere\"><li class=\"dce-term-item\"><span class=\"dce-term dce-term-100\" data-dce-order=\"\">Urban Dance<\/span><\/li><\/ul><\/div><\/div><div class=\"dce-item dce-item_token elementor-repeater-item-deb9021\"><i class=\"fa fa-stopwatch\"><\/i>&nbsp; <span>running time: 20&#039;<\/span><\/div><div class=\"dce-item dce-item_token elementor-repeater-item-1b0d7c2\"><i class=\"fa fa-map-marker-alt\"><\/i>&nbsp; <span>Piazza Torre di Berta<\/span><\/div><div class=\"dce-item dce-item_token elementor-repeater-item-bdde9fe\"><div class=\"eve-meta-ingresso\"><i class=\"fa fa-ticket-alt\"><\/i>&nbsp;<span> 1&nbsp;\u20ac<\/span><\/div><\/div>\t\t\t<\/div>\n\t\t<\/article>\n\t\t\n\t\t<article class=\"post-63320 contenuto type-contenuto status-publish has-post-thumbnail hentry capotravecategorie-festival-en capotravetags-events capotravetags-festival-events-2026 capotravetags_libere-replica-en capotravetags_libere-theatre dce-post dce-post-item dce-item-grid\" data-dce-post-id=\"63320\" data-dce-post-index=\"8\" data-post-link=\"https:\/\/www.kilowattfestival.it\/en\/contenuto\/la-casa-misteriosa-lassu-nella-nebbia-kwt2026-teatro-4\/\">\n\t\t\t<div class=\"dce-post-block elementor-animation-float\">\n\t\t<div class=\"dce-item dce-item_custommeta elementor-repeater-item-546d9cf\"><div class=\"dce-post-custommeta dce-post-custommeta dce-post-custommeta dce-post-custommeta dce-post-custommeta dce-post-custommeta dce-post-custommeta dce-post-custommeta dce-post-custommeta dce-post-custommeta dce-post-custommeta dce-post-custommeta dce-post-custommeta dce-post-custommeta dce-post-custommeta dce-post-custommeta dce-post-custommeta\"><div class=\"dce-meta-item dce-meta-546d9cf dce-meta-date elementor-repeater-item-546d9cf\">20\/07\/2026<\/div><\/div><\/div><div class=\"dce-item dce-item_token elementor-repeater-item-2eeb17e\"><i class=\"far fa-clock\"><\/i><span>18:10, 19:10, 21:30<\/span><\/div><div class=\"dce-item dce-item_image elementor-repeater-item-bcc25aa\"><a class=\"dce-post-image\" href=\"https:\/\/www.kilowattfestival.it\/en\/contenuto\/la-casa-misteriosa-lassu-nella-nebbia-kwt2026-teatro-4\/\"><figure data-image-ratio=\"0.6\" class=\"dce-img\"><img loading=\"lazy\" decoding=\"async\" width=\"768\" height=\"513\" src=\"https:\/\/www.kilowattfestival.it\/wp-content\/uploads\/2026\/06\/LA_CASA_MISTERIOSA_LASSU_NELLA_NEBBIA_Cuocolo_Bosetti_KWT26-768x513.jpg\" class=\"\" alt=\"La casa misteriosa lass\u00f9 nella nebbia\" srcset=\"https:\/\/www.kilowattfestival.it\/wp-content\/uploads\/2026\/06\/LA_CASA_MISTERIOSA_LASSU_NELLA_NEBBIA_Cuocolo_Bosetti_KWT26-768x513.jpg 768w, https:\/\/www.kilowattfestival.it\/wp-content\/uploads\/2026\/06\/LA_CASA_MISTERIOSA_LASSU_NELLA_NEBBIA_Cuocolo_Bosetti_KWT26-300x200.jpg 300w, https:\/\/www.kilowattfestival.it\/wp-content\/uploads\/2026\/06\/LA_CASA_MISTERIOSA_LASSU_NELLA_NEBBIA_Cuocolo_Bosetti_KWT26-1536x1026.jpg 1536w, https:\/\/www.kilowattfestival.it\/wp-content\/uploads\/2026\/06\/LA_CASA_MISTERIOSA_LASSU_NELLA_NEBBIA_Cuocolo_Bosetti_KWT26-2048x1367.jpg 2048w\" sizes=\"(max-width: 768px) 100vw, 768px\" \/><\/figure><\/a><\/div><div class=\"dce-item dce-item_custommeta elementor-repeater-item-aa91113\"><div class=\"dce-post-custommeta dce-post-custommeta dce-post-custommeta dce-post-custommeta dce-post-custommeta dce-post-custommeta dce-post-custommeta dce-post-custommeta dce-post-custommeta dce-post-custommeta dce-post-custommeta dce-post-custommeta dce-post-custommeta dce-post-custommeta dce-post-custommeta dce-post-custommeta dce-post-custommeta dce-post-custommeta\"><div class=\"dce-meta-item dce-meta-546d9cf dce-meta-date elementor-repeater-item-546d9cf dce-meta-item dce-meta-aa91113 dce-meta-text elementor-repeater-item-aa91113\"><div>Cuocolo \/ Bosetti<\/div><\/div><\/div><\/div><div class=\"dce-item dce-item_title elementor-repeater-item-a773ffa\"><h3 class=\"dce-post-title\">La casa misteriosa lass\u00f9 nella nebbia<\/h3><\/div><div class=\"dce-item dce-item_termstaxonomy elementor-repeater-item-76b0ed9\"><div class=\"dce-post-terms\"><ul class=\"dce-terms-list dce-taxonomy-capotravetags_libere\"><li class=\"dce-term-item\"><span class=\"dce-term dce-term-84\" data-dce-order=\"\">Repeat performance<\/span><\/li><li class=\"dce-term-item\"><span class=\"dce-separator\">\/<\/span><span class=\"dce-term dce-term-65\" data-dce-order=\"\">Theatre<\/span><\/li><\/ul><\/div><\/div><div class=\"dce-item dce-item_token elementor-repeater-item-deb9021\"><i class=\"fa fa-stopwatch\"><\/i>&nbsp; <span>running time: 40&#039;<\/span><\/div><div class=\"dce-item dce-item_token elementor-repeater-item-1b0d7c2\"><i class=\"fa fa-map-marker-alt\"><\/i>&nbsp; <span>Palazzo Aloigi Luzzi<\/span><\/div><div class=\"dce-item dce-item_token elementor-repeater-item-bdde9fe\"><div class=\"eve-meta-ingresso\"><i class=\"fa fa-ticket-alt\"><\/i>&nbsp;<span> 10&nbsp;\u20ac&nbsp;full \/ 8&nbsp;\u20ac&nbsp;reduced<\/span><\/div><\/div>\t\t\t<\/div>\n\t\t<\/article>\n\t\t\n\t\t<article class=\"post-62255 contenuto type-contenuto status-publish has-post-thumbnail hentry capotravecategorie-festival capotravetags-festival-eventi capotravetags-festival-eventi-2026 capotravetags_libere-teatro dce-post dce-post-item dce-item-grid\" data-dce-post-id=\"62255\" data-dce-post-index=\"9\" data-post-link=\"https:\/\/www.kilowattfestival.it\/contenuto\/per-favore-non-riccardo-iii-kwt2026-teatro\/\">\n\t\t\t<div class=\"dce-post-block elementor-animation-float\">\n\t\t<div class=\"dce-item dce-item_custommeta elementor-repeater-item-546d9cf\"><div class=\"dce-post-custommeta dce-post-custommeta dce-post-custommeta dce-post-custommeta dce-post-custommeta dce-post-custommeta dce-post-custommeta dce-post-custommeta dce-post-custommeta dce-post-custommeta dce-post-custommeta dce-post-custommeta dce-post-custommeta dce-post-custommeta dce-post-custommeta dce-post-custommeta dce-post-custommeta dce-post-custommeta dce-post-custommeta\"><div class=\"dce-meta-item dce-meta-546d9cf dce-meta-date elementor-repeater-item-546d9cf\">20\/07\/2026<\/div><\/div><\/div><div class=\"dce-item dce-item_token elementor-repeater-item-2eeb17e\"><i class=\"far fa-clock\"><\/i><span>18:40<\/span><\/div><div class=\"dce-item dce-item_image elementor-repeater-item-bcc25aa\"><a class=\"dce-post-image\" href=\"https:\/\/www.kilowattfestival.it\/contenuto\/per-favore-non-riccardo-iii-kwt2026-teatro\/\"><figure data-image-ratio=\"0.6\" class=\"dce-img\"><img loading=\"lazy\" decoding=\"async\" width=\"768\" height=\"512\" src=\"https:\/\/www.kilowattfestival.it\/wp-content\/uploads\/2026\/05\/PER_FAVORE_NON_RICCARDO_III_Pignatiello_Viscione_Pigoni_KWT26-768x512.jpg\" class=\"\" alt=\"Per favore non Riccardo III\" srcset=\"https:\/\/www.kilowattfestival.it\/wp-content\/uploads\/2026\/05\/PER_FAVORE_NON_RICCARDO_III_Pignatiello_Viscione_Pigoni_KWT26-768x512.jpg 768w, https:\/\/www.kilowattfestival.it\/wp-content\/uploads\/2026\/05\/PER_FAVORE_NON_RICCARDO_III_Pignatiello_Viscione_Pigoni_KWT26-300x200.jpg 300w, https:\/\/www.kilowattfestival.it\/wp-content\/uploads\/2026\/05\/PER_FAVORE_NON_RICCARDO_III_Pignatiello_Viscione_Pigoni_KWT26-1536x1024.jpg 1536w, https:\/\/www.kilowattfestival.it\/wp-content\/uploads\/2026\/05\/PER_FAVORE_NON_RICCARDO_III_Pignatiello_Viscione_Pigoni_KWT26.jpg 1620w\" sizes=\"(max-width: 768px) 100vw, 768px\" \/><\/figure><\/a><\/div><div class=\"dce-item dce-item_custommeta elementor-repeater-item-aa91113\"><div class=\"dce-post-custommeta dce-post-custommeta dce-post-custommeta dce-post-custommeta dce-post-custommeta dce-post-custommeta dce-post-custommeta dce-post-custommeta dce-post-custommeta dce-post-custommeta dce-post-custommeta dce-post-custommeta dce-post-custommeta dce-post-custommeta dce-post-custommeta dce-post-custommeta dce-post-custommeta dce-post-custommeta dce-post-custommeta dce-post-custommeta\"><div class=\"dce-meta-item dce-meta-546d9cf dce-meta-date elementor-repeater-item-546d9cf dce-meta-item dce-meta-aa91113 dce-meta-text elementor-repeater-item-aa91113\"><div>Giammarco Pignatiello - Benedetta Pigoni - Cristian Viscione<\/div><\/div><\/div><\/div><div class=\"dce-item dce-item_title elementor-repeater-item-a773ffa\"><h3 class=\"dce-post-title\">Per favore non Riccardo III<\/h3><\/div><div class=\"dce-item dce-item_termstaxonomy elementor-repeater-item-76b0ed9\"><div class=\"dce-post-terms\"><ul class=\"dce-terms-list dce-taxonomy-capotravetags_libere\"><li class=\"dce-term-item\"><span class=\"dce-term dce-term-44\" data-dce-order=\"\">Teatro<\/span><\/li><\/ul><\/div><\/div><div class=\"dce-item dce-item_token elementor-repeater-item-deb9021\"><i class=\"fa fa-stopwatch\"><\/i>&nbsp; <span>running time: 60&#039;<\/span><\/div><div class=\"dce-item dce-item_token elementor-repeater-item-1b0d7c2\"><i class=\"fa fa-map-marker-alt\"><\/i>&nbsp; <span>Oratorio di Santa Maria delle Grazie<\/span><\/div><div class=\"dce-item dce-item_token elementor-repeater-item-bdde9fe\"><div class=\"eve-meta-ingresso\"><i class=\"fa fa-ticket-alt\"><\/i>&nbsp;<span> 10&nbsp;\u20ac&nbsp;full \/ 8&nbsp;\u20ac&nbsp;reduced<\/span><\/div><\/div>\t\t\t<\/div>\n\t\t<\/article>\n\t\t\n\t\t<article class=\"post-63309 contenuto type-contenuto status-publish has-post-thumbnail hentry capotravecategorie-festival-en capotravetags-events capotravetags-festival-events-2026 capotravetags_libere-music dce-post dce-post-item dce-item-grid\" data-dce-post-id=\"63309\" data-dce-post-index=\"10\" data-post-link=\"https:\/\/www.kilowattfestival.it\/en\/contenuto\/riccardo-catria-filippo-macchiarelli-in-concerto-jazz-kwt2026-musica\/\">\n\t\t\t<div class=\"dce-post-block elementor-animation-float\">\n\t\t<div class=\"dce-item dce-item_custommeta elementor-repeater-item-546d9cf\"><div class=\"dce-post-custommeta dce-post-custommeta dce-post-custommeta dce-post-custommeta dce-post-custommeta dce-post-custommeta dce-post-custommeta dce-post-custommeta dce-post-custommeta dce-post-custommeta dce-post-custommeta dce-post-custommeta dce-post-custommeta dce-post-custommeta dce-post-custommeta dce-post-custommeta dce-post-custommeta dce-post-custommeta dce-post-custommeta dce-post-custommeta dce-post-custommeta\"><div class=\"dce-meta-item dce-meta-546d9cf dce-meta-date elementor-repeater-item-546d9cf\">20\/07\/2026<\/div><\/div><\/div><div class=\"dce-item dce-item_token elementor-repeater-item-2eeb17e\"><i class=\"far fa-clock\"><\/i><span>19:00<\/span><\/div><div class=\"dce-item dce-item_image elementor-repeater-item-bcc25aa\"><a class=\"dce-post-image\" href=\"https:\/\/www.kilowattfestival.it\/en\/contenuto\/riccardo-catria-filippo-macchiarelli-in-concerto-jazz-kwt2026-musica\/\"><figure data-image-ratio=\"0.6\" class=\"dce-img\"><img loading=\"lazy\" decoding=\"async\" width=\"768\" height=\"960\" src=\"https:\/\/www.kilowattfestival.it\/wp-content\/uploads\/2026\/05\/MUSICA-Concerti_RICCARDO_CATRIA_FILIPPO_MACCHIARELLI_KWT26-768x960.jpg\" class=\"\" alt=\"Riccardo Catria &#038; Filippo Macchiarelli in concert (jazz)\" srcset=\"https:\/\/www.kilowattfestival.it\/wp-content\/uploads\/2026\/05\/MUSICA-Concerti_RICCARDO_CATRIA_FILIPPO_MACCHIARELLI_KWT26-768x960.jpg 768w, https:\/\/www.kilowattfestival.it\/wp-content\/uploads\/2026\/05\/MUSICA-Concerti_RICCARDO_CATRIA_FILIPPO_MACCHIARELLI_KWT26-300x375.jpg 300w, https:\/\/www.kilowattfestival.it\/wp-content\/uploads\/2026\/05\/MUSICA-Concerti_RICCARDO_CATRIA_FILIPPO_MACCHIARELLI_KWT26.jpg 864w\" sizes=\"(max-width: 768px) 100vw, 768px\" \/><\/figure><\/a><\/div><div class=\"dce-item dce-item_custommeta elementor-repeater-item-aa91113\"><div class=\"dce-post-custommeta dce-post-custommeta dce-post-custommeta dce-post-custommeta dce-post-custommeta dce-post-custommeta dce-post-custommeta dce-post-custommeta dce-post-custommeta dce-post-custommeta dce-post-custommeta dce-post-custommeta dce-post-custommeta dce-post-custommeta dce-post-custommeta dce-post-custommeta dce-post-custommeta dce-post-custommeta dce-post-custommeta dce-post-custommeta dce-post-custommeta dce-post-custommeta\"><div class=\"dce-meta-item dce-meta-546d9cf dce-meta-date elementor-repeater-item-546d9cf dce-meta-item dce-meta-aa91113 dce-meta-text elementor-repeater-item-aa91113\"><div>Riccardo Catria &amp; Filippo Macchiarelli<\/div><\/div><\/div><\/div><div class=\"dce-item dce-item_title elementor-repeater-item-a773ffa\"><h3 class=\"dce-post-title\">Riccardo Catria &#038; Filippo Macchiarelli in concert (jazz)<\/h3><\/div><div class=\"dce-item dce-item_termstaxonomy elementor-repeater-item-76b0ed9\"><div class=\"dce-post-terms\"><ul class=\"dce-terms-list dce-taxonomy-capotravetags_libere\"><li class=\"dce-term-item\"><span class=\"dce-term dce-term-69\" data-dce-order=\"\">Music<\/span><\/li><\/ul><\/div><\/div><div class=\"dce-item dce-item_token elementor-repeater-item-deb9021\"><i class=\"fa fa-stopwatch\"><\/i>&nbsp; <span>running time: 50&#039;<\/span><\/div><div class=\"dce-item dce-item_token elementor-repeater-item-1b0d7c2\"><i class=\"fa fa-map-marker-alt\"><\/i>&nbsp; <span>Giardini di Piero<\/span><\/div><div class=\"dce-item dce-item_token elementor-repeater-item-bdde9fe\"><div class=\"eve-meta-ingresso\"><i class=\"fa fa-ticket-alt\"><\/i>&nbsp;<span> 3&nbsp;\u20ac<\/span><\/div><\/div>\t\t\t<\/div>\n\t\t<\/article>\n\t\t\n\t\t<article class=\"post-63354 contenuto type-contenuto status-publish has-post-thumbnail hentry capotravecategorie-festival-en capotravetags-events capotravetags-festival-events-2026 capotravetags_libere-theatre dce-post dce-post-item dce-item-grid\" data-dce-post-id=\"63354\" data-dce-post-index=\"11\" data-post-link=\"https:\/\/www.kilowattfestival.it\/en\/contenuto\/leo-kwt2026-teatro\/\">\n\t\t\t<div class=\"dce-post-block elementor-animation-float\">\n\t\t<div class=\"dce-item dce-item_custommeta elementor-repeater-item-546d9cf\"><div class=\"dce-post-custommeta dce-post-custommeta dce-post-custommeta dce-post-custommeta dce-post-custommeta dce-post-custommeta dce-post-custommeta dce-post-custommeta dce-post-custommeta dce-post-custommeta dce-post-custommeta dce-post-custommeta dce-post-custommeta dce-post-custommeta dce-post-custommeta dce-post-custommeta dce-post-custommeta dce-post-custommeta dce-post-custommeta dce-post-custommeta dce-post-custommeta dce-post-custommeta dce-post-custommeta\"><div class=\"dce-meta-item dce-meta-546d9cf dce-meta-date elementor-repeater-item-546d9cf\">20\/07\/2026<\/div><\/div><\/div><div class=\"dce-item dce-item_token elementor-repeater-item-2eeb17e\"><i class=\"far fa-clock\"><\/i><span>20:15<\/span><\/div><div class=\"dce-item dce-item_image elementor-repeater-item-bcc25aa\"><a class=\"dce-post-image\" href=\"https:\/\/www.kilowattfestival.it\/en\/contenuto\/leo-kwt2026-teatro\/\"><figure data-image-ratio=\"0.6\" class=\"dce-img\"><img loading=\"lazy\" decoding=\"async\" width=\"768\" height=\"432\" src=\"https:\/\/www.kilowattfestival.it\/wp-content\/uploads\/2026\/05\/LEO_CuboTetro_KWT26_v2-768x432.jpg\" class=\"\" alt=\"Leo\" srcset=\"https:\/\/www.kilowattfestival.it\/wp-content\/uploads\/2026\/05\/LEO_CuboTetro_KWT26_v2-768x432.jpg 768w, https:\/\/www.kilowattfestival.it\/wp-content\/uploads\/2026\/05\/LEO_CuboTetro_KWT26_v2-300x169.jpg 300w, https:\/\/www.kilowattfestival.it\/wp-content\/uploads\/2026\/05\/LEO_CuboTetro_KWT26_v2-1536x864.jpg 1536w, https:\/\/www.kilowattfestival.it\/wp-content\/uploads\/2026\/05\/LEO_CuboTetro_KWT26_v2.jpg 1920w\" sizes=\"(max-width: 768px) 100vw, 768px\" \/><\/figure><\/a><\/div><div class=\"dce-item dce-item_custommeta elementor-repeater-item-aa91113\"><div class=\"dce-post-custommeta dce-post-custommeta dce-post-custommeta dce-post-custommeta dce-post-custommeta dce-post-custommeta dce-post-custommeta dce-post-custommeta dce-post-custommeta dce-post-custommeta dce-post-custommeta dce-post-custommeta dce-post-custommeta dce-post-custommeta dce-post-custommeta dce-post-custommeta dce-post-custommeta dce-post-custommeta dce-post-custommeta dce-post-custommeta dce-post-custommeta dce-post-custommeta dce-post-custommeta dce-post-custommeta\"><div class=\"dce-meta-item dce-meta-546d9cf dce-meta-date elementor-repeater-item-546d9cf dce-meta-item dce-meta-aa91113 dce-meta-text elementor-repeater-item-aa91113\"><div>Cubo Teatro<\/div><\/div><\/div><\/div><div class=\"dce-item dce-item_title elementor-repeater-item-a773ffa\"><h3 class=\"dce-post-title\">Leo<\/h3><\/div><div class=\"dce-item dce-item_termstaxonomy elementor-repeater-item-76b0ed9\"><div class=\"dce-post-terms\"><ul class=\"dce-terms-list dce-taxonomy-capotravetags_libere\"><li class=\"dce-term-item\"><span class=\"dce-term dce-term-65\" data-dce-order=\"\">Theatre<\/span><\/li><\/ul><\/div><\/div><div class=\"dce-item dce-item_token elementor-repeater-item-deb9021\"><i class=\"fa fa-stopwatch\"><\/i>&nbsp; <span>running time: 70&#039;<\/span><\/div><div class=\"dce-item dce-item_token elementor-repeater-item-1b0d7c2\"><i class=\"fa fa-map-marker-alt\"><\/i>&nbsp; <span>Teatro alla Misericordia<\/span><\/div><div class=\"dce-item dce-item_token elementor-repeater-item-bdde9fe\"><div class=\"eve-meta-ingresso\"><i class=\"fa fa-ticket-alt\"><\/i>&nbsp;<span> 5&nbsp;\u20ac&nbsp;full \/ 3&nbsp;\u20ac&nbsp;reduced<\/span><\/div><\/div>\t\t\t<\/div>\n\t\t<\/article>\n\t\t\n\t\t<article class=\"post-63355 contenuto type-contenuto status-publish has-post-thumbnail hentry capotravecategorie-festival-en capotravetags-events capotravetags-festival-events-2026 capotravetags_libere-dance dce-post dce-post-item dce-item-grid\" data-dce-post-id=\"63355\" data-dce-post-index=\"12\" data-post-link=\"https:\/\/www.kilowattfestival.it\/en\/contenuto\/allegro-studio-kwt2026-danza\/\">\n\t\t\t<div class=\"dce-post-block elementor-animation-float\">\n\t\t<div class=\"dce-item dce-item_custommeta elementor-repeater-item-546d9cf\"><div class=\"dce-post-custommeta dce-post-custommeta dce-post-custommeta dce-post-custommeta dce-post-custommeta dce-post-custommeta dce-post-custommeta dce-post-custommeta dce-post-custommeta dce-post-custommeta dce-post-custommeta dce-post-custommeta dce-post-custommeta dce-post-custommeta dce-post-custommeta dce-post-custommeta dce-post-custommeta dce-post-custommeta dce-post-custommeta dce-post-custommeta dce-post-custommeta dce-post-custommeta dce-post-custommeta dce-post-custommeta dce-post-custommeta\"><div class=\"dce-meta-item dce-meta-546d9cf dce-meta-date elementor-repeater-item-546d9cf\">20\/07\/2026<\/div><\/div><\/div><div class=\"dce-item dce-item_token elementor-repeater-item-2eeb17e\"><i class=\"far fa-clock\"><\/i><span>21:50<\/span><\/div><div class=\"dce-item dce-item_image elementor-repeater-item-bcc25aa\"><a class=\"dce-post-image\" href=\"https:\/\/www.kilowattfestival.it\/en\/contenuto\/allegro-studio-kwt2026-danza\/\"><figure data-image-ratio=\"0.6\" class=\"dce-img\"><img loading=\"lazy\" decoding=\"async\" width=\"768\" height=\"432\" src=\"https:\/\/www.kilowattfestival.it\/wp-content\/uploads\/2026\/05\/ALLEGRO_MicheleRizzo_KWT26-768x432.jpg\" class=\"\" alt=\"Allegro (studio)\" srcset=\"https:\/\/www.kilowattfestival.it\/wp-content\/uploads\/2026\/05\/ALLEGRO_MicheleRizzo_KWT26-768x432.jpg 768w, https:\/\/www.kilowattfestival.it\/wp-content\/uploads\/2026\/05\/ALLEGRO_MicheleRizzo_KWT26-300x169.jpg 300w, https:\/\/www.kilowattfestival.it\/wp-content\/uploads\/2026\/05\/ALLEGRO_MicheleRizzo_KWT26-1536x864.jpg 1536w, https:\/\/www.kilowattfestival.it\/wp-content\/uploads\/2026\/05\/ALLEGRO_MicheleRizzo_KWT26.jpg 1920w\" sizes=\"(max-width: 768px) 100vw, 768px\" \/><\/figure><\/a><\/div><div class=\"dce-item dce-item_custommeta elementor-repeater-item-aa91113\"><div class=\"dce-post-custommeta dce-post-custommeta dce-post-custommeta dce-post-custommeta dce-post-custommeta dce-post-custommeta dce-post-custommeta dce-post-custommeta dce-post-custommeta dce-post-custommeta dce-post-custommeta dce-post-custommeta dce-post-custommeta dce-post-custommeta dce-post-custommeta dce-post-custommeta dce-post-custommeta dce-post-custommeta dce-post-custommeta dce-post-custommeta dce-post-custommeta dce-post-custommeta dce-post-custommeta dce-post-custommeta dce-post-custommeta dce-post-custommeta\"><div class=\"dce-meta-item dce-meta-546d9cf dce-meta-date elementor-repeater-item-546d9cf dce-meta-item dce-meta-aa91113 dce-meta-text elementor-repeater-item-aa91113\"><div>Michele Rizzo<\/div><\/div><\/div><\/div><div class=\"dce-item dce-item_title elementor-repeater-item-a773ffa\"><h3 class=\"dce-post-title\">Allegro (studio)<\/h3><\/div><div class=\"dce-item dce-item_termstaxonomy elementor-repeater-item-76b0ed9\"><div class=\"dce-post-terms\"><ul class=\"dce-terms-list dce-taxonomy-capotravetags_libere\"><li class=\"dce-term-item\"><span class=\"dce-term dce-term-62\" data-dce-order=\"\">Dance<\/span><\/li><\/ul><\/div><\/div><div class=\"dce-item dce-item_token elementor-repeater-item-deb9021\"><i class=\"fa fa-stopwatch\"><\/i>&nbsp; <span>running time: 30&#039;<\/span><\/div><div class=\"dce-item dce-item_token elementor-repeater-item-1b0d7c2\"><i class=\"fa fa-map-marker-alt\"><\/i>&nbsp; <span>Chiostro di San Francesco<\/span><\/div><div class=\"dce-item dce-item_token elementor-repeater-item-bdde9fe\"><div class=\"eve-meta-ingresso\"><i class=\"fa fa-ticket-alt\"><\/i>&nbsp;<span> 5&nbsp;\u20ac&nbsp;full \/ 3&nbsp;\u20ac&nbsp;reduced<\/span><\/div><\/div>\t\t\t<\/div>\n\t\t<\/article>\n\t\t\n\t\t<article class=\"post-63356 contenuto type-contenuto status-publish has-post-thumbnail hentry capotravecategorie-festival-en capotravetags-events capotravetags-festival-events-2026 capotravetags_libere-dance dce-post dce-post-item dce-item-grid\" data-dce-post-id=\"63356\" data-dce-post-index=\"13\" data-post-link=\"https:\/\/www.kilowattfestival.it\/en\/contenuto\/malia-kwt2026-danza\/\">\n\t\t\t<div class=\"dce-post-block elementor-animation-float\">\n\t\t<div class=\"dce-item dce-item_custommeta elementor-repeater-item-546d9cf\"><div class=\"dce-post-custommeta dce-post-custommeta dce-post-custommeta dce-post-custommeta dce-post-custommeta dce-post-custommeta dce-post-custommeta dce-post-custommeta dce-post-custommeta dce-post-custommeta dce-post-custommeta dce-post-custommeta dce-post-custommeta dce-post-custommeta dce-post-custommeta dce-post-custommeta dce-post-custommeta dce-post-custommeta dce-post-custommeta dce-post-custommeta dce-post-custommeta dce-post-custommeta dce-post-custommeta dce-post-custommeta dce-post-custommeta dce-post-custommeta dce-post-custommeta\"><div class=\"dce-meta-item dce-meta-546d9cf dce-meta-date elementor-repeater-item-546d9cf\">20\/07\/2026<\/div><\/div><\/div><div class=\"dce-item dce-item_token elementor-repeater-item-2eeb17e\"><i class=\"far fa-clock\"><\/i><span>22:40<\/span><\/div><div class=\"dce-item dce-item_image elementor-repeater-item-bcc25aa\"><a class=\"dce-post-image\" href=\"https:\/\/www.kilowattfestival.it\/en\/contenuto\/malia-kwt2026-danza\/\"><figure data-image-ratio=\"0.6\" class=\"dce-img\"><img loading=\"lazy\" decoding=\"async\" width=\"768\" height=\"512\" src=\"https:\/\/www.kilowattfestival.it\/wp-content\/uploads\/2026\/05\/MALIA_PariniSecondo_KWT26-768x512.jpg\" class=\"\" alt=\"Malia\" srcset=\"https:\/\/www.kilowattfestival.it\/wp-content\/uploads\/2026\/05\/MALIA_PariniSecondo_KWT26-768x512.jpg 768w, https:\/\/www.kilowattfestival.it\/wp-content\/uploads\/2026\/05\/MALIA_PariniSecondo_KWT26-300x200.jpg 300w, https:\/\/www.kilowattfestival.it\/wp-content\/uploads\/2026\/05\/MALIA_PariniSecondo_KWT26-1536x1024.jpg 1536w, https:\/\/www.kilowattfestival.it\/wp-content\/uploads\/2026\/05\/MALIA_PariniSecondo_KWT26.jpg 1620w\" sizes=\"(max-width: 768px) 100vw, 768px\" \/><\/figure><\/a><\/div><div class=\"dce-item dce-item_custommeta elementor-repeater-item-aa91113\"><div class=\"dce-post-custommeta dce-post-custommeta dce-post-custommeta dce-post-custommeta dce-post-custommeta dce-post-custommeta dce-post-custommeta dce-post-custommeta dce-post-custommeta dce-post-custommeta dce-post-custommeta dce-post-custommeta dce-post-custommeta dce-post-custommeta dce-post-custommeta dce-post-custommeta dce-post-custommeta dce-post-custommeta dce-post-custommeta dce-post-custommeta dce-post-custommeta dce-post-custommeta dce-post-custommeta dce-post-custommeta dce-post-custommeta dce-post-custommeta dce-post-custommeta dce-post-custommeta\"><div class=\"dce-meta-item dce-meta-546d9cf dce-meta-date elementor-repeater-item-546d9cf dce-meta-item dce-meta-aa91113 dce-meta-text elementor-repeater-item-aa91113\"><div>Parini Secondo<\/div><\/div><\/div><\/div><div class=\"dce-item dce-item_title elementor-repeater-item-a773ffa\"><h3 class=\"dce-post-title\">Malia<\/h3><\/div><div class=\"dce-item dce-item_termstaxonomy elementor-repeater-item-76b0ed9\"><div class=\"dce-post-terms\"><ul class=\"dce-terms-list dce-taxonomy-capotravetags_libere\"><li class=\"dce-term-item\"><span class=\"dce-term dce-term-62\" data-dce-order=\"\">Dance<\/span><\/li><\/ul><\/div><\/div><div class=\"dce-item dce-item_token elementor-repeater-item-deb9021\"><i class=\"fa fa-stopwatch\"><\/i>&nbsp; <span>running time: 25&#039;<\/span><\/div><div class=\"dce-item dce-item_token elementor-repeater-item-1b0d7c2\"><i class=\"fa fa-map-marker-alt\"><\/i>&nbsp; <span>Chiostro di Santa Chiara<\/span><\/div><div class=\"dce-item dce-item_token elementor-repeater-item-bdde9fe\"><div class=\"eve-meta-ingresso\"><i class=\"fa fa-ticket-alt\"><\/i>&nbsp;<span> 5&nbsp;\u20ac&nbsp;full \/ 3&nbsp;\u20ac&nbsp;reduced<\/span><\/div><\/div>\t\t\t<\/div>\n\t\t<\/article>\n\t\t\n\t\t<article class=\"post-63302 contenuto type-contenuto status-publish has-post-thumbnail hentry capotravecategorie-festival-en capotravetags-events capotravetags-festival-events-2026 capotravetags_libere-music dce-post dce-post-item dce-item-grid\" data-dce-post-id=\"63302\" data-dce-post-index=\"14\" data-post-link=\"https:\/\/www.kilowattfestival.it\/en\/contenuto\/dj-set-di-mr-teo-commercial-kwt2026-musica\/\">\n\t\t\t<div class=\"dce-post-block elementor-animation-float\">\n\t\t<div class=\"dce-item dce-item_custommeta elementor-repeater-item-546d9cf\"><div class=\"dce-post-custommeta dce-post-custommeta dce-post-custommeta dce-post-custommeta dce-post-custommeta dce-post-custommeta dce-post-custommeta dce-post-custommeta dce-post-custommeta dce-post-custommeta dce-post-custommeta dce-post-custommeta dce-post-custommeta dce-post-custommeta dce-post-custommeta dce-post-custommeta dce-post-custommeta dce-post-custommeta dce-post-custommeta dce-post-custommeta dce-post-custommeta dce-post-custommeta dce-post-custommeta dce-post-custommeta dce-post-custommeta dce-post-custommeta dce-post-custommeta dce-post-custommeta dce-post-custommeta\"><div class=\"dce-meta-item dce-meta-546d9cf dce-meta-date elementor-repeater-item-546d9cf\">20\/07\/2026<\/div><\/div><\/div><div class=\"dce-item dce-item_token elementor-repeater-item-2eeb17e\"><i class=\"far fa-clock\"><\/i><span>23:00<\/span><\/div><div class=\"dce-item dce-item_image elementor-repeater-item-bcc25aa\"><a class=\"dce-post-image\" href=\"https:\/\/www.kilowattfestival.it\/en\/contenuto\/dj-set-di-mr-teo-commercial-kwt2026-musica\/\"><figure data-image-ratio=\"0.6\" class=\"dce-img\"><img loading=\"lazy\" decoding=\"async\" width=\"768\" height=\"432\" src=\"https:\/\/www.kilowattfestival.it\/wp-content\/uploads\/2026\/05\/MUSICA_Dj-Mr.Teo_KWT26_v2-768x432.jpg\" class=\"\" alt=\"Dj-set by Mr Teo (commercial)\" srcset=\"https:\/\/www.kilowattfestival.it\/wp-content\/uploads\/2026\/05\/MUSICA_Dj-Mr.Teo_KWT26_v2-768x432.jpg 768w, https:\/\/www.kilowattfestival.it\/wp-content\/uploads\/2026\/05\/MUSICA_Dj-Mr.Teo_KWT26_v2-300x169.jpg 300w, https:\/\/www.kilowattfestival.it\/wp-content\/uploads\/2026\/05\/MUSICA_Dj-Mr.Teo_KWT26_v2.jpg 1067w\" sizes=\"(max-width: 768px) 100vw, 768px\" \/><\/figure><\/a><\/div><div class=\"dce-item dce-item_custommeta elementor-repeater-item-aa91113\"><div class=\"dce-post-custommeta dce-post-custommeta dce-post-custommeta dce-post-custommeta dce-post-custommeta dce-post-custommeta dce-post-custommeta dce-post-custommeta dce-post-custommeta dce-post-custommeta dce-post-custommeta dce-post-custommeta dce-post-custommeta dce-post-custommeta dce-post-custommeta dce-post-custommeta dce-post-custommeta dce-post-custommeta dce-post-custommeta dce-post-custommeta dce-post-custommeta dce-post-custommeta dce-post-custommeta dce-post-custommeta dce-post-custommeta dce-post-custommeta dce-post-custommeta dce-post-custommeta dce-post-custommeta dce-post-custommeta\"><div class=\"dce-meta-item dce-meta-546d9cf dce-meta-date elementor-repeater-item-546d9cf dce-meta-item dce-meta-aa91113 dce-meta-text elementor-repeater-item-aa91113\"><div>Mr Teo<\/div><\/div><\/div><\/div><div class=\"dce-item dce-item_title elementor-repeater-item-a773ffa\"><h3 class=\"dce-post-title\">Dj-set by Mr Teo (commercial)<\/h3><\/div><div class=\"dce-item dce-item_termstaxonomy elementor-repeater-item-76b0ed9\"><div class=\"dce-post-terms\"><ul class=\"dce-terms-list dce-taxonomy-capotravetags_libere\"><li class=\"dce-term-item\"><span class=\"dce-term dce-term-69\" data-dce-order=\"\">Music<\/span><\/li><\/ul><\/div><\/div><div class=\"dce-item dce-item_token elementor-repeater-item-deb9021\"><i class=\"fa fa-stopwatch\"><\/i>&nbsp; <span>running time: 120&#039;<\/span><\/div><div class=\"dce-item dce-item_token elementor-repeater-item-1b0d7c2\"><i class=\"fa fa-map-marker-alt\"><\/i>&nbsp; <span>Giardini di Piero<\/span><\/div><div class=\"dce-item dce-item_token elementor-repeater-item-bdde9fe\"><div class=\"eve-meta-ingresso\"><i class=\"fa fa-ticket-alt\"><\/i>&nbsp;<span> 1&nbsp;\u20ac<\/span><\/div><\/div>\t\t\t<\/div>\n\t\t<\/article>\n\t\t\t\t\t<\/div>\n\t\t\t\t\t<\/div>\n\t\t\t\t\t\t<\/div>\n\t\t\t\t<\/div>\n\t\t\t\t<div class=\"elementor-element elementor-element-04a9487 toggle-header elementor-widget elementor-widget-heading\" data-id=\"04a9487\" data-element_type=\"widget\" data-widget_type=\"heading.default\">\n\t\t\t\t<div class=\"elementor-widget-container\">\n\t\t\t\t\t<div class=\"elementor-heading-title elementor-size-default\"><button><h3><i class=\"fa fa-calendar-day\"><\/i> &nbsp; Tuesday, july 21, 2026<\/h3><\/button><\/div>\t\t\t\t<\/div>\n\t\t\t\t<\/div>\n\t\t\t\t<div class=\"elementor-element elementor-element-13f6a83 toggle-content dce-posts-layout-default dce-col-4 dce-col-tablet-3 dce-col-mobile-1 dce-align-left elementor-widget elementor-widget-dce-dynamicposts-v2\" data-id=\"13f6a83\" data-element_type=\"widget\" id=\"giorno-5\" data-settings=\"{&quot;templatemode_linkable&quot;:&quot;yes&quot;,&quot;style_items&quot;:&quot;default&quot;,&quot;grid_grid_type&quot;:&quot;flex&quot;}\" data-widget_type=\"dce-dynamicposts-v2.grid\">\n\t\t\t\t<div class=\"elementor-widget-container\">\n\t\t\t\t\t\n\t\t<div class=\"dce-fix-background-loop dce-posts-container dce-posts dce-dynamic-posts-collection  dce-skin-grid dce-skin-grid-flex\">\n\t\t\t\t\t\t<div class=\"dce-posts-wrapper dce-wrapper-grid\">\n\t\t\t\n\t\t<article class=\"post-63323 contenuto type-contenuto status-publish has-post-thumbnail hentry capotravecategorie-festival-en capotravetags-events capotravetags-festival-events-2026 capotravetags_libere-replica-en capotravetags_libere-workshops dce-post dce-post-item dce-item-grid\" data-dce-post-id=\"63323\" data-dce-post-index=\"0\" data-post-link=\"https:\/\/www.kilowattfestival.it\/en\/contenuto\/una-buona-idea-kwt2026-laboratori-4\/\">\n\t\t\t<div class=\"dce-post-block elementor-animation-float\">\n\t\t<div class=\"dce-item dce-item_custommeta elementor-repeater-item-546d9cf\"><div class=\"dce-post-custommeta\"><div class=\"dce-meta-item dce-meta-546d9cf dce-meta-date elementor-repeater-item-546d9cf\">21\/07\/2026<\/div><\/div><\/div><div class=\"dce-item dce-item_token elementor-repeater-item-2eeb17e\"><i class=\"far fa-clock\"><\/i><span>09:45 - 16:45<\/span><\/div><div class=\"dce-item dce-item_image elementor-repeater-item-bcc25aa\"><a class=\"dce-post-image\" href=\"https:\/\/www.kilowattfestival.it\/en\/contenuto\/una-buona-idea-kwt2026-laboratori-4\/\"><figure data-image-ratio=\"0.6\" class=\"dce-img\"><img loading=\"lazy\" decoding=\"async\" width=\"768\" height=\"512\" src=\"https:\/\/www.kilowattfestival.it\/wp-content\/uploads\/2026\/05\/LAB_ph-Enrico-Baraldi_KWT26-768x512.jpg\" class=\"\" alt=\"Una buona idea\" srcset=\"https:\/\/www.kilowattfestival.it\/wp-content\/uploads\/2026\/05\/LAB_ph-Enrico-Baraldi_KWT26-768x512.jpg 768w, https:\/\/www.kilowattfestival.it\/wp-content\/uploads\/2026\/05\/LAB_ph-Enrico-Baraldi_KWT26-300x200.jpg 300w, https:\/\/www.kilowattfestival.it\/wp-content\/uploads\/2026\/05\/LAB_ph-Enrico-Baraldi_KWT26-1536x1024.jpg 1536w, https:\/\/www.kilowattfestival.it\/wp-content\/uploads\/2026\/05\/LAB_ph-Enrico-Baraldi_KWT26.jpg 1620w\" sizes=\"(max-width: 768px) 100vw, 768px\" \/><\/figure><\/a><\/div><div class=\"dce-item dce-item_custommeta elementor-repeater-item-aa91113\"><div class=\"dce-post-custommeta dce-post-custommeta\"><div class=\"dce-meta-item dce-meta-546d9cf dce-meta-date elementor-repeater-item-546d9cf dce-meta-item dce-meta-aa91113 dce-meta-text elementor-repeater-item-aa91113\"><div>Nicola Borghesi<\/div><\/div><\/div><\/div><div class=\"dce-item dce-item_title elementor-repeater-item-a773ffa\"><h3 class=\"dce-post-title\">Una buona idea<\/h3><\/div><div class=\"dce-item dce-item_termstaxonomy elementor-repeater-item-76b0ed9\"><div class=\"dce-post-terms\"><ul class=\"dce-terms-list dce-taxonomy-capotravetags_libere\"><li class=\"dce-term-item\"><span class=\"dce-term dce-term-84\" data-dce-order=\"\">Repeat performance<\/span><\/li><li class=\"dce-term-item\"><span class=\"dce-separator\">\/<\/span><span class=\"dce-term dce-term-67\" data-dce-order=\"\">Workshops<\/span><\/li><\/ul><\/div><\/div><div class=\"dce-item dce-item_token elementor-repeater-item-deb9021\"><i class=\"fa fa-stopwatch\"><\/i>&nbsp; <span>running time: 7 days<\/span><\/div><div class=\"dce-item dce-item_token elementor-repeater-item-1b0d7c2\"><i class=\"fa fa-map-marker-alt\"><\/i>&nbsp; <span>Tedamis<\/span><\/div><div class=\"dce-item dce-item_token elementor-repeater-item-bdde9fe\"><\/div>\t\t\t<\/div>\n\t\t<\/article>\n\t\t\n\t\t<article class=\"post-63322 contenuto type-contenuto status-publish has-post-thumbnail hentry capotravecategorie-festival-en capotravetags-events capotravetags-festival-events-2026 capotravetags_libere-replica-en capotravetags_libere-workshops dce-post dce-post-item dce-item-grid\" data-dce-post-id=\"63322\" data-dce-post-index=\"1\" data-post-link=\"https:\/\/www.kilowattfestival.it\/en\/contenuto\/il-corpo-come-soglia-kwt2026-laboratori-3\/\">\n\t\t\t<div class=\"dce-post-block elementor-animation-float\">\n\t\t<div class=\"dce-item dce-item_custommeta elementor-repeater-item-546d9cf\"><div class=\"dce-post-custommeta dce-post-custommeta dce-post-custommeta\"><div class=\"dce-meta-item dce-meta-546d9cf dce-meta-date elementor-repeater-item-546d9cf\">21\/07\/2026<\/div><\/div><\/div><div class=\"dce-item dce-item_token elementor-repeater-item-2eeb17e\"><i class=\"far fa-clock\"><\/i><span>09:45 - 16:45<\/span><\/div><div class=\"dce-item dce-item_image elementor-repeater-item-bcc25aa\"><a class=\"dce-post-image\" href=\"https:\/\/www.kilowattfestival.it\/en\/contenuto\/il-corpo-come-soglia-kwt2026-laboratori-3\/\"><figure data-image-ratio=\"0.6\" class=\"dce-img\"><img loading=\"lazy\" decoding=\"async\" width=\"768\" height=\"433\" src=\"https:\/\/www.kilowattfestival.it\/wp-content\/uploads\/2026\/05\/LAB_Il-corpo-come-soglia-Francesco-Marilungo_KWT26_v2-768x433.jpg\" class=\"\" alt=\"Il corpo come soglia\" srcset=\"https:\/\/www.kilowattfestival.it\/wp-content\/uploads\/2026\/05\/LAB_Il-corpo-come-soglia-Francesco-Marilungo_KWT26_v2-768x433.jpg 768w, https:\/\/www.kilowattfestival.it\/wp-content\/uploads\/2026\/05\/LAB_Il-corpo-come-soglia-Francesco-Marilungo_KWT26_v2-300x169.jpg 300w, https:\/\/www.kilowattfestival.it\/wp-content\/uploads\/2026\/05\/LAB_Il-corpo-come-soglia-Francesco-Marilungo_KWT26_v2.jpg 780w\" sizes=\"(max-width: 768px) 100vw, 768px\" \/><\/figure><\/a><\/div><div class=\"dce-item dce-item_custommeta elementor-repeater-item-aa91113\"><div class=\"dce-post-custommeta dce-post-custommeta dce-post-custommeta dce-post-custommeta\"><div class=\"dce-meta-item dce-meta-546d9cf dce-meta-date elementor-repeater-item-546d9cf dce-meta-item dce-meta-aa91113 dce-meta-text elementor-repeater-item-aa91113\"><div>Francesco Marilungo<\/div><\/div><\/div><\/div><div class=\"dce-item dce-item_title elementor-repeater-item-a773ffa\"><h3 class=\"dce-post-title\">Il corpo come soglia<\/h3><\/div><div class=\"dce-item dce-item_termstaxonomy elementor-repeater-item-76b0ed9\"><div class=\"dce-post-terms\"><ul class=\"dce-terms-list dce-taxonomy-capotravetags_libere\"><li class=\"dce-term-item\"><span class=\"dce-term dce-term-84\" data-dce-order=\"\">Repeat performance<\/span><\/li><li class=\"dce-term-item\"><span class=\"dce-separator\">\/<\/span><span class=\"dce-term dce-term-67\" data-dce-order=\"\">Workshops<\/span><\/li><\/ul><\/div><\/div><div class=\"dce-item dce-item_token elementor-repeater-item-deb9021\"><i class=\"fa fa-stopwatch\"><\/i>&nbsp; <span>running time: 7 days<\/span><\/div><div class=\"dce-item dce-item_token elementor-repeater-item-1b0d7c2\"><i class=\"fa fa-map-marker-alt\"><\/i>&nbsp; <span>Palestra della Scuola Primaria C.Collodi<\/span><\/div><div class=\"dce-item dce-item_token elementor-repeater-item-bdde9fe\"><\/div>\t\t\t<\/div>\n\t\t<\/article>\n\t\t\n\t\t<article class=\"post-63348 contenuto type-contenuto status-publish has-post-thumbnail hentry capotravecategorie-festival-en capotravetags-events capotravetags-festival-events-2026 capotravetags_libere-replica-en capotravetags_libere-workshops dce-post dce-post-item dce-item-grid\" data-dce-post-id=\"63348\" data-dce-post-index=\"2\" data-post-link=\"https:\/\/www.kilowattfestival.it\/en\/contenuto\/prove-di-libero-rigore-kwt2026-laboratori-2\/\">\n\t\t\t<div class=\"dce-post-block elementor-animation-float\">\n\t\t<div class=\"dce-item dce-item_custommeta elementor-repeater-item-546d9cf\"><div class=\"dce-post-custommeta dce-post-custommeta dce-post-custommeta dce-post-custommeta dce-post-custommeta\"><div class=\"dce-meta-item dce-meta-546d9cf dce-meta-date elementor-repeater-item-546d9cf\">21\/07\/2026<\/div><\/div><\/div><div class=\"dce-item dce-item_token elementor-repeater-item-2eeb17e\"><i class=\"far fa-clock\"><\/i><span>09:45 - 16:45<\/span><\/div><div class=\"dce-item dce-item_image elementor-repeater-item-bcc25aa\"><a class=\"dce-post-image\" href=\"https:\/\/www.kilowattfestival.it\/en\/contenuto\/prove-di-libero-rigore-kwt2026-laboratori-2\/\"><figure data-image-ratio=\"0.6\" class=\"dce-img\"><img loading=\"lazy\" decoding=\"async\" width=\"768\" height=\"432\" src=\"https:\/\/www.kilowattfestival.it\/wp-content\/uploads\/2026\/05\/LAB_Daria-Deflorian-Andrea-Pizzalis-Prove-di-libero-rigore_KWT26-768x432.jpg\" class=\"\" alt=\"Prove di libero rigore\" srcset=\"https:\/\/www.kilowattfestival.it\/wp-content\/uploads\/2026\/05\/LAB_Daria-Deflorian-Andrea-Pizzalis-Prove-di-libero-rigore_KWT26-768x432.jpg 768w, https:\/\/www.kilowattfestival.it\/wp-content\/uploads\/2026\/05\/LAB_Daria-Deflorian-Andrea-Pizzalis-Prove-di-libero-rigore_KWT26-300x169.jpg 300w, https:\/\/www.kilowattfestival.it\/wp-content\/uploads\/2026\/05\/LAB_Daria-Deflorian-Andrea-Pizzalis-Prove-di-libero-rigore_KWT26-1536x864.jpg 1536w, https:\/\/www.kilowattfestival.it\/wp-content\/uploads\/2026\/05\/LAB_Daria-Deflorian-Andrea-Pizzalis-Prove-di-libero-rigore_KWT26.jpg 1920w\" sizes=\"(max-width: 768px) 100vw, 768px\" \/><\/figure><\/a><\/div><div class=\"dce-item dce-item_custommeta elementor-repeater-item-aa91113\"><div class=\"dce-post-custommeta dce-post-custommeta dce-post-custommeta dce-post-custommeta dce-post-custommeta dce-post-custommeta\"><div class=\"dce-meta-item dce-meta-546d9cf dce-meta-date elementor-repeater-item-546d9cf dce-meta-item dce-meta-aa91113 dce-meta-text elementor-repeater-item-aa91113\"><div>Daria Deflorian<\/div><\/div><\/div><\/div><div class=\"dce-item dce-item_title elementor-repeater-item-a773ffa\"><h3 class=\"dce-post-title\">Prove di libero rigore<\/h3><\/div><div class=\"dce-item dce-item_termstaxonomy elementor-repeater-item-76b0ed9\"><div class=\"dce-post-terms\"><ul class=\"dce-terms-list dce-taxonomy-capotravetags_libere\"><li class=\"dce-term-item\"><span class=\"dce-term dce-term-84\" data-dce-order=\"\">Repeat performance<\/span><\/li><li class=\"dce-term-item\"><span class=\"dce-separator\">\/<\/span><span class=\"dce-term dce-term-67\" data-dce-order=\"\">Workshops<\/span><\/li><\/ul><\/div><\/div><div class=\"dce-item dce-item_token elementor-repeater-item-deb9021\"><i class=\"fa fa-stopwatch\"><\/i>&nbsp; <span>running time: 6 days<\/span><\/div><div class=\"dce-item dce-item_token elementor-repeater-item-1b0d7c2\"><i class=\"fa fa-map-marker-alt\"><\/i>&nbsp; <span>Tedamis<\/span><\/div><div class=\"dce-item dce-item_token elementor-repeater-item-bdde9fe\"><\/div>\t\t\t<\/div>\n\t\t<\/article>\n\t\t\n\t\t<article class=\"post-63280 contenuto type-contenuto status-publish has-post-thumbnail hentry capotravecategorie-festival-en capotravetags-events capotravetags-festival-events-2026 capotravetags_libere-meeting capotravetags_libere-replica-en dce-post dce-post-item dce-item-grid\" data-dce-post-id=\"63280\" data-dce-post-index=\"3\" data-post-link=\"https:\/\/www.kilowattfestival.it\/en\/contenuto\/feedback-visionari-kwt2026-incontro-4\/\">\n\t\t\t<div class=\"dce-post-block elementor-animation-float\">\n\t\t<div class=\"dce-item dce-item_custommeta elementor-repeater-item-546d9cf\"><div class=\"dce-post-custommeta dce-post-custommeta dce-post-custommeta dce-post-custommeta dce-post-custommeta dce-post-custommeta dce-post-custommeta\"><div class=\"dce-meta-item dce-meta-546d9cf dce-meta-date elementor-repeater-item-546d9cf\">21\/07\/2026<\/div><\/div><\/div><div class=\"dce-item dce-item_token elementor-repeater-item-2eeb17e\"><i class=\"far fa-clock\"><\/i><span>11:00 - 12:30<\/span><\/div><div class=\"dce-item dce-item_image elementor-repeater-item-bcc25aa\"><a class=\"dce-post-image\" href=\"https:\/\/www.kilowattfestival.it\/en\/contenuto\/feedback-visionari-kwt2026-incontro-4\/\"><figure data-image-ratio=\"0.6\" class=\"dce-img\"><img loading=\"lazy\" decoding=\"async\" width=\"768\" height=\"463\" src=\"https:\/\/www.kilowattfestival.it\/wp-content\/uploads\/2026\/05\/INCONTRI_PUBBLICI_TRA_I_VISIONARI_KWT26-768x463.jpg\" class=\"\" alt=\"Feedback Visionari\" srcset=\"https:\/\/www.kilowattfestival.it\/wp-content\/uploads\/2026\/05\/INCONTRI_PUBBLICI_TRA_I_VISIONARI_KWT26-768x463.jpg 768w, https:\/\/www.kilowattfestival.it\/wp-content\/uploads\/2026\/05\/INCONTRI_PUBBLICI_TRA_I_VISIONARI_KWT26-300x181.jpg 300w, https:\/\/www.kilowattfestival.it\/wp-content\/uploads\/2026\/05\/INCONTRI_PUBBLICI_TRA_I_VISIONARI_KWT26-1536x925.jpg 1536w, https:\/\/www.kilowattfestival.it\/wp-content\/uploads\/2026\/05\/INCONTRI_PUBBLICI_TRA_I_VISIONARI_KWT26.jpg 1793w\" sizes=\"(max-width: 768px) 100vw, 768px\" \/><\/figure><\/a><\/div><div class=\"dce-item dce-item_custommeta elementor-repeater-item-aa91113\"><div class=\"dce-post-custommeta dce-post-custommeta dce-post-custommeta dce-post-custommeta dce-post-custommeta dce-post-custommeta dce-post-custommeta dce-post-custommeta\"><div class=\"dce-meta-item dce-meta-546d9cf dce-meta-date elementor-repeater-item-546d9cf dce-meta-item dce-meta-aa91113 dce-meta-text elementor-repeater-item-aa91113\"><div>Visionari 2026<\/div><\/div><\/div><\/div><div class=\"dce-item dce-item_title elementor-repeater-item-a773ffa\"><h3 class=\"dce-post-title\">Feedback Visionari<\/h3><\/div><div class=\"dce-item dce-item_termstaxonomy elementor-repeater-item-76b0ed9\"><div class=\"dce-post-terms\"><ul class=\"dce-terms-list dce-taxonomy-capotravetags_libere\"><li class=\"dce-term-item\"><span class=\"dce-term dce-term-102\" data-dce-order=\"\">Meeting<\/span><\/li><li class=\"dce-term-item\"><span class=\"dce-separator\">\/<\/span><span class=\"dce-term dce-term-84\" data-dce-order=\"\">Repeat performance<\/span><\/li><\/ul><\/div><\/div><div class=\"dce-item dce-item_token elementor-repeater-item-deb9021\"><i class=\"fa fa-stopwatch\"><\/i>&nbsp; <span>running time: 9 days<\/span><\/div><div class=\"dce-item dce-item_token elementor-repeater-item-1b0d7c2\"><i class=\"fa fa-map-marker-alt\"><\/i>&nbsp; <span>Giardini di Piero<\/span><\/div><div class=\"dce-item dce-item_token elementor-repeater-item-bdde9fe\"><div class=\"eve-meta-ingresso\"><i class=\"fa fa-ticket-alt\"><\/i>&nbsp;<span>Free entrance<\/span><\/div><\/div>\t\t\t<\/div>\n\t\t<\/article>\n\t\t\n\t\t<article class=\"post-63235 contenuto type-contenuto status-publish has-post-thumbnail hentry capotravecategorie-festival-en capotravetags-events capotravetags-festival-events-2026 capotravetags_libere-replica-en capotravetags_libere-visual-art dce-post dce-post-item dce-item-grid\" data-dce-post-id=\"63235\" data-dce-post-index=\"4\" data-post-link=\"https:\/\/www.kilowattfestival.it\/en\/contenuto\/tre-mostre-dedicate-a-eugenio-barba-e-julia-varley-kwt2026-arte-visiva-5\/\">\n\t\t\t<div class=\"dce-post-block elementor-animation-float\">\n\t\t<div class=\"dce-item dce-item_custommeta elementor-repeater-item-546d9cf\"><div class=\"dce-post-custommeta dce-post-custommeta dce-post-custommeta dce-post-custommeta dce-post-custommeta dce-post-custommeta dce-post-custommeta dce-post-custommeta dce-post-custommeta\"><div class=\"dce-meta-item dce-meta-546d9cf dce-meta-date elementor-repeater-item-546d9cf\">21\/07\/2026<\/div><\/div><\/div><div class=\"dce-item dce-item_token elementor-repeater-item-2eeb17e\"><i class=\"far fa-clock\"><\/i><span>16:00 - 20:00<\/span><\/div><div class=\"dce-item dce-item_image elementor-repeater-item-bcc25aa\"><a class=\"dce-post-image\" href=\"https:\/\/www.kilowattfestival.it\/en\/contenuto\/tre-mostre-dedicate-a-eugenio-barba-e-julia-varley-kwt2026-arte-visiva-5\/\"><figure data-image-ratio=\"0.6\" class=\"dce-img\"><img loading=\"lazy\" decoding=\"async\" width=\"768\" height=\"512\" src=\"https:\/\/www.kilowattfestival.it\/wp-content\/uploads\/2026\/05\/Mostra_FrancescoGalli_KWT26-768x512.jpg\" class=\"\" alt=\"Three exhibitions dedicated to Eugenio Barba and Julia Varley\" srcset=\"https:\/\/www.kilowattfestival.it\/wp-content\/uploads\/2026\/05\/Mostra_FrancescoGalli_KWT26-768x512.jpg 768w, https:\/\/www.kilowattfestival.it\/wp-content\/uploads\/2026\/05\/Mostra_FrancescoGalli_KWT26-300x200.jpg 300w, https:\/\/www.kilowattfestival.it\/wp-content\/uploads\/2026\/05\/Mostra_FrancescoGalli_KWT26.jpg 1181w\" sizes=\"(max-width: 768px) 100vw, 768px\" \/><\/figure><\/a><\/div><div class=\"dce-item dce-item_custommeta elementor-repeater-item-aa91113\"><div class=\"dce-post-custommeta dce-post-custommeta dce-post-custommeta dce-post-custommeta dce-post-custommeta dce-post-custommeta dce-post-custommeta dce-post-custommeta dce-post-custommeta dce-post-custommeta\"><div class=\"dce-meta-item dce-meta-546d9cf dce-meta-date elementor-repeater-item-546d9cf dce-meta-item dce-meta-aa91113 dce-meta-text elementor-repeater-item-aa91113\"><div>Francesco Galli, Annalisa Gonnella (curated by)<\/div><\/div><\/div><\/div><div class=\"dce-item dce-item_title elementor-repeater-item-a773ffa\"><h3 class=\"dce-post-title\">Three exhibitions dedicated to Eugenio Barba and Julia Varley<\/h3><\/div><div class=\"dce-item dce-item_termstaxonomy elementor-repeater-item-76b0ed9\"><div class=\"dce-post-terms\"><ul class=\"dce-terms-list dce-taxonomy-capotravetags_libere\"><li class=\"dce-term-item\"><span class=\"dce-term dce-term-84\" data-dce-order=\"\">Repeat performance<\/span><\/li><li class=\"dce-term-item\"><span class=\"dce-separator\">\/<\/span><span class=\"dce-term dce-term-99\" data-dce-order=\"\">Visual Art<\/span><\/li><\/ul><\/div><\/div><div class=\"dce-item dce-item_token elementor-repeater-item-deb9021\"><i class=\"fa fa-stopwatch\"><\/i>&nbsp; <span>running time: 9 days<\/span><\/div><div class=\"dce-item dce-item_token elementor-repeater-item-1b0d7c2\"><i class=\"fa fa-map-marker-alt\"><\/i>&nbsp; <span>Teatro alla Misericordia \/ Palazzo Alberti<\/span><\/div><div class=\"dce-item dce-item_token elementor-repeater-item-bdde9fe\"><div class=\"eve-meta-ingresso\"><i class=\"fa fa-ticket-alt\"><\/i>&nbsp;<span>Free entrance<\/span><\/div><\/div>\t\t\t<\/div>\n\t\t<\/article>\n\t\t\n\t\t<article class=\"post-63373 contenuto type-contenuto status-publish has-post-thumbnail hentry capotravecategorie-festival-en capotravetags-events capotravetags-festival-events-2026 capotravetags_libere-digital-performance dce-post dce-post-item dce-item-grid\" data-dce-post-id=\"63373\" data-dce-post-index=\"5\" data-post-link=\"https:\/\/www.kilowattfestival.it\/en\/contenuto\/dynamism-of-a-dog-on-a-leash-kwt2026-performance-digitale\/\">\n\t\t\t<div class=\"dce-post-block elementor-animation-float\">\n\t\t<div class=\"dce-item dce-item_custommeta elementor-repeater-item-546d9cf\"><div class=\"dce-post-custommeta dce-post-custommeta dce-post-custommeta dce-post-custommeta dce-post-custommeta dce-post-custommeta dce-post-custommeta dce-post-custommeta dce-post-custommeta dce-post-custommeta dce-post-custommeta\"><div class=\"dce-meta-item dce-meta-546d9cf dce-meta-date elementor-repeater-item-546d9cf\">21\/07\/2026<\/div><\/div><\/div><div class=\"dce-item dce-item_token elementor-repeater-item-2eeb17e\"><i class=\"far fa-clock\"><\/i><span>17:15<\/span><\/div><div class=\"dce-item dce-item_image elementor-repeater-item-bcc25aa\"><a class=\"dce-post-image\" href=\"https:\/\/www.kilowattfestival.it\/en\/contenuto\/dynamism-of-a-dog-on-a-leash-kwt2026-performance-digitale\/\"><figure data-image-ratio=\"0.6\" class=\"dce-img\"><img loading=\"lazy\" decoding=\"async\" width=\"768\" height=\"1024\" src=\"https:\/\/www.kilowattfestival.it\/wp-content\/uploads\/2026\/05\/DYNAMISM_OF_A_DOG_ON_A_LEASH_MOLINA_KWT26-768x1024.jpg\" class=\"\" alt=\"Dynamism of a Dog on a Leash\" srcset=\"https:\/\/www.kilowattfestival.it\/wp-content\/uploads\/2026\/05\/DYNAMISM_OF_A_DOG_ON_A_LEASH_MOLINA_KWT26-768x1024.jpg 768w, https:\/\/www.kilowattfestival.it\/wp-content\/uploads\/2026\/05\/DYNAMISM_OF_A_DOG_ON_A_LEASH_MOLINA_KWT26-300x400.jpg 300w, https:\/\/www.kilowattfestival.it\/wp-content\/uploads\/2026\/05\/DYNAMISM_OF_A_DOG_ON_A_LEASH_MOLINA_KWT26-rotated.jpg 1080w\" sizes=\"(max-width: 768px) 100vw, 768px\" \/><\/figure><\/a><\/div><div class=\"dce-item dce-item_custommeta elementor-repeater-item-aa91113\"><div class=\"dce-post-custommeta dce-post-custommeta dce-post-custommeta dce-post-custommeta dce-post-custommeta dce-post-custommeta dce-post-custommeta dce-post-custommeta dce-post-custommeta dce-post-custommeta dce-post-custommeta dce-post-custommeta\"><div class=\"dce-meta-item dce-meta-546d9cf dce-meta-date elementor-repeater-item-546d9cf dce-meta-item dce-meta-aa91113 dce-meta-text elementor-repeater-item-aa91113\"><div>Irene Molina - Paco Ladr\u00f3n de Guevara (ES)<\/div><\/div><\/div><\/div><div class=\"dce-item dce-item_title elementor-repeater-item-a773ffa\"><h3 class=\"dce-post-title\">Dynamism of a Dog on a Leash<\/h3><\/div><div class=\"dce-item dce-item_termstaxonomy elementor-repeater-item-76b0ed9\"><div class=\"dce-post-terms\"><ul class=\"dce-terms-list dce-taxonomy-capotravetags_libere\"><li class=\"dce-term-item\"><span class=\"dce-term dce-term-103\" data-dce-order=\"\">Digital Performance<\/span><\/li><\/ul><\/div><\/div><div class=\"dce-item dce-item_token elementor-repeater-item-deb9021\"><i class=\"fa fa-stopwatch\"><\/i>&nbsp; <span>running time: 25&#039;<\/span><\/div><div class=\"dce-item dce-item_token elementor-repeater-item-1b0d7c2\"><i class=\"fa fa-map-marker-alt\"><\/i>&nbsp; <span>Auditorium di Santa Chiara<\/span><\/div><div class=\"dce-item dce-item_token elementor-repeater-item-bdde9fe\"><div class=\"eve-meta-ingresso\"><i class=\"fa fa-ticket-alt\"><\/i>&nbsp;<span> 5&nbsp;\u20ac<\/span><\/div><\/div>\t\t\t<\/div>\n\t\t<\/article>\n\t\t\n\t\t<article class=\"post-63370 contenuto type-contenuto status-publish has-post-thumbnail hentry capotravecategorie-festival-en capotravetags-events capotravetags-festival-events-2026 capotravetags_libere-digital-performance dce-post dce-post-item dce-item-grid\" data-dce-post-id=\"63370\" data-dce-post-index=\"6\" data-post-link=\"https:\/\/www.kilowattfestival.it\/en\/contenuto\/the-garden-says-kwt2026-performance-digitale\/\">\n\t\t\t<div class=\"dce-post-block elementor-animation-float\">\n\t\t<div class=\"dce-item dce-item_custommeta elementor-repeater-item-546d9cf\"><div class=\"dce-post-custommeta dce-post-custommeta dce-post-custommeta dce-post-custommeta dce-post-custommeta dce-post-custommeta dce-post-custommeta dce-post-custommeta dce-post-custommeta dce-post-custommeta dce-post-custommeta dce-post-custommeta dce-post-custommeta\"><div class=\"dce-meta-item dce-meta-546d9cf dce-meta-date elementor-repeater-item-546d9cf\">21\/07\/2026<\/div><\/div><\/div><div class=\"dce-item dce-item_token elementor-repeater-item-2eeb17e\"><i class=\"far fa-clock\"><\/i><span>17:00 - 21:00<\/span><\/div><div class=\"dce-item dce-item_image elementor-repeater-item-bcc25aa\"><a class=\"dce-post-image\" href=\"https:\/\/www.kilowattfestival.it\/en\/contenuto\/the-garden-says-kwt2026-performance-digitale\/\"><figure data-image-ratio=\"0.6\" class=\"dce-img\"><img loading=\"lazy\" decoding=\"async\" width=\"768\" height=\"512\" src=\"https:\/\/www.kilowattfestival.it\/wp-content\/uploads\/2026\/05\/THE_GARDEN_SAYS_ArtOfListening_KWT26-768x512.jpg\" class=\"\" alt=\"The Garden Says\" srcset=\"https:\/\/www.kilowattfestival.it\/wp-content\/uploads\/2026\/05\/THE_GARDEN_SAYS_ArtOfListening_KWT26-768x512.jpg 768w, https:\/\/www.kilowattfestival.it\/wp-content\/uploads\/2026\/05\/THE_GARDEN_SAYS_ArtOfListening_KWT26-300x200.jpg 300w, https:\/\/www.kilowattfestival.it\/wp-content\/uploads\/2026\/05\/THE_GARDEN_SAYS_ArtOfListening_KWT26-1536x1024.jpg 1536w, https:\/\/www.kilowattfestival.it\/wp-content\/uploads\/2026\/05\/THE_GARDEN_SAYS_ArtOfListening_KWT26.jpg 1620w\" sizes=\"(max-width: 768px) 100vw, 768px\" \/><\/figure><\/a><\/div><div class=\"dce-item dce-item_custommeta elementor-repeater-item-aa91113\"><div class=\"dce-post-custommeta dce-post-custommeta dce-post-custommeta dce-post-custommeta dce-post-custommeta dce-post-custommeta dce-post-custommeta dce-post-custommeta dce-post-custommeta dce-post-custommeta dce-post-custommeta dce-post-custommeta dce-post-custommeta dce-post-custommeta\"><div class=\"dce-meta-item dce-meta-546d9cf dce-meta-date elementor-repeater-item-546d9cf dce-meta-item dce-meta-aa91113 dce-meta-text elementor-repeater-item-aa91113\"><div>Liv Vesterskov - Art of Listening - TinDrum (SE)<\/div><\/div><\/div><\/div><div class=\"dce-item dce-item_title elementor-repeater-item-a773ffa\"><h3 class=\"dce-post-title\">The Garden Says<\/h3><\/div><div class=\"dce-item dce-item_termstaxonomy elementor-repeater-item-76b0ed9\"><div class=\"dce-post-terms\"><ul class=\"dce-terms-list dce-taxonomy-capotravetags_libere\"><li class=\"dce-term-item\"><span class=\"dce-term dce-term-103\" data-dce-order=\"\">Digital Performance<\/span><\/li><\/ul><\/div><\/div><div class=\"dce-item dce-item_token elementor-repeater-item-deb9021\"><i class=\"fa fa-stopwatch\"><\/i>&nbsp; <span>running time: 30&#039;<\/span><\/div><div class=\"dce-item dce-item_token elementor-repeater-item-1b0d7c2\"><i class=\"fa fa-map-marker-alt\"><\/i>&nbsp; <span>CasermArcheologica<\/span><\/div><div class=\"dce-item dce-item_token elementor-repeater-item-bdde9fe\"><div class=\"eve-meta-ingresso\"><i class=\"fa fa-ticket-alt\"><\/i>&nbsp;<span> 5&nbsp;\u20ac<\/span><\/div><\/div>\t\t\t<\/div>\n\t\t<\/article>\n\t\t\n\t\t<article class=\"post-63372 contenuto type-contenuto status-publish has-post-thumbnail hentry capotravecategorie-festival-en capotravetags-events capotravetags-festival-events-2026 capotravetags_libere-digital-installation dce-post dce-post-item dce-item-grid\" data-dce-post-id=\"63372\" data-dce-post-index=\"7\" data-post-link=\"https:\/\/www.kilowattfestival.it\/en\/contenuto\/sky-without-space-kwt2026-installazione-digitale\/\">\n\t\t\t<div class=\"dce-post-block elementor-animation-float\">\n\t\t<div class=\"dce-item dce-item_custommeta elementor-repeater-item-546d9cf\"><div class=\"dce-post-custommeta dce-post-custommeta dce-post-custommeta dce-post-custommeta dce-post-custommeta dce-post-custommeta dce-post-custommeta dce-post-custommeta dce-post-custommeta dce-post-custommeta dce-post-custommeta dce-post-custommeta dce-post-custommeta dce-post-custommeta dce-post-custommeta\"><div class=\"dce-meta-item dce-meta-546d9cf dce-meta-date elementor-repeater-item-546d9cf\">21\/07\/2026<\/div><\/div><\/div><div class=\"dce-item dce-item_token elementor-repeater-item-2eeb17e\"><i class=\"far fa-clock\"><\/i><span>17:00 - 21:00<\/span><\/div><div class=\"dce-item dce-item_image elementor-repeater-item-bcc25aa\"><a class=\"dce-post-image\" href=\"https:\/\/www.kilowattfestival.it\/en\/contenuto\/sky-without-space-kwt2026-installazione-digitale\/\"><figure data-image-ratio=\"0.6\" class=\"dce-img\"><img loading=\"lazy\" decoding=\"async\" width=\"768\" height=\"497\" src=\"https:\/\/www.kilowattfestival.it\/wp-content\/uploads\/2026\/05\/SKY_WITHOUT_SPACE_WhiteBalance_KWT26-768x497.jpg\" class=\"\" alt=\"Sky Without Space\" srcset=\"https:\/\/www.kilowattfestival.it\/wp-content\/uploads\/2026\/05\/SKY_WITHOUT_SPACE_WhiteBalance_KWT26-768x497.jpg 768w, https:\/\/www.kilowattfestival.it\/wp-content\/uploads\/2026\/05\/SKY_WITHOUT_SPACE_WhiteBalance_KWT26-300x194.jpg 300w, https:\/\/www.kilowattfestival.it\/wp-content\/uploads\/2026\/05\/SKY_WITHOUT_SPACE_WhiteBalance_KWT26-1536x994.jpg 1536w, https:\/\/www.kilowattfestival.it\/wp-content\/uploads\/2026\/05\/SKY_WITHOUT_SPACE_WhiteBalance_KWT26.jpg 1669w\" sizes=\"(max-width: 768px) 100vw, 768px\" \/><\/figure><\/a><\/div><div class=\"dce-item dce-item_custommeta elementor-repeater-item-aa91113\"><div class=\"dce-post-custommeta dce-post-custommeta dce-post-custommeta dce-post-custommeta dce-post-custommeta dce-post-custommeta dce-post-custommeta dce-post-custommeta dce-post-custommeta dce-post-custommeta dce-post-custommeta dce-post-custommeta dce-post-custommeta dce-post-custommeta dce-post-custommeta dce-post-custommeta\"><div class=\"dce-meta-item dce-meta-546d9cf dce-meta-date elementor-repeater-item-546d9cf dce-meta-item dce-meta-aa91113 dce-meta-text elementor-repeater-item-aa91113\"><div>Jasna Hribernik - Zala Lia Len\u00e1rdi\u010d - Toma\u017e \u0160imnovec (SI)<\/div><\/div><\/div><\/div><div class=\"dce-item dce-item_title elementor-repeater-item-a773ffa\"><h3 class=\"dce-post-title\">Sky Without Space<\/h3><\/div><div class=\"dce-item dce-item_termstaxonomy elementor-repeater-item-76b0ed9\"><div class=\"dce-post-terms\"><ul class=\"dce-terms-list dce-taxonomy-capotravetags_libere\"><li class=\"dce-term-item\"><span class=\"dce-term dce-term-144\" data-dce-order=\"\">Digital installation<\/span><\/li><\/ul><\/div><\/div><div class=\"dce-item dce-item_token elementor-repeater-item-deb9021\"><i class=\"fa fa-stopwatch\"><\/i>&nbsp; <span>running time: 30&#039;<\/span><\/div><div class=\"dce-item dce-item_token elementor-repeater-item-1b0d7c2\"><i class=\"fa fa-map-marker-alt\"><\/i>&nbsp; <span>Palazzo Pretorio<\/span><\/div><div class=\"dce-item dce-item_token elementor-repeater-item-bdde9fe\"><div class=\"eve-meta-ingresso\"><i class=\"fa fa-ticket-alt\"><\/i>&nbsp;<span> 5&nbsp;\u20ac<\/span><\/div><\/div>\t\t\t<\/div>\n\t\t<\/article>\n\t\t\n\t\t<article class=\"post-63374 contenuto type-contenuto status-publish has-post-thumbnail hentry capotravecategorie-festival-en capotravetags-events capotravetags-festival-events-2026 capotravetags_libere-urban-dance dce-post dce-post-item dce-item-grid\" data-dce-post-id=\"63374\" data-dce-post-index=\"8\" data-post-link=\"https:\/\/www.kilowattfestival.it\/en\/contenuto\/mover-montanas-kwt2026-danza-urbana\/\">\n\t\t\t<div class=\"dce-post-block elementor-animation-float\">\n\t\t<div class=\"dce-item dce-item_custommeta elementor-repeater-item-546d9cf\"><div class=\"dce-post-custommeta dce-post-custommeta dce-post-custommeta dce-post-custommeta dce-post-custommeta dce-post-custommeta dce-post-custommeta dce-post-custommeta dce-post-custommeta dce-post-custommeta dce-post-custommeta dce-post-custommeta dce-post-custommeta dce-post-custommeta dce-post-custommeta dce-post-custommeta dce-post-custommeta\"><div class=\"dce-meta-item dce-meta-546d9cf dce-meta-date elementor-repeater-item-546d9cf\">21\/07\/2026<\/div><\/div><\/div><div class=\"dce-item dce-item_token elementor-repeater-item-2eeb17e\"><i class=\"far fa-clock\"><\/i><span>18:10<\/span><\/div><div class=\"dce-item dce-item_image elementor-repeater-item-bcc25aa\"><a class=\"dce-post-image\" href=\"https:\/\/www.kilowattfestival.it\/en\/contenuto\/mover-montanas-kwt2026-danza-urbana\/\"><figure data-image-ratio=\"0.6\" class=\"dce-img\"><img loading=\"lazy\" decoding=\"async\" width=\"768\" height=\"512\" src=\"https:\/\/www.kilowattfestival.it\/wp-content\/uploads\/2026\/05\/MOVER_MONTANAS_AlbertoVelasco_KWT26-768x512.jpg\" class=\"\" alt=\"Mover monta\u00f1as\" srcset=\"https:\/\/www.kilowattfestival.it\/wp-content\/uploads\/2026\/05\/MOVER_MONTANAS_AlbertoVelasco_KWT26-768x512.jpg 768w, https:\/\/www.kilowattfestival.it\/wp-content\/uploads\/2026\/05\/MOVER_MONTANAS_AlbertoVelasco_KWT26-300x200.jpg 300w, https:\/\/www.kilowattfestival.it\/wp-content\/uploads\/2026\/05\/MOVER_MONTANAS_AlbertoVelasco_KWT26-1536x1025.jpg 1536w, https:\/\/www.kilowattfestival.it\/wp-content\/uploads\/2026\/05\/MOVER_MONTANAS_AlbertoVelasco_KWT26.jpg 1619w\" sizes=\"(max-width: 768px) 100vw, 768px\" \/><\/figure><\/a><\/div><div class=\"dce-item dce-item_custommeta elementor-repeater-item-aa91113\"><div class=\"dce-post-custommeta dce-post-custommeta dce-post-custommeta dce-post-custommeta dce-post-custommeta dce-post-custommeta dce-post-custommeta dce-post-custommeta dce-post-custommeta dce-post-custommeta dce-post-custommeta dce-post-custommeta dce-post-custommeta dce-post-custommeta dce-post-custommeta dce-post-custommeta dce-post-custommeta dce-post-custommeta\"><div class=\"dce-meta-item dce-meta-546d9cf dce-meta-date elementor-repeater-item-546d9cf dce-meta-item dce-meta-aa91113 dce-meta-text elementor-repeater-item-aa91113\"><div>Alberto Velasco (ES)<\/div><\/div><\/div><\/div><div class=\"dce-item dce-item_title elementor-repeater-item-a773ffa\"><h3 class=\"dce-post-title\">Mover monta\u00f1as<\/h3><\/div><div class=\"dce-item dce-item_termstaxonomy elementor-repeater-item-76b0ed9\"><div class=\"dce-post-terms\"><ul class=\"dce-terms-list dce-taxonomy-capotravetags_libere\"><li class=\"dce-term-item\"><span class=\"dce-term dce-term-100\" data-dce-order=\"\">Urban Dance<\/span><\/li><\/ul><\/div><\/div><div class=\"dce-item dce-item_token elementor-repeater-item-deb9021\"><i class=\"fa fa-stopwatch\"><\/i>&nbsp; <span>running time: 40&#039;<\/span><\/div><div class=\"dce-item dce-item_token elementor-repeater-item-1b0d7c2\"><i class=\"fa fa-map-marker-alt\"><\/i>&nbsp; <span>Piazza Torre di Berta<\/span><\/div><div class=\"dce-item dce-item_token elementor-repeater-item-bdde9fe\"><div class=\"eve-meta-ingresso\"><i class=\"fa fa-ticket-alt\"><\/i>&nbsp;<span> 1&nbsp;\u20ac<\/span><\/div><\/div>\t\t\t<\/div>\n\t\t<\/article>\n\t\t\n\t\t<article class=\"post-63376 contenuto type-contenuto status-publish has-post-thumbnail hentry capotravecategorie-festival-en capotravetags-events capotravetags-festival-events-2026 capotravetags_libere-digital-performance dce-post dce-post-item dce-item-grid\" data-dce-post-id=\"63376\" data-dce-post-index=\"9\" data-post-link=\"https:\/\/www.kilowattfestival.it\/en\/contenuto\/spooky-internet-storie-per-non-dormire-buonanotte-kwt2026-performance-digitale\/\">\n\t\t\t<div class=\"dce-post-block elementor-animation-float\">\n\t\t<div class=\"dce-item dce-item_custommeta elementor-repeater-item-546d9cf\"><div class=\"dce-post-custommeta dce-post-custommeta dce-post-custommeta dce-post-custommeta dce-post-custommeta dce-post-custommeta dce-post-custommeta dce-post-custommeta dce-post-custommeta dce-post-custommeta dce-post-custommeta dce-post-custommeta dce-post-custommeta dce-post-custommeta dce-post-custommeta dce-post-custommeta dce-post-custommeta dce-post-custommeta dce-post-custommeta\"><div class=\"dce-meta-item dce-meta-546d9cf dce-meta-date elementor-repeater-item-546d9cf\">21\/07\/2026<\/div><\/div><\/div><div class=\"dce-item dce-item_token elementor-repeater-item-2eeb17e\"><i class=\"far fa-clock\"><\/i><span>18:15, 19:15<\/span><\/div><div class=\"dce-item dce-item_image elementor-repeater-item-bcc25aa\"><a class=\"dce-post-image\" href=\"https:\/\/www.kilowattfestival.it\/en\/contenuto\/spooky-internet-storie-per-non-dormire-buonanotte-kwt2026-performance-digitale\/\"><figure data-image-ratio=\"0.6\" class=\"dce-img\"><img loading=\"lazy\" decoding=\"async\" width=\"768\" height=\"768\" src=\"https:\/\/www.kilowattfestival.it\/wp-content\/uploads\/2026\/05\/Spooky_Internet_Stories_MaraOscarCassiani_KWT26-768x768.jpg\" class=\"\" alt=\"SPOOKY INTERNET STORIE per non dormire. Buonanotte.\" srcset=\"https:\/\/www.kilowattfestival.it\/wp-content\/uploads\/2026\/05\/Spooky_Internet_Stories_MaraOscarCassiani_KWT26-768x768.jpg 768w, https:\/\/www.kilowattfestival.it\/wp-content\/uploads\/2026\/05\/Spooky_Internet_Stories_MaraOscarCassiani_KWT26-300x300.jpg 300w, https:\/\/www.kilowattfestival.it\/wp-content\/uploads\/2026\/05\/Spooky_Internet_Stories_MaraOscarCassiani_KWT26.jpg 1024w\" sizes=\"(max-width: 768px) 100vw, 768px\" \/><\/figure><\/a><\/div><div class=\"dce-item dce-item_custommeta elementor-repeater-item-aa91113\"><div class=\"dce-post-custommeta dce-post-custommeta dce-post-custommeta dce-post-custommeta dce-post-custommeta dce-post-custommeta dce-post-custommeta dce-post-custommeta dce-post-custommeta dce-post-custommeta dce-post-custommeta dce-post-custommeta dce-post-custommeta dce-post-custommeta dce-post-custommeta dce-post-custommeta dce-post-custommeta dce-post-custommeta dce-post-custommeta dce-post-custommeta\"><div class=\"dce-meta-item dce-meta-546d9cf dce-meta-date elementor-repeater-item-546d9cf dce-meta-item dce-meta-aa91113 dce-meta-text elementor-repeater-item-aa91113\"><div>Mara Oscar Cassiani<\/div><\/div><\/div><\/div><div class=\"dce-item dce-item_title elementor-repeater-item-a773ffa\"><h3 class=\"dce-post-title\">SPOOKY INTERNET STORIE per non dormire. Buonanotte.<\/h3><\/div><div class=\"dce-item dce-item_termstaxonomy elementor-repeater-item-76b0ed9\"><div class=\"dce-post-terms\"><ul class=\"dce-terms-list dce-taxonomy-capotravetags_libere\"><li class=\"dce-term-item\"><span class=\"dce-term dce-term-103\" data-dce-order=\"\">Digital Performance<\/span><\/li><\/ul><\/div><\/div><div class=\"dce-item dce-item_token elementor-repeater-item-deb9021\"><i class=\"fa fa-stopwatch\"><\/i>&nbsp; <span>running time: 30&#039;<\/span><\/div><div class=\"dce-item dce-item_token elementor-repeater-item-1b0d7c2\"><i class=\"fa fa-map-marker-alt\"><\/i>&nbsp; <span>Oratorio di Santa Maria delle Grazie<\/span><\/div><div class=\"dce-item dce-item_token elementor-repeater-item-bdde9fe\"><div class=\"eve-meta-ingresso\"><i class=\"fa fa-ticket-alt\"><\/i>&nbsp;<span> 5&nbsp;\u20ac<\/span><\/div><\/div>\t\t\t<\/div>\n\t\t<\/article>\n\t\t\n\t\t<article class=\"post-63308 contenuto type-contenuto status-publish has-post-thumbnail hentry capotravecategorie-festival-en capotravetags-events capotravetags-festival-events-2026 capotravetags_libere-music dce-post dce-post-item dce-item-grid\" data-dce-post-id=\"63308\" data-dce-post-index=\"10\" data-post-link=\"https:\/\/www.kilowattfestival.it\/en\/contenuto\/supernovagarage-in-concerto-freejazz-garage-punk-kwt2026-musica\/\">\n\t\t\t<div class=\"dce-post-block elementor-animation-float\">\n\t\t<div class=\"dce-item dce-item_custommeta elementor-repeater-item-546d9cf\"><div class=\"dce-post-custommeta dce-post-custommeta dce-post-custommeta dce-post-custommeta dce-post-custommeta dce-post-custommeta dce-post-custommeta dce-post-custommeta dce-post-custommeta dce-post-custommeta dce-post-custommeta dce-post-custommeta dce-post-custommeta dce-post-custommeta dce-post-custommeta dce-post-custommeta dce-post-custommeta dce-post-custommeta dce-post-custommeta dce-post-custommeta dce-post-custommeta\"><div class=\"dce-meta-item dce-meta-546d9cf dce-meta-date elementor-repeater-item-546d9cf\">21\/07\/2026<\/div><\/div><\/div><div class=\"dce-item dce-item_token elementor-repeater-item-2eeb17e\"><i class=\"far fa-clock\"><\/i><span>19:00<\/span><\/div><div class=\"dce-item dce-item_image elementor-repeater-item-bcc25aa\"><a class=\"dce-post-image\" href=\"https:\/\/www.kilowattfestival.it\/en\/contenuto\/supernovagarage-in-concerto-freejazz-garage-punk-kwt2026-musica\/\"><figure data-image-ratio=\"0.6\" class=\"dce-img\"><img loading=\"lazy\" decoding=\"async\" width=\"768\" height=\"766\" src=\"https:\/\/www.kilowattfestival.it\/wp-content\/uploads\/2026\/05\/MUSICA-Concerti_SUPER_NOVA_GARAGE_BAND_KWT26-768x766.jpg\" class=\"\" alt=\"SuperNovaGarage in concert (freejazz, garage punk)\" srcset=\"https:\/\/www.kilowattfestival.it\/wp-content\/uploads\/2026\/05\/MUSICA-Concerti_SUPER_NOVA_GARAGE_BAND_KWT26-768x766.jpg 768w, https:\/\/www.kilowattfestival.it\/wp-content\/uploads\/2026\/05\/MUSICA-Concerti_SUPER_NOVA_GARAGE_BAND_KWT26-300x299.jpg 300w, https:\/\/www.kilowattfestival.it\/wp-content\/uploads\/2026\/05\/MUSICA-Concerti_SUPER_NOVA_GARAGE_BAND_KWT26.jpg 1083w\" sizes=\"(max-width: 768px) 100vw, 768px\" \/><\/figure><\/a><\/div><div class=\"dce-item dce-item_custommeta elementor-repeater-item-aa91113\"><div class=\"dce-post-custommeta dce-post-custommeta dce-post-custommeta dce-post-custommeta dce-post-custommeta dce-post-custommeta dce-post-custommeta dce-post-custommeta dce-post-custommeta dce-post-custommeta dce-post-custommeta dce-post-custommeta dce-post-custommeta dce-post-custommeta dce-post-custommeta dce-post-custommeta dce-post-custommeta dce-post-custommeta dce-post-custommeta dce-post-custommeta dce-post-custommeta dce-post-custommeta\"><div class=\"dce-meta-item dce-meta-546d9cf dce-meta-date elementor-repeater-item-546d9cf dce-meta-item dce-meta-aa91113 dce-meta-text elementor-repeater-item-aa91113\"><div>SuperNovaGarage<\/div><\/div><\/div><\/div><div class=\"dce-item dce-item_title elementor-repeater-item-a773ffa\"><h3 class=\"dce-post-title\">SuperNovaGarage in concert (freejazz, garage punk)<\/h3><\/div><div class=\"dce-item dce-item_termstaxonomy elementor-repeater-item-76b0ed9\"><div class=\"dce-post-terms\"><ul class=\"dce-terms-list dce-taxonomy-capotravetags_libere\"><li class=\"dce-term-item\"><span class=\"dce-term dce-term-69\" data-dce-order=\"\">Music<\/span><\/li><\/ul><\/div><\/div><div class=\"dce-item dce-item_token elementor-repeater-item-deb9021\"><i class=\"fa fa-stopwatch\"><\/i>&nbsp; <span>running time: 50&#039;<\/span><\/div><div class=\"dce-item dce-item_token elementor-repeater-item-1b0d7c2\"><i class=\"fa fa-map-marker-alt\"><\/i>&nbsp; <span>Giardini di Piero<\/span><\/div><div class=\"dce-item dce-item_token elementor-repeater-item-bdde9fe\"><div class=\"eve-meta-ingresso\"><i class=\"fa fa-ticket-alt\"><\/i>&nbsp;<span> 3&nbsp;\u20ac<\/span><\/div><\/div>\t\t\t<\/div>\n\t\t<\/article>\n\t\t\n\t\t<article class=\"post-63369 contenuto type-contenuto status-publish has-post-thumbnail hentry capotravecategorie-festival-en capotravetags-events capotravetags-festival-events-2026 capotravetags_libere-theatre dce-post dce-post-item dce-item-grid\" data-dce-post-id=\"63369\" data-dce-post-index=\"11\" data-post-link=\"https:\/\/www.kilowattfestival.it\/en\/contenuto\/la-fame-kwt2026-teatro\/\">\n\t\t\t<div class=\"dce-post-block elementor-animation-float\">\n\t\t<div class=\"dce-item dce-item_custommeta elementor-repeater-item-546d9cf\"><div class=\"dce-post-custommeta dce-post-custommeta dce-post-custommeta dce-post-custommeta dce-post-custommeta dce-post-custommeta dce-post-custommeta dce-post-custommeta dce-post-custommeta dce-post-custommeta dce-post-custommeta dce-post-custommeta dce-post-custommeta dce-post-custommeta dce-post-custommeta dce-post-custommeta dce-post-custommeta dce-post-custommeta dce-post-custommeta dce-post-custommeta dce-post-custommeta dce-post-custommeta dce-post-custommeta\"><div class=\"dce-meta-item dce-meta-546d9cf dce-meta-date elementor-repeater-item-546d9cf\">21\/07\/2026<\/div><\/div><\/div><div class=\"dce-item dce-item_token elementor-repeater-item-2eeb17e\"><i class=\"far fa-clock\"><\/i><span>20:10<\/span><\/div><div class=\"dce-item dce-item_image elementor-repeater-item-bcc25aa\"><a class=\"dce-post-image\" href=\"https:\/\/www.kilowattfestival.it\/en\/contenuto\/la-fame-kwt2026-teatro\/\"><figure data-image-ratio=\"0.6\" class=\"dce-img\"><img loading=\"lazy\" decoding=\"async\" width=\"768\" height=\"512\" src=\"https:\/\/www.kilowattfestival.it\/wp-content\/uploads\/2026\/05\/LA_FAME-Les-Moustaches_KWT26-768x512.jpg\" class=\"\" alt=\"La Fame\" srcset=\"https:\/\/www.kilowattfestival.it\/wp-content\/uploads\/2026\/05\/LA_FAME-Les-Moustaches_KWT26-768x512.jpg 768w, https:\/\/www.kilowattfestival.it\/wp-content\/uploads\/2026\/05\/LA_FAME-Les-Moustaches_KWT26-300x200.jpg 300w, https:\/\/www.kilowattfestival.it\/wp-content\/uploads\/2026\/05\/LA_FAME-Les-Moustaches_KWT26-1536x1024.jpg 1536w, https:\/\/www.kilowattfestival.it\/wp-content\/uploads\/2026\/05\/LA_FAME-Les-Moustaches_KWT26.jpg 1620w\" sizes=\"(max-width: 768px) 100vw, 768px\" \/><\/figure><\/a><\/div><div class=\"dce-item dce-item_custommeta elementor-repeater-item-aa91113\"><div class=\"dce-post-custommeta dce-post-custommeta dce-post-custommeta dce-post-custommeta dce-post-custommeta dce-post-custommeta dce-post-custommeta dce-post-custommeta dce-post-custommeta dce-post-custommeta dce-post-custommeta dce-post-custommeta dce-post-custommeta dce-post-custommeta dce-post-custommeta dce-post-custommeta dce-post-custommeta dce-post-custommeta dce-post-custommeta dce-post-custommeta dce-post-custommeta dce-post-custommeta dce-post-custommeta dce-post-custommeta\"><div class=\"dce-meta-item dce-meta-546d9cf dce-meta-date elementor-repeater-item-546d9cf dce-meta-item dce-meta-aa91113 dce-meta-text elementor-repeater-item-aa91113\"><div>Les Moustaches<\/div><\/div><\/div><\/div><div class=\"dce-item dce-item_title elementor-repeater-item-a773ffa\"><h3 class=\"dce-post-title\">La Fame<\/h3><\/div><div class=\"dce-item dce-item_termstaxonomy elementor-repeater-item-76b0ed9\"><div class=\"dce-post-terms\"><ul class=\"dce-terms-list dce-taxonomy-capotravetags_libere\"><li class=\"dce-term-item\"><span class=\"dce-term dce-term-65\" data-dce-order=\"\">Theatre<\/span><\/li><\/ul><\/div><\/div><div class=\"dce-item dce-item_token elementor-repeater-item-deb9021\"><i class=\"fa fa-stopwatch\"><\/i>&nbsp; <span>running time: 65&#039;<\/span><\/div><div class=\"dce-item dce-item_token elementor-repeater-item-1b0d7c2\"><i class=\"fa fa-map-marker-alt\"><\/i>&nbsp; <span>Teatro alla Misericordia<\/span><\/div><div class=\"dce-item dce-item_token elementor-repeater-item-bdde9fe\"><div class=\"eve-meta-ingresso\"><i class=\"fa fa-ticket-alt\"><\/i>&nbsp;<span> 10&nbsp;\u20ac&nbsp;full \/ 8&nbsp;\u20ac&nbsp;reduced<\/span><\/div><\/div>\t\t\t<\/div>\n\t\t<\/article>\n\t\t\n\t\t<article class=\"post-63371 contenuto type-contenuto status-publish has-post-thumbnail hentry capotravecategorie-festival-en capotravetags-events capotravetags-festival-events-2026 capotravetags_libere-digital-performance dce-post dce-post-item dce-item-grid\" data-dce-post-id=\"63371\" data-dce-post-index=\"12\" data-post-link=\"https:\/\/www.kilowattfestival.it\/en\/contenuto\/camera-404-kwt2026-performance-digitale\/\">\n\t\t\t<div class=\"dce-post-block elementor-animation-float\">\n\t\t<div class=\"dce-item dce-item_custommeta elementor-repeater-item-546d9cf\"><div class=\"dce-post-custommeta dce-post-custommeta dce-post-custommeta dce-post-custommeta dce-post-custommeta dce-post-custommeta dce-post-custommeta dce-post-custommeta dce-post-custommeta dce-post-custommeta dce-post-custommeta dce-post-custommeta dce-post-custommeta dce-post-custommeta dce-post-custommeta dce-post-custommeta dce-post-custommeta dce-post-custommeta dce-post-custommeta dce-post-custommeta dce-post-custommeta dce-post-custommeta dce-post-custommeta dce-post-custommeta dce-post-custommeta\"><div class=\"dce-meta-item dce-meta-546d9cf dce-meta-date elementor-repeater-item-546d9cf\">21\/07\/2026<\/div><\/div><\/div><div class=\"dce-item dce-item_token elementor-repeater-item-2eeb17e\"><i class=\"far fa-clock\"><\/i><span>21:35<\/span><\/div><div class=\"dce-item dce-item_image elementor-repeater-item-bcc25aa\"><a class=\"dce-post-image\" href=\"https:\/\/www.kilowattfestival.it\/en\/contenuto\/camera-404-kwt2026-performance-digitale\/\"><figure data-image-ratio=\"0.6\" class=\"dce-img\"><img loading=\"lazy\" decoding=\"async\" width=\"768\" height=\"432\" src=\"https:\/\/www.kilowattfestival.it\/wp-content\/uploads\/2026\/05\/CAMERA_404_OVERLOOK_HOTEL_GruppoNanou_KWT26_v2-768x432.jpg\" class=\"\" alt=\"Camera 404\" srcset=\"https:\/\/www.kilowattfestival.it\/wp-content\/uploads\/2026\/05\/CAMERA_404_OVERLOOK_HOTEL_GruppoNanou_KWT26_v2-768x432.jpg 768w, https:\/\/www.kilowattfestival.it\/wp-content\/uploads\/2026\/05\/CAMERA_404_OVERLOOK_HOTEL_GruppoNanou_KWT26_v2-300x169.jpg 300w, https:\/\/www.kilowattfestival.it\/wp-content\/uploads\/2026\/05\/CAMERA_404_OVERLOOK_HOTEL_GruppoNanou_KWT26_v2-1536x864.jpg 1536w, https:\/\/www.kilowattfestival.it\/wp-content\/uploads\/2026\/05\/CAMERA_404_OVERLOOK_HOTEL_GruppoNanou_KWT26_v2.jpg 1920w\" sizes=\"(max-width: 768px) 100vw, 768px\" \/><\/figure><\/a><\/div><div class=\"dce-item dce-item_custommeta elementor-repeater-item-aa91113\"><div class=\"dce-post-custommeta dce-post-custommeta dce-post-custommeta dce-post-custommeta dce-post-custommeta dce-post-custommeta dce-post-custommeta dce-post-custommeta dce-post-custommeta dce-post-custommeta dce-post-custommeta dce-post-custommeta dce-post-custommeta dce-post-custommeta dce-post-custommeta dce-post-custommeta dce-post-custommeta dce-post-custommeta dce-post-custommeta dce-post-custommeta dce-post-custommeta dce-post-custommeta dce-post-custommeta dce-post-custommeta dce-post-custommeta dce-post-custommeta\"><div class=\"dce-meta-item dce-meta-546d9cf dce-meta-date elementor-repeater-item-546d9cf dce-meta-item dce-meta-aa91113 dce-meta-text elementor-repeater-item-aa91113\"><div>gruppo nanou<\/div><\/div><\/div><\/div><div class=\"dce-item dce-item_title elementor-repeater-item-a773ffa\"><h3 class=\"dce-post-title\">Camera 404<\/h3><\/div><div class=\"dce-item dce-item_termstaxonomy elementor-repeater-item-76b0ed9\"><div class=\"dce-post-terms\"><ul class=\"dce-terms-list dce-taxonomy-capotravetags_libere\"><li class=\"dce-term-item\"><span class=\"dce-term dce-term-103\" data-dce-order=\"\">Digital Performance<\/span><\/li><\/ul><\/div><\/div><div class=\"dce-item dce-item_token elementor-repeater-item-deb9021\"><i class=\"fa fa-stopwatch\"><\/i>&nbsp; <span>running time: 30&#039;<\/span><\/div><div class=\"dce-item dce-item_token elementor-repeater-item-1b0d7c2\"><i class=\"fa fa-map-marker-alt\"><\/i>&nbsp; <span>Chiostro di San Francesco<\/span><\/div><div class=\"dce-item dce-item_token elementor-repeater-item-bdde9fe\"><div class=\"eve-meta-ingresso\"><i class=\"fa fa-ticket-alt\"><\/i>&nbsp;<span> 5&nbsp;\u20ac<\/span><\/div><\/div>\t\t\t<\/div>\n\t\t<\/article>\n\t\t\n\t\t<article class=\"post-63375 contenuto type-contenuto status-publish has-post-thumbnail hentry capotravecategorie-festival-en capotravetags-events capotravetags-festival-events-2026 capotravetags_libere-digital-performance dce-post dce-post-item dce-item-grid\" data-dce-post-id=\"63375\" data-dce-post-index=\"13\" data-post-link=\"https:\/\/www.kilowattfestival.it\/en\/contenuto\/reawakening-the-dark-kwt2026-performance-digitale\/\">\n\t\t\t<div class=\"dce-post-block elementor-animation-float\">\n\t\t<div class=\"dce-item dce-item_custommeta elementor-repeater-item-546d9cf\"><div class=\"dce-post-custommeta dce-post-custommeta dce-post-custommeta dce-post-custommeta dce-post-custommeta dce-post-custommeta dce-post-custommeta dce-post-custommeta dce-post-custommeta dce-post-custommeta dce-post-custommeta dce-post-custommeta dce-post-custommeta dce-post-custommeta dce-post-custommeta dce-post-custommeta dce-post-custommeta dce-post-custommeta dce-post-custommeta dce-post-custommeta dce-post-custommeta dce-post-custommeta dce-post-custommeta dce-post-custommeta dce-post-custommeta dce-post-custommeta dce-post-custommeta\"><div class=\"dce-meta-item dce-meta-546d9cf dce-meta-date elementor-repeater-item-546d9cf\">21\/07\/2026<\/div><\/div><\/div><div class=\"dce-item dce-item_token elementor-repeater-item-2eeb17e\"><i class=\"far fa-clock\"><\/i><span>21:30, 22:00, 22:40<\/span><\/div><div class=\"dce-item dce-item_image elementor-repeater-item-bcc25aa\"><a class=\"dce-post-image\" href=\"https:\/\/www.kilowattfestival.it\/en\/contenuto\/reawakening-the-dark-kwt2026-performance-digitale\/\"><figure data-image-ratio=\"0.6\" class=\"dce-img\"><img loading=\"lazy\" decoding=\"async\" width=\"768\" height=\"432\" src=\"https:\/\/www.kilowattfestival.it\/wp-content\/uploads\/2026\/05\/Reawakening-the-Dark-Kevin-Trappeniers_KWT26_v2-768x432.jpg\" class=\"\" alt=\"Reawakening the Dark\" srcset=\"https:\/\/www.kilowattfestival.it\/wp-content\/uploads\/2026\/05\/Reawakening-the-Dark-Kevin-Trappeniers_KWT26_v2-768x432.jpg 768w, https:\/\/www.kilowattfestival.it\/wp-content\/uploads\/2026\/05\/Reawakening-the-Dark-Kevin-Trappeniers_KWT26_v2-300x169.jpg 300w, https:\/\/www.kilowattfestival.it\/wp-content\/uploads\/2026\/05\/Reawakening-the-Dark-Kevin-Trappeniers_KWT26_v2-1536x864.jpg 1536w, https:\/\/www.kilowattfestival.it\/wp-content\/uploads\/2026\/05\/Reawakening-the-Dark-Kevin-Trappeniers_KWT26_v2.jpg 1920w\" sizes=\"(max-width: 768px) 100vw, 768px\" \/><\/figure><\/a><\/div><div class=\"dce-item dce-item_custommeta elementor-repeater-item-aa91113\"><div class=\"dce-post-custommeta dce-post-custommeta dce-post-custommeta dce-post-custommeta dce-post-custommeta dce-post-custommeta dce-post-custommeta dce-post-custommeta dce-post-custommeta dce-post-custommeta dce-post-custommeta dce-post-custommeta dce-post-custommeta dce-post-custommeta dce-post-custommeta dce-post-custommeta dce-post-custommeta dce-post-custommeta dce-post-custommeta dce-post-custommeta dce-post-custommeta dce-post-custommeta dce-post-custommeta dce-post-custommeta dce-post-custommeta dce-post-custommeta dce-post-custommeta dce-post-custommeta\"><div class=\"dce-meta-item dce-meta-546d9cf dce-meta-date elementor-repeater-item-546d9cf dce-meta-item dce-meta-aa91113 dce-meta-text elementor-repeater-item-aa91113\"><div>Kevin Trappeniers (BE)<\/div><\/div><\/div><\/div><div class=\"dce-item dce-item_title elementor-repeater-item-a773ffa\"><h3 class=\"dce-post-title\">Reawakening the Dark<\/h3><\/div><div class=\"dce-item dce-item_termstaxonomy elementor-repeater-item-76b0ed9\"><div class=\"dce-post-terms\"><ul class=\"dce-terms-list dce-taxonomy-capotravetags_libere\"><li class=\"dce-term-item\"><span class=\"dce-term dce-term-103\" data-dce-order=\"\">Digital Performance<\/span><\/li><\/ul><\/div><\/div><div class=\"dce-item dce-item_token elementor-repeater-item-deb9021\"><i class=\"fa fa-stopwatch\"><\/i>&nbsp; <span>running time: 20&#039;<\/span><\/div><div class=\"dce-item dce-item_token elementor-repeater-item-1b0d7c2\"><i class=\"fa fa-map-marker-alt\"><\/i>&nbsp; <span>Giardino del Teatro alla Misericordia<\/span><\/div><div class=\"dce-item dce-item_token elementor-repeater-item-bdde9fe\"><div class=\"eve-meta-ingresso\"><i class=\"fa fa-ticket-alt\"><\/i>&nbsp;<span> 5&nbsp;\u20ac<\/span><\/div><\/div>\t\t\t<\/div>\n\t\t<\/article>\n\t\t\n\t\t<article class=\"post-63377 contenuto type-contenuto status-publish has-post-thumbnail hentry capotravecategorie-festival-en capotravetags-events capotravetags-festival-events-2026 capotravetags_libere-theatre dce-post dce-post-item dce-item-grid\" data-dce-post-id=\"63377\" data-dce-post-index=\"14\" data-post-link=\"https:\/\/www.kilowattfestival.it\/en\/contenuto\/scemi-del-villaggio-kwt2026-teatro\/\">\n\t\t\t<div class=\"dce-post-block elementor-animation-float\">\n\t\t<div class=\"dce-item dce-item_custommeta elementor-repeater-item-546d9cf\"><div class=\"dce-post-custommeta dce-post-custommeta dce-post-custommeta dce-post-custommeta dce-post-custommeta dce-post-custommeta dce-post-custommeta dce-post-custommeta dce-post-custommeta dce-post-custommeta dce-post-custommeta dce-post-custommeta dce-post-custommeta dce-post-custommeta dce-post-custommeta dce-post-custommeta dce-post-custommeta dce-post-custommeta dce-post-custommeta dce-post-custommeta dce-post-custommeta dce-post-custommeta dce-post-custommeta dce-post-custommeta dce-post-custommeta dce-post-custommeta dce-post-custommeta dce-post-custommeta dce-post-custommeta\"><div class=\"dce-meta-item dce-meta-546d9cf dce-meta-date elementor-repeater-item-546d9cf\">21\/07\/2026<\/div><\/div><\/div><div class=\"dce-item dce-item_token elementor-repeater-item-2eeb17e\"><i class=\"far fa-clock\"><\/i><span>22:25<\/span><\/div><div class=\"dce-item dce-item_image elementor-repeater-item-bcc25aa\"><a class=\"dce-post-image\" href=\"https:\/\/www.kilowattfestival.it\/en\/contenuto\/scemi-del-villaggio-kwt2026-teatro\/\"><figure data-image-ratio=\"0.6\" class=\"dce-img\"><img loading=\"lazy\" decoding=\"async\" width=\"768\" height=\"418\" src=\"https:\/\/www.kilowattfestival.it\/wp-content\/uploads\/2026\/05\/SCEMI_DEL_VILLAGGIO_Fettarappa_Guerrieri_KWT26-768x418.jpg\" class=\"\" alt=\"Scemi del villaggio\" srcset=\"https:\/\/www.kilowattfestival.it\/wp-content\/uploads\/2026\/05\/SCEMI_DEL_VILLAGGIO_Fettarappa_Guerrieri_KWT26-768x418.jpg 768w, https:\/\/www.kilowattfestival.it\/wp-content\/uploads\/2026\/05\/SCEMI_DEL_VILLAGGIO_Fettarappa_Guerrieri_KWT26-300x163.jpg 300w, https:\/\/www.kilowattfestival.it\/wp-content\/uploads\/2026\/05\/SCEMI_DEL_VILLAGGIO_Fettarappa_Guerrieri_KWT26-1536x835.jpg 1536w, https:\/\/www.kilowattfestival.it\/wp-content\/uploads\/2026\/05\/SCEMI_DEL_VILLAGGIO_Fettarappa_Guerrieri_KWT26.jpg 1920w\" sizes=\"(max-width: 768px) 100vw, 768px\" \/><\/figure><\/a><\/div><div class=\"dce-item dce-item_custommeta elementor-repeater-item-aa91113\"><div class=\"dce-post-custommeta dce-post-custommeta dce-post-custommeta dce-post-custommeta dce-post-custommeta dce-post-custommeta dce-post-custommeta dce-post-custommeta dce-post-custommeta dce-post-custommeta dce-post-custommeta dce-post-custommeta dce-post-custommeta dce-post-custommeta dce-post-custommeta dce-post-custommeta dce-post-custommeta dce-post-custommeta dce-post-custommeta dce-post-custommeta dce-post-custommeta dce-post-custommeta dce-post-custommeta dce-post-custommeta dce-post-custommeta dce-post-custommeta dce-post-custommeta dce-post-custommeta dce-post-custommeta dce-post-custommeta\"><div class=\"dce-meta-item dce-meta-546d9cf dce-meta-date elementor-repeater-item-546d9cf dce-meta-item dce-meta-aa91113 dce-meta-text elementor-repeater-item-aa91113\"><div>Niccol\u00f2 Fettarappa - Lorenzo Guerrieri<\/div><\/div><\/div><\/div><div class=\"dce-item dce-item_title elementor-repeater-item-a773ffa\"><h3 class=\"dce-post-title\">Scemi del villaggio<\/h3><\/div><div class=\"dce-item dce-item_termstaxonomy elementor-repeater-item-76b0ed9\"><div class=\"dce-post-terms\"><ul class=\"dce-terms-list dce-taxonomy-capotravetags_libere\"><li class=\"dce-term-item\"><span class=\"dce-term dce-term-65\" data-dce-order=\"\">Theatre<\/span><\/li><\/ul><\/div><\/div><div class=\"dce-item dce-item_token elementor-repeater-item-deb9021\"><i class=\"fa fa-stopwatch\"><\/i>&nbsp; <span>running time: 70&#039;<\/span><\/div><div class=\"dce-item dce-item_token elementor-repeater-item-1b0d7c2\"><i class=\"fa fa-map-marker-alt\"><\/i>&nbsp; <span>Chiostro di Santa Chiara<\/span><\/div><div class=\"dce-item dce-item_token elementor-repeater-item-bdde9fe\"><div class=\"eve-meta-ingresso\"><i class=\"fa fa-ticket-alt\"><\/i>&nbsp;<span> 10&nbsp;\u20ac&nbsp;full \/ 8&nbsp;\u20ac&nbsp;reduced<\/span><\/div><\/div>\t\t\t<\/div>\n\t\t<\/article>\n\t\t\n\t\t<article class=\"post-63303 contenuto type-contenuto status-publish has-post-thumbnail hentry capotravecategorie-festival-en capotravetags-events capotravetags-festival-events-2026 capotravetags_libere-music dce-post dce-post-item dce-item-grid\" data-dce-post-id=\"63303\" data-dce-post-index=\"15\" data-post-link=\"https:\/\/www.kilowattfestival.it\/en\/contenuto\/dj-set-di-ricky-b-pop-kwt2026-musica\/\">\n\t\t\t<div class=\"dce-post-block elementor-animation-float\">\n\t\t<div class=\"dce-item dce-item_custommeta elementor-repeater-item-546d9cf\"><div class=\"dce-post-custommeta dce-post-custommeta dce-post-custommeta dce-post-custommeta dce-post-custommeta dce-post-custommeta dce-post-custommeta dce-post-custommeta dce-post-custommeta dce-post-custommeta dce-post-custommeta dce-post-custommeta dce-post-custommeta dce-post-custommeta dce-post-custommeta dce-post-custommeta dce-post-custommeta dce-post-custommeta dce-post-custommeta dce-post-custommeta dce-post-custommeta dce-post-custommeta dce-post-custommeta dce-post-custommeta dce-post-custommeta dce-post-custommeta dce-post-custommeta dce-post-custommeta dce-post-custommeta dce-post-custommeta dce-post-custommeta\"><div class=\"dce-meta-item dce-meta-546d9cf dce-meta-date elementor-repeater-item-546d9cf\">21\/07\/2026<\/div><\/div><\/div><div class=\"dce-item dce-item_token elementor-repeater-item-2eeb17e\"><i class=\"far fa-clock\"><\/i><span>23:00<\/span><\/div><div class=\"dce-item dce-item_image elementor-repeater-item-bcc25aa\"><a class=\"dce-post-image\" href=\"https:\/\/www.kilowattfestival.it\/en\/contenuto\/dj-set-di-ricky-b-pop-kwt2026-musica\/\"><figure data-image-ratio=\"0.6\" class=\"dce-img\"><img loading=\"lazy\" decoding=\"async\" width=\"768\" height=\"901\" src=\"https:\/\/www.kilowattfestival.it\/wp-content\/uploads\/2026\/05\/MUSICA_Dj-Richy-B_KWT26-768x901.jpg\" class=\"\" alt=\"Dj-set by Ricky B (pop)\" srcset=\"https:\/\/www.kilowattfestival.it\/wp-content\/uploads\/2026\/05\/MUSICA_Dj-Richy-B_KWT26-768x901.jpg 768w, https:\/\/www.kilowattfestival.it\/wp-content\/uploads\/2026\/05\/MUSICA_Dj-Richy-B_KWT26-300x352.jpg 300w, https:\/\/www.kilowattfestival.it\/wp-content\/uploads\/2026\/05\/MUSICA_Dj-Richy-B_KWT26.jpg 921w\" sizes=\"(max-width: 768px) 100vw, 768px\" \/><\/figure><\/a><\/div><div class=\"dce-item dce-item_custommeta elementor-repeater-item-aa91113\"><div class=\"dce-post-custommeta dce-post-custommeta dce-post-custommeta dce-post-custommeta dce-post-custommeta dce-post-custommeta dce-post-custommeta dce-post-custommeta dce-post-custommeta dce-post-custommeta dce-post-custommeta dce-post-custommeta dce-post-custommeta dce-post-custommeta dce-post-custommeta dce-post-custommeta dce-post-custommeta dce-post-custommeta dce-post-custommeta dce-post-custommeta dce-post-custommeta dce-post-custommeta dce-post-custommeta dce-post-custommeta dce-post-custommeta dce-post-custommeta dce-post-custommeta dce-post-custommeta dce-post-custommeta dce-post-custommeta dce-post-custommeta dce-post-custommeta\"><div class=\"dce-meta-item dce-meta-546d9cf dce-meta-date elementor-repeater-item-546d9cf dce-meta-item dce-meta-aa91113 dce-meta-text elementor-repeater-item-aa91113\"><div>Ricky B<\/div><\/div><\/div><\/div><div class=\"dce-item dce-item_title elementor-repeater-item-a773ffa\"><h3 class=\"dce-post-title\">Dj-set by Ricky B (pop)<\/h3><\/div><div class=\"dce-item dce-item_termstaxonomy elementor-repeater-item-76b0ed9\"><div class=\"dce-post-terms\"><ul class=\"dce-terms-list dce-taxonomy-capotravetags_libere\"><li class=\"dce-term-item\"><span class=\"dce-term dce-term-69\" data-dce-order=\"\">Music<\/span><\/li><\/ul><\/div><\/div><div class=\"dce-item dce-item_token elementor-repeater-item-deb9021\"><i class=\"fa fa-stopwatch\"><\/i>&nbsp; <span>running time: 120&#039;<\/span><\/div><div class=\"dce-item dce-item_token elementor-repeater-item-1b0d7c2\"><i class=\"fa fa-map-marker-alt\"><\/i>&nbsp; <span>Giardini di Piero<\/span><\/div><div class=\"dce-item dce-item_token elementor-repeater-item-bdde9fe\"><div class=\"eve-meta-ingresso\"><i class=\"fa fa-ticket-alt\"><\/i>&nbsp;<span> 1&nbsp;\u20ac<\/span><\/div><\/div>\t\t\t<\/div>\n\t\t<\/article>\n\t\t\t\t\t<\/div>\n\t\t\t\t\t<\/div>\n\t\t\t\t\t\t<\/div>\n\t\t\t\t<\/div>\n\t\t\t\t<div class=\"elementor-element elementor-element-185d5a0 toggle-header elementor-widget elementor-widget-heading\" data-id=\"185d5a0\" data-element_type=\"widget\" data-widget_type=\"heading.default\">\n\t\t\t\t<div class=\"elementor-widget-container\">\n\t\t\t\t\t<div class=\"elementor-heading-title elementor-size-default\"><button><h3><i class=\"fa fa-calendar-day\"><\/i> &nbsp; Wednesday, july 22, 2026<\/h3><\/button><\/div>\t\t\t\t<\/div>\n\t\t\t\t<\/div>\n\t\t\t\t<div class=\"elementor-element elementor-element-dd520c5 toggle-content dce-posts-layout-default dce-col-4 dce-col-tablet-3 dce-col-mobile-1 dce-align-left elementor-widget elementor-widget-dce-dynamicposts-v2\" data-id=\"dd520c5\" data-element_type=\"widget\" id=\"giorno-6\" data-settings=\"{&quot;templatemode_linkable&quot;:&quot;yes&quot;,&quot;style_items&quot;:&quot;default&quot;,&quot;grid_grid_type&quot;:&quot;flex&quot;}\" data-widget_type=\"dce-dynamicposts-v2.grid\">\n\t\t\t\t<div class=\"elementor-widget-container\">\n\t\t\t\t\t\n\t\t<div class=\"dce-fix-background-loop dce-posts-container dce-posts dce-dynamic-posts-collection  dce-skin-grid dce-skin-grid-flex\">\n\t\t\t\t\t\t<div class=\"dce-posts-wrapper dce-wrapper-grid\">\n\t\t\t\n\t\t<article class=\"post-63328 contenuto type-contenuto status-publish has-post-thumbnail hentry capotravecategorie-festival-en capotravetags-events capotravetags-festival-events-2026 capotravetags_libere-replica-en capotravetags_libere-workshops dce-post dce-post-item dce-item-grid\" data-dce-post-id=\"63328\" data-dce-post-index=\"0\" data-post-link=\"https:\/\/www.kilowattfestival.it\/en\/contenuto\/una-buona-idea-kwt2026-laboratori-5\/\">\n\t\t\t<div class=\"dce-post-block elementor-animation-float\">\n\t\t<div class=\"dce-item dce-item_custommeta elementor-repeater-item-546d9cf\"><div class=\"dce-post-custommeta\"><div class=\"dce-meta-item dce-meta-546d9cf dce-meta-date elementor-repeater-item-546d9cf\">22\/07\/2026<\/div><\/div><\/div><div class=\"dce-item dce-item_token elementor-repeater-item-2eeb17e\"><i class=\"far fa-clock\"><\/i><span>09:45 - 16:45<\/span><\/div><div class=\"dce-item dce-item_image elementor-repeater-item-bcc25aa\"><a class=\"dce-post-image\" href=\"https:\/\/www.kilowattfestival.it\/en\/contenuto\/una-buona-idea-kwt2026-laboratori-5\/\"><figure data-image-ratio=\"0.6\" class=\"dce-img\"><img loading=\"lazy\" decoding=\"async\" width=\"768\" height=\"512\" src=\"https:\/\/www.kilowattfestival.it\/wp-content\/uploads\/2026\/05\/LAB_ph-Enrico-Baraldi_KWT26-768x512.jpg\" class=\"\" alt=\"Una buona idea\" srcset=\"https:\/\/www.kilowattfestival.it\/wp-content\/uploads\/2026\/05\/LAB_ph-Enrico-Baraldi_KWT26-768x512.jpg 768w, https:\/\/www.kilowattfestival.it\/wp-content\/uploads\/2026\/05\/LAB_ph-Enrico-Baraldi_KWT26-300x200.jpg 300w, https:\/\/www.kilowattfestival.it\/wp-content\/uploads\/2026\/05\/LAB_ph-Enrico-Baraldi_KWT26-1536x1024.jpg 1536w, https:\/\/www.kilowattfestival.it\/wp-content\/uploads\/2026\/05\/LAB_ph-Enrico-Baraldi_KWT26.jpg 1620w\" sizes=\"(max-width: 768px) 100vw, 768px\" \/><\/figure><\/a><\/div><div class=\"dce-item dce-item_custommeta elementor-repeater-item-aa91113\"><div class=\"dce-post-custommeta dce-post-custommeta\"><div class=\"dce-meta-item dce-meta-546d9cf dce-meta-date elementor-repeater-item-546d9cf dce-meta-item dce-meta-aa91113 dce-meta-text elementor-repeater-item-aa91113\"><div>Nicola Borghesi<\/div><\/div><\/div><\/div><div class=\"dce-item dce-item_title elementor-repeater-item-a773ffa\"><h3 class=\"dce-post-title\">Una buona idea<\/h3><\/div><div class=\"dce-item dce-item_termstaxonomy elementor-repeater-item-76b0ed9\"><div class=\"dce-post-terms\"><ul class=\"dce-terms-list dce-taxonomy-capotravetags_libere\"><li class=\"dce-term-item\"><span class=\"dce-term dce-term-84\" data-dce-order=\"\">Repeat performance<\/span><\/li><li class=\"dce-term-item\"><span class=\"dce-separator\">\/<\/span><span class=\"dce-term dce-term-67\" data-dce-order=\"\">Workshops<\/span><\/li><\/ul><\/div><\/div><div class=\"dce-item dce-item_token elementor-repeater-item-deb9021\"><i class=\"fa fa-stopwatch\"><\/i>&nbsp; <span>running time: 7 days<\/span><\/div><div class=\"dce-item dce-item_token elementor-repeater-item-1b0d7c2\"><i class=\"fa fa-map-marker-alt\"><\/i>&nbsp; <span>Tedamis<\/span><\/div><div class=\"dce-item dce-item_token elementor-repeater-item-bdde9fe\"><\/div>\t\t\t<\/div>\n\t\t<\/article>\n\t\t\n\t\t<article class=\"post-63327 contenuto type-contenuto status-publish has-post-thumbnail hentry capotravecategorie-festival-en capotravetags-events capotravetags-festival-events-2026 capotravetags_libere-replica-en capotravetags_libere-workshops dce-post dce-post-item dce-item-grid\" data-dce-post-id=\"63327\" data-dce-post-index=\"1\" data-post-link=\"https:\/\/www.kilowattfestival.it\/en\/contenuto\/il-corpo-come-soglia-kwt2026-laboratori-4\/\">\n\t\t\t<div class=\"dce-post-block elementor-animation-float\">\n\t\t<div class=\"dce-item dce-item_custommeta elementor-repeater-item-546d9cf\"><div class=\"dce-post-custommeta dce-post-custommeta dce-post-custommeta\"><div class=\"dce-meta-item dce-meta-546d9cf dce-meta-date elementor-repeater-item-546d9cf\">22\/07\/2026<\/div><\/div><\/div><div class=\"dce-item dce-item_token elementor-repeater-item-2eeb17e\"><i class=\"far fa-clock\"><\/i><span>09:45 - 16:45<\/span><\/div><div class=\"dce-item dce-item_image elementor-repeater-item-bcc25aa\"><a class=\"dce-post-image\" href=\"https:\/\/www.kilowattfestival.it\/en\/contenuto\/il-corpo-come-soglia-kwt2026-laboratori-4\/\"><figure data-image-ratio=\"0.6\" class=\"dce-img\"><img loading=\"lazy\" decoding=\"async\" width=\"768\" height=\"433\" src=\"https:\/\/www.kilowattfestival.it\/wp-content\/uploads\/2026\/05\/LAB_Il-corpo-come-soglia-Francesco-Marilungo_KWT26_v2-768x433.jpg\" class=\"\" alt=\"Il corpo come soglia\" srcset=\"https:\/\/www.kilowattfestival.it\/wp-content\/uploads\/2026\/05\/LAB_Il-corpo-come-soglia-Francesco-Marilungo_KWT26_v2-768x433.jpg 768w, https:\/\/www.kilowattfestival.it\/wp-content\/uploads\/2026\/05\/LAB_Il-corpo-come-soglia-Francesco-Marilungo_KWT26_v2-300x169.jpg 300w, https:\/\/www.kilowattfestival.it\/wp-content\/uploads\/2026\/05\/LAB_Il-corpo-come-soglia-Francesco-Marilungo_KWT26_v2.jpg 780w\" sizes=\"(max-width: 768px) 100vw, 768px\" \/><\/figure><\/a><\/div><div class=\"dce-item dce-item_custommeta elementor-repeater-item-aa91113\"><div class=\"dce-post-custommeta dce-post-custommeta dce-post-custommeta dce-post-custommeta\"><div class=\"dce-meta-item dce-meta-546d9cf dce-meta-date elementor-repeater-item-546d9cf dce-meta-item dce-meta-aa91113 dce-meta-text elementor-repeater-item-aa91113\"><div>Francesco Marilungo<\/div><\/div><\/div><\/div><div class=\"dce-item dce-item_title elementor-repeater-item-a773ffa\"><h3 class=\"dce-post-title\">Il corpo come soglia<\/h3><\/div><div class=\"dce-item dce-item_termstaxonomy elementor-repeater-item-76b0ed9\"><div class=\"dce-post-terms\"><ul class=\"dce-terms-list dce-taxonomy-capotravetags_libere\"><li class=\"dce-term-item\"><span class=\"dce-term dce-term-84\" data-dce-order=\"\">Repeat performance<\/span><\/li><li class=\"dce-term-item\"><span class=\"dce-separator\">\/<\/span><span class=\"dce-term dce-term-67\" data-dce-order=\"\">Workshops<\/span><\/li><\/ul><\/div><\/div><div class=\"dce-item dce-item_token elementor-repeater-item-deb9021\"><i class=\"fa fa-stopwatch\"><\/i>&nbsp; <span>running time: 7 days<\/span><\/div><div class=\"dce-item dce-item_token elementor-repeater-item-1b0d7c2\"><i class=\"fa fa-map-marker-alt\"><\/i>&nbsp; <span>Palestra della Scuola Primaria C.Collodi<\/span><\/div><div class=\"dce-item dce-item_token elementor-repeater-item-bdde9fe\"><\/div>\t\t\t<\/div>\n\t\t<\/article>\n\t\t\n\t\t<article class=\"post-63350 contenuto type-contenuto status-publish has-post-thumbnail hentry capotravecategorie-festival-en capotravetags-events capotravetags-festival-events-2026 capotravetags_libere-replica-en capotravetags_libere-workshops dce-post dce-post-item dce-item-grid\" data-dce-post-id=\"63350\" data-dce-post-index=\"2\" data-post-link=\"https:\/\/www.kilowattfestival.it\/en\/contenuto\/prove-di-libero-rigore-kwt2026-laboratori-3\/\">\n\t\t\t<div class=\"dce-post-block elementor-animation-float\">\n\t\t<div class=\"dce-item dce-item_custommeta elementor-repeater-item-546d9cf\"><div class=\"dce-post-custommeta dce-post-custommeta dce-post-custommeta dce-post-custommeta dce-post-custommeta\"><div class=\"dce-meta-item dce-meta-546d9cf dce-meta-date elementor-repeater-item-546d9cf\">22\/07\/2026<\/div><\/div><\/div><div class=\"dce-item dce-item_token elementor-repeater-item-2eeb17e\"><i class=\"far fa-clock\"><\/i><span>09:45 - 16:45<\/span><\/div><div class=\"dce-item dce-item_image elementor-repeater-item-bcc25aa\"><a class=\"dce-post-image\" href=\"https:\/\/www.kilowattfestival.it\/en\/contenuto\/prove-di-libero-rigore-kwt2026-laboratori-3\/\"><figure data-image-ratio=\"0.6\" class=\"dce-img\"><img loading=\"lazy\" decoding=\"async\" width=\"768\" height=\"432\" src=\"https:\/\/www.kilowattfestival.it\/wp-content\/uploads\/2026\/05\/LAB_Daria-Deflorian-Andrea-Pizzalis-Prove-di-libero-rigore_KWT26-768x432.jpg\" class=\"\" alt=\"Prove di libero rigore\" srcset=\"https:\/\/www.kilowattfestival.it\/wp-content\/uploads\/2026\/05\/LAB_Daria-Deflorian-Andrea-Pizzalis-Prove-di-libero-rigore_KWT26-768x432.jpg 768w, https:\/\/www.kilowattfestival.it\/wp-content\/uploads\/2026\/05\/LAB_Daria-Deflorian-Andrea-Pizzalis-Prove-di-libero-rigore_KWT26-300x169.jpg 300w, https:\/\/www.kilowattfestival.it\/wp-content\/uploads\/2026\/05\/LAB_Daria-Deflorian-Andrea-Pizzalis-Prove-di-libero-rigore_KWT26-1536x864.jpg 1536w, https:\/\/www.kilowattfestival.it\/wp-content\/uploads\/2026\/05\/LAB_Daria-Deflorian-Andrea-Pizzalis-Prove-di-libero-rigore_KWT26.jpg 1920w\" sizes=\"(max-width: 768px) 100vw, 768px\" \/><\/figure><\/a><\/div><div class=\"dce-item dce-item_custommeta elementor-repeater-item-aa91113\"><div class=\"dce-post-custommeta dce-post-custommeta dce-post-custommeta dce-post-custommeta dce-post-custommeta dce-post-custommeta\"><div class=\"dce-meta-item dce-meta-546d9cf dce-meta-date elementor-repeater-item-546d9cf dce-meta-item dce-meta-aa91113 dce-meta-text elementor-repeater-item-aa91113\"><div>Daria Deflorian<\/div><\/div><\/div><\/div><div class=\"dce-item dce-item_title elementor-repeater-item-a773ffa\"><h3 class=\"dce-post-title\">Prove di libero rigore<\/h3><\/div><div class=\"dce-item dce-item_termstaxonomy elementor-repeater-item-76b0ed9\"><div class=\"dce-post-terms\"><ul class=\"dce-terms-list dce-taxonomy-capotravetags_libere\"><li class=\"dce-term-item\"><span class=\"dce-term dce-term-84\" data-dce-order=\"\">Repeat performance<\/span><\/li><li class=\"dce-term-item\"><span class=\"dce-separator\">\/<\/span><span class=\"dce-term dce-term-67\" data-dce-order=\"\">Workshops<\/span><\/li><\/ul><\/div><\/div><div class=\"dce-item dce-item_token elementor-repeater-item-deb9021\"><i class=\"fa fa-stopwatch\"><\/i>&nbsp; <span>running time: 6 days<\/span><\/div><div class=\"dce-item dce-item_token elementor-repeater-item-1b0d7c2\"><i class=\"fa fa-map-marker-alt\"><\/i>&nbsp; <span>Tedamis<\/span><\/div><div class=\"dce-item dce-item_token elementor-repeater-item-bdde9fe\"><\/div>\t\t\t<\/div>\n\t\t<\/article>\n\t\t\n\t\t<article class=\"post-63279 contenuto type-contenuto status-publish has-post-thumbnail hentry capotravecategorie-festival-en capotravetags-events capotravetags-festival-events-2026 capotravetags_libere-meeting capotravetags_libere-replica-en dce-post dce-post-item dce-item-grid\" data-dce-post-id=\"63279\" data-dce-post-index=\"3\" data-post-link=\"https:\/\/www.kilowattfestival.it\/en\/contenuto\/feedback-visionari-kwt2026-incontro-5\/\">\n\t\t\t<div class=\"dce-post-block elementor-animation-float\">\n\t\t<div class=\"dce-item dce-item_custommeta elementor-repeater-item-546d9cf\"><div class=\"dce-post-custommeta dce-post-custommeta dce-post-custommeta dce-post-custommeta dce-post-custommeta dce-post-custommeta dce-post-custommeta\"><div class=\"dce-meta-item dce-meta-546d9cf dce-meta-date elementor-repeater-item-546d9cf\">22\/07\/2026<\/div><\/div><\/div><div class=\"dce-item dce-item_token elementor-repeater-item-2eeb17e\"><i class=\"far fa-clock\"><\/i><span>11:00 - 12:30<\/span><\/div><div class=\"dce-item dce-item_image elementor-repeater-item-bcc25aa\"><a class=\"dce-post-image\" href=\"https:\/\/www.kilowattfestival.it\/en\/contenuto\/feedback-visionari-kwt2026-incontro-5\/\"><figure data-image-ratio=\"0.6\" class=\"dce-img\"><img loading=\"lazy\" decoding=\"async\" width=\"768\" height=\"463\" src=\"https:\/\/www.kilowattfestival.it\/wp-content\/uploads\/2026\/05\/INCONTRI_PUBBLICI_TRA_I_VISIONARI_KWT26-768x463.jpg\" class=\"\" alt=\"Feedback Visionari\" srcset=\"https:\/\/www.kilowattfestival.it\/wp-content\/uploads\/2026\/05\/INCONTRI_PUBBLICI_TRA_I_VISIONARI_KWT26-768x463.jpg 768w, https:\/\/www.kilowattfestival.it\/wp-content\/uploads\/2026\/05\/INCONTRI_PUBBLICI_TRA_I_VISIONARI_KWT26-300x181.jpg 300w, https:\/\/www.kilowattfestival.it\/wp-content\/uploads\/2026\/05\/INCONTRI_PUBBLICI_TRA_I_VISIONARI_KWT26-1536x925.jpg 1536w, https:\/\/www.kilowattfestival.it\/wp-content\/uploads\/2026\/05\/INCONTRI_PUBBLICI_TRA_I_VISIONARI_KWT26.jpg 1793w\" sizes=\"(max-width: 768px) 100vw, 768px\" \/><\/figure><\/a><\/div><div class=\"dce-item dce-item_custommeta elementor-repeater-item-aa91113\"><div class=\"dce-post-custommeta dce-post-custommeta dce-post-custommeta dce-post-custommeta dce-post-custommeta dce-post-custommeta dce-post-custommeta dce-post-custommeta\"><div class=\"dce-meta-item dce-meta-546d9cf dce-meta-date elementor-repeater-item-546d9cf dce-meta-item dce-meta-aa91113 dce-meta-text elementor-repeater-item-aa91113\"><div>Visionari 2026<\/div><\/div><\/div><\/div><div class=\"dce-item dce-item_title elementor-repeater-item-a773ffa\"><h3 class=\"dce-post-title\">Feedback Visionari<\/h3><\/div><div class=\"dce-item dce-item_termstaxonomy elementor-repeater-item-76b0ed9\"><div class=\"dce-post-terms\"><ul class=\"dce-terms-list dce-taxonomy-capotravetags_libere\"><li class=\"dce-term-item\"><span class=\"dce-term dce-term-102\" data-dce-order=\"\">Meeting<\/span><\/li><li class=\"dce-term-item\"><span class=\"dce-separator\">\/<\/span><span class=\"dce-term dce-term-84\" data-dce-order=\"\">Repeat performance<\/span><\/li><\/ul><\/div><\/div><div class=\"dce-item dce-item_token elementor-repeater-item-deb9021\"><i class=\"fa fa-stopwatch\"><\/i>&nbsp; <span>running time: 9 days<\/span><\/div><div class=\"dce-item dce-item_token elementor-repeater-item-1b0d7c2\"><i class=\"fa fa-map-marker-alt\"><\/i>&nbsp; <span>Giardini di Piero<\/span><\/div><div class=\"dce-item dce-item_token elementor-repeater-item-bdde9fe\"><div class=\"eve-meta-ingresso\"><i class=\"fa fa-ticket-alt\"><\/i>&nbsp;<span>Free entrance<\/span><\/div><\/div>\t\t\t<\/div>\n\t\t<\/article>\n\t\t\n\t\t<article class=\"post-63236 contenuto type-contenuto status-publish has-post-thumbnail hentry capotravecategorie-festival-en capotravetags-events capotravetags-festival-events-2026 capotravetags_libere-replica-en capotravetags_libere-visual-art dce-post dce-post-item dce-item-grid\" data-dce-post-id=\"63236\" data-dce-post-index=\"4\" data-post-link=\"https:\/\/www.kilowattfestival.it\/en\/contenuto\/tre-mostre-dedicate-a-eugenio-barba-e-julia-varley-kwt2026-arte-visiva-6\/\">\n\t\t\t<div class=\"dce-post-block elementor-animation-float\">\n\t\t<div class=\"dce-item dce-item_custommeta elementor-repeater-item-546d9cf\"><div class=\"dce-post-custommeta dce-post-custommeta dce-post-custommeta dce-post-custommeta dce-post-custommeta dce-post-custommeta dce-post-custommeta dce-post-custommeta dce-post-custommeta\"><div class=\"dce-meta-item dce-meta-546d9cf dce-meta-date elementor-repeater-item-546d9cf\">22\/07\/2026<\/div><\/div><\/div><div class=\"dce-item dce-item_token elementor-repeater-item-2eeb17e\"><i class=\"far fa-clock\"><\/i><span>16:00 - 20:00<\/span><\/div><div class=\"dce-item dce-item_image elementor-repeater-item-bcc25aa\"><a class=\"dce-post-image\" href=\"https:\/\/www.kilowattfestival.it\/en\/contenuto\/tre-mostre-dedicate-a-eugenio-barba-e-julia-varley-kwt2026-arte-visiva-6\/\"><figure data-image-ratio=\"0.6\" class=\"dce-img\"><img loading=\"lazy\" decoding=\"async\" width=\"768\" height=\"488\" src=\"https:\/\/www.kilowattfestival.it\/wp-content\/uploads\/2026\/05\/Mostra_Imanifestidell_Odin_KWT26_v2-768x488.jpg\" class=\"\" alt=\"Three exhibitions dedicated to Eugenio Barba and Julia Varley\" srcset=\"https:\/\/www.kilowattfestival.it\/wp-content\/uploads\/2026\/05\/Mostra_Imanifestidell_Odin_KWT26_v2-768x488.jpg 768w, https:\/\/www.kilowattfestival.it\/wp-content\/uploads\/2026\/05\/Mostra_Imanifestidell_Odin_KWT26_v2-300x191.jpg 300w, https:\/\/www.kilowattfestival.it\/wp-content\/uploads\/2026\/05\/Mostra_Imanifestidell_Odin_KWT26_v2-1536x976.jpg 1536w, https:\/\/www.kilowattfestival.it\/wp-content\/uploads\/2026\/05\/Mostra_Imanifestidell_Odin_KWT26_v2.jpg 1700w\" sizes=\"(max-width: 768px) 100vw, 768px\" \/><\/figure><\/a><\/div><div class=\"dce-item dce-item_custommeta elementor-repeater-item-aa91113\"><div class=\"dce-post-custommeta dce-post-custommeta dce-post-custommeta dce-post-custommeta dce-post-custommeta dce-post-custommeta dce-post-custommeta dce-post-custommeta dce-post-custommeta dce-post-custommeta\"><div class=\"dce-meta-item dce-meta-546d9cf dce-meta-date elementor-repeater-item-546d9cf dce-meta-item dce-meta-aa91113 dce-meta-text elementor-repeater-item-aa91113\"><div>Francesco Galli, Annalisa Gonnella (curated by)<\/div><\/div><\/div><\/div><div class=\"dce-item dce-item_title elementor-repeater-item-a773ffa\"><h3 class=\"dce-post-title\">Three exhibitions dedicated to Eugenio Barba and Julia Varley<\/h3><\/div><div class=\"dce-item dce-item_termstaxonomy elementor-repeater-item-76b0ed9\"><div class=\"dce-post-terms\"><ul class=\"dce-terms-list dce-taxonomy-capotravetags_libere\"><li class=\"dce-term-item\"><span class=\"dce-term dce-term-84\" data-dce-order=\"\">Repeat performance<\/span><\/li><li class=\"dce-term-item\"><span class=\"dce-separator\">\/<\/span><span class=\"dce-term dce-term-99\" data-dce-order=\"\">Visual Art<\/span><\/li><\/ul><\/div><\/div><div class=\"dce-item dce-item_token elementor-repeater-item-deb9021\"><i class=\"fa fa-stopwatch\"><\/i>&nbsp; <span>running time: 9 days<\/span><\/div><div class=\"dce-item dce-item_token elementor-repeater-item-1b0d7c2\"><i class=\"fa fa-map-marker-alt\"><\/i>&nbsp; <span>Teatro alla Misericordia \/ Palazzo Alberti<\/span><\/div><div class=\"dce-item dce-item_token elementor-repeater-item-bdde9fe\"><div class=\"eve-meta-ingresso\"><i class=\"fa fa-ticket-alt\"><\/i>&nbsp;<span>Free entrance<\/span><\/div><\/div>\t\t\t<\/div>\n\t\t<\/article>\n\t\t\n\t\t<article class=\"post-63315 contenuto type-contenuto status-publish has-post-thumbnail hentry capotravecategorie-festival-en capotravetags-events capotravetags-festival-events-2026 capotravetags_libere-meeting dce-post dce-post-item dce-item-grid\" data-dce-post-id=\"63315\" data-dce-post-index=\"5\" data-post-link=\"https:\/\/www.kilowattfestival.it\/en\/contenuto\/incontro-pubblico-network-europeo-digital-on-stage-kwt2026-incontro\/\">\n\t\t\t<div class=\"dce-post-block elementor-animation-float\">\n\t\t<div class=\"dce-item dce-item_custommeta elementor-repeater-item-546d9cf\"><div class=\"dce-post-custommeta dce-post-custommeta dce-post-custommeta dce-post-custommeta dce-post-custommeta dce-post-custommeta dce-post-custommeta dce-post-custommeta dce-post-custommeta dce-post-custommeta dce-post-custommeta\"><div class=\"dce-meta-item dce-meta-546d9cf dce-meta-date elementor-repeater-item-546d9cf\">22\/07\/2026<\/div><\/div><\/div><div class=\"dce-item dce-item_token elementor-repeater-item-2eeb17e\"><i class=\"far fa-clock\"><\/i><span>15:30 - 16:30<\/span><\/div><div class=\"dce-item dce-item_image elementor-repeater-item-bcc25aa\"><a class=\"dce-post-image\" href=\"https:\/\/www.kilowattfestival.it\/en\/contenuto\/incontro-pubblico-network-europeo-digital-on-stage-kwt2026-incontro\/\"><figure data-image-ratio=\"0.6\" class=\"dce-img\"><img loading=\"lazy\" decoding=\"async\" width=\"768\" height=\"432\" src=\"https:\/\/www.kilowattfestival.it\/wp-content\/uploads\/2026\/05\/INCONTRO_DIGITAL_ON_STAGE_KWT26-768x432.jpg\" class=\"\" alt=\"Public Meeting of the European Network Digital On Stage\" srcset=\"https:\/\/www.kilowattfestival.it\/wp-content\/uploads\/2026\/05\/INCONTRO_DIGITAL_ON_STAGE_KWT26-768x432.jpg 768w, https:\/\/www.kilowattfestival.it\/wp-content\/uploads\/2026\/05\/INCONTRO_DIGITAL_ON_STAGE_KWT26-300x169.jpg 300w, https:\/\/www.kilowattfestival.it\/wp-content\/uploads\/2026\/05\/INCONTRO_DIGITAL_ON_STAGE_KWT26-1536x864.jpg 1536w, https:\/\/www.kilowattfestival.it\/wp-content\/uploads\/2026\/05\/INCONTRO_DIGITAL_ON_STAGE_KWT26.jpg 1920w\" sizes=\"(max-width: 768px) 100vw, 768px\" \/><\/figure><\/a><\/div><div class=\"dce-item dce-item_custommeta elementor-repeater-item-aa91113\"><div class=\"dce-post-custommeta dce-post-custommeta dce-post-custommeta dce-post-custommeta dce-post-custommeta dce-post-custommeta dce-post-custommeta dce-post-custommeta dce-post-custommeta dce-post-custommeta dce-post-custommeta dce-post-custommeta\"><div class=\"dce-meta-item dce-meta-546d9cf dce-meta-date elementor-repeater-item-546d9cf dce-meta-item dce-meta-aa91113 dce-meta-text elementor-repeater-item-aa91113\"><div>Meeting<\/div><\/div><\/div><\/div><div class=\"dce-item dce-item_title elementor-repeater-item-a773ffa\"><h3 class=\"dce-post-title\">Public Meeting of the European Network Digital On Stage<\/h3><\/div><div class=\"dce-item dce-item_termstaxonomy elementor-repeater-item-76b0ed9\"><div class=\"dce-post-terms\"><ul class=\"dce-terms-list dce-taxonomy-capotravetags_libere\"><li class=\"dce-term-item\"><span class=\"dce-term dce-term-102\" data-dce-order=\"\">Meeting<\/span><\/li><\/ul><\/div><\/div><div class=\"dce-item dce-item_token elementor-repeater-item-deb9021\"><i class=\"fa fa-stopwatch\"><\/i>&nbsp; <span>running time: 60&#039;<\/span><\/div><div class=\"dce-item dce-item_token elementor-repeater-item-1b0d7c2\"><i class=\"fa fa-map-marker-alt\"><\/i>&nbsp; <span>Palazzo Alberti<\/span><\/div><div class=\"dce-item dce-item_token elementor-repeater-item-bdde9fe\"><div class=\"eve-meta-ingresso\"><i class=\"fa fa-ticket-alt\"><\/i>&nbsp;<span>Free entrance<\/span><\/div><\/div>\t\t\t<\/div>\n\t\t<\/article>\n\t\t\n\t\t<article class=\"post-63397 contenuto type-contenuto status-publish has-post-thumbnail hentry capotravecategorie-festival-en capotravetags-events capotravetags-festival-events-2026 capotravetags_libere-digital-performance dce-post dce-post-item dce-item-grid\" data-dce-post-id=\"63397\" data-dce-post-index=\"6\" data-post-link=\"https:\/\/www.kilowattfestival.it\/en\/contenuto\/spin-kwt2026-performance-digitale\/\">\n\t\t\t<div class=\"dce-post-block elementor-animation-float\">\n\t\t<div class=\"dce-item dce-item_custommeta elementor-repeater-item-546d9cf\"><div class=\"dce-post-custommeta dce-post-custommeta dce-post-custommeta dce-post-custommeta dce-post-custommeta dce-post-custommeta dce-post-custommeta dce-post-custommeta dce-post-custommeta dce-post-custommeta dce-post-custommeta dce-post-custommeta dce-post-custommeta\"><div class=\"dce-meta-item dce-meta-546d9cf dce-meta-date elementor-repeater-item-546d9cf\">22\/07\/2026<\/div><\/div><\/div><div class=\"dce-item dce-item_token elementor-repeater-item-2eeb17e\"><i class=\"far fa-clock\"><\/i><span>17:00<\/span><\/div><div class=\"dce-item dce-item_image elementor-repeater-item-bcc25aa\"><a class=\"dce-post-image\" href=\"https:\/\/www.kilowattfestival.it\/en\/contenuto\/spin-kwt2026-performance-digitale\/\"><figure data-image-ratio=\"0.6\" class=\"dce-img\"><img loading=\"lazy\" decoding=\"async\" width=\"768\" height=\"512\" src=\"https:\/\/www.kilowattfestival.it\/wp-content\/uploads\/2026\/05\/SPIN_Noemi-Vasileiadou_KWT26-768x512.jpg\" class=\"\" alt=\"Spin\" srcset=\"https:\/\/www.kilowattfestival.it\/wp-content\/uploads\/2026\/05\/SPIN_Noemi-Vasileiadou_KWT26-768x512.jpg 768w, https:\/\/www.kilowattfestival.it\/wp-content\/uploads\/2026\/05\/SPIN_Noemi-Vasileiadou_KWT26-300x200.jpg 300w, https:\/\/www.kilowattfestival.it\/wp-content\/uploads\/2026\/05\/SPIN_Noemi-Vasileiadou_KWT26-1536x1024.jpg 1536w, https:\/\/www.kilowattfestival.it\/wp-content\/uploads\/2026\/05\/SPIN_Noemi-Vasileiadou_KWT26.jpg 1620w\" sizes=\"(max-width: 768px) 100vw, 768px\" \/><\/figure><\/a><\/div><div class=\"dce-item dce-item_custommeta elementor-repeater-item-aa91113\"><div class=\"dce-post-custommeta dce-post-custommeta dce-post-custommeta dce-post-custommeta dce-post-custommeta dce-post-custommeta dce-post-custommeta dce-post-custommeta dce-post-custommeta dce-post-custommeta dce-post-custommeta dce-post-custommeta dce-post-custommeta dce-post-custommeta\"><div class=\"dce-meta-item dce-meta-546d9cf dce-meta-date elementor-repeater-item-546d9cf dce-meta-item dce-meta-aa91113 dce-meta-text elementor-repeater-item-aa91113\"><div>Noemi Vasileiadou (GR)<\/div><\/div><\/div><\/div><div class=\"dce-item dce-item_title elementor-repeater-item-a773ffa\"><h3 class=\"dce-post-title\">Spin<\/h3><\/div><div class=\"dce-item dce-item_termstaxonomy elementor-repeater-item-76b0ed9\"><div class=\"dce-post-terms\"><ul class=\"dce-terms-list dce-taxonomy-capotravetags_libere\"><li class=\"dce-term-item\"><span class=\"dce-term dce-term-103\" data-dce-order=\"\">Digital Performance<\/span><\/li><\/ul><\/div><\/div><div class=\"dce-item dce-item_token elementor-repeater-item-deb9021\"><i class=\"fa fa-stopwatch\"><\/i>&nbsp; <span>running time: 50&#039;<\/span><\/div><div class=\"dce-item dce-item_token elementor-repeater-item-1b0d7c2\"><i class=\"fa fa-map-marker-alt\"><\/i>&nbsp; <span>Auditorium di Santa Chiara<\/span><\/div><div class=\"dce-item dce-item_token elementor-repeater-item-bdde9fe\"><div class=\"eve-meta-ingresso\"><i class=\"fa fa-ticket-alt\"><\/i>&nbsp;<span> 5&nbsp;\u20ac<\/span><\/div><\/div>\t\t\t<\/div>\n\t\t<\/article>\n\t\t\n\t\t<article class=\"post-63425 contenuto type-contenuto status-publish has-post-thumbnail hentry capotravecategorie-festival-en capotravetags-events capotravetags-festival-events-2026 capotravetags_libere-digital-performance capotravetags_libere-replica-en dce-post dce-post-item dce-item-grid\" data-dce-post-id=\"63425\" data-dce-post-index=\"7\" data-post-link=\"https:\/\/www.kilowattfestival.it\/en\/contenuto\/the-garden-says-kwt2026-performance-digitale-2\/\">\n\t\t\t<div class=\"dce-post-block elementor-animation-float\">\n\t\t<div class=\"dce-item dce-item_custommeta elementor-repeater-item-546d9cf\"><div class=\"dce-post-custommeta dce-post-custommeta dce-post-custommeta dce-post-custommeta dce-post-custommeta dce-post-custommeta dce-post-custommeta dce-post-custommeta dce-post-custommeta dce-post-custommeta dce-post-custommeta dce-post-custommeta dce-post-custommeta dce-post-custommeta dce-post-custommeta\"><div class=\"dce-meta-item dce-meta-546d9cf dce-meta-date elementor-repeater-item-546d9cf\">22\/07\/2026<\/div><\/div><\/div><div class=\"dce-item dce-item_token elementor-repeater-item-2eeb17e\"><i class=\"far fa-clock\"><\/i><span>17:00 - 21:00<\/span><\/div><div class=\"dce-item dce-item_image elementor-repeater-item-bcc25aa\"><a class=\"dce-post-image\" href=\"https:\/\/www.kilowattfestival.it\/en\/contenuto\/the-garden-says-kwt2026-performance-digitale-2\/\"><figure data-image-ratio=\"0.6\" class=\"dce-img\"><img loading=\"lazy\" decoding=\"async\" width=\"768\" height=\"512\" src=\"https:\/\/www.kilowattfestival.it\/wp-content\/uploads\/2026\/05\/THE_GARDEN_SAYS_ArtOfListening_KWT26-768x512.jpg\" class=\"\" alt=\"The Garden Says\" srcset=\"https:\/\/www.kilowattfestival.it\/wp-content\/uploads\/2026\/05\/THE_GARDEN_SAYS_ArtOfListening_KWT26-768x512.jpg 768w, https:\/\/www.kilowattfestival.it\/wp-content\/uploads\/2026\/05\/THE_GARDEN_SAYS_ArtOfListening_KWT26-300x200.jpg 300w, https:\/\/www.kilowattfestival.it\/wp-content\/uploads\/2026\/05\/THE_GARDEN_SAYS_ArtOfListening_KWT26-1536x1024.jpg 1536w, https:\/\/www.kilowattfestival.it\/wp-content\/uploads\/2026\/05\/THE_GARDEN_SAYS_ArtOfListening_KWT26.jpg 1620w\" sizes=\"(max-width: 768px) 100vw, 768px\" \/><\/figure><\/a><\/div><div class=\"dce-item dce-item_custommeta elementor-repeater-item-aa91113\"><div class=\"dce-post-custommeta dce-post-custommeta dce-post-custommeta dce-post-custommeta dce-post-custommeta dce-post-custommeta dce-post-custommeta dce-post-custommeta dce-post-custommeta dce-post-custommeta dce-post-custommeta dce-post-custommeta dce-post-custommeta dce-post-custommeta dce-post-custommeta dce-post-custommeta\"><div class=\"dce-meta-item dce-meta-546d9cf dce-meta-date elementor-repeater-item-546d9cf dce-meta-item dce-meta-aa91113 dce-meta-text elementor-repeater-item-aa91113\"><div>Liv Vesterskov - Art of Listening - TinDrum (SE)<\/div><\/div><\/div><\/div><div class=\"dce-item dce-item_title elementor-repeater-item-a773ffa\"><h3 class=\"dce-post-title\">The Garden Says<\/h3><\/div><div class=\"dce-item dce-item_termstaxonomy elementor-repeater-item-76b0ed9\"><div class=\"dce-post-terms\"><ul class=\"dce-terms-list dce-taxonomy-capotravetags_libere\"><li class=\"dce-term-item\"><span class=\"dce-term dce-term-103\" data-dce-order=\"\">Digital Performance<\/span><\/li><li class=\"dce-term-item\"><span class=\"dce-separator\">\/<\/span><span class=\"dce-term dce-term-84\" data-dce-order=\"\">Repeat performance<\/span><\/li><\/ul><\/div><\/div><div class=\"dce-item dce-item_token elementor-repeater-item-deb9021\"><i class=\"fa fa-stopwatch\"><\/i>&nbsp; <span>running time: 30&#039;<\/span><\/div><div class=\"dce-item dce-item_token elementor-repeater-item-1b0d7c2\"><i class=\"fa fa-map-marker-alt\"><\/i>&nbsp; <span>CasermArcheologica<\/span><\/div><div class=\"dce-item dce-item_token elementor-repeater-item-bdde9fe\"><div class=\"eve-meta-ingresso\"><i class=\"fa fa-ticket-alt\"><\/i>&nbsp;<span> 5&nbsp;\u20ac<\/span><\/div><\/div>\t\t\t<\/div>\n\t\t<\/article>\n\t\t\n\t\t<article class=\"post-63420 contenuto type-contenuto status-publish has-post-thumbnail hentry capotravecategorie-festival-en capotravetags-events capotravetags-festival-events-2026 capotravetags_libere-digital-installation capotravetags_libere-replica-en dce-post dce-post-item dce-item-grid\" data-dce-post-id=\"63420\" data-dce-post-index=\"8\" data-post-link=\"https:\/\/www.kilowattfestival.it\/en\/contenuto\/sky-without-space-kwt2026-installazione-digitale-2\/\">\n\t\t\t<div class=\"dce-post-block elementor-animation-float\">\n\t\t<div class=\"dce-item dce-item_custommeta elementor-repeater-item-546d9cf\"><div class=\"dce-post-custommeta dce-post-custommeta dce-post-custommeta dce-post-custommeta dce-post-custommeta dce-post-custommeta dce-post-custommeta dce-post-custommeta dce-post-custommeta dce-post-custommeta dce-post-custommeta dce-post-custommeta dce-post-custommeta dce-post-custommeta dce-post-custommeta dce-post-custommeta dce-post-custommeta\"><div class=\"dce-meta-item dce-meta-546d9cf dce-meta-date elementor-repeater-item-546d9cf\">22\/07\/2026<\/div><\/div><\/div><div class=\"dce-item dce-item_token elementor-repeater-item-2eeb17e\"><i class=\"far fa-clock\"><\/i><span>17:00 - 21:00<\/span><\/div><div class=\"dce-item dce-item_image elementor-repeater-item-bcc25aa\"><a class=\"dce-post-image\" href=\"https:\/\/www.kilowattfestival.it\/en\/contenuto\/sky-without-space-kwt2026-installazione-digitale-2\/\"><figure data-image-ratio=\"0.6\" class=\"dce-img\"><img loading=\"lazy\" decoding=\"async\" width=\"768\" height=\"497\" src=\"https:\/\/www.kilowattfestival.it\/wp-content\/uploads\/2026\/05\/SKY_WITHOUT_SPACE_WhiteBalance_KWT26-768x497.jpg\" class=\"\" alt=\"Sky Without Space\" srcset=\"https:\/\/www.kilowattfestival.it\/wp-content\/uploads\/2026\/05\/SKY_WITHOUT_SPACE_WhiteBalance_KWT26-768x497.jpg 768w, https:\/\/www.kilowattfestival.it\/wp-content\/uploads\/2026\/05\/SKY_WITHOUT_SPACE_WhiteBalance_KWT26-300x194.jpg 300w, https:\/\/www.kilowattfestival.it\/wp-content\/uploads\/2026\/05\/SKY_WITHOUT_SPACE_WhiteBalance_KWT26-1536x994.jpg 1536w, https:\/\/www.kilowattfestival.it\/wp-content\/uploads\/2026\/05\/SKY_WITHOUT_SPACE_WhiteBalance_KWT26.jpg 1669w\" sizes=\"(max-width: 768px) 100vw, 768px\" \/><\/figure><\/a><\/div><div class=\"dce-item dce-item_custommeta elementor-repeater-item-aa91113\"><div class=\"dce-post-custommeta dce-post-custommeta dce-post-custommeta dce-post-custommeta dce-post-custommeta dce-post-custommeta dce-post-custommeta dce-post-custommeta dce-post-custommeta dce-post-custommeta dce-post-custommeta dce-post-custommeta dce-post-custommeta dce-post-custommeta dce-post-custommeta dce-post-custommeta dce-post-custommeta dce-post-custommeta\"><div class=\"dce-meta-item dce-meta-546d9cf dce-meta-date elementor-repeater-item-546d9cf dce-meta-item dce-meta-aa91113 dce-meta-text elementor-repeater-item-aa91113\"><div>Jasna Hribernik - Zala Lia Len\u00e1rdi\u010d - Toma\u017e \u0160imnovec (SI)<\/div><\/div><\/div><\/div><div class=\"dce-item dce-item_title elementor-repeater-item-a773ffa\"><h3 class=\"dce-post-title\">Sky Without Space<\/h3><\/div><div class=\"dce-item dce-item_termstaxonomy elementor-repeater-item-76b0ed9\"><div class=\"dce-post-terms\"><ul class=\"dce-terms-list dce-taxonomy-capotravetags_libere\"><li class=\"dce-term-item\"><span class=\"dce-term dce-term-144\" data-dce-order=\"\">Digital installation<\/span><\/li><li class=\"dce-term-item\"><span class=\"dce-separator\">\/<\/span><span class=\"dce-term dce-term-84\" data-dce-order=\"\">Repeat performance<\/span><\/li><\/ul><\/div><\/div><div class=\"dce-item dce-item_token elementor-repeater-item-deb9021\"><i class=\"fa fa-stopwatch\"><\/i>&nbsp; <span>running time: 30&#039;<\/span><\/div><div class=\"dce-item dce-item_token elementor-repeater-item-1b0d7c2\"><i class=\"fa fa-map-marker-alt\"><\/i>&nbsp; <span>Palazzo Pretorio<\/span><\/div><div class=\"dce-item dce-item_token elementor-repeater-item-bdde9fe\"><div class=\"eve-meta-ingresso\"><i class=\"fa fa-ticket-alt\"><\/i>&nbsp;<span> 5&nbsp;\u20ac<\/span><\/div><\/div>\t\t\t<\/div>\n\t\t<\/article>\n\t\t\n\t\t<article class=\"post-63399 contenuto type-contenuto status-publish has-post-thumbnail hentry capotravecategorie-festival-en capotravetags-events capotravetags-festival-events-2026 capotravetags_libere-urban-dance dce-post dce-post-item dce-item-grid\" data-dce-post-id=\"63399\" data-dce-post-index=\"9\" data-post-link=\"https:\/\/www.kilowattfestival.it\/en\/contenuto\/fuga-bwv-565-kwt2026-danza-urbana\/\">\n\t\t\t<div class=\"dce-post-block elementor-animation-float\">\n\t\t<div class=\"dce-item dce-item_custommeta elementor-repeater-item-546d9cf\"><div class=\"dce-post-custommeta dce-post-custommeta dce-post-custommeta dce-post-custommeta dce-post-custommeta dce-post-custommeta dce-post-custommeta dce-post-custommeta dce-post-custommeta dce-post-custommeta dce-post-custommeta dce-post-custommeta dce-post-custommeta dce-post-custommeta dce-post-custommeta dce-post-custommeta dce-post-custommeta dce-post-custommeta dce-post-custommeta\"><div class=\"dce-meta-item dce-meta-546d9cf dce-meta-date elementor-repeater-item-546d9cf\">22\/07\/2026<\/div><\/div><\/div><div class=\"dce-item dce-item_token elementor-repeater-item-2eeb17e\"><i class=\"far fa-clock\"><\/i><span>18:10<\/span><\/div><div class=\"dce-item dce-item_image elementor-repeater-item-bcc25aa\"><a class=\"dce-post-image\" href=\"https:\/\/www.kilowattfestival.it\/en\/contenuto\/fuga-bwv-565-kwt2026-danza-urbana\/\"><figure data-image-ratio=\"0.6\" class=\"dce-img\"><img loading=\"lazy\" decoding=\"async\" width=\"768\" height=\"576\" src=\"https:\/\/www.kilowattfestival.it\/wp-content\/uploads\/2026\/05\/FUGA_PalermoPetrosino_KWT26-768x576.jpg\" class=\"\" alt=\"Fuga BWV 565\" srcset=\"https:\/\/www.kilowattfestival.it\/wp-content\/uploads\/2026\/05\/FUGA_PalermoPetrosino_KWT26-768x576.jpg 768w, https:\/\/www.kilowattfestival.it\/wp-content\/uploads\/2026\/05\/FUGA_PalermoPetrosino_KWT26-300x225.jpg 300w, https:\/\/www.kilowattfestival.it\/wp-content\/uploads\/2026\/05\/FUGA_PalermoPetrosino_KWT26.jpg 1440w\" sizes=\"(max-width: 768px) 100vw, 768px\" \/><\/figure><\/a><\/div><div class=\"dce-item dce-item_custommeta elementor-repeater-item-aa91113\"><div class=\"dce-post-custommeta dce-post-custommeta dce-post-custommeta dce-post-custommeta dce-post-custommeta dce-post-custommeta dce-post-custommeta dce-post-custommeta dce-post-custommeta dce-post-custommeta dce-post-custommeta dce-post-custommeta dce-post-custommeta dce-post-custommeta dce-post-custommeta dce-post-custommeta dce-post-custommeta dce-post-custommeta dce-post-custommeta dce-post-custommeta\"><div class=\"dce-meta-item dce-meta-546d9cf dce-meta-date elementor-repeater-item-546d9cf dce-meta-item dce-meta-aa91113 dce-meta-text elementor-repeater-item-aa91113\"><div>Gaetano Palermo - Michele Petrosino<\/div><\/div><\/div><\/div><div class=\"dce-item dce-item_title elementor-repeater-item-a773ffa\"><h3 class=\"dce-post-title\">Fuga BWV 565<\/h3><\/div><div class=\"dce-item dce-item_termstaxonomy elementor-repeater-item-76b0ed9\"><div class=\"dce-post-terms\"><ul class=\"dce-terms-list dce-taxonomy-capotravetags_libere\"><li class=\"dce-term-item\"><span class=\"dce-term dce-term-100\" data-dce-order=\"\">Urban Dance<\/span><\/li><\/ul><\/div><\/div><div class=\"dce-item dce-item_token elementor-repeater-item-deb9021\"><i class=\"fa fa-stopwatch\"><\/i>&nbsp; <span>running time: 25&#039;<\/span><\/div><div class=\"dce-item dce-item_token elementor-repeater-item-1b0d7c2\"><i class=\"fa fa-map-marker-alt\"><\/i>&nbsp; <span>Piazza Torre di Berta<\/span><\/div><div class=\"dce-item dce-item_token elementor-repeater-item-bdde9fe\"><div class=\"eve-meta-ingresso\"><i class=\"fa fa-ticket-alt\"><\/i>&nbsp;<span> 10&nbsp;\u20ac&nbsp;full \/ 8&nbsp;\u20ac&nbsp;reduced<\/span><\/div><\/div>\t\t\t<\/div>\n\t\t<\/article>\n\t\t\n\t\t<article class=\"post-63398 contenuto type-contenuto status-publish has-post-thumbnail hentry capotravecategorie-festival-en capotravetags-events capotravetags-festival-events-2026 capotravetags_libere-digital-performance capotravetags_libere-replica-en dce-post dce-post-item dce-item-grid\" data-dce-post-id=\"63398\" data-dce-post-index=\"10\" data-post-link=\"https:\/\/www.kilowattfestival.it\/en\/contenuto\/spooky-internet-storie-per-non-dormire-buonanotte-kwt2026-performance-digitale-2\/\">\n\t\t\t<div class=\"dce-post-block elementor-animation-float\">\n\t\t<div class=\"dce-item dce-item_custommeta elementor-repeater-item-546d9cf\"><div class=\"dce-post-custommeta dce-post-custommeta dce-post-custommeta dce-post-custommeta dce-post-custommeta dce-post-custommeta dce-post-custommeta dce-post-custommeta dce-post-custommeta dce-post-custommeta dce-post-custommeta dce-post-custommeta dce-post-custommeta dce-post-custommeta dce-post-custommeta dce-post-custommeta dce-post-custommeta dce-post-custommeta dce-post-custommeta dce-post-custommeta dce-post-custommeta\"><div class=\"dce-meta-item dce-meta-546d9cf dce-meta-date elementor-repeater-item-546d9cf\">22\/07\/2026<\/div><\/div><\/div><div class=\"dce-item dce-item_token elementor-repeater-item-2eeb17e\"><i class=\"far fa-clock\"><\/i><span>18:15, 19:15<\/span><\/div><div class=\"dce-item dce-item_image elementor-repeater-item-bcc25aa\"><a class=\"dce-post-image\" href=\"https:\/\/www.kilowattfestival.it\/en\/contenuto\/spooky-internet-storie-per-non-dormire-buonanotte-kwt2026-performance-digitale-2\/\"><figure data-image-ratio=\"0.6\" class=\"dce-img\"><img loading=\"lazy\" decoding=\"async\" width=\"768\" height=\"768\" src=\"https:\/\/www.kilowattfestival.it\/wp-content\/uploads\/2026\/05\/Spooky_Internet_Stories_MaraOscarCassiani_KWT26-768x768.jpg\" class=\"\" alt=\"SPOOKY INTERNET STORIE per non dormire. Buonanotte.\" srcset=\"https:\/\/www.kilowattfestival.it\/wp-content\/uploads\/2026\/05\/Spooky_Internet_Stories_MaraOscarCassiani_KWT26-768x768.jpg 768w, https:\/\/www.kilowattfestival.it\/wp-content\/uploads\/2026\/05\/Spooky_Internet_Stories_MaraOscarCassiani_KWT26-300x300.jpg 300w, https:\/\/www.kilowattfestival.it\/wp-content\/uploads\/2026\/05\/Spooky_Internet_Stories_MaraOscarCassiani_KWT26.jpg 1024w\" sizes=\"(max-width: 768px) 100vw, 768px\" \/><\/figure><\/a><\/div><div class=\"dce-item dce-item_custommeta elementor-repeater-item-aa91113\"><div class=\"dce-post-custommeta dce-post-custommeta dce-post-custommeta dce-post-custommeta dce-post-custommeta dce-post-custommeta dce-post-custommeta dce-post-custommeta dce-post-custommeta dce-post-custommeta dce-post-custommeta dce-post-custommeta dce-post-custommeta dce-post-custommeta dce-post-custommeta dce-post-custommeta dce-post-custommeta dce-post-custommeta dce-post-custommeta dce-post-custommeta dce-post-custommeta dce-post-custommeta\"><div class=\"dce-meta-item dce-meta-546d9cf dce-meta-date elementor-repeater-item-546d9cf dce-meta-item dce-meta-aa91113 dce-meta-text elementor-repeater-item-aa91113\"><div>Mara Oscar Cassiani<\/div><\/div><\/div><\/div><div class=\"dce-item dce-item_title elementor-repeater-item-a773ffa\"><h3 class=\"dce-post-title\">SPOOKY INTERNET STORIE per non dormire. Buonanotte.<\/h3><\/div><div class=\"dce-item dce-item_termstaxonomy elementor-repeater-item-76b0ed9\"><div class=\"dce-post-terms\"><ul class=\"dce-terms-list dce-taxonomy-capotravetags_libere\"><li class=\"dce-term-item\"><span class=\"dce-term dce-term-103\" data-dce-order=\"\">Digital Performance<\/span><\/li><li class=\"dce-term-item\"><span class=\"dce-separator\">\/<\/span><span class=\"dce-term dce-term-84\" data-dce-order=\"\">Repeat performance<\/span><\/li><\/ul><\/div><\/div><div class=\"dce-item dce-item_token elementor-repeater-item-deb9021\"><i class=\"fa fa-stopwatch\"><\/i>&nbsp; <span>running time: 30&#039;<\/span><\/div><div class=\"dce-item dce-item_token elementor-repeater-item-1b0d7c2\"><i class=\"fa fa-map-marker-alt\"><\/i>&nbsp; <span>Oratorio di Santa Maria delle Grazie<\/span><\/div><div class=\"dce-item dce-item_token elementor-repeater-item-bdde9fe\"><div class=\"eve-meta-ingresso\"><i class=\"fa fa-ticket-alt\"><\/i>&nbsp;<span> 5&nbsp;\u20ac<\/span><\/div><\/div>\t\t\t<\/div>\n\t\t<\/article>\n\t\t\n\t\t<article class=\"post-63310 contenuto type-contenuto status-publish has-post-thumbnail hentry capotravecategorie-festival-en capotravetags-events capotravetags-festival-events-2026 capotravetags_libere-music dce-post dce-post-item dce-item-grid\" data-dce-post-id=\"63310\" data-dce-post-index=\"11\" data-post-link=\"https:\/\/www.kilowattfestival.it\/en\/contenuto\/matteo-addabbo-organ-trio-in-concerto-jazz-kwt2026-musica\/\">\n\t\t\t<div class=\"dce-post-block elementor-animation-float\">\n\t\t<div class=\"dce-item dce-item_custommeta elementor-repeater-item-546d9cf\"><div class=\"dce-post-custommeta dce-post-custommeta dce-post-custommeta dce-post-custommeta dce-post-custommeta dce-post-custommeta dce-post-custommeta dce-post-custommeta dce-post-custommeta dce-post-custommeta dce-post-custommeta dce-post-custommeta dce-post-custommeta dce-post-custommeta dce-post-custommeta dce-post-custommeta dce-post-custommeta dce-post-custommeta dce-post-custommeta dce-post-custommeta dce-post-custommeta dce-post-custommeta dce-post-custommeta\"><div class=\"dce-meta-item dce-meta-546d9cf dce-meta-date elementor-repeater-item-546d9cf\">22\/07\/2026<\/div><\/div><\/div><div class=\"dce-item dce-item_token elementor-repeater-item-2eeb17e\"><i class=\"far fa-clock\"><\/i><span>19:00<\/span><\/div><div class=\"dce-item dce-item_image elementor-repeater-item-bcc25aa\"><a class=\"dce-post-image\" href=\"https:\/\/www.kilowattfestival.it\/en\/contenuto\/matteo-addabbo-organ-trio-in-concerto-jazz-kwt2026-musica\/\"><figure data-image-ratio=\"0.6\" class=\"dce-img\"><img loading=\"lazy\" decoding=\"async\" width=\"768\" height=\"512\" src=\"https:\/\/www.kilowattfestival.it\/wp-content\/uploads\/2026\/05\/MUSICA-Concerti_MATTEOADDABBO_KWT26-768x512.jpg\" class=\"\" alt=\"Matteo Addabbo Organ Trio in concert (jazz)\" srcset=\"https:\/\/www.kilowattfestival.it\/wp-content\/uploads\/2026\/05\/MUSICA-Concerti_MATTEOADDABBO_KWT26-768x512.jpg 768w, https:\/\/www.kilowattfestival.it\/wp-content\/uploads\/2026\/05\/MUSICA-Concerti_MATTEOADDABBO_KWT26-300x200.jpg 300w, https:\/\/www.kilowattfestival.it\/wp-content\/uploads\/2026\/05\/MUSICA-Concerti_MATTEOADDABBO_KWT26.jpg 1200w\" sizes=\"(max-width: 768px) 100vw, 768px\" \/><\/figure><\/a><\/div><div class=\"dce-item dce-item_custommeta elementor-repeater-item-aa91113\"><div class=\"dce-post-custommeta dce-post-custommeta dce-post-custommeta dce-post-custommeta dce-post-custommeta dce-post-custommeta dce-post-custommeta dce-post-custommeta dce-post-custommeta dce-post-custommeta dce-post-custommeta dce-post-custommeta dce-post-custommeta dce-post-custommeta dce-post-custommeta dce-post-custommeta dce-post-custommeta dce-post-custommeta dce-post-custommeta dce-post-custommeta dce-post-custommeta dce-post-custommeta dce-post-custommeta dce-post-custommeta\"><div class=\"dce-meta-item dce-meta-546d9cf dce-meta-date elementor-repeater-item-546d9cf dce-meta-item dce-meta-aa91113 dce-meta-text elementor-repeater-item-aa91113\"><div>Matteo Addabbo Organ Trio<\/div><\/div><\/div><\/div><div class=\"dce-item dce-item_title elementor-repeater-item-a773ffa\"><h3 class=\"dce-post-title\">Matteo Addabbo Organ Trio in concert (jazz)<\/h3><\/div><div class=\"dce-item dce-item_termstaxonomy elementor-repeater-item-76b0ed9\"><div class=\"dce-post-terms\"><ul class=\"dce-terms-list dce-taxonomy-capotravetags_libere\"><li class=\"dce-term-item\"><span class=\"dce-term dce-term-69\" data-dce-order=\"\">Music<\/span><\/li><\/ul><\/div><\/div><div class=\"dce-item dce-item_token elementor-repeater-item-deb9021\"><i class=\"fa fa-stopwatch\"><\/i>&nbsp; <span>running time: 50&#039;<\/span><\/div><div class=\"dce-item dce-item_token elementor-repeater-item-1b0d7c2\"><i class=\"fa fa-map-marker-alt\"><\/i>&nbsp; <span>Giardini di Piero<\/span><\/div><div class=\"dce-item dce-item_token elementor-repeater-item-bdde9fe\"><div class=\"eve-meta-ingresso\"><i class=\"fa fa-ticket-alt\"><\/i>&nbsp;<span> 3&nbsp;\u20ac<\/span><\/div><\/div>\t\t\t<\/div>\n\t\t<\/article>\n\t\t\n\t\t<article class=\"post-63418 contenuto type-contenuto status-publish has-post-thumbnail hentry capotravecategorie-festival-en capotravetags-events capotravetags-festival-events-2026 capotravetags_libere-dance dce-post dce-post-item dce-item-grid\" data-dce-post-id=\"63418\" data-dce-post-index=\"12\" data-post-link=\"https:\/\/www.kilowattfestival.it\/en\/contenuto\/untitled-some-faggy-gestures-kwt2026-danza\/\">\n\t\t\t<div class=\"dce-post-block elementor-animation-float\">\n\t\t<div class=\"dce-item dce-item_custommeta elementor-repeater-item-546d9cf\"><div class=\"dce-post-custommeta dce-post-custommeta dce-post-custommeta dce-post-custommeta dce-post-custommeta dce-post-custommeta dce-post-custommeta dce-post-custommeta dce-post-custommeta dce-post-custommeta dce-post-custommeta dce-post-custommeta dce-post-custommeta dce-post-custommeta dce-post-custommeta dce-post-custommeta dce-post-custommeta dce-post-custommeta dce-post-custommeta dce-post-custommeta dce-post-custommeta dce-post-custommeta dce-post-custommeta dce-post-custommeta dce-post-custommeta\"><div class=\"dce-meta-item dce-meta-546d9cf dce-meta-date elementor-repeater-item-546d9cf\">22\/07\/2026<\/div><\/div><\/div><div class=\"dce-item dce-item_token elementor-repeater-item-2eeb17e\"><i class=\"far fa-clock\"><\/i><span>20:15<\/span><\/div><div class=\"dce-item dce-item_image elementor-repeater-item-bcc25aa\"><a class=\"dce-post-image\" href=\"https:\/\/www.kilowattfestival.it\/en\/contenuto\/untitled-some-faggy-gestures-kwt2026-danza\/\"><figure data-image-ratio=\"0.6\" class=\"dce-img\"><img loading=\"lazy\" decoding=\"async\" width=\"720\" height=\"1080\" src=\"https:\/\/www.kilowattfestival.it\/wp-content\/uploads\/2026\/05\/UNTITLEDSOME-FAGGY-GESTURES_Andrea-Givanovitch_CollectifMeltedMilk_KWT26.jpg\" class=\"\" alt=\"Untitled (some faggy gestures)\" srcset=\"https:\/\/www.kilowattfestival.it\/wp-content\/uploads\/2026\/05\/UNTITLEDSOME-FAGGY-GESTURES_Andrea-Givanovitch_CollectifMeltedMilk_KWT26.jpg 720w, https:\/\/www.kilowattfestival.it\/wp-content\/uploads\/2026\/05\/UNTITLEDSOME-FAGGY-GESTURES_Andrea-Givanovitch_CollectifMeltedMilk_KWT26-300x450.jpg 300w\" sizes=\"(max-width: 720px) 100vw, 720px\" \/><\/figure><\/a><\/div><div class=\"dce-item dce-item_custommeta elementor-repeater-item-aa91113\"><div class=\"dce-post-custommeta dce-post-custommeta dce-post-custommeta dce-post-custommeta dce-post-custommeta dce-post-custommeta dce-post-custommeta dce-post-custommeta dce-post-custommeta dce-post-custommeta dce-post-custommeta dce-post-custommeta dce-post-custommeta dce-post-custommeta dce-post-custommeta dce-post-custommeta dce-post-custommeta dce-post-custommeta dce-post-custommeta dce-post-custommeta dce-post-custommeta dce-post-custommeta dce-post-custommeta dce-post-custommeta dce-post-custommeta dce-post-custommeta\"><div class=\"dce-meta-item dce-meta-546d9cf dce-meta-date elementor-repeater-item-546d9cf dce-meta-item dce-meta-aa91113 dce-meta-text elementor-repeater-item-aa91113\"><div>Collectif Melted Milk \/ Andrea Givanovitch (FR)<\/div><\/div><\/div><\/div><div class=\"dce-item dce-item_title elementor-repeater-item-a773ffa\"><h3 class=\"dce-post-title\">Untitled (some faggy gestures)<\/h3><\/div><div class=\"dce-item dce-item_termstaxonomy elementor-repeater-item-76b0ed9\"><div class=\"dce-post-terms\"><ul class=\"dce-terms-list dce-taxonomy-capotravetags_libere\"><li class=\"dce-term-item\"><span class=\"dce-term dce-term-62\" data-dce-order=\"\">Dance<\/span><\/li><\/ul><\/div><\/div><div class=\"dce-item dce-item_token elementor-repeater-item-deb9021\"><i class=\"fa fa-stopwatch\"><\/i>&nbsp; <span>running time: 35&#039;<\/span><\/div><div class=\"dce-item dce-item_token elementor-repeater-item-1b0d7c2\"><i class=\"fa fa-map-marker-alt\"><\/i>&nbsp; <span>Teatro alla Misericordia<\/span><\/div><div class=\"dce-item dce-item_token elementor-repeater-item-bdde9fe\"><div class=\"eve-meta-ingresso\"><i class=\"fa fa-ticket-alt\"><\/i>&nbsp;<span> 10&nbsp;\u20ac&nbsp;full \/ 8&nbsp;\u20ac&nbsp;reduced<\/span><\/div><\/div>\t\t\t<\/div>\n\t\t<\/article>\n\t\t\n\t\t<article class=\"post-63400 contenuto type-contenuto status-publish has-post-thumbnail hentry capotravecategorie-festival-en capotravetags-events capotravetags-festival-events-2026 capotravetags_libere-digital-performance dce-post dce-post-item dce-item-grid\" data-dce-post-id=\"63400\" data-dce-post-index=\"13\" data-post-link=\"https:\/\/www.kilowattfestival.it\/en\/contenuto\/delos-kwt2026-performance-digitale\/\">\n\t\t\t<div class=\"dce-post-block elementor-animation-float\">\n\t\t<div class=\"dce-item dce-item_custommeta elementor-repeater-item-546d9cf\"><div class=\"dce-post-custommeta dce-post-custommeta dce-post-custommeta dce-post-custommeta dce-post-custommeta dce-post-custommeta dce-post-custommeta dce-post-custommeta dce-post-custommeta dce-post-custommeta dce-post-custommeta dce-post-custommeta dce-post-custommeta dce-post-custommeta dce-post-custommeta dce-post-custommeta dce-post-custommeta dce-post-custommeta dce-post-custommeta dce-post-custommeta dce-post-custommeta dce-post-custommeta dce-post-custommeta dce-post-custommeta dce-post-custommeta dce-post-custommeta dce-post-custommeta\"><div class=\"dce-meta-item dce-meta-546d9cf dce-meta-date elementor-repeater-item-546d9cf\">22\/07\/2026<\/div><\/div><\/div><div class=\"dce-item dce-item_token elementor-repeater-item-2eeb17e\"><i class=\"far fa-clock\"><\/i><span>21:20<\/span><\/div><div class=\"dce-item dce-item_image elementor-repeater-item-bcc25aa\"><a class=\"dce-post-image\" href=\"https:\/\/www.kilowattfestival.it\/en\/contenuto\/delos-kwt2026-performance-digitale\/\"><figure data-image-ratio=\"0.6\" class=\"dce-img\"><img loading=\"lazy\" decoding=\"async\" width=\"720\" height=\"1080\" src=\"https:\/\/www.kilowattfestival.it\/wp-content\/uploads\/2026\/05\/DELOS_ChristinaChatzimichailidou_KWT26.jpg\" class=\"\" alt=\"Delos\" srcset=\"https:\/\/www.kilowattfestival.it\/wp-content\/uploads\/2026\/05\/DELOS_ChristinaChatzimichailidou_KWT26.jpg 720w, https:\/\/www.kilowattfestival.it\/wp-content\/uploads\/2026\/05\/DELOS_ChristinaChatzimichailidou_KWT26-300x450.jpg 300w\" sizes=\"(max-width: 720px) 100vw, 720px\" \/><\/figure><\/a><\/div><div class=\"dce-item dce-item_custommeta elementor-repeater-item-aa91113\"><div class=\"dce-post-custommeta dce-post-custommeta dce-post-custommeta dce-post-custommeta dce-post-custommeta dce-post-custommeta dce-post-custommeta dce-post-custommeta dce-post-custommeta dce-post-custommeta dce-post-custommeta dce-post-custommeta dce-post-custommeta dce-post-custommeta dce-post-custommeta dce-post-custommeta dce-post-custommeta dce-post-custommeta dce-post-custommeta dce-post-custommeta dce-post-custommeta dce-post-custommeta dce-post-custommeta dce-post-custommeta dce-post-custommeta dce-post-custommeta dce-post-custommeta dce-post-custommeta\"><div class=\"dce-meta-item dce-meta-546d9cf dce-meta-date elementor-repeater-item-546d9cf dce-meta-item dce-meta-aa91113 dce-meta-text elementor-repeater-item-aa91113\"><div>Christina Chatzimichailidou (GR)<\/div><\/div><\/div><\/div><div class=\"dce-item dce-item_title elementor-repeater-item-a773ffa\"><h3 class=\"dce-post-title\">Delos<\/h3><\/div><div class=\"dce-item dce-item_termstaxonomy elementor-repeater-item-76b0ed9\"><div class=\"dce-post-terms\"><ul class=\"dce-terms-list dce-taxonomy-capotravetags_libere\"><li class=\"dce-term-item\"><span class=\"dce-term dce-term-103\" data-dce-order=\"\">Digital Performance<\/span><\/li><\/ul><\/div><\/div><div class=\"dce-item dce-item_token elementor-repeater-item-deb9021\"><i class=\"fa fa-stopwatch\"><\/i>&nbsp; <span>running time: 30&#039;<\/span><\/div><div class=\"dce-item dce-item_token elementor-repeater-item-1b0d7c2\"><i class=\"fa fa-map-marker-alt\"><\/i>&nbsp; <span>Chiostro di San Francesco<\/span><\/div><div class=\"dce-item dce-item_token elementor-repeater-item-bdde9fe\"><div class=\"eve-meta-ingresso\"><i class=\"fa fa-ticket-alt\"><\/i>&nbsp;<span> 5&nbsp;\u20ac<\/span><\/div><\/div>\t\t\t<\/div>\n\t\t<\/article>\n\t\t\n\t\t<article class=\"post-62335 contenuto type-contenuto status-publish has-post-thumbnail hentry capotravecategorie-festival capotravetags-festival-eventi capotravetags-festival-eventi-2026 capotravetags_libere-performance-digitale capotravetags_libere-replica dce-post dce-post-item dce-item-grid\" data-dce-post-id=\"62335\" data-dce-post-index=\"14\" data-post-link=\"https:\/\/www.kilowattfestival.it\/contenuto\/reawakening-the-dark-kwt2026-performance-digitale-2\/\">\n\t\t\t<div class=\"dce-post-block elementor-animation-float\">\n\t\t<div class=\"dce-item dce-item_custommeta elementor-repeater-item-546d9cf\"><div class=\"dce-post-custommeta dce-post-custommeta dce-post-custommeta dce-post-custommeta dce-post-custommeta dce-post-custommeta dce-post-custommeta dce-post-custommeta dce-post-custommeta dce-post-custommeta dce-post-custommeta dce-post-custommeta dce-post-custommeta dce-post-custommeta dce-post-custommeta dce-post-custommeta dce-post-custommeta dce-post-custommeta dce-post-custommeta dce-post-custommeta dce-post-custommeta dce-post-custommeta dce-post-custommeta dce-post-custommeta dce-post-custommeta dce-post-custommeta dce-post-custommeta dce-post-custommeta dce-post-custommeta\"><div class=\"dce-meta-item dce-meta-546d9cf dce-meta-date elementor-repeater-item-546d9cf\">22\/07\/2026<\/div><\/div><\/div><div class=\"dce-item dce-item_token elementor-repeater-item-2eeb17e\"><i class=\"far fa-clock\"><\/i><span>21:30, 22:00, 22:40<\/span><\/div><div class=\"dce-item dce-item_image elementor-repeater-item-bcc25aa\"><a class=\"dce-post-image\" href=\"https:\/\/www.kilowattfestival.it\/contenuto\/reawakening-the-dark-kwt2026-performance-digitale-2\/\"><figure data-image-ratio=\"0.6\" class=\"dce-img\"><img loading=\"lazy\" decoding=\"async\" width=\"768\" height=\"432\" src=\"https:\/\/www.kilowattfestival.it\/wp-content\/uploads\/2026\/05\/Reawakening-the-Dark-Kevin-Trappeniers_KWT26_v2-768x432.jpg\" class=\"\" alt=\"Reawakening the Dark\" srcset=\"https:\/\/www.kilowattfestival.it\/wp-content\/uploads\/2026\/05\/Reawakening-the-Dark-Kevin-Trappeniers_KWT26_v2-768x432.jpg 768w, https:\/\/www.kilowattfestival.it\/wp-content\/uploads\/2026\/05\/Reawakening-the-Dark-Kevin-Trappeniers_KWT26_v2-300x169.jpg 300w, https:\/\/www.kilowattfestival.it\/wp-content\/uploads\/2026\/05\/Reawakening-the-Dark-Kevin-Trappeniers_KWT26_v2-1536x864.jpg 1536w, https:\/\/www.kilowattfestival.it\/wp-content\/uploads\/2026\/05\/Reawakening-the-Dark-Kevin-Trappeniers_KWT26_v2.jpg 1920w\" sizes=\"(max-width: 768px) 100vw, 768px\" \/><\/figure><\/a><\/div><div class=\"dce-item dce-item_custommeta elementor-repeater-item-aa91113\"><div class=\"dce-post-custommeta dce-post-custommeta dce-post-custommeta dce-post-custommeta dce-post-custommeta dce-post-custommeta dce-post-custommeta dce-post-custommeta dce-post-custommeta dce-post-custommeta dce-post-custommeta dce-post-custommeta dce-post-custommeta dce-post-custommeta dce-post-custommeta dce-post-custommeta dce-post-custommeta dce-post-custommeta dce-post-custommeta dce-post-custommeta dce-post-custommeta dce-post-custommeta dce-post-custommeta dce-post-custommeta dce-post-custommeta dce-post-custommeta dce-post-custommeta dce-post-custommeta dce-post-custommeta dce-post-custommeta\"><div class=\"dce-meta-item dce-meta-546d9cf dce-meta-date elementor-repeater-item-546d9cf dce-meta-item dce-meta-aa91113 dce-meta-text elementor-repeater-item-aa91113\"><div>Kevin Trappeniers (BE)<\/div><\/div><\/div><\/div><div class=\"dce-item dce-item_title elementor-repeater-item-a773ffa\"><h3 class=\"dce-post-title\">Reawakening the Dark<\/h3><\/div><div class=\"dce-item dce-item_termstaxonomy elementor-repeater-item-76b0ed9\"><div class=\"dce-post-terms\"><ul class=\"dce-terms-list dce-taxonomy-capotravetags_libere\"><li class=\"dce-term-item\"><span class=\"dce-term dce-term-94\" data-dce-order=\"\">Performance digitale<\/span><\/li><li class=\"dce-term-item\"><span class=\"dce-separator\">\/<\/span><span class=\"dce-term dce-term-83\" data-dce-order=\"\">Replica<\/span><\/li><\/ul><\/div><\/div><div class=\"dce-item dce-item_token elementor-repeater-item-deb9021\"><i class=\"fa fa-stopwatch\"><\/i>&nbsp; <span>running time: 20&#039;<\/span><\/div><div class=\"dce-item dce-item_token elementor-repeater-item-1b0d7c2\"><i class=\"fa fa-map-marker-alt\"><\/i>&nbsp; <span>Giardino del Teatro alla Misericordia<\/span><\/div><div class=\"dce-item dce-item_token elementor-repeater-item-bdde9fe\"><div class=\"eve-meta-ingresso\"><i class=\"fa fa-ticket-alt\"><\/i>&nbsp;<span> 5&nbsp;\u20ac<\/span><\/div><\/div>\t\t\t<\/div>\n\t\t<\/article>\n\t\t\n\t\t<article class=\"post-63396 contenuto type-contenuto status-publish has-post-thumbnail hentry capotravecategorie-festival-en capotravetags-events capotravetags-festival-events-2026 capotravetags_libere-theatre dce-post dce-post-item dce-item-grid\" data-dce-post-id=\"63396\" data-dce-post-index=\"15\" data-post-link=\"https:\/\/www.kilowattfestival.it\/en\/contenuto\/flyover-country-kwt2026-teatro\/\">\n\t\t\t<div class=\"dce-post-block elementor-animation-float\">\n\t\t<div class=\"dce-item dce-item_custommeta elementor-repeater-item-546d9cf\"><div class=\"dce-post-custommeta dce-post-custommeta dce-post-custommeta dce-post-custommeta dce-post-custommeta dce-post-custommeta dce-post-custommeta dce-post-custommeta dce-post-custommeta dce-post-custommeta dce-post-custommeta dce-post-custommeta dce-post-custommeta dce-post-custommeta dce-post-custommeta dce-post-custommeta dce-post-custommeta dce-post-custommeta dce-post-custommeta dce-post-custommeta dce-post-custommeta dce-post-custommeta dce-post-custommeta dce-post-custommeta dce-post-custommeta dce-post-custommeta dce-post-custommeta dce-post-custommeta dce-post-custommeta dce-post-custommeta dce-post-custommeta\"><div class=\"dce-meta-item dce-meta-546d9cf dce-meta-date elementor-repeater-item-546d9cf\">22\/07\/2026<\/div><\/div><\/div><div class=\"dce-item dce-item_token elementor-repeater-item-2eeb17e\"><i class=\"far fa-clock\"><\/i><span>22:10<\/span><\/div><div class=\"dce-item dce-item_image elementor-repeater-item-bcc25aa\"><a class=\"dce-post-image\" href=\"https:\/\/www.kilowattfestival.it\/en\/contenuto\/flyover-country-kwt2026-teatro\/\"><figure data-image-ratio=\"0.6\" class=\"dce-img\"><img loading=\"lazy\" decoding=\"async\" width=\"768\" height=\"432\" src=\"https:\/\/www.kilowattfestival.it\/wp-content\/uploads\/2026\/05\/Flyover-Country_KWT26_v2-768x432.jpg\" class=\"\" alt=\"Flyover country\" srcset=\"https:\/\/www.kilowattfestival.it\/wp-content\/uploads\/2026\/05\/Flyover-Country_KWT26_v2-768x432.jpg 768w, https:\/\/www.kilowattfestival.it\/wp-content\/uploads\/2026\/05\/Flyover-Country_KWT26_v2-300x169.jpg 300w, https:\/\/www.kilowattfestival.it\/wp-content\/uploads\/2026\/05\/Flyover-Country_KWT26_v2-1536x864.jpg 1536w, https:\/\/www.kilowattfestival.it\/wp-content\/uploads\/2026\/05\/Flyover-Country_KWT26_v2.jpg 1920w\" sizes=\"(max-width: 768px) 100vw, 768px\" \/><\/figure><\/a><\/div><div class=\"dce-item dce-item_custommeta elementor-repeater-item-aa91113\"><div class=\"dce-post-custommeta dce-post-custommeta dce-post-custommeta dce-post-custommeta dce-post-custommeta dce-post-custommeta dce-post-custommeta dce-post-custommeta dce-post-custommeta dce-post-custommeta dce-post-custommeta dce-post-custommeta dce-post-custommeta dce-post-custommeta dce-post-custommeta dce-post-custommeta dce-post-custommeta dce-post-custommeta dce-post-custommeta dce-post-custommeta dce-post-custommeta dce-post-custommeta dce-post-custommeta dce-post-custommeta dce-post-custommeta dce-post-custommeta dce-post-custommeta dce-post-custommeta dce-post-custommeta dce-post-custommeta dce-post-custommeta dce-post-custommeta\"><div class=\"dce-meta-item dce-meta-546d9cf dce-meta-date elementor-repeater-item-546d9cf dce-meta-item dce-meta-aa91113 dce-meta-text elementor-repeater-item-aa91113\"><div>Evo\u00e8! Teatro - Silvio Peroni <\/div><\/div><\/div><\/div><div class=\"dce-item dce-item_title elementor-repeater-item-a773ffa\"><h3 class=\"dce-post-title\">Flyover country<\/h3><\/div><div class=\"dce-item dce-item_termstaxonomy elementor-repeater-item-76b0ed9\"><div class=\"dce-post-terms\"><ul class=\"dce-terms-list dce-taxonomy-capotravetags_libere\"><li class=\"dce-term-item\"><span class=\"dce-term dce-term-65\" data-dce-order=\"\">Theatre<\/span><\/li><\/ul><\/div><\/div><div class=\"dce-item dce-item_token elementor-repeater-item-deb9021\"><i class=\"fa fa-stopwatch\"><\/i>&nbsp; <span>running time: 75&#039;<\/span><\/div><div class=\"dce-item dce-item_token elementor-repeater-item-1b0d7c2\"><i class=\"fa fa-map-marker-alt\"><\/i>&nbsp; <span>Chiostro di Santa Chiara<\/span><\/div><div class=\"dce-item dce-item_token elementor-repeater-item-bdde9fe\"><div class=\"eve-meta-ingresso\"><i class=\"fa fa-ticket-alt\"><\/i>&nbsp;<span> 10&nbsp;\u20ac&nbsp;full \/ 8&nbsp;\u20ac&nbsp;reduced<\/span><\/div><\/div>\t\t\t<\/div>\n\t\t<\/article>\n\t\t\n\t\t<article class=\"post-63304 contenuto type-contenuto status-publish has-post-thumbnail hentry capotravecategorie-festival-en capotravetags-events capotravetags-festival-events-2026 capotravetags_libere-music dce-post dce-post-item dce-item-grid\" data-dce-post-id=\"63304\" data-dce-post-index=\"16\" data-post-link=\"https:\/\/www.kilowattfestival.it\/en\/contenuto\/dj-set-di-samuel-daze-nicolo-battistoni-deep-house-kwt2026-musica\/\">\n\t\t\t<div class=\"dce-post-block elementor-animation-float\">\n\t\t<div class=\"dce-item dce-item_custommeta elementor-repeater-item-546d9cf\"><div class=\"dce-post-custommeta dce-post-custommeta dce-post-custommeta dce-post-custommeta dce-post-custommeta dce-post-custommeta dce-post-custommeta dce-post-custommeta dce-post-custommeta dce-post-custommeta dce-post-custommeta dce-post-custommeta dce-post-custommeta dce-post-custommeta dce-post-custommeta dce-post-custommeta dce-post-custommeta dce-post-custommeta dce-post-custommeta dce-post-custommeta dce-post-custommeta dce-post-custommeta dce-post-custommeta dce-post-custommeta dce-post-custommeta dce-post-custommeta dce-post-custommeta dce-post-custommeta dce-post-custommeta dce-post-custommeta dce-post-custommeta dce-post-custommeta dce-post-custommeta\"><div class=\"dce-meta-item dce-meta-546d9cf dce-meta-date elementor-repeater-item-546d9cf\">22\/07\/2026<\/div><\/div><\/div><div class=\"dce-item dce-item_token elementor-repeater-item-2eeb17e\"><i class=\"far fa-clock\"><\/i><span>23:00<\/span><\/div><div class=\"dce-item dce-item_image elementor-repeater-item-bcc25aa\"><a class=\"dce-post-image\" href=\"https:\/\/www.kilowattfestival.it\/en\/contenuto\/dj-set-di-samuel-daze-nicolo-battistoni-deep-house-kwt2026-musica\/\"><figure data-image-ratio=\"0.6\" class=\"dce-img\"><img loading=\"lazy\" decoding=\"async\" width=\"768\" height=\"432\" src=\"https:\/\/www.kilowattfestival.it\/wp-content\/uploads\/2026\/05\/MUSICA_Dj-Samuel-Daze-e-Nicolo-Battistoni_KWT26-768x432.jpg\" class=\"\" alt=\"Dj-set by Samuel Daze &#038; Nicol\u00f2 Battistoni (deep house)\" srcset=\"https:\/\/www.kilowattfestival.it\/wp-content\/uploads\/2026\/05\/MUSICA_Dj-Samuel-Daze-e-Nicolo-Battistoni_KWT26-768x432.jpg 768w, https:\/\/www.kilowattfestival.it\/wp-content\/uploads\/2026\/05\/MUSICA_Dj-Samuel-Daze-e-Nicolo-Battistoni_KWT26-300x169.jpg 300w, https:\/\/www.kilowattfestival.it\/wp-content\/uploads\/2026\/05\/MUSICA_Dj-Samuel-Daze-e-Nicolo-Battistoni_KWT26-1536x864.jpg 1536w, https:\/\/www.kilowattfestival.it\/wp-content\/uploads\/2026\/05\/MUSICA_Dj-Samuel-Daze-e-Nicolo-Battistoni_KWT26.jpg 1920w\" sizes=\"(max-width: 768px) 100vw, 768px\" \/><\/figure><\/a><\/div><div class=\"dce-item dce-item_custommeta elementor-repeater-item-aa91113\"><div class=\"dce-post-custommeta dce-post-custommeta dce-post-custommeta dce-post-custommeta dce-post-custommeta dce-post-custommeta dce-post-custommeta dce-post-custommeta dce-post-custommeta dce-post-custommeta dce-post-custommeta dce-post-custommeta dce-post-custommeta dce-post-custommeta dce-post-custommeta dce-post-custommeta dce-post-custommeta dce-post-custommeta dce-post-custommeta dce-post-custommeta dce-post-custommeta dce-post-custommeta dce-post-custommeta dce-post-custommeta dce-post-custommeta dce-post-custommeta dce-post-custommeta dce-post-custommeta dce-post-custommeta dce-post-custommeta dce-post-custommeta dce-post-custommeta dce-post-custommeta dce-post-custommeta\"><div class=\"dce-meta-item dce-meta-546d9cf dce-meta-date elementor-repeater-item-546d9cf dce-meta-item dce-meta-aa91113 dce-meta-text elementor-repeater-item-aa91113\"><div>Daze___<\/div><\/div><\/div><\/div><div class=\"dce-item dce-item_title elementor-repeater-item-a773ffa\"><h3 class=\"dce-post-title\">Dj-set by Samuel Daze &#038; Nicol\u00f2 Battistoni (deep house)<\/h3><\/div><div class=\"dce-item dce-item_termstaxonomy elementor-repeater-item-76b0ed9\"><div class=\"dce-post-terms\"><ul class=\"dce-terms-list dce-taxonomy-capotravetags_libere\"><li class=\"dce-term-item\"><span class=\"dce-term dce-term-69\" data-dce-order=\"\">Music<\/span><\/li><\/ul><\/div><\/div><div class=\"dce-item dce-item_token elementor-repeater-item-deb9021\"><i class=\"fa fa-stopwatch\"><\/i>&nbsp; <span>running time: 120&#039;<\/span><\/div><div class=\"dce-item dce-item_token elementor-repeater-item-1b0d7c2\"><i class=\"fa fa-map-marker-alt\"><\/i>&nbsp; <span>Giardini di Piero<\/span><\/div><div class=\"dce-item dce-item_token elementor-repeater-item-bdde9fe\"><div class=\"eve-meta-ingresso\"><i class=\"fa fa-ticket-alt\"><\/i>&nbsp;<span> 1&nbsp;\u20ac<\/span><\/div><\/div>\t\t\t<\/div>\n\t\t<\/article>\n\t\t\t\t\t<\/div>\n\t\t\t\t\t<\/div>\n\t\t\t\t\t\t<\/div>\n\t\t\t\t<\/div>\n\t\t\t\t<div class=\"elementor-element elementor-element-ac2130e toggle-header elementor-widget elementor-widget-heading\" data-id=\"ac2130e\" data-element_type=\"widget\" data-widget_type=\"heading.default\">\n\t\t\t\t<div class=\"elementor-widget-container\">\n\t\t\t\t\t<div class=\"elementor-heading-title elementor-size-default\"><button><h3><i class=\"fa fa-calendar-day\"><\/i> &nbsp; Thursday, july 23, 2026<\/h3><\/button><\/div>\t\t\t\t<\/div>\n\t\t\t\t<\/div>\n\t\t\t\t<div class=\"elementor-element elementor-element-ffdb379 toggle-content dce-posts-layout-default dce-col-4 dce-col-tablet-3 dce-col-mobile-1 dce-align-left elementor-widget elementor-widget-dce-dynamicposts-v2\" data-id=\"ffdb379\" data-element_type=\"widget\" id=\"giorno-7\" data-settings=\"{&quot;templatemode_linkable&quot;:&quot;yes&quot;,&quot;style_items&quot;:&quot;default&quot;,&quot;grid_grid_type&quot;:&quot;flex&quot;}\" data-widget_type=\"dce-dynamicposts-v2.grid\">\n\t\t\t\t<div class=\"elementor-widget-container\">\n\t\t\t\t\t\n\t\t<div class=\"dce-fix-background-loop dce-posts-container dce-posts dce-dynamic-posts-collection  dce-skin-grid dce-skin-grid-flex\">\n\t\t\t\t\t\t<div class=\"dce-posts-wrapper dce-wrapper-grid\">\n\t\t\t\n\t\t<article class=\"post-63330 contenuto type-contenuto status-publish has-post-thumbnail hentry capotravecategorie-festival-en capotravetags-events capotravetags-festival-events-2026 capotravetags_libere-replica-en capotravetags_libere-workshops dce-post dce-post-item dce-item-grid\" data-dce-post-id=\"63330\" data-dce-post-index=\"0\" data-post-link=\"https:\/\/www.kilowattfestival.it\/en\/contenuto\/una-buona-idea-kwt2026-laboratori-6\/\">\n\t\t\t<div class=\"dce-post-block elementor-animation-float\">\n\t\t<div class=\"dce-item dce-item_custommeta elementor-repeater-item-546d9cf\"><div class=\"dce-post-custommeta\"><div class=\"dce-meta-item dce-meta-546d9cf dce-meta-date elementor-repeater-item-546d9cf\">23\/07\/2026<\/div><\/div><\/div><div class=\"dce-item dce-item_token elementor-repeater-item-2eeb17e\"><i class=\"far fa-clock\"><\/i><span>09:45 - 16:45<\/span><\/div><div class=\"dce-item dce-item_image elementor-repeater-item-bcc25aa\"><a class=\"dce-post-image\" href=\"https:\/\/www.kilowattfestival.it\/en\/contenuto\/una-buona-idea-kwt2026-laboratori-6\/\"><figure data-image-ratio=\"0.6\" class=\"dce-img\"><img loading=\"lazy\" decoding=\"async\" width=\"768\" height=\"512\" src=\"https:\/\/www.kilowattfestival.it\/wp-content\/uploads\/2026\/05\/LAB_ph-Enrico-Baraldi_KWT26-768x512.jpg\" class=\"\" alt=\"Una buona idea\" srcset=\"https:\/\/www.kilowattfestival.it\/wp-content\/uploads\/2026\/05\/LAB_ph-Enrico-Baraldi_KWT26-768x512.jpg 768w, https:\/\/www.kilowattfestival.it\/wp-content\/uploads\/2026\/05\/LAB_ph-Enrico-Baraldi_KWT26-300x200.jpg 300w, https:\/\/www.kilowattfestival.it\/wp-content\/uploads\/2026\/05\/LAB_ph-Enrico-Baraldi_KWT26-1536x1024.jpg 1536w, https:\/\/www.kilowattfestival.it\/wp-content\/uploads\/2026\/05\/LAB_ph-Enrico-Baraldi_KWT26.jpg 1620w\" sizes=\"(max-width: 768px) 100vw, 768px\" \/><\/figure><\/a><\/div><div class=\"dce-item dce-item_custommeta elementor-repeater-item-aa91113\"><div class=\"dce-post-custommeta dce-post-custommeta\"><div class=\"dce-meta-item dce-meta-546d9cf dce-meta-date elementor-repeater-item-546d9cf dce-meta-item dce-meta-aa91113 dce-meta-text elementor-repeater-item-aa91113\"><div>Nicola Borghesi<\/div><\/div><\/div><\/div><div class=\"dce-item dce-item_title elementor-repeater-item-a773ffa\"><h3 class=\"dce-post-title\">Una buona idea<\/h3><\/div><div class=\"dce-item dce-item_termstaxonomy elementor-repeater-item-76b0ed9\"><div class=\"dce-post-terms\"><ul class=\"dce-terms-list dce-taxonomy-capotravetags_libere\"><li class=\"dce-term-item\"><span class=\"dce-term dce-term-84\" data-dce-order=\"\">Repeat performance<\/span><\/li><li class=\"dce-term-item\"><span class=\"dce-separator\">\/<\/span><span class=\"dce-term dce-term-67\" data-dce-order=\"\">Workshops<\/span><\/li><\/ul><\/div><\/div><div class=\"dce-item dce-item_token elementor-repeater-item-deb9021\"><i class=\"fa fa-stopwatch\"><\/i>&nbsp; <span>running time: 7 days<\/span><\/div><div class=\"dce-item dce-item_token elementor-repeater-item-1b0d7c2\"><i class=\"fa fa-map-marker-alt\"><\/i>&nbsp; <span>Tedamis<\/span><\/div><div class=\"dce-item dce-item_token elementor-repeater-item-bdde9fe\"><\/div>\t\t\t<\/div>\n\t\t<\/article>\n\t\t\n\t\t<article class=\"post-63329 contenuto type-contenuto status-publish has-post-thumbnail hentry capotravecategorie-festival-en capotravetags-events capotravetags-festival-events-2026 capotravetags_libere-replica-en capotravetags_libere-workshops dce-post dce-post-item dce-item-grid\" data-dce-post-id=\"63329\" data-dce-post-index=\"1\" data-post-link=\"https:\/\/www.kilowattfestival.it\/en\/contenuto\/il-corpo-come-soglia-kwt2026-laboratori-5\/\">\n\t\t\t<div class=\"dce-post-block elementor-animation-float\">\n\t\t<div class=\"dce-item dce-item_custommeta elementor-repeater-item-546d9cf\"><div class=\"dce-post-custommeta dce-post-custommeta dce-post-custommeta\"><div class=\"dce-meta-item dce-meta-546d9cf dce-meta-date elementor-repeater-item-546d9cf\">23\/07\/2026<\/div><\/div><\/div><div class=\"dce-item dce-item_token elementor-repeater-item-2eeb17e\"><i class=\"far fa-clock\"><\/i><span>09:45 - 16:45<\/span><\/div><div class=\"dce-item dce-item_image elementor-repeater-item-bcc25aa\"><a class=\"dce-post-image\" href=\"https:\/\/www.kilowattfestival.it\/en\/contenuto\/il-corpo-come-soglia-kwt2026-laboratori-5\/\"><figure data-image-ratio=\"0.6\" class=\"dce-img\"><img loading=\"lazy\" decoding=\"async\" width=\"768\" height=\"433\" src=\"https:\/\/www.kilowattfestival.it\/wp-content\/uploads\/2026\/05\/LAB_Il-corpo-come-soglia-Francesco-Marilungo_KWT26_v2-768x433.jpg\" class=\"\" alt=\"Il corpo come soglia\" srcset=\"https:\/\/www.kilowattfestival.it\/wp-content\/uploads\/2026\/05\/LAB_Il-corpo-come-soglia-Francesco-Marilungo_KWT26_v2-768x433.jpg 768w, https:\/\/www.kilowattfestival.it\/wp-content\/uploads\/2026\/05\/LAB_Il-corpo-come-soglia-Francesco-Marilungo_KWT26_v2-300x169.jpg 300w, https:\/\/www.kilowattfestival.it\/wp-content\/uploads\/2026\/05\/LAB_Il-corpo-come-soglia-Francesco-Marilungo_KWT26_v2.jpg 780w\" sizes=\"(max-width: 768px) 100vw, 768px\" \/><\/figure><\/a><\/div><div class=\"dce-item dce-item_custommeta elementor-repeater-item-aa91113\"><div class=\"dce-post-custommeta dce-post-custommeta dce-post-custommeta dce-post-custommeta\"><div class=\"dce-meta-item dce-meta-546d9cf dce-meta-date elementor-repeater-item-546d9cf dce-meta-item dce-meta-aa91113 dce-meta-text elementor-repeater-item-aa91113\"><div>Francesco Marilungo<\/div><\/div><\/div><\/div><div class=\"dce-item dce-item_title elementor-repeater-item-a773ffa\"><h3 class=\"dce-post-title\">Il corpo come soglia<\/h3><\/div><div class=\"dce-item dce-item_termstaxonomy elementor-repeater-item-76b0ed9\"><div class=\"dce-post-terms\"><ul class=\"dce-terms-list dce-taxonomy-capotravetags_libere\"><li class=\"dce-term-item\"><span class=\"dce-term dce-term-84\" data-dce-order=\"\">Repeat performance<\/span><\/li><li class=\"dce-term-item\"><span class=\"dce-separator\">\/<\/span><span class=\"dce-term dce-term-67\" data-dce-order=\"\">Workshops<\/span><\/li><\/ul><\/div><\/div><div class=\"dce-item dce-item_token elementor-repeater-item-deb9021\"><i class=\"fa fa-stopwatch\"><\/i>&nbsp; <span>running time: 7 days<\/span><\/div><div class=\"dce-item dce-item_token elementor-repeater-item-1b0d7c2\"><i class=\"fa fa-map-marker-alt\"><\/i>&nbsp; <span>Palestra della Scuola Primaria C.Collodi<\/span><\/div><div class=\"dce-item dce-item_token elementor-repeater-item-bdde9fe\"><\/div>\t\t\t<\/div>\n\t\t<\/article>\n\t\t\n\t\t<article class=\"post-63333 contenuto type-contenuto status-publish has-post-thumbnail hentry capotravecategorie-festival-en capotravetags-events capotravetags-festival-events-2026 capotravetags_libere-replica-en capotravetags_libere-workshops dce-post dce-post-item dce-item-grid\" data-dce-post-id=\"63333\" data-dce-post-index=\"2\" data-post-link=\"https:\/\/www.kilowattfestival.it\/en\/contenuto\/prove-di-libero-rigore-kwt2026-laboratori-4\/\">\n\t\t\t<div class=\"dce-post-block elementor-animation-float\">\n\t\t<div class=\"dce-item dce-item_custommeta elementor-repeater-item-546d9cf\"><div class=\"dce-post-custommeta dce-post-custommeta dce-post-custommeta dce-post-custommeta dce-post-custommeta\"><div class=\"dce-meta-item dce-meta-546d9cf dce-meta-date elementor-repeater-item-546d9cf\">23\/07\/2026<\/div><\/div><\/div><div class=\"dce-item dce-item_token elementor-repeater-item-2eeb17e\"><i class=\"far fa-clock\"><\/i><span>09:45 - 16:45<\/span><\/div><div class=\"dce-item dce-item_image elementor-repeater-item-bcc25aa\"><a class=\"dce-post-image\" href=\"https:\/\/www.kilowattfestival.it\/en\/contenuto\/prove-di-libero-rigore-kwt2026-laboratori-4\/\"><figure data-image-ratio=\"0.6\" class=\"dce-img\"><img loading=\"lazy\" decoding=\"async\" width=\"768\" height=\"432\" src=\"https:\/\/www.kilowattfestival.it\/wp-content\/uploads\/2026\/05\/LAB_Daria-Deflorian-Andrea-Pizzalis-Prove-di-libero-rigore_KWT26-768x432.jpg\" class=\"\" alt=\"Prove di libero rigore\" srcset=\"https:\/\/www.kilowattfestival.it\/wp-content\/uploads\/2026\/05\/LAB_Daria-Deflorian-Andrea-Pizzalis-Prove-di-libero-rigore_KWT26-768x432.jpg 768w, https:\/\/www.kilowattfestival.it\/wp-content\/uploads\/2026\/05\/LAB_Daria-Deflorian-Andrea-Pizzalis-Prove-di-libero-rigore_KWT26-300x169.jpg 300w, https:\/\/www.kilowattfestival.it\/wp-content\/uploads\/2026\/05\/LAB_Daria-Deflorian-Andrea-Pizzalis-Prove-di-libero-rigore_KWT26-1536x864.jpg 1536w, https:\/\/www.kilowattfestival.it\/wp-content\/uploads\/2026\/05\/LAB_Daria-Deflorian-Andrea-Pizzalis-Prove-di-libero-rigore_KWT26.jpg 1920w\" sizes=\"(max-width: 768px) 100vw, 768px\" \/><\/figure><\/a><\/div><div class=\"dce-item dce-item_custommeta elementor-repeater-item-aa91113\"><div class=\"dce-post-custommeta dce-post-custommeta dce-post-custommeta dce-post-custommeta dce-post-custommeta dce-post-custommeta\"><div class=\"dce-meta-item dce-meta-546d9cf dce-meta-date elementor-repeater-item-546d9cf dce-meta-item dce-meta-aa91113 dce-meta-text elementor-repeater-item-aa91113\"><div>Daria Deflorian<\/div><\/div><\/div><\/div><div class=\"dce-item dce-item_title elementor-repeater-item-a773ffa\"><h3 class=\"dce-post-title\">Prove di libero rigore<\/h3><\/div><div class=\"dce-item dce-item_termstaxonomy elementor-repeater-item-76b0ed9\"><div class=\"dce-post-terms\"><ul class=\"dce-terms-list dce-taxonomy-capotravetags_libere\"><li class=\"dce-term-item\"><span class=\"dce-term dce-term-84\" data-dce-order=\"\">Repeat performance<\/span><\/li><li class=\"dce-term-item\"><span class=\"dce-separator\">\/<\/span><span class=\"dce-term dce-term-67\" data-dce-order=\"\">Workshops<\/span><\/li><\/ul><\/div><\/div><div class=\"dce-item dce-item_token elementor-repeater-item-deb9021\"><i class=\"fa fa-stopwatch\"><\/i>&nbsp; <span>running time: 6 days<\/span><\/div><div class=\"dce-item dce-item_token elementor-repeater-item-1b0d7c2\"><i class=\"fa fa-map-marker-alt\"><\/i>&nbsp; <span>Tedamis<\/span><\/div><div class=\"dce-item dce-item_token elementor-repeater-item-bdde9fe\"><\/div>\t\t\t<\/div>\n\t\t<\/article>\n\t\t\n\t\t<article class=\"post-63278 contenuto type-contenuto status-publish has-post-thumbnail hentry capotravecategorie-festival-en capotravetags-events capotravetags-festival-events-2026 capotravetags_libere-meeting capotravetags_libere-replica-en dce-post dce-post-item dce-item-grid\" data-dce-post-id=\"63278\" data-dce-post-index=\"3\" data-post-link=\"https:\/\/www.kilowattfestival.it\/en\/contenuto\/feedback-visionari-kwt2026-incontro-6\/\">\n\t\t\t<div class=\"dce-post-block elementor-animation-float\">\n\t\t<div class=\"dce-item dce-item_custommeta elementor-repeater-item-546d9cf\"><div class=\"dce-post-custommeta dce-post-custommeta dce-post-custommeta dce-post-custommeta dce-post-custommeta dce-post-custommeta dce-post-custommeta\"><div class=\"dce-meta-item dce-meta-546d9cf dce-meta-date elementor-repeater-item-546d9cf\">23\/07\/2026<\/div><\/div><\/div><div class=\"dce-item dce-item_token elementor-repeater-item-2eeb17e\"><i class=\"far fa-clock\"><\/i><span>11:00 - 12:30<\/span><\/div><div class=\"dce-item dce-item_image elementor-repeater-item-bcc25aa\"><a class=\"dce-post-image\" href=\"https:\/\/www.kilowattfestival.it\/en\/contenuto\/feedback-visionari-kwt2026-incontro-6\/\"><figure data-image-ratio=\"0.6\" class=\"dce-img\"><img loading=\"lazy\" decoding=\"async\" width=\"768\" height=\"463\" src=\"https:\/\/www.kilowattfestival.it\/wp-content\/uploads\/2026\/05\/INCONTRI_PUBBLICI_TRA_I_VISIONARI_KWT26-768x463.jpg\" class=\"\" alt=\"Feedback Visionari\" srcset=\"https:\/\/www.kilowattfestival.it\/wp-content\/uploads\/2026\/05\/INCONTRI_PUBBLICI_TRA_I_VISIONARI_KWT26-768x463.jpg 768w, https:\/\/www.kilowattfestival.it\/wp-content\/uploads\/2026\/05\/INCONTRI_PUBBLICI_TRA_I_VISIONARI_KWT26-300x181.jpg 300w, https:\/\/www.kilowattfestival.it\/wp-content\/uploads\/2026\/05\/INCONTRI_PUBBLICI_TRA_I_VISIONARI_KWT26-1536x925.jpg 1536w, https:\/\/www.kilowattfestival.it\/wp-content\/uploads\/2026\/05\/INCONTRI_PUBBLICI_TRA_I_VISIONARI_KWT26.jpg 1793w\" sizes=\"(max-width: 768px) 100vw, 768px\" \/><\/figure><\/a><\/div><div class=\"dce-item dce-item_custommeta elementor-repeater-item-aa91113\"><div class=\"dce-post-custommeta dce-post-custommeta dce-post-custommeta dce-post-custommeta dce-post-custommeta dce-post-custommeta dce-post-custommeta dce-post-custommeta\"><div class=\"dce-meta-item dce-meta-546d9cf dce-meta-date elementor-repeater-item-546d9cf dce-meta-item dce-meta-aa91113 dce-meta-text elementor-repeater-item-aa91113\"><div>Visionari 2026<\/div><\/div><\/div><\/div><div class=\"dce-item dce-item_title elementor-repeater-item-a773ffa\"><h3 class=\"dce-post-title\">Feedback Visionari<\/h3><\/div><div class=\"dce-item dce-item_termstaxonomy elementor-repeater-item-76b0ed9\"><div class=\"dce-post-terms\"><ul class=\"dce-terms-list dce-taxonomy-capotravetags_libere\"><li class=\"dce-term-item\"><span class=\"dce-term dce-term-102\" data-dce-order=\"\">Meeting<\/span><\/li><li class=\"dce-term-item\"><span class=\"dce-separator\">\/<\/span><span class=\"dce-term dce-term-84\" data-dce-order=\"\">Repeat performance<\/span><\/li><\/ul><\/div><\/div><div class=\"dce-item dce-item_token elementor-repeater-item-deb9021\"><i class=\"fa fa-stopwatch\"><\/i>&nbsp; <span>running time: 9 days<\/span><\/div><div class=\"dce-item dce-item_token elementor-repeater-item-1b0d7c2\"><i class=\"fa fa-map-marker-alt\"><\/i>&nbsp; <span>Giardini di Piero<\/span><\/div><div class=\"dce-item dce-item_token elementor-repeater-item-bdde9fe\"><div class=\"eve-meta-ingresso\"><i class=\"fa fa-ticket-alt\"><\/i>&nbsp;<span>Free entrance<\/span><\/div><\/div>\t\t\t<\/div>\n\t\t<\/article>\n\t\t\n\t\t<article class=\"post-63237 contenuto type-contenuto status-publish has-post-thumbnail hentry capotravecategorie-festival-en capotravetags-events capotravetags-festival-events-2026 capotravetags_libere-replica-en capotravetags_libere-visual-art dce-post dce-post-item dce-item-grid\" data-dce-post-id=\"63237\" data-dce-post-index=\"4\" data-post-link=\"https:\/\/www.kilowattfestival.it\/en\/contenuto\/tre-mostre-dedicate-a-eugenio-barba-e-julia-varley-kwt2026-arte-visiva-7\/\">\n\t\t\t<div class=\"dce-post-block elementor-animation-float\">\n\t\t<div class=\"dce-item dce-item_custommeta elementor-repeater-item-546d9cf\"><div class=\"dce-post-custommeta dce-post-custommeta dce-post-custommeta dce-post-custommeta dce-post-custommeta dce-post-custommeta dce-post-custommeta dce-post-custommeta dce-post-custommeta\"><div class=\"dce-meta-item dce-meta-546d9cf dce-meta-date elementor-repeater-item-546d9cf\">23\/07\/2026<\/div><\/div><\/div><div class=\"dce-item dce-item_token elementor-repeater-item-2eeb17e\"><i class=\"far fa-clock\"><\/i><span>16:00 - 20:00<\/span><\/div><div class=\"dce-item dce-item_image elementor-repeater-item-bcc25aa\"><a class=\"dce-post-image\" href=\"https:\/\/www.kilowattfestival.it\/en\/contenuto\/tre-mostre-dedicate-a-eugenio-barba-e-julia-varley-kwt2026-arte-visiva-7\/\"><figure data-image-ratio=\"0.6\" class=\"dce-img\"><img loading=\"lazy\" decoding=\"async\" width=\"768\" height=\"1076\" src=\"https:\/\/www.kilowattfestival.it\/wp-content\/uploads\/2026\/05\/Mostra_AnnalisaGonnella_KWT26-768x1076.jpg\" class=\"\" alt=\"Three exhibitions dedicated to Eugenio Barba and Julia Varley\" srcset=\"https:\/\/www.kilowattfestival.it\/wp-content\/uploads\/2026\/05\/Mostra_AnnalisaGonnella_KWT26-768x1076.jpg 768w, https:\/\/www.kilowattfestival.it\/wp-content\/uploads\/2026\/05\/Mostra_AnnalisaGonnella_KWT26-300x420.jpg 300w, https:\/\/www.kilowattfestival.it\/wp-content\/uploads\/2026\/05\/Mostra_AnnalisaGonnella_KWT26.jpg 771w\" sizes=\"(max-width: 768px) 100vw, 768px\" \/><\/figure><\/a><\/div><div class=\"dce-item dce-item_custommeta elementor-repeater-item-aa91113\"><div class=\"dce-post-custommeta dce-post-custommeta dce-post-custommeta dce-post-custommeta dce-post-custommeta dce-post-custommeta dce-post-custommeta dce-post-custommeta dce-post-custommeta dce-post-custommeta\"><div class=\"dce-meta-item dce-meta-546d9cf dce-meta-date elementor-repeater-item-546d9cf dce-meta-item dce-meta-aa91113 dce-meta-text elementor-repeater-item-aa91113\"><div>Francesco Galli, Annalisa Gonnella (curated by)<\/div><\/div><\/div><\/div><div class=\"dce-item dce-item_title elementor-repeater-item-a773ffa\"><h3 class=\"dce-post-title\">Three exhibitions dedicated to Eugenio Barba and Julia Varley<\/h3><\/div><div class=\"dce-item dce-item_termstaxonomy elementor-repeater-item-76b0ed9\"><div class=\"dce-post-terms\"><ul class=\"dce-terms-list dce-taxonomy-capotravetags_libere\"><li class=\"dce-term-item\"><span class=\"dce-term dce-term-84\" data-dce-order=\"\">Repeat performance<\/span><\/li><li class=\"dce-term-item\"><span class=\"dce-separator\">\/<\/span><span class=\"dce-term dce-term-99\" data-dce-order=\"\">Visual Art<\/span><\/li><\/ul><\/div><\/div><div class=\"dce-item dce-item_token elementor-repeater-item-deb9021\"><i class=\"fa fa-stopwatch\"><\/i>&nbsp; <span>running time: 9 days<\/span><\/div><div class=\"dce-item dce-item_token elementor-repeater-item-1b0d7c2\"><i class=\"fa fa-map-marker-alt\"><\/i>&nbsp; <span>Teatro alla Misericordia \/ Palazzo Alberti<\/span><\/div><div class=\"dce-item dce-item_token elementor-repeater-item-bdde9fe\"><div class=\"eve-meta-ingresso\"><i class=\"fa fa-ticket-alt\"><\/i>&nbsp;<span>Free entrance<\/span><\/div><\/div>\t\t\t<\/div>\n\t\t<\/article>\n\t\t\n\t\t<article class=\"post-63317 contenuto type-contenuto status-publish has-post-thumbnail hentry capotravecategorie-festival-en capotravetags-events capotravetags-festival-events-2026 capotravetags_libere-meeting dce-post dce-post-item dce-item-grid\" data-dce-post-id=\"63317\" data-dce-post-index=\"5\" data-post-link=\"https:\/\/www.kilowattfestival.it\/en\/contenuto\/desperate-freelance-fare-tutto-essere-niente-kwt2026-incontro\/\">\n\t\t\t<div class=\"dce-post-block elementor-animation-float\">\n\t\t<div class=\"dce-item dce-item_custommeta elementor-repeater-item-546d9cf\"><div class=\"dce-post-custommeta dce-post-custommeta dce-post-custommeta dce-post-custommeta dce-post-custommeta dce-post-custommeta dce-post-custommeta dce-post-custommeta dce-post-custommeta dce-post-custommeta dce-post-custommeta\"><div class=\"dce-meta-item dce-meta-546d9cf dce-meta-date elementor-repeater-item-546d9cf\">23\/07\/2026<\/div><\/div><\/div><div class=\"dce-item dce-item_token elementor-repeater-item-2eeb17e\"><i class=\"far fa-clock\"><\/i><span>9:45 - 13:00<\/span><\/div><div class=\"dce-item dce-item_image elementor-repeater-item-bcc25aa\"><a class=\"dce-post-image\" href=\"https:\/\/www.kilowattfestival.it\/en\/contenuto\/desperate-freelance-fare-tutto-essere-niente-kwt2026-incontro\/\"><figure data-image-ratio=\"0.6\" class=\"dce-img\"><img loading=\"lazy\" decoding=\"async\" width=\"768\" height=\"512\" src=\"https:\/\/www.kilowattfestival.it\/wp-content\/uploads\/2026\/05\/INCONTRO_DESPERATE_FREELANCE_KWT26-768x512.jpg\" class=\"\" alt=\"Desperate Freelance: Fare tutto, essere niente?\" srcset=\"https:\/\/www.kilowattfestival.it\/wp-content\/uploads\/2026\/05\/INCONTRO_DESPERATE_FREELANCE_KWT26-768x512.jpg 768w, https:\/\/www.kilowattfestival.it\/wp-content\/uploads\/2026\/05\/INCONTRO_DESPERATE_FREELANCE_KWT26-300x200.jpg 300w, https:\/\/www.kilowattfestival.it\/wp-content\/uploads\/2026\/05\/INCONTRO_DESPERATE_FREELANCE_KWT26-1536x1024.jpg 1536w, https:\/\/www.kilowattfestival.it\/wp-content\/uploads\/2026\/05\/INCONTRO_DESPERATE_FREELANCE_KWT26.jpg 1620w\" sizes=\"(max-width: 768px) 100vw, 768px\" \/><\/figure><\/a><\/div><div class=\"dce-item dce-item_custommeta elementor-repeater-item-aa91113\"><div class=\"dce-post-custommeta dce-post-custommeta dce-post-custommeta dce-post-custommeta dce-post-custommeta dce-post-custommeta dce-post-custommeta dce-post-custommeta dce-post-custommeta dce-post-custommeta dce-post-custommeta dce-post-custommeta\"><div class=\"dce-meta-item dce-meta-546d9cf dce-meta-date elementor-repeater-item-546d9cf dce-meta-item dce-meta-aa91113 dce-meta-text elementor-repeater-item-aa91113\"><div>gruppo Desperate Freelance (a cura di)<\/div><\/div><\/div><\/div><div class=\"dce-item dce-item_title elementor-repeater-item-a773ffa\"><h3 class=\"dce-post-title\">Desperate Freelance: Fare tutto, essere niente?<\/h3><\/div><div class=\"dce-item dce-item_termstaxonomy elementor-repeater-item-76b0ed9\"><div class=\"dce-post-terms\"><ul class=\"dce-terms-list dce-taxonomy-capotravetags_libere\"><li class=\"dce-term-item\"><span class=\"dce-term dce-term-102\" data-dce-order=\"\">Meeting<\/span><\/li><\/ul><\/div><\/div><div class=\"dce-item dce-item_token elementor-repeater-item-deb9021\"><i class=\"fa fa-stopwatch\"><\/i>&nbsp; <span>running time: 165&#039;<\/span><\/div><div class=\"dce-item dce-item_token elementor-repeater-item-1b0d7c2\"><i class=\"fa fa-map-marker-alt\"><\/i>&nbsp; <span>Palazzo Alberti<\/span><\/div><div class=\"dce-item dce-item_token elementor-repeater-item-bdde9fe\"><div class=\"eve-meta-ingresso\"><i class=\"fa fa-ticket-alt\"><\/i>&nbsp;<span>Free entrance<\/span><\/div><\/div>\t\t\t<\/div>\n\t\t<\/article>\n\t\t\n\t\t<article class=\"post-63388 contenuto type-contenuto status-publish has-post-thumbnail hentry capotravecategorie-festival-en capotravetags-events capotravetags-festival-events-2026 capotravetags_libere-conference dce-post dce-post-item dce-item-grid\" data-dce-post-id=\"63388\" data-dce-post-index=\"6\" data-post-link=\"https:\/\/www.kilowattfestival.it\/en\/contenuto\/della-luce-del-corpo-e-dello-spazio-kwt2026-convegno\/\">\n\t\t\t<div class=\"dce-post-block elementor-animation-float\">\n\t\t<div class=\"dce-item dce-item_custommeta elementor-repeater-item-546d9cf\"><div class=\"dce-post-custommeta dce-post-custommeta dce-post-custommeta dce-post-custommeta dce-post-custommeta dce-post-custommeta dce-post-custommeta dce-post-custommeta dce-post-custommeta dce-post-custommeta dce-post-custommeta dce-post-custommeta dce-post-custommeta\"><div class=\"dce-meta-item dce-meta-546d9cf dce-meta-date elementor-repeater-item-546d9cf\">23\/07\/2026<\/div><\/div><\/div><div class=\"dce-item dce-item_token elementor-repeater-item-2eeb17e\"><i class=\"far fa-clock\"><\/i><span>14:00 - 16:45<\/span><\/div><div class=\"dce-item dce-item_image elementor-repeater-item-bcc25aa\"><a class=\"dce-post-image\" href=\"https:\/\/www.kilowattfestival.it\/en\/contenuto\/della-luce-del-corpo-e-dello-spazio-kwt2026-convegno\/\"><figure data-image-ratio=\"0.6\" class=\"dce-img\"><img loading=\"lazy\" decoding=\"async\" width=\"768\" height=\"432\" src=\"https:\/\/www.kilowattfestival.it\/wp-content\/uploads\/2026\/05\/INCONTRO_DELLA_LUCE_KWT26_v2-768x432.jpg\" class=\"\" alt=\"Della luce, del corpo e dello spazio\" srcset=\"https:\/\/www.kilowattfestival.it\/wp-content\/uploads\/2026\/05\/INCONTRO_DELLA_LUCE_KWT26_v2-768x432.jpg 768w, https:\/\/www.kilowattfestival.it\/wp-content\/uploads\/2026\/05\/INCONTRO_DELLA_LUCE_KWT26_v2-300x169.jpg 300w, https:\/\/www.kilowattfestival.it\/wp-content\/uploads\/2026\/05\/INCONTRO_DELLA_LUCE_KWT26_v2-1536x864.jpg 1536w, https:\/\/www.kilowattfestival.it\/wp-content\/uploads\/2026\/05\/INCONTRO_DELLA_LUCE_KWT26_v2.jpg 1920w\" sizes=\"(max-width: 768px) 100vw, 768px\" \/><\/figure><\/a><\/div><div class=\"dce-item dce-item_custommeta elementor-repeater-item-aa91113\"><div class=\"dce-post-custommeta dce-post-custommeta dce-post-custommeta dce-post-custommeta dce-post-custommeta dce-post-custommeta dce-post-custommeta dce-post-custommeta dce-post-custommeta dce-post-custommeta dce-post-custommeta dce-post-custommeta dce-post-custommeta dce-post-custommeta\"><div class=\"dce-meta-item dce-meta-546d9cf dce-meta-date elementor-repeater-item-546d9cf dce-meta-item dce-meta-aa91113 dce-meta-text elementor-repeater-item-aa91113\"><div>Gianni Staropoli, Michelangelo Bellani (curated by)<\/div><\/div><\/div><\/div><div class=\"dce-item dce-item_title elementor-repeater-item-a773ffa\"><h3 class=\"dce-post-title\">Della luce, del corpo e dello spazio<\/h3><\/div><div class=\"dce-item dce-item_termstaxonomy elementor-repeater-item-76b0ed9\"><div class=\"dce-post-terms\"><ul class=\"dce-terms-list dce-taxonomy-capotravetags_libere\"><li class=\"dce-term-item\"><span class=\"dce-term dce-term-143\" data-dce-order=\"\">Conference<\/span><\/li><\/ul><\/div><\/div><div class=\"dce-item dce-item_token elementor-repeater-item-deb9021\"><i class=\"fa fa-stopwatch\"><\/i>&nbsp; <span>running time: 3 days<\/span><\/div><div class=\"dce-item dce-item_token elementor-repeater-item-1b0d7c2\"><i class=\"fa fa-map-marker-alt\"><\/i>&nbsp; <span>Palazzo Alberti<\/span><\/div><div class=\"dce-item dce-item_token elementor-repeater-item-bdde9fe\"><div class=\"eve-meta-ingresso\"><i class=\"fa fa-ticket-alt\"><\/i>&nbsp;<span>Free entrance<\/span><\/div><\/div>\t\t\t<\/div>\n\t\t<\/article>\n\t\t\n\t\t<article class=\"post-63395 contenuto type-contenuto status-publish has-post-thumbnail hentry capotravecategorie-festival-en capotravetags-events capotravetags-festival-events-2026 capotravetags_libere-theatre dce-post dce-post-item dce-item-grid\" data-dce-post-id=\"63395\" data-dce-post-index=\"7\" data-post-link=\"https:\/\/www.kilowattfestival.it\/en\/contenuto\/seg-men-tar-si-kwt2026-teatro\/\">\n\t\t\t<div class=\"dce-post-block elementor-animation-float\">\n\t\t<div class=\"dce-item dce-item_custommeta elementor-repeater-item-546d9cf\"><div class=\"dce-post-custommeta dce-post-custommeta dce-post-custommeta dce-post-custommeta dce-post-custommeta dce-post-custommeta dce-post-custommeta dce-post-custommeta dce-post-custommeta dce-post-custommeta dce-post-custommeta dce-post-custommeta dce-post-custommeta dce-post-custommeta dce-post-custommeta\"><div class=\"dce-meta-item dce-meta-546d9cf dce-meta-date elementor-repeater-item-546d9cf\">23\/07\/2026<\/div><\/div><\/div><div class=\"dce-item dce-item_token elementor-repeater-item-2eeb17e\"><i class=\"far fa-clock\"><\/i><span>17:00<\/span><\/div><div class=\"dce-item dce-item_image elementor-repeater-item-bcc25aa\"><a class=\"dce-post-image\" href=\"https:\/\/www.kilowattfestival.it\/en\/contenuto\/seg-men-tar-si-kwt2026-teatro\/\"><figure data-image-ratio=\"0.6\" class=\"dce-img\"><img loading=\"lazy\" decoding=\"async\" width=\"768\" height=\"432\" src=\"https:\/\/www.kilowattfestival.it\/wp-content\/uploads\/2026\/05\/Seg-men-tar-si-768x432.jpg\" class=\"\" alt=\"Seg men tar si\" srcset=\"https:\/\/www.kilowattfestival.it\/wp-content\/uploads\/2026\/05\/Seg-men-tar-si-768x432.jpg 768w, https:\/\/www.kilowattfestival.it\/wp-content\/uploads\/2026\/05\/Seg-men-tar-si-300x169.jpg 300w, https:\/\/www.kilowattfestival.it\/wp-content\/uploads\/2026\/05\/Seg-men-tar-si-1536x864.jpg 1536w, https:\/\/www.kilowattfestival.it\/wp-content\/uploads\/2026\/05\/Seg-men-tar-si.jpg 1920w\" sizes=\"(max-width: 768px) 100vw, 768px\" \/><\/figure><\/a><\/div><div class=\"dce-item dce-item_custommeta elementor-repeater-item-aa91113\"><div class=\"dce-post-custommeta dce-post-custommeta dce-post-custommeta dce-post-custommeta dce-post-custommeta dce-post-custommeta dce-post-custommeta dce-post-custommeta dce-post-custommeta dce-post-custommeta dce-post-custommeta dce-post-custommeta dce-post-custommeta dce-post-custommeta dce-post-custommeta dce-post-custommeta\"><div class=\"dce-meta-item dce-meta-546d9cf dce-meta-date elementor-repeater-item-546d9cf dce-meta-item dce-meta-aa91113 dce-meta-text elementor-repeater-item-aa91113\"><div>Chiara Arrigoni - Ivonne Capece<\/div><\/div><\/div><\/div><div class=\"dce-item dce-item_title elementor-repeater-item-a773ffa\"><h3 class=\"dce-post-title\">Seg men tar si<\/h3><\/div><div class=\"dce-item dce-item_termstaxonomy elementor-repeater-item-76b0ed9\"><div class=\"dce-post-terms\"><ul class=\"dce-terms-list dce-taxonomy-capotravetags_libere\"><li class=\"dce-term-item\"><span class=\"dce-term dce-term-65\" data-dce-order=\"\">Theatre<\/span><\/li><\/ul><\/div><\/div><div class=\"dce-item dce-item_token elementor-repeater-item-deb9021\"><i class=\"fa fa-stopwatch\"><\/i>&nbsp; <span>running time: 45&#039;<\/span><\/div><div class=\"dce-item dce-item_token elementor-repeater-item-1b0d7c2\"><i class=\"fa fa-map-marker-alt\"><\/i>&nbsp; <span>Auditorium di Santa Chiara<\/span><\/div><div class=\"dce-item dce-item_token elementor-repeater-item-bdde9fe\"><div class=\"eve-meta-ingresso\"><i class=\"fa fa-ticket-alt\"><\/i>&nbsp;<span> 10&nbsp;\u20ac&nbsp;full \/ 8&nbsp;\u20ac&nbsp;reduced<\/span><\/div><\/div>\t\t\t<\/div>\n\t\t<\/article>\n\t\t\n\t\t<article class=\"post-63419 contenuto type-contenuto status-publish has-post-thumbnail hentry capotravecategorie-festival-en capotravetags-events capotravetags-festival-events-2026 capotravetags_libere-urban-dance dce-post dce-post-item dce-item-grid\" data-dce-post-id=\"63419\" data-dce-post-index=\"8\" data-post-link=\"https:\/\/www.kilowattfestival.it\/en\/contenuto\/loop-box-kwt2026-danza-urbana\/\">\n\t\t\t<div class=\"dce-post-block elementor-animation-float\">\n\t\t<div class=\"dce-item dce-item_custommeta elementor-repeater-item-546d9cf\"><div class=\"dce-post-custommeta dce-post-custommeta dce-post-custommeta dce-post-custommeta dce-post-custommeta dce-post-custommeta dce-post-custommeta dce-post-custommeta dce-post-custommeta dce-post-custommeta dce-post-custommeta dce-post-custommeta dce-post-custommeta dce-post-custommeta dce-post-custommeta dce-post-custommeta dce-post-custommeta\"><div class=\"dce-meta-item dce-meta-546d9cf dce-meta-date elementor-repeater-item-546d9cf\">23\/07\/2026<\/div><\/div><\/div><div class=\"dce-item dce-item_token elementor-repeater-item-2eeb17e\"><i class=\"far fa-clock\"><\/i><span>18:15<\/span><\/div><div class=\"dce-item dce-item_image elementor-repeater-item-bcc25aa\"><a class=\"dce-post-image\" href=\"https:\/\/www.kilowattfestival.it\/en\/contenuto\/loop-box-kwt2026-danza-urbana\/\"><figure data-image-ratio=\"0.6\" class=\"dce-img\"><img loading=\"lazy\" decoding=\"async\" width=\"768\" height=\"512\" src=\"https:\/\/www.kilowattfestival.it\/wp-content\/uploads\/2026\/05\/LOOP_BOX_BoomboxSquadMattiaQuintavalleSly_KWT26-768x512.jpg\" class=\"\" alt=\"Loop box\" srcset=\"https:\/\/www.kilowattfestival.it\/wp-content\/uploads\/2026\/05\/LOOP_BOX_BoomboxSquadMattiaQuintavalleSly_KWT26-768x512.jpg 768w, https:\/\/www.kilowattfestival.it\/wp-content\/uploads\/2026\/05\/LOOP_BOX_BoomboxSquadMattiaQuintavalleSly_KWT26-300x200.jpg 300w, https:\/\/www.kilowattfestival.it\/wp-content\/uploads\/2026\/05\/LOOP_BOX_BoomboxSquadMattiaQuintavalleSly_KWT26-1536x1024.jpg 1536w, https:\/\/www.kilowattfestival.it\/wp-content\/uploads\/2026\/05\/LOOP_BOX_BoomboxSquadMattiaQuintavalleSly_KWT26.jpg 1620w\" sizes=\"(max-width: 768px) 100vw, 768px\" \/><\/figure><\/a><\/div><div class=\"dce-item dce-item_custommeta elementor-repeater-item-aa91113\"><div class=\"dce-post-custommeta dce-post-custommeta dce-post-custommeta dce-post-custommeta dce-post-custommeta dce-post-custommeta dce-post-custommeta dce-post-custommeta dce-post-custommeta dce-post-custommeta dce-post-custommeta dce-post-custommeta dce-post-custommeta dce-post-custommeta dce-post-custommeta dce-post-custommeta dce-post-custommeta dce-post-custommeta\"><div class=\"dce-meta-item dce-meta-546d9cf dce-meta-date elementor-repeater-item-546d9cf dce-meta-item dce-meta-aa91113 dce-meta-text elementor-repeater-item-aa91113\"><div>Boombox Squad \/ Mattia Quintavalle Sly<\/div><\/div><\/div><\/div><div class=\"dce-item dce-item_title elementor-repeater-item-a773ffa\"><h3 class=\"dce-post-title\">Loop box<\/h3><\/div><div class=\"dce-item dce-item_termstaxonomy elementor-repeater-item-76b0ed9\"><div class=\"dce-post-terms\"><ul class=\"dce-terms-list dce-taxonomy-capotravetags_libere\"><li class=\"dce-term-item\"><span class=\"dce-term dce-term-100\" data-dce-order=\"\">Urban Dance<\/span><\/li><\/ul><\/div><\/div><div class=\"dce-item dce-item_token elementor-repeater-item-deb9021\"><i class=\"fa fa-stopwatch\"><\/i>&nbsp; <span>running time: 35&#039;<\/span><\/div><div class=\"dce-item dce-item_token elementor-repeater-item-1b0d7c2\"><i class=\"fa fa-map-marker-alt\"><\/i>&nbsp; <span>Piazza Torre di Berta<\/span><\/div><div class=\"dce-item dce-item_token elementor-repeater-item-bdde9fe\"><div class=\"eve-meta-ingresso\"><i class=\"fa fa-ticket-alt\"><\/i>&nbsp;<span> 1&nbsp;\u20ac<\/span><\/div><\/div>\t\t\t<\/div>\n\t\t<\/article>\n\t\t\n\t\t<article class=\"post-63311 contenuto type-contenuto status-publish has-post-thumbnail hentry capotravecategorie-festival-en capotravetags-events capotravetags-festival-events-2026 capotravetags_libere-music dce-post dce-post-item dce-item-grid\" data-dce-post-id=\"63311\" data-dce-post-index=\"9\" data-post-link=\"https:\/\/www.kilowattfestival.it\/en\/contenuto\/ensemble-suono-giallo-contemporanea-kwt2026-musica\/\">\n\t\t\t<div class=\"dce-post-block elementor-animation-float\">\n\t\t<div class=\"dce-item dce-item_custommeta elementor-repeater-item-546d9cf\"><div class=\"dce-post-custommeta dce-post-custommeta dce-post-custommeta dce-post-custommeta dce-post-custommeta dce-post-custommeta dce-post-custommeta dce-post-custommeta dce-post-custommeta dce-post-custommeta dce-post-custommeta dce-post-custommeta dce-post-custommeta dce-post-custommeta dce-post-custommeta dce-post-custommeta dce-post-custommeta dce-post-custommeta dce-post-custommeta\"><div class=\"dce-meta-item dce-meta-546d9cf dce-meta-date elementor-repeater-item-546d9cf\">23\/07\/2026<\/div><\/div><\/div><div class=\"dce-item dce-item_token elementor-repeater-item-2eeb17e\"><i class=\"far fa-clock\"><\/i><span>19:00<\/span><\/div><div class=\"dce-item dce-item_image elementor-repeater-item-bcc25aa\"><a class=\"dce-post-image\" href=\"https:\/\/www.kilowattfestival.it\/en\/contenuto\/ensemble-suono-giallo-contemporanea-kwt2026-musica\/\"><figure data-image-ratio=\"0.6\" class=\"dce-img\"><img loading=\"lazy\" decoding=\"async\" width=\"768\" height=\"432\" src=\"https:\/\/www.kilowattfestival.it\/wp-content\/uploads\/2026\/05\/MUSICA-Concerti_ENSEMBLE_SUONO_GIALLO_KWT26-768x432.jpg\" class=\"\" alt=\"Ensemble Suono Giallo (contemporanea)\" srcset=\"https:\/\/www.kilowattfestival.it\/wp-content\/uploads\/2026\/05\/MUSICA-Concerti_ENSEMBLE_SUONO_GIALLO_KWT26-768x432.jpg 768w, https:\/\/www.kilowattfestival.it\/wp-content\/uploads\/2026\/05\/MUSICA-Concerti_ENSEMBLE_SUONO_GIALLO_KWT26-300x169.jpg 300w, https:\/\/www.kilowattfestival.it\/wp-content\/uploads\/2026\/05\/MUSICA-Concerti_ENSEMBLE_SUONO_GIALLO_KWT26-1536x864.jpg 1536w, https:\/\/www.kilowattfestival.it\/wp-content\/uploads\/2026\/05\/MUSICA-Concerti_ENSEMBLE_SUONO_GIALLO_KWT26.jpg 1920w\" sizes=\"(max-width: 768px) 100vw, 768px\" \/><\/figure><\/a><\/div><div class=\"dce-item dce-item_custommeta elementor-repeater-item-aa91113\"><div class=\"dce-post-custommeta dce-post-custommeta dce-post-custommeta dce-post-custommeta dce-post-custommeta dce-post-custommeta dce-post-custommeta dce-post-custommeta dce-post-custommeta dce-post-custommeta dce-post-custommeta dce-post-custommeta dce-post-custommeta dce-post-custommeta dce-post-custommeta dce-post-custommeta dce-post-custommeta dce-post-custommeta dce-post-custommeta dce-post-custommeta\"><div class=\"dce-meta-item dce-meta-546d9cf dce-meta-date elementor-repeater-item-546d9cf dce-meta-item dce-meta-aa91113 dce-meta-text elementor-repeater-item-aa91113\"><div>Ensemble Suono Giallo<\/div><\/div><\/div><\/div><div class=\"dce-item dce-item_title elementor-repeater-item-a773ffa\"><h3 class=\"dce-post-title\">Ensemble Suono Giallo (contemporanea)<\/h3><\/div><div class=\"dce-item dce-item_termstaxonomy elementor-repeater-item-76b0ed9\"><div class=\"dce-post-terms\"><ul class=\"dce-terms-list dce-taxonomy-capotravetags_libere\"><li class=\"dce-term-item\"><span class=\"dce-term dce-term-69\" data-dce-order=\"\">Music<\/span><\/li><\/ul><\/div><\/div><div class=\"dce-item dce-item_token elementor-repeater-item-deb9021\"><i class=\"fa fa-stopwatch\"><\/i>&nbsp; <span>running time: 50&#039;<\/span><\/div><div class=\"dce-item dce-item_token elementor-repeater-item-1b0d7c2\"><i class=\"fa fa-map-marker-alt\"><\/i>&nbsp; <span>Oratorio di Santa Maria delle Grazie<\/span><\/div><div class=\"dce-item dce-item_token elementor-repeater-item-bdde9fe\"><div class=\"eve-meta-ingresso\"><i class=\"fa fa-ticket-alt\"><\/i>&nbsp;<span> 3&nbsp;\u20ac<\/span><\/div><\/div>\t\t\t<\/div>\n\t\t<\/article>\n\t\t\n\t\t<article class=\"post-63394 contenuto type-contenuto status-publish has-post-thumbnail hentry capotravecategorie-festival-en capotravetags-events capotravetags-festival-events-2026 capotravetags_libere-dance dce-post dce-post-item dce-item-grid\" data-dce-post-id=\"63394\" data-dce-post-index=\"10\" data-post-link=\"https:\/\/www.kilowattfestival.it\/en\/contenuto\/kittens-kwt2026-danza\/\">\n\t\t\t<div class=\"dce-post-block elementor-animation-float\">\n\t\t<div class=\"dce-item dce-item_custommeta elementor-repeater-item-546d9cf\"><div class=\"dce-post-custommeta dce-post-custommeta dce-post-custommeta dce-post-custommeta dce-post-custommeta dce-post-custommeta dce-post-custommeta dce-post-custommeta dce-post-custommeta dce-post-custommeta dce-post-custommeta dce-post-custommeta dce-post-custommeta dce-post-custommeta dce-post-custommeta dce-post-custommeta dce-post-custommeta dce-post-custommeta dce-post-custommeta dce-post-custommeta dce-post-custommeta\"><div class=\"dce-meta-item dce-meta-546d9cf dce-meta-date elementor-repeater-item-546d9cf\">23\/07\/2026<\/div><\/div><\/div><div class=\"dce-item dce-item_token elementor-repeater-item-2eeb17e\"><i class=\"far fa-clock\"><\/i><span>20:15<\/span><\/div><div class=\"dce-item dce-item_image elementor-repeater-item-bcc25aa\"><a class=\"dce-post-image\" href=\"https:\/\/www.kilowattfestival.it\/en\/contenuto\/kittens-kwt2026-danza\/\"><figure data-image-ratio=\"0.6\" class=\"dce-img\"><img loading=\"lazy\" decoding=\"async\" width=\"768\" height=\"512\" src=\"https:\/\/www.kilowattfestival.it\/wp-content\/uploads\/2026\/05\/KITTENS_Angelo-Petracca-Interno5_KWT26-768x512.jpg\" class=\"\" alt=\"Kittens\" srcset=\"https:\/\/www.kilowattfestival.it\/wp-content\/uploads\/2026\/05\/KITTENS_Angelo-Petracca-Interno5_KWT26-768x512.jpg 768w, https:\/\/www.kilowattfestival.it\/wp-content\/uploads\/2026\/05\/KITTENS_Angelo-Petracca-Interno5_KWT26-300x200.jpg 300w, https:\/\/www.kilowattfestival.it\/wp-content\/uploads\/2026\/05\/KITTENS_Angelo-Petracca-Interno5_KWT26-1536x1025.jpg 1536w, https:\/\/www.kilowattfestival.it\/wp-content\/uploads\/2026\/05\/KITTENS_Angelo-Petracca-Interno5_KWT26.jpg 1619w\" sizes=\"(max-width: 768px) 100vw, 768px\" \/><\/figure><\/a><\/div><div class=\"dce-item dce-item_custommeta elementor-repeater-item-aa91113\"><div class=\"dce-post-custommeta dce-post-custommeta dce-post-custommeta dce-post-custommeta dce-post-custommeta dce-post-custommeta dce-post-custommeta dce-post-custommeta dce-post-custommeta dce-post-custommeta dce-post-custommeta dce-post-custommeta dce-post-custommeta dce-post-custommeta dce-post-custommeta dce-post-custommeta dce-post-custommeta dce-post-custommeta dce-post-custommeta dce-post-custommeta dce-post-custommeta dce-post-custommeta\"><div class=\"dce-meta-item dce-meta-546d9cf dce-meta-date elementor-repeater-item-546d9cf dce-meta-item dce-meta-aa91113 dce-meta-text elementor-repeater-item-aa91113\"><div>Angelo Petracca<\/div><\/div><\/div><\/div><div class=\"dce-item dce-item_title elementor-repeater-item-a773ffa\"><h3 class=\"dce-post-title\">Kittens<\/h3><\/div><div class=\"dce-item dce-item_termstaxonomy elementor-repeater-item-76b0ed9\"><div class=\"dce-post-terms\"><ul class=\"dce-terms-list dce-taxonomy-capotravetags_libere\"><li class=\"dce-term-item\"><span class=\"dce-term dce-term-62\" data-dce-order=\"\">Dance<\/span><\/li><\/ul><\/div><\/div><div class=\"dce-item dce-item_token elementor-repeater-item-deb9021\"><i class=\"fa fa-stopwatch\"><\/i>&nbsp; <span>running time: 50&#039;<\/span><\/div><div class=\"dce-item dce-item_token elementor-repeater-item-1b0d7c2\"><i class=\"fa fa-map-marker-alt\"><\/i>&nbsp; <span>Teatro alla Misericordia<\/span><\/div><div class=\"dce-item dce-item_token elementor-repeater-item-bdde9fe\"><div class=\"eve-meta-ingresso\"><i class=\"fa fa-ticket-alt\"><\/i>&nbsp;<span> 10&nbsp;\u20ac&nbsp;full \/ 8&nbsp;\u20ac&nbsp;reduced<\/span><\/div><\/div>\t\t\t<\/div>\n\t\t<\/article>\n\t\t\n\t\t<article class=\"post-63393 contenuto type-contenuto status-publish has-post-thumbnail hentry capotravecategorie-festival-en capotravetags-events capotravetags-festival-events-2026 capotravetags_libere-theatre dce-post dce-post-item dce-item-grid\" data-dce-post-id=\"63393\" data-dce-post-index=\"11\" data-post-link=\"https:\/\/www.kilowattfestival.it\/en\/contenuto\/non-una-voce-kwt2026-teatro\/\">\n\t\t\t<div class=\"dce-post-block elementor-animation-float\">\n\t\t<div class=\"dce-item dce-item_custommeta elementor-repeater-item-546d9cf\"><div class=\"dce-post-custommeta dce-post-custommeta dce-post-custommeta dce-post-custommeta dce-post-custommeta dce-post-custommeta dce-post-custommeta dce-post-custommeta dce-post-custommeta dce-post-custommeta dce-post-custommeta dce-post-custommeta dce-post-custommeta dce-post-custommeta dce-post-custommeta dce-post-custommeta dce-post-custommeta dce-post-custommeta dce-post-custommeta dce-post-custommeta dce-post-custommeta dce-post-custommeta dce-post-custommeta\"><div class=\"dce-meta-item dce-meta-546d9cf dce-meta-date elementor-repeater-item-546d9cf\">23\/07\/2026<\/div><\/div><\/div><div class=\"dce-item dce-item_token elementor-repeater-item-2eeb17e\"><i class=\"far fa-clock\"><\/i><span>20:15, 21:30, 23:00<\/span><\/div><div class=\"dce-item dce-item_image elementor-repeater-item-bcc25aa\"><a class=\"dce-post-image\" href=\"https:\/\/www.kilowattfestival.it\/en\/contenuto\/non-una-voce-kwt2026-teatro\/\"><figure data-image-ratio=\"0.6\" class=\"dce-img\"><img loading=\"lazy\" decoding=\"async\" width=\"768\" height=\"512\" src=\"https:\/\/www.kilowattfestival.it\/wp-content\/uploads\/2026\/05\/NON_UNA_VOCE_UltimiFuochi_KWT26-768x512.jpg\" class=\"\" alt=\"Non una voce\" srcset=\"https:\/\/www.kilowattfestival.it\/wp-content\/uploads\/2026\/05\/NON_UNA_VOCE_UltimiFuochi_KWT26-768x512.jpg 768w, https:\/\/www.kilowattfestival.it\/wp-content\/uploads\/2026\/05\/NON_UNA_VOCE_UltimiFuochi_KWT26-300x200.jpg 300w, https:\/\/www.kilowattfestival.it\/wp-content\/uploads\/2026\/05\/NON_UNA_VOCE_UltimiFuochi_KWT26-1536x1024.jpg 1536w, https:\/\/www.kilowattfestival.it\/wp-content\/uploads\/2026\/05\/NON_UNA_VOCE_UltimiFuochi_KWT26.jpg 1620w\" sizes=\"(max-width: 768px) 100vw, 768px\" \/><\/figure><\/a><\/div><div class=\"dce-item dce-item_custommeta elementor-repeater-item-aa91113\"><div class=\"dce-post-custommeta dce-post-custommeta dce-post-custommeta dce-post-custommeta dce-post-custommeta dce-post-custommeta dce-post-custommeta dce-post-custommeta dce-post-custommeta dce-post-custommeta dce-post-custommeta dce-post-custommeta dce-post-custommeta dce-post-custommeta dce-post-custommeta dce-post-custommeta dce-post-custommeta dce-post-custommeta dce-post-custommeta dce-post-custommeta dce-post-custommeta dce-post-custommeta dce-post-custommeta dce-post-custommeta\"><div class=\"dce-meta-item dce-meta-546d9cf dce-meta-date elementor-repeater-item-546d9cf dce-meta-item dce-meta-aa91113 dce-meta-text elementor-repeater-item-aa91113\"><div>Ultimi Fuochi Teatro - Roberto Magnani<\/div><\/div><\/div><\/div><div class=\"dce-item dce-item_title elementor-repeater-item-a773ffa\"><h3 class=\"dce-post-title\">Non una voce<\/h3><\/div><div class=\"dce-item dce-item_termstaxonomy elementor-repeater-item-76b0ed9\"><div class=\"dce-post-terms\"><ul class=\"dce-terms-list dce-taxonomy-capotravetags_libere\"><li class=\"dce-term-item\"><span class=\"dce-term dce-term-65\" data-dce-order=\"\">Theatre<\/span><\/li><\/ul><\/div><\/div><div class=\"dce-item dce-item_token elementor-repeater-item-deb9021\"><i class=\"fa fa-stopwatch\"><\/i>&nbsp; <span>running time: 60&#039;<\/span><\/div><div class=\"dce-item dce-item_token elementor-repeater-item-1b0d7c2\"><i class=\"fa fa-map-marker-alt\"><\/i>&nbsp; <span>Palazzo Pretorio<\/span><\/div><div class=\"dce-item dce-item_token elementor-repeater-item-bdde9fe\"><div class=\"eve-meta-ingresso\"><i class=\"fa fa-ticket-alt\"><\/i>&nbsp;<span> 10&nbsp;\u20ac&nbsp;full \/ 8&nbsp;\u20ac&nbsp;reduced<\/span><\/div><\/div>\t\t\t<\/div>\n\t\t<\/article>\n\t\t\n\t\t<article class=\"post-63392 contenuto type-contenuto status-publish has-post-thumbnail hentry capotravecategorie-festival-en capotravetags-events capotravetags-festival-events-2026 capotravetags_libere-theatre dce-post dce-post-item dce-item-grid\" data-dce-post-id=\"63392\" data-dce-post-index=\"12\" data-post-link=\"https:\/\/www.kilowattfestival.it\/en\/contenuto\/tacet-kwt2026-teatro\/\">\n\t\t\t<div class=\"dce-post-block elementor-animation-float\">\n\t\t<div class=\"dce-item dce-item_custommeta elementor-repeater-item-546d9cf\"><div class=\"dce-post-custommeta dce-post-custommeta dce-post-custommeta dce-post-custommeta dce-post-custommeta dce-post-custommeta dce-post-custommeta dce-post-custommeta dce-post-custommeta dce-post-custommeta dce-post-custommeta dce-post-custommeta dce-post-custommeta dce-post-custommeta dce-post-custommeta dce-post-custommeta dce-post-custommeta dce-post-custommeta dce-post-custommeta dce-post-custommeta dce-post-custommeta dce-post-custommeta dce-post-custommeta dce-post-custommeta dce-post-custommeta\"><div class=\"dce-meta-item dce-meta-546d9cf dce-meta-date elementor-repeater-item-546d9cf\">23\/07\/2026<\/div><\/div><\/div><div class=\"dce-item dce-item_token elementor-repeater-item-2eeb17e\"><i class=\"far fa-clock\"><\/i><span>21:30<\/span><\/div><div class=\"dce-item dce-item_image elementor-repeater-item-bcc25aa\"><a class=\"dce-post-image\" href=\"https:\/\/www.kilowattfestival.it\/en\/contenuto\/tacet-kwt2026-teatro\/\"><figure data-image-ratio=\"0.6\" class=\"dce-img\"><img loading=\"lazy\" decoding=\"async\" width=\"768\" height=\"512\" src=\"https:\/\/www.kilowattfestival.it\/wp-content\/uploads\/2026\/05\/TACET_ph.-Luca-Del-Pia-17-768x512.jpg\" class=\"\" alt=\"Tacet\" srcset=\"https:\/\/www.kilowattfestival.it\/wp-content\/uploads\/2026\/05\/TACET_ph.-Luca-Del-Pia-17-768x512.jpg 768w, https:\/\/www.kilowattfestival.it\/wp-content\/uploads\/2026\/05\/TACET_ph.-Luca-Del-Pia-17-300x200.jpg 300w, https:\/\/www.kilowattfestival.it\/wp-content\/uploads\/2026\/05\/TACET_ph.-Luca-Del-Pia-17.jpg 1440w\" sizes=\"(max-width: 768px) 100vw, 768px\" \/><\/figure><\/a><\/div><div class=\"dce-item dce-item_custommeta elementor-repeater-item-aa91113\"><div class=\"dce-post-custommeta dce-post-custommeta dce-post-custommeta dce-post-custommeta dce-post-custommeta dce-post-custommeta dce-post-custommeta dce-post-custommeta dce-post-custommeta dce-post-custommeta dce-post-custommeta dce-post-custommeta dce-post-custommeta dce-post-custommeta dce-post-custommeta dce-post-custommeta dce-post-custommeta dce-post-custommeta dce-post-custommeta dce-post-custommeta dce-post-custommeta dce-post-custommeta dce-post-custommeta dce-post-custommeta dce-post-custommeta dce-post-custommeta\"><div class=\"dce-meta-item dce-meta-546d9cf dce-meta-date elementor-repeater-item-546d9cf dce-meta-item dce-meta-aa91113 dce-meta-text elementor-repeater-item-aa91113\"><div>Jacopo Giacomoni - Silvia Costa<\/div><\/div><\/div><\/div><div class=\"dce-item dce-item_title elementor-repeater-item-a773ffa\"><h3 class=\"dce-post-title\">Tacet<\/h3><\/div><div class=\"dce-item dce-item_termstaxonomy elementor-repeater-item-76b0ed9\"><div class=\"dce-post-terms\"><ul class=\"dce-terms-list dce-taxonomy-capotravetags_libere\"><li class=\"dce-term-item\"><span class=\"dce-term dce-term-65\" data-dce-order=\"\">Theatre<\/span><\/li><\/ul><\/div><\/div><div class=\"dce-item dce-item_token elementor-repeater-item-deb9021\"><i class=\"fa fa-stopwatch\"><\/i>&nbsp; <span>running time: 55&#039;<\/span><\/div><div class=\"dce-item dce-item_token elementor-repeater-item-1b0d7c2\"><i class=\"fa fa-map-marker-alt\"><\/i>&nbsp; <span>Chiostro di San Francesco<\/span><\/div><div class=\"dce-item dce-item_token elementor-repeater-item-bdde9fe\"><div class=\"eve-meta-ingresso\"><i class=\"fa fa-ticket-alt\"><\/i>&nbsp;<span> 10&nbsp;\u20ac&nbsp;full \/ 8&nbsp;\u20ac&nbsp;reduced<\/span><\/div><\/div>\t\t\t<\/div>\n\t\t<\/article>\n\t\t\n\t\t<article class=\"post-63390 contenuto type-contenuto status-publish has-post-thumbnail hentry capotravecategorie-festival-en capotravetags-events capotravetags-festival-events-2026 capotravetags_libere-dance dce-post dce-post-item dce-item-grid\" data-dce-post-id=\"63390\" data-dce-post-index=\"13\" data-post-link=\"https:\/\/www.kilowattfestival.it\/en\/contenuto\/sex-exe-kwt2026-danza\/\">\n\t\t\t<div class=\"dce-post-block elementor-animation-float\">\n\t\t<div class=\"dce-item dce-item_custommeta elementor-repeater-item-546d9cf\"><div class=\"dce-post-custommeta dce-post-custommeta dce-post-custommeta dce-post-custommeta dce-post-custommeta dce-post-custommeta dce-post-custommeta dce-post-custommeta dce-post-custommeta dce-post-custommeta dce-post-custommeta dce-post-custommeta dce-post-custommeta dce-post-custommeta dce-post-custommeta dce-post-custommeta dce-post-custommeta dce-post-custommeta dce-post-custommeta dce-post-custommeta dce-post-custommeta dce-post-custommeta dce-post-custommeta dce-post-custommeta dce-post-custommeta dce-post-custommeta dce-post-custommeta\"><div class=\"dce-meta-item dce-meta-546d9cf dce-meta-date elementor-repeater-item-546d9cf\">23\/07\/2026<\/div><\/div><\/div><div class=\"dce-item dce-item_token elementor-repeater-item-2eeb17e\"><i class=\"far fa-clock\"><\/i><span>22:45<\/span><\/div><div class=\"dce-item dce-item_image elementor-repeater-item-bcc25aa\"><a class=\"dce-post-image\" href=\"https:\/\/www.kilowattfestival.it\/en\/contenuto\/sex-exe-kwt2026-danza\/\"><figure data-image-ratio=\"0.6\" class=\"dce-img\"><img loading=\"lazy\" decoding=\"async\" width=\"768\" height=\"512\" src=\"https:\/\/www.kilowattfestival.it\/wp-content\/uploads\/2026\/05\/SEX.EXE_Gruppo-Voluptas-Pablo-Ezequiel-Rizzo_KWT26-768x512.jpg\" class=\"\" alt=\"Sex.exe\" srcset=\"https:\/\/www.kilowattfestival.it\/wp-content\/uploads\/2026\/05\/SEX.EXE_Gruppo-Voluptas-Pablo-Ezequiel-Rizzo_KWT26-768x512.jpg 768w, https:\/\/www.kilowattfestival.it\/wp-content\/uploads\/2026\/05\/SEX.EXE_Gruppo-Voluptas-Pablo-Ezequiel-Rizzo_KWT26-300x200.jpg 300w, https:\/\/www.kilowattfestival.it\/wp-content\/uploads\/2026\/05\/SEX.EXE_Gruppo-Voluptas-Pablo-Ezequiel-Rizzo_KWT26-1536x1025.jpg 1536w, https:\/\/www.kilowattfestival.it\/wp-content\/uploads\/2026\/05\/SEX.EXE_Gruppo-Voluptas-Pablo-Ezequiel-Rizzo_KWT26.jpg 1619w\" sizes=\"(max-width: 768px) 100vw, 768px\" \/><\/figure><\/a><\/div><div class=\"dce-item dce-item_custommeta elementor-repeater-item-aa91113\"><div class=\"dce-post-custommeta dce-post-custommeta dce-post-custommeta dce-post-custommeta dce-post-custommeta dce-post-custommeta dce-post-custommeta dce-post-custommeta dce-post-custommeta dce-post-custommeta dce-post-custommeta dce-post-custommeta dce-post-custommeta dce-post-custommeta dce-post-custommeta dce-post-custommeta dce-post-custommeta dce-post-custommeta dce-post-custommeta dce-post-custommeta dce-post-custommeta dce-post-custommeta dce-post-custommeta dce-post-custommeta dce-post-custommeta dce-post-custommeta dce-post-custommeta dce-post-custommeta\"><div class=\"dce-meta-item dce-meta-546d9cf dce-meta-date elementor-repeater-item-546d9cf dce-meta-item dce-meta-aa91113 dce-meta-text elementor-repeater-item-aa91113\"><div>Gruppo Voluptas \/ Pablo Ezequiel Rizzo<\/div><\/div><\/div><\/div><div class=\"dce-item dce-item_title elementor-repeater-item-a773ffa\"><h3 class=\"dce-post-title\">Sex.exe<\/h3><\/div><div class=\"dce-item dce-item_termstaxonomy elementor-repeater-item-76b0ed9\"><div class=\"dce-post-terms\"><ul class=\"dce-terms-list dce-taxonomy-capotravetags_libere\"><li class=\"dce-term-item\"><span class=\"dce-term dce-term-62\" data-dce-order=\"\">Dance<\/span><\/li><\/ul><\/div><\/div><div class=\"dce-item dce-item_token elementor-repeater-item-deb9021\"><i class=\"fa fa-stopwatch\"><\/i>&nbsp; <span>running time: 40&#039;<\/span><\/div><div class=\"dce-item dce-item_token elementor-repeater-item-1b0d7c2\"><i class=\"fa fa-map-marker-alt\"><\/i>&nbsp; <span>Chiostro di Santa Chiara<\/span><\/div><div class=\"dce-item dce-item_token elementor-repeater-item-bdde9fe\"><div class=\"eve-meta-ingresso\"><i class=\"fa fa-ticket-alt\"><\/i>&nbsp;<span> 10&nbsp;\u20ac&nbsp;full \/ 8&nbsp;\u20ac&nbsp;reduced<\/span><\/div><\/div>\t\t\t<\/div>\n\t\t<\/article>\n\t\t\n\t\t<article class=\"post-63378 contenuto type-contenuto status-publish has-post-thumbnail hentry capotravecategorie-festival-en capotravetags-events capotravetags-festival-events-2026 capotravetags_libere-music dce-post dce-post-item dce-item-grid\" data-dce-post-id=\"63378\" data-dce-post-index=\"14\" data-post-link=\"https:\/\/www.kilowattfestival.it\/en\/contenuto\/dj-set-di-lorenzo-trevinati-tech-house-kwt2026-musica\/\">\n\t\t\t<div class=\"dce-post-block elementor-animation-float\">\n\t\t<div class=\"dce-item dce-item_custommeta elementor-repeater-item-546d9cf\"><div class=\"dce-post-custommeta dce-post-custommeta dce-post-custommeta dce-post-custommeta dce-post-custommeta dce-post-custommeta dce-post-custommeta dce-post-custommeta dce-post-custommeta dce-post-custommeta dce-post-custommeta dce-post-custommeta dce-post-custommeta dce-post-custommeta dce-post-custommeta dce-post-custommeta dce-post-custommeta dce-post-custommeta dce-post-custommeta dce-post-custommeta dce-post-custommeta dce-post-custommeta dce-post-custommeta dce-post-custommeta dce-post-custommeta dce-post-custommeta dce-post-custommeta dce-post-custommeta dce-post-custommeta\"><div class=\"dce-meta-item dce-meta-546d9cf dce-meta-date elementor-repeater-item-546d9cf\">23\/07\/2026<\/div><\/div><\/div><div class=\"dce-item dce-item_token elementor-repeater-item-2eeb17e\"><i class=\"far fa-clock\"><\/i><span>23:00<\/span><\/div><div class=\"dce-item dce-item_image elementor-repeater-item-bcc25aa\"><a class=\"dce-post-image\" href=\"https:\/\/www.kilowattfestival.it\/en\/contenuto\/dj-set-di-lorenzo-trevinati-tech-house-kwt2026-musica\/\"><figure data-image-ratio=\"0.6\" class=\"dce-img\"><img loading=\"lazy\" decoding=\"async\" width=\"768\" height=\"432\" src=\"https:\/\/www.kilowattfestival.it\/wp-content\/uploads\/2026\/05\/Dj-Lorenzo-Trevinati--768x432.jpg\" class=\"\" alt=\"Dj-set by Lorenzo Trevinati (tech-house)\" srcset=\"https:\/\/www.kilowattfestival.it\/wp-content\/uploads\/2026\/05\/Dj-Lorenzo-Trevinati--768x432.jpg 768w, https:\/\/www.kilowattfestival.it\/wp-content\/uploads\/2026\/05\/Dj-Lorenzo-Trevinati--300x169.jpg 300w, https:\/\/www.kilowattfestival.it\/wp-content\/uploads\/2026\/05\/Dj-Lorenzo-Trevinati--1536x864.jpg 1536w, https:\/\/www.kilowattfestival.it\/wp-content\/uploads\/2026\/05\/Dj-Lorenzo-Trevinati-.jpg 1920w\" sizes=\"(max-width: 768px) 100vw, 768px\" \/><\/figure><\/a><\/div><div class=\"dce-item dce-item_custommeta elementor-repeater-item-aa91113\"><div class=\"dce-post-custommeta dce-post-custommeta dce-post-custommeta dce-post-custommeta dce-post-custommeta dce-post-custommeta dce-post-custommeta dce-post-custommeta dce-post-custommeta dce-post-custommeta dce-post-custommeta dce-post-custommeta dce-post-custommeta dce-post-custommeta dce-post-custommeta dce-post-custommeta dce-post-custommeta dce-post-custommeta dce-post-custommeta dce-post-custommeta dce-post-custommeta dce-post-custommeta dce-post-custommeta dce-post-custommeta dce-post-custommeta dce-post-custommeta dce-post-custommeta dce-post-custommeta dce-post-custommeta dce-post-custommeta\"><div class=\"dce-meta-item dce-meta-546d9cf dce-meta-date elementor-repeater-item-546d9cf dce-meta-item dce-meta-aa91113 dce-meta-text elementor-repeater-item-aa91113\"><div>Lorenzo Trevinati<\/div><\/div><\/div><\/div><div class=\"dce-item dce-item_title elementor-repeater-item-a773ffa\"><h3 class=\"dce-post-title\">Dj-set by Lorenzo Trevinati (tech-house)<\/h3><\/div><div class=\"dce-item dce-item_termstaxonomy elementor-repeater-item-76b0ed9\"><div class=\"dce-post-terms\"><ul class=\"dce-terms-list dce-taxonomy-capotravetags_libere\"><li class=\"dce-term-item\"><span class=\"dce-term dce-term-69\" data-dce-order=\"\">Music<\/span><\/li><\/ul><\/div><\/div><div class=\"dce-item dce-item_token elementor-repeater-item-deb9021\"><i class=\"fa fa-stopwatch\"><\/i>&nbsp; <span>running time: 120&#039;<\/span><\/div><div class=\"dce-item dce-item_token elementor-repeater-item-1b0d7c2\"><i class=\"fa fa-map-marker-alt\"><\/i>&nbsp; <span>Giardini di Piero<\/span><\/div><div class=\"dce-item dce-item_token elementor-repeater-item-bdde9fe\"><div class=\"eve-meta-ingresso\"><i class=\"fa fa-ticket-alt\"><\/i>&nbsp;<span> 1&nbsp;\u20ac<\/span><\/div><\/div>\t\t\t<\/div>\n\t\t<\/article>\n\t\t\t\t\t<\/div>\n\t\t\t\t\t<\/div>\n\t\t\t\t\t\t<\/div>\n\t\t\t\t<\/div>\n\t\t\t\t<div class=\"elementor-element elementor-element-2d235e5 toggle-header elementor-widget elementor-widget-heading\" data-id=\"2d235e5\" data-element_type=\"widget\" data-widget_type=\"heading.default\">\n\t\t\t\t<div class=\"elementor-widget-container\">\n\t\t\t\t\t<div class=\"elementor-heading-title elementor-size-default\"><button><h3><i class=\"fa fa-calendar-day\"><\/i> &nbsp; Friday, july 24, 2026<\/h3><\/button><\/div>\t\t\t\t<\/div>\n\t\t\t\t<\/div>\n\t\t\t\t<div class=\"elementor-element elementor-element-fd3223c toggle-content dce-posts-layout-default dce-col-4 dce-col-tablet-3 dce-col-mobile-1 dce-align-left elementor-widget elementor-widget-dce-dynamicposts-v2\" data-id=\"fd3223c\" data-element_type=\"widget\" id=\"giorno-8\" data-settings=\"{&quot;templatemode_linkable&quot;:&quot;yes&quot;,&quot;style_items&quot;:&quot;default&quot;,&quot;grid_grid_type&quot;:&quot;flex&quot;}\" data-widget_type=\"dce-dynamicposts-v2.grid\">\n\t\t\t\t<div class=\"elementor-widget-container\">\n\t\t\t\t\t\n\t\t<div class=\"dce-fix-background-loop dce-posts-container dce-posts dce-dynamic-posts-collection  dce-skin-grid dce-skin-grid-flex\">\n\t\t\t\t\t\t<div class=\"dce-posts-wrapper dce-wrapper-grid\">\n\t\t\t\n\t\t<article class=\"post-63324 contenuto type-contenuto status-publish has-post-thumbnail hentry capotravecategorie-festival-en capotravetags-events capotravetags-festival-events-2026 capotravetags_libere-replica-en capotravetags_libere-workshops dce-post dce-post-item dce-item-grid\" data-dce-post-id=\"63324\" data-dce-post-index=\"0\" data-post-link=\"https:\/\/www.kilowattfestival.it\/en\/contenuto\/una-buona-idea-kwt2026-laboratori-7\/\">\n\t\t\t<div class=\"dce-post-block elementor-animation-float\">\n\t\t<div class=\"dce-item dce-item_custommeta elementor-repeater-item-546d9cf\"><div class=\"dce-post-custommeta\"><div class=\"dce-meta-item dce-meta-546d9cf dce-meta-date elementor-repeater-item-546d9cf\">24\/07\/2026<\/div><\/div><\/div><div class=\"dce-item dce-item_token elementor-repeater-item-2eeb17e\"><i class=\"far fa-clock\"><\/i><span>09:45 - 16:45<\/span><\/div><div class=\"dce-item dce-item_image elementor-repeater-item-bcc25aa\"><a class=\"dce-post-image\" href=\"https:\/\/www.kilowattfestival.it\/en\/contenuto\/una-buona-idea-kwt2026-laboratori-7\/\"><figure data-image-ratio=\"0.6\" class=\"dce-img\"><img loading=\"lazy\" decoding=\"async\" width=\"768\" height=\"512\" src=\"https:\/\/www.kilowattfestival.it\/wp-content\/uploads\/2026\/05\/LAB_ph-Enrico-Baraldi_KWT26-768x512.jpg\" class=\"\" alt=\"Una buona idea\" srcset=\"https:\/\/www.kilowattfestival.it\/wp-content\/uploads\/2026\/05\/LAB_ph-Enrico-Baraldi_KWT26-768x512.jpg 768w, https:\/\/www.kilowattfestival.it\/wp-content\/uploads\/2026\/05\/LAB_ph-Enrico-Baraldi_KWT26-300x200.jpg 300w, https:\/\/www.kilowattfestival.it\/wp-content\/uploads\/2026\/05\/LAB_ph-Enrico-Baraldi_KWT26-1536x1024.jpg 1536w, https:\/\/www.kilowattfestival.it\/wp-content\/uploads\/2026\/05\/LAB_ph-Enrico-Baraldi_KWT26.jpg 1620w\" sizes=\"(max-width: 768px) 100vw, 768px\" \/><\/figure><\/a><\/div><div class=\"dce-item dce-item_custommeta elementor-repeater-item-aa91113\"><div class=\"dce-post-custommeta dce-post-custommeta\"><div class=\"dce-meta-item dce-meta-546d9cf dce-meta-date elementor-repeater-item-546d9cf dce-meta-item dce-meta-aa91113 dce-meta-text elementor-repeater-item-aa91113\"><div>Nicola Borghesi<\/div><\/div><\/div><\/div><div class=\"dce-item dce-item_title elementor-repeater-item-a773ffa\"><h3 class=\"dce-post-title\">Una buona idea<\/h3><\/div><div class=\"dce-item dce-item_termstaxonomy elementor-repeater-item-76b0ed9\"><div class=\"dce-post-terms\"><ul class=\"dce-terms-list dce-taxonomy-capotravetags_libere\"><li class=\"dce-term-item\"><span class=\"dce-term dce-term-84\" data-dce-order=\"\">Repeat performance<\/span><\/li><li class=\"dce-term-item\"><span class=\"dce-separator\">\/<\/span><span class=\"dce-term dce-term-67\" data-dce-order=\"\">Workshops<\/span><\/li><\/ul><\/div><\/div><div class=\"dce-item dce-item_token elementor-repeater-item-deb9021\"><i class=\"fa fa-stopwatch\"><\/i>&nbsp; <span>running time: 7 days<\/span><\/div><div class=\"dce-item dce-item_token elementor-repeater-item-1b0d7c2\"><i class=\"fa fa-map-marker-alt\"><\/i>&nbsp; <span>Tedamis<\/span><\/div><div class=\"dce-item dce-item_token elementor-repeater-item-bdde9fe\"><\/div>\t\t\t<\/div>\n\t\t<\/article>\n\t\t\n\t\t<article class=\"post-63325 contenuto type-contenuto status-publish has-post-thumbnail hentry capotravecategorie-festival-en capotravetags-events capotravetags-festival-events-2026 capotravetags_libere-replica-en capotravetags_libere-workshops dce-post dce-post-item dce-item-grid\" data-dce-post-id=\"63325\" data-dce-post-index=\"1\" data-post-link=\"https:\/\/www.kilowattfestival.it\/en\/contenuto\/il-corpo-come-soglia-kwt2026-laboratori-6\/\">\n\t\t\t<div class=\"dce-post-block elementor-animation-float\">\n\t\t<div class=\"dce-item dce-item_custommeta elementor-repeater-item-546d9cf\"><div class=\"dce-post-custommeta dce-post-custommeta dce-post-custommeta\"><div class=\"dce-meta-item dce-meta-546d9cf dce-meta-date elementor-repeater-item-546d9cf\">24\/07\/2026<\/div><\/div><\/div><div class=\"dce-item dce-item_token elementor-repeater-item-2eeb17e\"><i class=\"far fa-clock\"><\/i><span>09:45 - 16:45<\/span><\/div><div class=\"dce-item dce-item_image elementor-repeater-item-bcc25aa\"><a class=\"dce-post-image\" href=\"https:\/\/www.kilowattfestival.it\/en\/contenuto\/il-corpo-come-soglia-kwt2026-laboratori-6\/\"><figure data-image-ratio=\"0.6\" class=\"dce-img\"><img loading=\"lazy\" decoding=\"async\" width=\"768\" height=\"433\" src=\"https:\/\/www.kilowattfestival.it\/wp-content\/uploads\/2026\/05\/LAB_Il-corpo-come-soglia-Francesco-Marilungo_KWT26_v2-768x433.jpg\" class=\"\" alt=\"Il corpo come soglia\" srcset=\"https:\/\/www.kilowattfestival.it\/wp-content\/uploads\/2026\/05\/LAB_Il-corpo-come-soglia-Francesco-Marilungo_KWT26_v2-768x433.jpg 768w, https:\/\/www.kilowattfestival.it\/wp-content\/uploads\/2026\/05\/LAB_Il-corpo-come-soglia-Francesco-Marilungo_KWT26_v2-300x169.jpg 300w, https:\/\/www.kilowattfestival.it\/wp-content\/uploads\/2026\/05\/LAB_Il-corpo-come-soglia-Francesco-Marilungo_KWT26_v2.jpg 780w\" sizes=\"(max-width: 768px) 100vw, 768px\" \/><\/figure><\/a><\/div><div class=\"dce-item dce-item_custommeta elementor-repeater-item-aa91113\"><div class=\"dce-post-custommeta dce-post-custommeta dce-post-custommeta dce-post-custommeta\"><div class=\"dce-meta-item dce-meta-546d9cf dce-meta-date elementor-repeater-item-546d9cf dce-meta-item dce-meta-aa91113 dce-meta-text elementor-repeater-item-aa91113\"><div>Francesco Marilungo<\/div><\/div><\/div><\/div><div class=\"dce-item dce-item_title elementor-repeater-item-a773ffa\"><h3 class=\"dce-post-title\">Il corpo come soglia<\/h3><\/div><div class=\"dce-item dce-item_termstaxonomy elementor-repeater-item-76b0ed9\"><div class=\"dce-post-terms\"><ul class=\"dce-terms-list dce-taxonomy-capotravetags_libere\"><li class=\"dce-term-item\"><span class=\"dce-term dce-term-84\" data-dce-order=\"\">Repeat performance<\/span><\/li><li class=\"dce-term-item\"><span class=\"dce-separator\">\/<\/span><span class=\"dce-term dce-term-67\" data-dce-order=\"\">Workshops<\/span><\/li><\/ul><\/div><\/div><div class=\"dce-item dce-item_token elementor-repeater-item-deb9021\"><i class=\"fa fa-stopwatch\"><\/i>&nbsp; <span>running time: 7 days<\/span><\/div><div class=\"dce-item dce-item_token elementor-repeater-item-1b0d7c2\"><i class=\"fa fa-map-marker-alt\"><\/i>&nbsp; <span>Palestra della Scuola Primaria C.Collodi<\/span><\/div><div class=\"dce-item dce-item_token elementor-repeater-item-bdde9fe\"><\/div>\t\t\t<\/div>\n\t\t<\/article>\n\t\t\n\t\t<article class=\"post-63349 contenuto type-contenuto status-publish has-post-thumbnail hentry capotravecategorie-festival-en capotravetags-events capotravetags-festival-events-2026 capotravetags_libere-replica-en capotravetags_libere-workshops dce-post dce-post-item dce-item-grid\" data-dce-post-id=\"63349\" data-dce-post-index=\"2\" data-post-link=\"https:\/\/www.kilowattfestival.it\/en\/contenuto\/prove-di-libero-rigore-kwt2026-laboratori-5\/\">\n\t\t\t<div class=\"dce-post-block elementor-animation-float\">\n\t\t<div class=\"dce-item dce-item_custommeta elementor-repeater-item-546d9cf\"><div class=\"dce-post-custommeta dce-post-custommeta dce-post-custommeta dce-post-custommeta dce-post-custommeta\"><div class=\"dce-meta-item dce-meta-546d9cf dce-meta-date elementor-repeater-item-546d9cf\">24\/07\/2026<\/div><\/div><\/div><div class=\"dce-item dce-item_token elementor-repeater-item-2eeb17e\"><i class=\"far fa-clock\"><\/i><span>09:45 - 16:45<\/span><\/div><div class=\"dce-item dce-item_image elementor-repeater-item-bcc25aa\"><a class=\"dce-post-image\" href=\"https:\/\/www.kilowattfestival.it\/en\/contenuto\/prove-di-libero-rigore-kwt2026-laboratori-5\/\"><figure data-image-ratio=\"0.6\" class=\"dce-img\"><img loading=\"lazy\" decoding=\"async\" width=\"768\" height=\"432\" src=\"https:\/\/www.kilowattfestival.it\/wp-content\/uploads\/2026\/05\/LAB_Daria-Deflorian-Andrea-Pizzalis-Prove-di-libero-rigore_KWT26-768x432.jpg\" class=\"\" alt=\"Prove di libero rigore\" srcset=\"https:\/\/www.kilowattfestival.it\/wp-content\/uploads\/2026\/05\/LAB_Daria-Deflorian-Andrea-Pizzalis-Prove-di-libero-rigore_KWT26-768x432.jpg 768w, https:\/\/www.kilowattfestival.it\/wp-content\/uploads\/2026\/05\/LAB_Daria-Deflorian-Andrea-Pizzalis-Prove-di-libero-rigore_KWT26-300x169.jpg 300w, https:\/\/www.kilowattfestival.it\/wp-content\/uploads\/2026\/05\/LAB_Daria-Deflorian-Andrea-Pizzalis-Prove-di-libero-rigore_KWT26-1536x864.jpg 1536w, https:\/\/www.kilowattfestival.it\/wp-content\/uploads\/2026\/05\/LAB_Daria-Deflorian-Andrea-Pizzalis-Prove-di-libero-rigore_KWT26.jpg 1920w\" sizes=\"(max-width: 768px) 100vw, 768px\" \/><\/figure><\/a><\/div><div class=\"dce-item dce-item_custommeta elementor-repeater-item-aa91113\"><div class=\"dce-post-custommeta dce-post-custommeta dce-post-custommeta dce-post-custommeta dce-post-custommeta dce-post-custommeta\"><div class=\"dce-meta-item dce-meta-546d9cf dce-meta-date elementor-repeater-item-546d9cf dce-meta-item dce-meta-aa91113 dce-meta-text elementor-repeater-item-aa91113\"><div>Daria Deflorian<\/div><\/div><\/div><\/div><div class=\"dce-item dce-item_title elementor-repeater-item-a773ffa\"><h3 class=\"dce-post-title\">Prove di libero rigore<\/h3><\/div><div class=\"dce-item dce-item_termstaxonomy elementor-repeater-item-76b0ed9\"><div class=\"dce-post-terms\"><ul class=\"dce-terms-list dce-taxonomy-capotravetags_libere\"><li class=\"dce-term-item\"><span class=\"dce-term dce-term-84\" data-dce-order=\"\">Repeat performance<\/span><\/li><li class=\"dce-term-item\"><span class=\"dce-separator\">\/<\/span><span class=\"dce-term dce-term-67\" data-dce-order=\"\">Workshops<\/span><\/li><\/ul><\/div><\/div><div class=\"dce-item dce-item_token elementor-repeater-item-deb9021\"><i class=\"fa fa-stopwatch\"><\/i>&nbsp; <span>running time: 6 days<\/span><\/div><div class=\"dce-item dce-item_token elementor-repeater-item-1b0d7c2\"><i class=\"fa fa-map-marker-alt\"><\/i>&nbsp; <span>Tedamis<\/span><\/div><div class=\"dce-item dce-item_token elementor-repeater-item-bdde9fe\"><\/div>\t\t\t<\/div>\n\t\t<\/article>\n\t\t\n\t\t<article class=\"post-63277 contenuto type-contenuto status-publish has-post-thumbnail hentry capotravecategorie-festival-en capotravetags-events capotravetags-festival-events-2026 capotravetags_libere-meeting capotravetags_libere-replica-en dce-post dce-post-item dce-item-grid\" data-dce-post-id=\"63277\" data-dce-post-index=\"3\" data-post-link=\"https:\/\/www.kilowattfestival.it\/en\/contenuto\/feedback-visionari-kwt2026-incontro-7\/\">\n\t\t\t<div class=\"dce-post-block elementor-animation-float\">\n\t\t<div class=\"dce-item dce-item_custommeta elementor-repeater-item-546d9cf\"><div class=\"dce-post-custommeta dce-post-custommeta dce-post-custommeta dce-post-custommeta dce-post-custommeta dce-post-custommeta dce-post-custommeta\"><div class=\"dce-meta-item dce-meta-546d9cf dce-meta-date elementor-repeater-item-546d9cf\">24\/07\/2026<\/div><\/div><\/div><div class=\"dce-item dce-item_token elementor-repeater-item-2eeb17e\"><i class=\"far fa-clock\"><\/i><span>11:00 - 12:30<\/span><\/div><div class=\"dce-item dce-item_image elementor-repeater-item-bcc25aa\"><a class=\"dce-post-image\" href=\"https:\/\/www.kilowattfestival.it\/en\/contenuto\/feedback-visionari-kwt2026-incontro-7\/\"><figure data-image-ratio=\"0.6\" class=\"dce-img\"><img loading=\"lazy\" decoding=\"async\" width=\"768\" height=\"463\" src=\"https:\/\/www.kilowattfestival.it\/wp-content\/uploads\/2026\/05\/INCONTRI_PUBBLICI_TRA_I_VISIONARI_KWT26-768x463.jpg\" class=\"\" alt=\"Feedback Visionari\" srcset=\"https:\/\/www.kilowattfestival.it\/wp-content\/uploads\/2026\/05\/INCONTRI_PUBBLICI_TRA_I_VISIONARI_KWT26-768x463.jpg 768w, https:\/\/www.kilowattfestival.it\/wp-content\/uploads\/2026\/05\/INCONTRI_PUBBLICI_TRA_I_VISIONARI_KWT26-300x181.jpg 300w, https:\/\/www.kilowattfestival.it\/wp-content\/uploads\/2026\/05\/INCONTRI_PUBBLICI_TRA_I_VISIONARI_KWT26-1536x925.jpg 1536w, https:\/\/www.kilowattfestival.it\/wp-content\/uploads\/2026\/05\/INCONTRI_PUBBLICI_TRA_I_VISIONARI_KWT26.jpg 1793w\" sizes=\"(max-width: 768px) 100vw, 768px\" \/><\/figure><\/a><\/div><div class=\"dce-item dce-item_custommeta elementor-repeater-item-aa91113\"><div class=\"dce-post-custommeta dce-post-custommeta dce-post-custommeta dce-post-custommeta dce-post-custommeta dce-post-custommeta dce-post-custommeta dce-post-custommeta\"><div class=\"dce-meta-item dce-meta-546d9cf dce-meta-date elementor-repeater-item-546d9cf dce-meta-item dce-meta-aa91113 dce-meta-text elementor-repeater-item-aa91113\"><div>Visionari 2026<\/div><\/div><\/div><\/div><div class=\"dce-item dce-item_title elementor-repeater-item-a773ffa\"><h3 class=\"dce-post-title\">Feedback Visionari<\/h3><\/div><div class=\"dce-item dce-item_termstaxonomy elementor-repeater-item-76b0ed9\"><div class=\"dce-post-terms\"><ul class=\"dce-terms-list dce-taxonomy-capotravetags_libere\"><li class=\"dce-term-item\"><span class=\"dce-term dce-term-102\" data-dce-order=\"\">Meeting<\/span><\/li><li class=\"dce-term-item\"><span class=\"dce-separator\">\/<\/span><span class=\"dce-term dce-term-84\" data-dce-order=\"\">Repeat performance<\/span><\/li><\/ul><\/div><\/div><div class=\"dce-item dce-item_token elementor-repeater-item-deb9021\"><i class=\"fa fa-stopwatch\"><\/i>&nbsp; <span>running time: 9 days<\/span><\/div><div class=\"dce-item dce-item_token elementor-repeater-item-1b0d7c2\"><i class=\"fa fa-map-marker-alt\"><\/i>&nbsp; <span>Giardini di Piero<\/span><\/div><div class=\"dce-item dce-item_token elementor-repeater-item-bdde9fe\"><div class=\"eve-meta-ingresso\"><i class=\"fa fa-ticket-alt\"><\/i>&nbsp;<span>Free entrance<\/span><\/div><\/div>\t\t\t<\/div>\n\t\t<\/article>\n\t\t\n\t\t<article class=\"post-63239 contenuto type-contenuto status-publish has-post-thumbnail hentry capotravecategorie-festival-en capotravetags-events capotravetags-festival-events-2026 capotravetags_libere-replica-en capotravetags_libere-visual-art dce-post dce-post-item dce-item-grid\" data-dce-post-id=\"63239\" data-dce-post-index=\"4\" data-post-link=\"https:\/\/www.kilowattfestival.it\/en\/contenuto\/tre-mostre-dedicate-a-eugenio-barba-e-julia-varley-kwt2026-arte-visiva-8\/\">\n\t\t\t<div class=\"dce-post-block elementor-animation-float\">\n\t\t<div class=\"dce-item dce-item_custommeta elementor-repeater-item-546d9cf\"><div class=\"dce-post-custommeta dce-post-custommeta dce-post-custommeta dce-post-custommeta dce-post-custommeta dce-post-custommeta dce-post-custommeta dce-post-custommeta dce-post-custommeta\"><div class=\"dce-meta-item dce-meta-546d9cf dce-meta-date elementor-repeater-item-546d9cf\">24\/07\/2026<\/div><\/div><\/div><div class=\"dce-item dce-item_token elementor-repeater-item-2eeb17e\"><i class=\"far fa-clock\"><\/i><span>16:00 - 20:00<\/span><\/div><div class=\"dce-item dce-item_image elementor-repeater-item-bcc25aa\"><a class=\"dce-post-image\" href=\"https:\/\/www.kilowattfestival.it\/en\/contenuto\/tre-mostre-dedicate-a-eugenio-barba-e-julia-varley-kwt2026-arte-visiva-8\/\"><figure data-image-ratio=\"0.6\" class=\"dce-img\"><img loading=\"lazy\" decoding=\"async\" width=\"768\" height=\"512\" src=\"https:\/\/www.kilowattfestival.it\/wp-content\/uploads\/2026\/05\/Mostra_FrancescoGalli_KWT26-768x512.jpg\" class=\"\" alt=\"Three exhibitions dedicated to Eugenio Barba and Julia Varley\" srcset=\"https:\/\/www.kilowattfestival.it\/wp-content\/uploads\/2026\/05\/Mostra_FrancescoGalli_KWT26-768x512.jpg 768w, https:\/\/www.kilowattfestival.it\/wp-content\/uploads\/2026\/05\/Mostra_FrancescoGalli_KWT26-300x200.jpg 300w, https:\/\/www.kilowattfestival.it\/wp-content\/uploads\/2026\/05\/Mostra_FrancescoGalli_KWT26.jpg 1181w\" sizes=\"(max-width: 768px) 100vw, 768px\" \/><\/figure><\/a><\/div><div class=\"dce-item dce-item_custommeta elementor-repeater-item-aa91113\"><div class=\"dce-post-custommeta dce-post-custommeta dce-post-custommeta dce-post-custommeta dce-post-custommeta dce-post-custommeta dce-post-custommeta dce-post-custommeta dce-post-custommeta dce-post-custommeta\"><div class=\"dce-meta-item dce-meta-546d9cf dce-meta-date elementor-repeater-item-546d9cf dce-meta-item dce-meta-aa91113 dce-meta-text elementor-repeater-item-aa91113\"><div>Francesco Galli, Annalisa Gonnella (curated by)<\/div><\/div><\/div><\/div><div class=\"dce-item dce-item_title elementor-repeater-item-a773ffa\"><h3 class=\"dce-post-title\">Three exhibitions dedicated to Eugenio Barba and Julia Varley<\/h3><\/div><div class=\"dce-item dce-item_termstaxonomy elementor-repeater-item-76b0ed9\"><div class=\"dce-post-terms\"><ul class=\"dce-terms-list dce-taxonomy-capotravetags_libere\"><li class=\"dce-term-item\"><span class=\"dce-term dce-term-84\" data-dce-order=\"\">Repeat performance<\/span><\/li><li class=\"dce-term-item\"><span class=\"dce-separator\">\/<\/span><span class=\"dce-term dce-term-99\" data-dce-order=\"\">Visual Art<\/span><\/li><\/ul><\/div><\/div><div class=\"dce-item dce-item_token elementor-repeater-item-deb9021\"><i class=\"fa fa-stopwatch\"><\/i>&nbsp; <span>running time: 9 days<\/span><\/div><div class=\"dce-item dce-item_token elementor-repeater-item-1b0d7c2\"><i class=\"fa fa-map-marker-alt\"><\/i>&nbsp; <span>Teatro alla Misericordia \/ Palazzo Alberti<\/span><\/div><div class=\"dce-item dce-item_token elementor-repeater-item-bdde9fe\"><div class=\"eve-meta-ingresso\"><i class=\"fa fa-ticket-alt\"><\/i>&nbsp;<span>Free entrance<\/span><\/div><\/div>\t\t\t<\/div>\n\t\t<\/article>\n\t\t\n\t\t<article class=\"post-63387 contenuto type-contenuto status-publish has-post-thumbnail hentry capotravecategorie-festival-en capotravetags-events capotravetags-festival-events-2026 capotravetags_libere-conference capotravetags_libere-replica-en dce-post dce-post-item dce-item-grid\" data-dce-post-id=\"63387\" data-dce-post-index=\"5\" data-post-link=\"https:\/\/www.kilowattfestival.it\/en\/contenuto\/della-luce-del-corpo-e-dello-spazio-kwt2026-convegno-2\/\">\n\t\t\t<div class=\"dce-post-block elementor-animation-float\">\n\t\t<div class=\"dce-item dce-item_custommeta elementor-repeater-item-546d9cf\"><div class=\"dce-post-custommeta dce-post-custommeta dce-post-custommeta dce-post-custommeta dce-post-custommeta dce-post-custommeta dce-post-custommeta dce-post-custommeta dce-post-custommeta dce-post-custommeta dce-post-custommeta\"><div class=\"dce-meta-item dce-meta-546d9cf dce-meta-date elementor-repeater-item-546d9cf\">24\/07\/2026<\/div><\/div><\/div><div class=\"dce-item dce-item_token elementor-repeater-item-2eeb17e\"><i class=\"far fa-clock\"><\/i><span>10:00 - 14:00<\/span><\/div><div class=\"dce-item dce-item_image elementor-repeater-item-bcc25aa\"><a class=\"dce-post-image\" href=\"https:\/\/www.kilowattfestival.it\/en\/contenuto\/della-luce-del-corpo-e-dello-spazio-kwt2026-convegno-2\/\"><figure data-image-ratio=\"0.6\" class=\"dce-img\"><img loading=\"lazy\" decoding=\"async\" width=\"768\" height=\"432\" src=\"https:\/\/www.kilowattfestival.it\/wp-content\/uploads\/2026\/05\/INCONTRO_DELLA_LUCE_KWT26_v2-768x432.jpg\" class=\"\" alt=\"Della luce, del corpo e dello spazio\" srcset=\"https:\/\/www.kilowattfestival.it\/wp-content\/uploads\/2026\/05\/INCONTRO_DELLA_LUCE_KWT26_v2-768x432.jpg 768w, https:\/\/www.kilowattfestival.it\/wp-content\/uploads\/2026\/05\/INCONTRO_DELLA_LUCE_KWT26_v2-300x169.jpg 300w, https:\/\/www.kilowattfestival.it\/wp-content\/uploads\/2026\/05\/INCONTRO_DELLA_LUCE_KWT26_v2-1536x864.jpg 1536w, https:\/\/www.kilowattfestival.it\/wp-content\/uploads\/2026\/05\/INCONTRO_DELLA_LUCE_KWT26_v2.jpg 1920w\" sizes=\"(max-width: 768px) 100vw, 768px\" \/><\/figure><\/a><\/div><div class=\"dce-item dce-item_custommeta elementor-repeater-item-aa91113\"><div class=\"dce-post-custommeta dce-post-custommeta dce-post-custommeta dce-post-custommeta dce-post-custommeta dce-post-custommeta dce-post-custommeta dce-post-custommeta dce-post-custommeta dce-post-custommeta dce-post-custommeta dce-post-custommeta\"><div class=\"dce-meta-item dce-meta-546d9cf dce-meta-date elementor-repeater-item-546d9cf dce-meta-item dce-meta-aa91113 dce-meta-text elementor-repeater-item-aa91113\"><div>Gianni Staropoli, Michelangelo Bellani (curated by)<\/div><\/div><\/div><\/div><div class=\"dce-item dce-item_title elementor-repeater-item-a773ffa\"><h3 class=\"dce-post-title\">Della luce, del corpo e dello spazio<\/h3><\/div><div class=\"dce-item dce-item_termstaxonomy elementor-repeater-item-76b0ed9\"><div class=\"dce-post-terms\"><ul class=\"dce-terms-list dce-taxonomy-capotravetags_libere\"><li class=\"dce-term-item\"><span class=\"dce-term dce-term-143\" data-dce-order=\"\">Conference<\/span><\/li><li class=\"dce-term-item\"><span class=\"dce-separator\">\/<\/span><span class=\"dce-term dce-term-84\" data-dce-order=\"\">Repeat performance<\/span><\/li><\/ul><\/div><\/div><div class=\"dce-item dce-item_token elementor-repeater-item-deb9021\"><i class=\"fa fa-stopwatch\"><\/i>&nbsp; <span>running time: 3 days<\/span><\/div><div class=\"dce-item dce-item_token elementor-repeater-item-1b0d7c2\"><i class=\"fa fa-map-marker-alt\"><\/i>&nbsp; <span>Palazzo Alberti<\/span><\/div><div class=\"dce-item dce-item_token elementor-repeater-item-bdde9fe\"><div class=\"eve-meta-ingresso\"><i class=\"fa fa-ticket-alt\"><\/i>&nbsp;<span>Free entrance<\/span><\/div><\/div>\t\t\t<\/div>\n\t\t<\/article>\n\t\t\n\t\t<article class=\"post-63384 contenuto type-contenuto status-publish has-post-thumbnail hentry capotravecategorie-festival-en capotravetags-events capotravetags-festival-events-2026 capotravetags_libere-theatre dce-post dce-post-item dce-item-grid\" data-dce-post-id=\"63384\" data-dce-post-index=\"6\" data-post-link=\"https:\/\/www.kilowattfestival.it\/en\/contenuto\/rigetto-kwt2026-teatro\/\">\n\t\t\t<div class=\"dce-post-block elementor-animation-float\">\n\t\t<div class=\"dce-item dce-item_custommeta elementor-repeater-item-546d9cf\"><div class=\"dce-post-custommeta dce-post-custommeta dce-post-custommeta dce-post-custommeta dce-post-custommeta dce-post-custommeta dce-post-custommeta dce-post-custommeta dce-post-custommeta dce-post-custommeta dce-post-custommeta dce-post-custommeta dce-post-custommeta\"><div class=\"dce-meta-item dce-meta-546d9cf dce-meta-date elementor-repeater-item-546d9cf\">24\/07\/2026<\/div><\/div><\/div><div class=\"dce-item dce-item_token elementor-repeater-item-2eeb17e\"><i class=\"far fa-clock\"><\/i><span>17:00<\/span><\/div><div class=\"dce-item dce-item_image elementor-repeater-item-bcc25aa\"><a class=\"dce-post-image\" href=\"https:\/\/www.kilowattfestival.it\/en\/contenuto\/rigetto-kwt2026-teatro\/\"><figure data-image-ratio=\"0.6\" class=\"dce-img\"><img loading=\"lazy\" decoding=\"async\" width=\"768\" height=\"512\" src=\"https:\/\/www.kilowattfestival.it\/wp-content\/uploads\/2026\/05\/RIGETTO_Dino_Lopardo_KWT26-768x512.jpg\" class=\"\" alt=\"Rigetto\" srcset=\"https:\/\/www.kilowattfestival.it\/wp-content\/uploads\/2026\/05\/RIGETTO_Dino_Lopardo_KWT26-768x512.jpg 768w, https:\/\/www.kilowattfestival.it\/wp-content\/uploads\/2026\/05\/RIGETTO_Dino_Lopardo_KWT26-300x200.jpg 300w, https:\/\/www.kilowattfestival.it\/wp-content\/uploads\/2026\/05\/RIGETTO_Dino_Lopardo_KWT26-1536x1024.jpg 1536w, https:\/\/www.kilowattfestival.it\/wp-content\/uploads\/2026\/05\/RIGETTO_Dino_Lopardo_KWT26.jpg 1620w\" sizes=\"(max-width: 768px) 100vw, 768px\" \/><\/figure><\/a><\/div><div class=\"dce-item dce-item_custommeta elementor-repeater-item-aa91113\"><div class=\"dce-post-custommeta dce-post-custommeta dce-post-custommeta dce-post-custommeta dce-post-custommeta dce-post-custommeta dce-post-custommeta dce-post-custommeta dce-post-custommeta dce-post-custommeta dce-post-custommeta dce-post-custommeta dce-post-custommeta dce-post-custommeta\"><div class=\"dce-meta-item dce-meta-546d9cf dce-meta-date elementor-repeater-item-546d9cf dce-meta-item dce-meta-aa91113 dce-meta-text elementor-repeater-item-aa91113\"><div>Dino Lopardo<\/div><\/div><\/div><\/div><div class=\"dce-item dce-item_title elementor-repeater-item-a773ffa\"><h3 class=\"dce-post-title\">Rigetto<\/h3><\/div><div class=\"dce-item dce-item_termstaxonomy elementor-repeater-item-76b0ed9\"><div class=\"dce-post-terms\"><ul class=\"dce-terms-list dce-taxonomy-capotravetags_libere\"><li class=\"dce-term-item\"><span class=\"dce-term dce-term-65\" data-dce-order=\"\">Theatre<\/span><\/li><\/ul><\/div><\/div><div class=\"dce-item dce-item_token elementor-repeater-item-deb9021\"><i class=\"fa fa-stopwatch\"><\/i>&nbsp; <span>running time: 60&#039;<\/span><\/div><div class=\"dce-item dce-item_token elementor-repeater-item-1b0d7c2\"><i class=\"fa fa-map-marker-alt\"><\/i>&nbsp; <span>Auditorium di Santa Chiara<\/span><\/div><div class=\"dce-item dce-item_token elementor-repeater-item-bdde9fe\"><div class=\"eve-meta-ingresso\"><i class=\"fa fa-ticket-alt\"><\/i>&nbsp;<span> 10&nbsp;\u20ac&nbsp;full \/ 8&nbsp;\u20ac&nbsp;reduced<\/span><\/div><\/div>\t\t\t<\/div>\n\t\t<\/article>\n\t\t\n\t\t<article class=\"post-63383 contenuto type-contenuto status-publish has-post-thumbnail hentry capotravecategorie-festival-en capotravetags-events capotravetags-festival-events-2026 capotravetags_libere-urban-dance dce-post dce-post-item dce-item-grid\" data-dce-post-id=\"63383\" data-dce-post-index=\"7\" data-post-link=\"https:\/\/www.kilowattfestival.it\/en\/contenuto\/everybody-has-a-fate-out-kwt2026-danza-urbana\/\">\n\t\t\t<div class=\"dce-post-block elementor-animation-float\">\n\t\t<div class=\"dce-item dce-item_custommeta elementor-repeater-item-546d9cf\"><div class=\"dce-post-custommeta dce-post-custommeta dce-post-custommeta dce-post-custommeta dce-post-custommeta dce-post-custommeta dce-post-custommeta dce-post-custommeta dce-post-custommeta dce-post-custommeta dce-post-custommeta dce-post-custommeta dce-post-custommeta dce-post-custommeta dce-post-custommeta\"><div class=\"dce-meta-item dce-meta-546d9cf dce-meta-date elementor-repeater-item-546d9cf\">24\/07\/2026<\/div><\/div><\/div><div class=\"dce-item dce-item_token elementor-repeater-item-2eeb17e\"><i class=\"far fa-clock\"><\/i><span>18:20<\/span><\/div><div class=\"dce-item dce-item_image elementor-repeater-item-bcc25aa\"><a class=\"dce-post-image\" href=\"https:\/\/www.kilowattfestival.it\/en\/contenuto\/everybody-has-a-fate-out-kwt2026-danza-urbana\/\"><figure data-image-ratio=\"0.6\" class=\"dce-img\"><img loading=\"lazy\" decoding=\"async\" width=\"768\" height=\"512\" src=\"https:\/\/www.kilowattfestival.it\/wp-content\/uploads\/2026\/05\/EVERYBODY_HAS_A_FATE_OUT_RiccardoDeSimone_KWT26-768x512.jpg\" class=\"\" alt=\"Everybody has a fate \/ out\" srcset=\"https:\/\/www.kilowattfestival.it\/wp-content\/uploads\/2026\/05\/EVERYBODY_HAS_A_FATE_OUT_RiccardoDeSimone_KWT26-768x512.jpg 768w, https:\/\/www.kilowattfestival.it\/wp-content\/uploads\/2026\/05\/EVERYBODY_HAS_A_FATE_OUT_RiccardoDeSimone_KWT26-300x200.jpg 300w, https:\/\/www.kilowattfestival.it\/wp-content\/uploads\/2026\/05\/EVERYBODY_HAS_A_FATE_OUT_RiccardoDeSimone_KWT26-1536x1024.jpg 1536w, https:\/\/www.kilowattfestival.it\/wp-content\/uploads\/2026\/05\/EVERYBODY_HAS_A_FATE_OUT_RiccardoDeSimone_KWT26.jpg 1620w\" sizes=\"(max-width: 768px) 100vw, 768px\" \/><\/figure><\/a><\/div><div class=\"dce-item dce-item_custommeta elementor-repeater-item-aa91113\"><div class=\"dce-post-custommeta dce-post-custommeta dce-post-custommeta dce-post-custommeta dce-post-custommeta dce-post-custommeta dce-post-custommeta dce-post-custommeta dce-post-custommeta dce-post-custommeta dce-post-custommeta dce-post-custommeta dce-post-custommeta dce-post-custommeta dce-post-custommeta dce-post-custommeta\"><div class=\"dce-meta-item dce-meta-546d9cf dce-meta-date elementor-repeater-item-546d9cf dce-meta-item dce-meta-aa91113 dce-meta-text elementor-repeater-item-aa91113\"><div>Riccardo De Simone<\/div><\/div><\/div><\/div><div class=\"dce-item dce-item_title elementor-repeater-item-a773ffa\"><h3 class=\"dce-post-title\">Everybody has a fate \/ out<\/h3><\/div><div class=\"dce-item dce-item_termstaxonomy elementor-repeater-item-76b0ed9\"><div class=\"dce-post-terms\"><ul class=\"dce-terms-list dce-taxonomy-capotravetags_libere\"><li class=\"dce-term-item\"><span class=\"dce-term dce-term-100\" data-dce-order=\"\">Urban Dance<\/span><\/li><\/ul><\/div><\/div><div class=\"dce-item dce-item_token elementor-repeater-item-deb9021\"><i class=\"fa fa-stopwatch\"><\/i>&nbsp; <span>running time: 15&#039;<\/span><\/div><div class=\"dce-item dce-item_token elementor-repeater-item-1b0d7c2\"><i class=\"fa fa-map-marker-alt\"><\/i>&nbsp; <span>Piazza Torre di Berta<\/span><\/div><div class=\"dce-item dce-item_token elementor-repeater-item-bdde9fe\"><div class=\"eve-meta-ingresso\"><i class=\"fa fa-ticket-alt\"><\/i>&nbsp;<span> 1&nbsp;\u20ac<\/span><\/div><\/div>\t\t\t<\/div>\n\t\t<\/article>\n\t\t\n\t\t<article class=\"post-63313 contenuto type-contenuto status-publish has-post-thumbnail hentry capotravecategorie-festival-en capotravetags-events capotravetags-festival-events-2026 capotravetags_libere-music dce-post dce-post-item dce-item-grid\" data-dce-post-id=\"63313\" data-dce-post-index=\"8\" data-post-link=\"https:\/\/www.kilowattfestival.it\/en\/contenuto\/classical-hooligans-classical-contemporary-kwt2026-musica\/\">\n\t\t\t<div class=\"dce-post-block elementor-animation-float\">\n\t\t<div class=\"dce-item dce-item_custommeta elementor-repeater-item-546d9cf\"><div class=\"dce-post-custommeta dce-post-custommeta dce-post-custommeta dce-post-custommeta dce-post-custommeta dce-post-custommeta dce-post-custommeta dce-post-custommeta dce-post-custommeta dce-post-custommeta dce-post-custommeta dce-post-custommeta dce-post-custommeta dce-post-custommeta dce-post-custommeta dce-post-custommeta dce-post-custommeta\"><div class=\"dce-meta-item dce-meta-546d9cf dce-meta-date elementor-repeater-item-546d9cf\">24\/07\/2026<\/div><\/div><\/div><div class=\"dce-item dce-item_token elementor-repeater-item-2eeb17e\"><i class=\"far fa-clock\"><\/i><span>19:00<\/span><\/div><div class=\"dce-item dce-item_image elementor-repeater-item-bcc25aa\"><a class=\"dce-post-image\" href=\"https:\/\/www.kilowattfestival.it\/en\/contenuto\/classical-hooligans-classical-contemporary-kwt2026-musica\/\"><figure data-image-ratio=\"0.6\" class=\"dce-img\"><img loading=\"lazy\" decoding=\"async\" width=\"768\" height=\"432\" src=\"https:\/\/www.kilowattfestival.it\/wp-content\/uploads\/2026\/05\/MUSICA-Concerti_CLASSICALHOOLIGANS_KWT26-768x432.jpg\" class=\"\" alt=\"Classical Hooligans (classical, contemporary)\" srcset=\"https:\/\/www.kilowattfestival.it\/wp-content\/uploads\/2026\/05\/MUSICA-Concerti_CLASSICALHOOLIGANS_KWT26-768x432.jpg 768w, https:\/\/www.kilowattfestival.it\/wp-content\/uploads\/2026\/05\/MUSICA-Concerti_CLASSICALHOOLIGANS_KWT26-300x169.jpg 300w, https:\/\/www.kilowattfestival.it\/wp-content\/uploads\/2026\/05\/MUSICA-Concerti_CLASSICALHOOLIGANS_KWT26-1536x864.jpg 1536w, https:\/\/www.kilowattfestival.it\/wp-content\/uploads\/2026\/05\/MUSICA-Concerti_CLASSICALHOOLIGANS_KWT26.jpg 1920w\" sizes=\"(max-width: 768px) 100vw, 768px\" \/><\/figure><\/a><\/div><div class=\"dce-item dce-item_custommeta elementor-repeater-item-aa91113\"><div class=\"dce-post-custommeta dce-post-custommeta dce-post-custommeta dce-post-custommeta dce-post-custommeta dce-post-custommeta dce-post-custommeta dce-post-custommeta dce-post-custommeta dce-post-custommeta dce-post-custommeta dce-post-custommeta dce-post-custommeta dce-post-custommeta dce-post-custommeta dce-post-custommeta dce-post-custommeta dce-post-custommeta\"><div class=\"dce-meta-item dce-meta-546d9cf dce-meta-date elementor-repeater-item-546d9cf dce-meta-item dce-meta-aa91113 dce-meta-text elementor-repeater-item-aa91113\"><div>Classical Hooligans<\/div><\/div><\/div><\/div><div class=\"dce-item dce-item_title elementor-repeater-item-a773ffa\"><h3 class=\"dce-post-title\">Classical Hooligans (classical, contemporary)<\/h3><\/div><div class=\"dce-item dce-item_termstaxonomy elementor-repeater-item-76b0ed9\"><div class=\"dce-post-terms\"><ul class=\"dce-terms-list dce-taxonomy-capotravetags_libere\"><li class=\"dce-term-item\"><span class=\"dce-term dce-term-69\" data-dce-order=\"\">Music<\/span><\/li><\/ul><\/div><\/div><div class=\"dce-item dce-item_token elementor-repeater-item-deb9021\"><i class=\"fa fa-stopwatch\"><\/i>&nbsp; <span>running time: 50&#039;<\/span><\/div><div class=\"dce-item dce-item_token elementor-repeater-item-1b0d7c2\"><i class=\"fa fa-map-marker-alt\"><\/i>&nbsp; <span>Giardini di Piero<\/span><\/div><div class=\"dce-item dce-item_token elementor-repeater-item-bdde9fe\"><div class=\"eve-meta-ingresso\"><i class=\"fa fa-ticket-alt\"><\/i>&nbsp;<span> 3&nbsp;\u20ac<\/span><\/div><\/div>\t\t\t<\/div>\n\t\t<\/article>\n\t\t\n\t\t<article class=\"post-63379 contenuto type-contenuto status-publish has-post-thumbnail hentry capotravecategorie-festival-en capotravetags-events capotravetags-festival-events-2026 capotravetags_libere-theatre dce-post dce-post-item dce-item-grid\" data-dce-post-id=\"63379\" data-dce-post-index=\"9\" data-post-link=\"https:\/\/www.kilowattfestival.it\/en\/contenuto\/bandiera-studio-kwt2026-teatro\/\">\n\t\t\t<div class=\"dce-post-block elementor-animation-float\">\n\t\t<div class=\"dce-item dce-item_custommeta elementor-repeater-item-546d9cf\"><div class=\"dce-post-custommeta dce-post-custommeta dce-post-custommeta dce-post-custommeta dce-post-custommeta dce-post-custommeta dce-post-custommeta dce-post-custommeta dce-post-custommeta dce-post-custommeta dce-post-custommeta dce-post-custommeta dce-post-custommeta dce-post-custommeta dce-post-custommeta dce-post-custommeta dce-post-custommeta dce-post-custommeta dce-post-custommeta\"><div class=\"dce-meta-item dce-meta-546d9cf dce-meta-date elementor-repeater-item-546d9cf\">24\/07\/2026<\/div><\/div><\/div><div class=\"dce-item dce-item_token elementor-repeater-item-2eeb17e\"><i class=\"far fa-clock\"><\/i><span>20:10<\/span><\/div><div class=\"dce-item dce-item_image elementor-repeater-item-bcc25aa\"><a class=\"dce-post-image\" href=\"https:\/\/www.kilowattfestival.it\/en\/contenuto\/bandiera-studio-kwt2026-teatro\/\"><figure data-image-ratio=\"0.6\" class=\"dce-img\"><img loading=\"lazy\" decoding=\"async\" width=\"768\" height=\"432\" src=\"https:\/\/www.kilowattfestival.it\/wp-content\/uploads\/2026\/05\/Bandiera_CapoTrave_kwt26-768x432.jpg\" class=\"\" alt=\"Bandiera (studio)\" srcset=\"https:\/\/www.kilowattfestival.it\/wp-content\/uploads\/2026\/05\/Bandiera_CapoTrave_kwt26-768x432.jpg 768w, https:\/\/www.kilowattfestival.it\/wp-content\/uploads\/2026\/05\/Bandiera_CapoTrave_kwt26-300x169.jpg 300w, https:\/\/www.kilowattfestival.it\/wp-content\/uploads\/2026\/05\/Bandiera_CapoTrave_kwt26-1536x864.jpg 1536w, https:\/\/www.kilowattfestival.it\/wp-content\/uploads\/2026\/05\/Bandiera_CapoTrave_kwt26.jpg 1920w\" sizes=\"(max-width: 768px) 100vw, 768px\" \/><\/figure><\/a><\/div><div class=\"dce-item dce-item_custommeta elementor-repeater-item-aa91113\"><div class=\"dce-post-custommeta dce-post-custommeta dce-post-custommeta dce-post-custommeta dce-post-custommeta dce-post-custommeta dce-post-custommeta dce-post-custommeta dce-post-custommeta dce-post-custommeta dce-post-custommeta dce-post-custommeta dce-post-custommeta dce-post-custommeta dce-post-custommeta dce-post-custommeta dce-post-custommeta dce-post-custommeta dce-post-custommeta dce-post-custommeta\"><div class=\"dce-meta-item dce-meta-546d9cf dce-meta-date elementor-repeater-item-546d9cf dce-meta-item dce-meta-aa91113 dce-meta-text elementor-repeater-item-aa91113\"><div>Compagnia CapoTrave<\/div><\/div><\/div><\/div><div class=\"dce-item dce-item_title elementor-repeater-item-a773ffa\"><h3 class=\"dce-post-title\">Bandiera (studio)<\/h3><\/div><div class=\"dce-item dce-item_termstaxonomy elementor-repeater-item-76b0ed9\"><div class=\"dce-post-terms\"><ul class=\"dce-terms-list dce-taxonomy-capotravetags_libere\"><li class=\"dce-term-item\"><span class=\"dce-term dce-term-65\" data-dce-order=\"\">Theatre<\/span><\/li><\/ul><\/div><\/div><div class=\"dce-item dce-item_token elementor-repeater-item-deb9021\"><i class=\"fa fa-stopwatch\"><\/i>&nbsp; <span>running time: 75&#039;<\/span><\/div><div class=\"dce-item dce-item_token elementor-repeater-item-1b0d7c2\"><i class=\"fa fa-map-marker-alt\"><\/i>&nbsp; <span>Teatro alla Misericordia<\/span><\/div><div class=\"dce-item dce-item_token elementor-repeater-item-bdde9fe\"><div class=\"eve-meta-ingresso\"><i class=\"fa fa-ticket-alt\"><\/i>&nbsp;<span> 10&nbsp;\u20ac&nbsp;full \/ 8&nbsp;\u20ac&nbsp;reduced<\/span><\/div><\/div>\t\t\t<\/div>\n\t\t<\/article>\n\t\t\n\t\t<article class=\"post-63381 contenuto type-contenuto status-publish has-post-thumbnail hentry capotravecategorie-festival-en capotravetags-events capotravetags-festival-events-2026 capotravetags_libere-replica-en capotravetags_libere-theatre dce-post dce-post-item dce-item-grid\" data-dce-post-id=\"63381\" data-dce-post-index=\"10\" data-post-link=\"https:\/\/www.kilowattfestival.it\/en\/contenuto\/non-una-voce-kwt2026-teatro-2\/\">\n\t\t\t<div class=\"dce-post-block elementor-animation-float\">\n\t\t<div class=\"dce-item dce-item_custommeta elementor-repeater-item-546d9cf\"><div class=\"dce-post-custommeta dce-post-custommeta dce-post-custommeta dce-post-custommeta dce-post-custommeta dce-post-custommeta dce-post-custommeta dce-post-custommeta dce-post-custommeta dce-post-custommeta dce-post-custommeta dce-post-custommeta dce-post-custommeta dce-post-custommeta dce-post-custommeta dce-post-custommeta dce-post-custommeta dce-post-custommeta dce-post-custommeta dce-post-custommeta dce-post-custommeta\"><div class=\"dce-meta-item dce-meta-546d9cf dce-meta-date elementor-repeater-item-546d9cf\">24\/07\/2026<\/div><\/div><\/div><div class=\"dce-item dce-item_token elementor-repeater-item-2eeb17e\"><i class=\"far fa-clock\"><\/i><span>20:15, 21:30, 23:00<\/span><\/div><div class=\"dce-item dce-item_image elementor-repeater-item-bcc25aa\"><a class=\"dce-post-image\" href=\"https:\/\/www.kilowattfestival.it\/en\/contenuto\/non-una-voce-kwt2026-teatro-2\/\"><figure data-image-ratio=\"0.6\" class=\"dce-img\"><img loading=\"lazy\" decoding=\"async\" width=\"768\" height=\"512\" src=\"https:\/\/www.kilowattfestival.it\/wp-content\/uploads\/2026\/05\/NON_UNA_VOCE_UltimiFuochi_KWT26-768x512.jpg\" class=\"\" alt=\"Non una voce\" srcset=\"https:\/\/www.kilowattfestival.it\/wp-content\/uploads\/2026\/05\/NON_UNA_VOCE_UltimiFuochi_KWT26-768x512.jpg 768w, https:\/\/www.kilowattfestival.it\/wp-content\/uploads\/2026\/05\/NON_UNA_VOCE_UltimiFuochi_KWT26-300x200.jpg 300w, https:\/\/www.kilowattfestival.it\/wp-content\/uploads\/2026\/05\/NON_UNA_VOCE_UltimiFuochi_KWT26-1536x1024.jpg 1536w, https:\/\/www.kilowattfestival.it\/wp-content\/uploads\/2026\/05\/NON_UNA_VOCE_UltimiFuochi_KWT26.jpg 1620w\" sizes=\"(max-width: 768px) 100vw, 768px\" \/><\/figure><\/a><\/div><div class=\"dce-item dce-item_custommeta elementor-repeater-item-aa91113\"><div class=\"dce-post-custommeta dce-post-custommeta dce-post-custommeta dce-post-custommeta dce-post-custommeta dce-post-custommeta dce-post-custommeta dce-post-custommeta dce-post-custommeta dce-post-custommeta dce-post-custommeta dce-post-custommeta dce-post-custommeta dce-post-custommeta dce-post-custommeta dce-post-custommeta dce-post-custommeta dce-post-custommeta dce-post-custommeta dce-post-custommeta dce-post-custommeta dce-post-custommeta\"><div class=\"dce-meta-item dce-meta-546d9cf dce-meta-date elementor-repeater-item-546d9cf dce-meta-item dce-meta-aa91113 dce-meta-text elementor-repeater-item-aa91113\"><div>Ultimi Fuochi Teatro - Roberto Magnani<\/div><\/div><\/div><\/div><div class=\"dce-item dce-item_title elementor-repeater-item-a773ffa\"><h3 class=\"dce-post-title\">Non una voce<\/h3><\/div><div class=\"dce-item dce-item_termstaxonomy elementor-repeater-item-76b0ed9\"><div class=\"dce-post-terms\"><ul class=\"dce-terms-list dce-taxonomy-capotravetags_libere\"><li class=\"dce-term-item\"><span class=\"dce-term dce-term-84\" data-dce-order=\"\">Repeat performance<\/span><\/li><li class=\"dce-term-item\"><span class=\"dce-separator\">\/<\/span><span class=\"dce-term dce-term-65\" data-dce-order=\"\">Theatre<\/span><\/li><\/ul><\/div><\/div><div class=\"dce-item dce-item_token elementor-repeater-item-deb9021\"><i class=\"fa fa-stopwatch\"><\/i>&nbsp; <span>running time: 60&#039;<\/span><\/div><div class=\"dce-item dce-item_token elementor-repeater-item-1b0d7c2\"><i class=\"fa fa-map-marker-alt\"><\/i>&nbsp; <span>Palazzo Pretorio<\/span><\/div><div class=\"dce-item dce-item_token elementor-repeater-item-bdde9fe\"><div class=\"eve-meta-ingresso\"><i class=\"fa fa-ticket-alt\"><\/i>&nbsp;<span> 10&nbsp;\u20ac&nbsp;full \/ 8&nbsp;\u20ac&nbsp;reduced<\/span><\/div><\/div>\t\t\t<\/div>\n\t\t<\/article>\n\t\t\n\t\t<article class=\"post-63391 contenuto type-contenuto status-publish has-post-thumbnail hentry capotravecategorie-festival-en capotravetags-events capotravetags-festival-events-2026 capotravetags_libere-dance dce-post dce-post-item dce-item-grid\" data-dce-post-id=\"63391\" data-dce-post-index=\"11\" data-post-link=\"https:\/\/www.kilowattfestival.it\/en\/contenuto\/elysium-kwt2026-danza\/\">\n\t\t\t<div class=\"dce-post-block elementor-animation-float\">\n\t\t<div class=\"dce-item dce-item_custommeta elementor-repeater-item-546d9cf\"><div class=\"dce-post-custommeta dce-post-custommeta dce-post-custommeta dce-post-custommeta dce-post-custommeta dce-post-custommeta dce-post-custommeta dce-post-custommeta dce-post-custommeta dce-post-custommeta dce-post-custommeta dce-post-custommeta dce-post-custommeta dce-post-custommeta dce-post-custommeta dce-post-custommeta dce-post-custommeta dce-post-custommeta dce-post-custommeta dce-post-custommeta dce-post-custommeta dce-post-custommeta dce-post-custommeta\"><div class=\"dce-meta-item dce-meta-546d9cf dce-meta-date elementor-repeater-item-546d9cf\">24\/07\/2026<\/div><\/div><\/div><div class=\"dce-item dce-item_token elementor-repeater-item-2eeb17e\"><i class=\"far fa-clock\"><\/i><span>21:45<\/span><\/div><div class=\"dce-item dce-item_image elementor-repeater-item-bcc25aa\"><a class=\"dce-post-image\" href=\"https:\/\/www.kilowattfestival.it\/en\/contenuto\/elysium-kwt2026-danza\/\"><figure data-image-ratio=\"0.6\" class=\"dce-img\"><img loading=\"lazy\" decoding=\"async\" width=\"720\" height=\"1080\" src=\"https:\/\/www.kilowattfestival.it\/wp-content\/uploads\/2026\/05\/ELYSIUM_CollettivoGiulioJari_KWT26.jpg\" class=\"\" alt=\"Elysium\" srcset=\"https:\/\/www.kilowattfestival.it\/wp-content\/uploads\/2026\/05\/ELYSIUM_CollettivoGiulioJari_KWT26.jpg 720w, https:\/\/www.kilowattfestival.it\/wp-content\/uploads\/2026\/05\/ELYSIUM_CollettivoGiulioJari_KWT26-300x450.jpg 300w\" sizes=\"(max-width: 720px) 100vw, 720px\" \/><\/figure><\/a><\/div><div class=\"dce-item dce-item_custommeta elementor-repeater-item-aa91113\"><div class=\"dce-post-custommeta dce-post-custommeta dce-post-custommeta dce-post-custommeta dce-post-custommeta dce-post-custommeta dce-post-custommeta dce-post-custommeta dce-post-custommeta dce-post-custommeta dce-post-custommeta dce-post-custommeta dce-post-custommeta dce-post-custommeta dce-post-custommeta dce-post-custommeta dce-post-custommeta dce-post-custommeta dce-post-custommeta dce-post-custommeta dce-post-custommeta dce-post-custommeta dce-post-custommeta dce-post-custommeta\"><div class=\"dce-meta-item dce-meta-546d9cf dce-meta-date elementor-repeater-item-546d9cf dce-meta-item dce-meta-aa91113 dce-meta-text elementor-repeater-item-aa91113\"><div>C.G.J. Collettivo Giulio e Jari<\/div><\/div><\/div><\/div><div class=\"dce-item dce-item_title elementor-repeater-item-a773ffa\"><h3 class=\"dce-post-title\">Elysium<\/h3><\/div><div class=\"dce-item dce-item_termstaxonomy elementor-repeater-item-76b0ed9\"><div class=\"dce-post-terms\"><ul class=\"dce-terms-list dce-taxonomy-capotravetags_libere\"><li class=\"dce-term-item\"><span class=\"dce-term dce-term-62\" data-dce-order=\"\">Dance<\/span><\/li><\/ul><\/div><\/div><div class=\"dce-item dce-item_token elementor-repeater-item-deb9021\"><i class=\"fa fa-stopwatch\"><\/i>&nbsp; <span>running time: 50&#039;<\/span><\/div><div class=\"dce-item dce-item_token elementor-repeater-item-1b0d7c2\"><i class=\"fa fa-map-marker-alt\"><\/i>&nbsp; <span>Chiostro di San Francesco<\/span><\/div><div class=\"dce-item dce-item_token elementor-repeater-item-bdde9fe\"><div class=\"eve-meta-ingresso\"><i class=\"fa fa-ticket-alt\"><\/i>&nbsp;<span> 10&nbsp;\u20ac&nbsp;full \/ 8&nbsp;\u20ac&nbsp;reduced<\/span><\/div><\/div>\t\t\t<\/div>\n\t\t<\/article>\n\t\t\n\t\t<article class=\"post-62395 contenuto type-contenuto status-publish has-post-thumbnail hentry capotravecategorie-festival capotravetags-festival-eventi capotravetags-festival-eventi-2026 capotravetags_libere-danza dce-post dce-post-item dce-item-grid\" data-dce-post-id=\"62395\" data-dce-post-index=\"12\" data-post-link=\"https:\/\/www.kilowattfestival.it\/contenuto\/your-tactile-identity-kwt2026-danza\/\">\n\t\t\t<div class=\"dce-post-block elementor-animation-float\">\n\t\t<div class=\"dce-item dce-item_custommeta elementor-repeater-item-546d9cf\"><div class=\"dce-post-custommeta dce-post-custommeta dce-post-custommeta dce-post-custommeta dce-post-custommeta dce-post-custommeta dce-post-custommeta dce-post-custommeta dce-post-custommeta dce-post-custommeta dce-post-custommeta dce-post-custommeta dce-post-custommeta dce-post-custommeta dce-post-custommeta dce-post-custommeta dce-post-custommeta dce-post-custommeta dce-post-custommeta dce-post-custommeta dce-post-custommeta dce-post-custommeta dce-post-custommeta dce-post-custommeta dce-post-custommeta\"><div class=\"dce-meta-item dce-meta-546d9cf dce-meta-date elementor-repeater-item-546d9cf\">24\/07\/2026<\/div><\/div><\/div><div class=\"dce-item dce-item_token elementor-repeater-item-2eeb17e\"><i class=\"far fa-clock\"><\/i><span>22:50<\/span><\/div><div class=\"dce-item dce-item_image elementor-repeater-item-bcc25aa\"><a class=\"dce-post-image\" href=\"https:\/\/www.kilowattfestival.it\/contenuto\/your-tactile-identity-kwt2026-danza\/\"><figure data-image-ratio=\"0.6\" class=\"dce-img\"><img loading=\"lazy\" decoding=\"async\" width=\"768\" height=\"512\" src=\"https:\/\/www.kilowattfestival.it\/wp-content\/uploads\/2026\/05\/YTI_KWT26-768x512.jpg\" class=\"\" alt=\"Your Tactile Identity\" srcset=\"https:\/\/www.kilowattfestival.it\/wp-content\/uploads\/2026\/05\/YTI_KWT26-768x512.jpg 768w, https:\/\/www.kilowattfestival.it\/wp-content\/uploads\/2026\/05\/YTI_KWT26-300x200.jpg 300w, https:\/\/www.kilowattfestival.it\/wp-content\/uploads\/2026\/05\/YTI_KWT26-1536x1024.jpg 1536w, https:\/\/www.kilowattfestival.it\/wp-content\/uploads\/2026\/05\/YTI_KWT26.jpg 1620w\" sizes=\"(max-width: 768px) 100vw, 768px\" \/><\/figure><\/a><\/div><div class=\"dce-item dce-item_custommeta elementor-repeater-item-aa91113\"><div class=\"dce-post-custommeta dce-post-custommeta dce-post-custommeta dce-post-custommeta dce-post-custommeta dce-post-custommeta dce-post-custommeta dce-post-custommeta dce-post-custommeta dce-post-custommeta dce-post-custommeta dce-post-custommeta dce-post-custommeta dce-post-custommeta dce-post-custommeta dce-post-custommeta dce-post-custommeta dce-post-custommeta dce-post-custommeta dce-post-custommeta dce-post-custommeta dce-post-custommeta dce-post-custommeta dce-post-custommeta dce-post-custommeta dce-post-custommeta\"><div class=\"dce-meta-item dce-meta-546d9cf dce-meta-date elementor-repeater-item-546d9cf dce-meta-item dce-meta-aa91113 dce-meta-text elementor-repeater-item-aa91113\"><div>YoY Performing Arts - Ivona - Tyche \/ Michele Ifigenia<\/div><\/div><\/div><\/div><div class=\"dce-item dce-item_title elementor-repeater-item-a773ffa\"><h3 class=\"dce-post-title\">Your Tactile Identity<\/h3><\/div><div class=\"dce-item dce-item_termstaxonomy elementor-repeater-item-76b0ed9\"><div class=\"dce-post-terms\"><ul class=\"dce-terms-list dce-taxonomy-capotravetags_libere\"><li class=\"dce-term-item\"><span class=\"dce-term dce-term-43\" data-dce-order=\"\">Danza<\/span><\/li><\/ul><\/div><\/div><div class=\"dce-item dce-item_token elementor-repeater-item-deb9021\"><i class=\"fa fa-stopwatch\"><\/i>&nbsp; <span>running time: 50&#039;<\/span><\/div><div class=\"dce-item dce-item_token elementor-repeater-item-1b0d7c2\"><i class=\"fa fa-map-marker-alt\"><\/i>&nbsp; <span>Chiostro di Santa Chiara<\/span><\/div><div class=\"dce-item dce-item_token elementor-repeater-item-bdde9fe\"><div class=\"eve-meta-ingresso\"><i class=\"fa fa-ticket-alt\"><\/i>&nbsp;<span> 10&nbsp;\u20ac&nbsp;full \/ 8&nbsp;\u20ac&nbsp;reduced<\/span><\/div><\/div>\t\t\t<\/div>\n\t\t<\/article>\n\t\t\n\t\t<article class=\"post-63306 contenuto type-contenuto status-publish has-post-thumbnail hentry capotravecategorie-festival-en capotravetags-events capotravetags-festival-events-2026 capotravetags_libere-music dce-post dce-post-item dce-item-grid\" data-dce-post-id=\"63306\" data-dce-post-index=\"13\" data-post-link=\"https:\/\/www.kilowattfestival.it\/en\/contenuto\/dj-set-di-dj-tosco-commercial-kwt2026-musica\/\">\n\t\t\t<div class=\"dce-post-block elementor-animation-float\">\n\t\t<div class=\"dce-item dce-item_custommeta elementor-repeater-item-546d9cf\"><div class=\"dce-post-custommeta dce-post-custommeta dce-post-custommeta dce-post-custommeta dce-post-custommeta dce-post-custommeta dce-post-custommeta dce-post-custommeta dce-post-custommeta dce-post-custommeta dce-post-custommeta dce-post-custommeta dce-post-custommeta dce-post-custommeta dce-post-custommeta dce-post-custommeta dce-post-custommeta dce-post-custommeta dce-post-custommeta dce-post-custommeta dce-post-custommeta dce-post-custommeta dce-post-custommeta dce-post-custommeta dce-post-custommeta dce-post-custommeta dce-post-custommeta\"><div class=\"dce-meta-item dce-meta-546d9cf dce-meta-date elementor-repeater-item-546d9cf\">24\/07\/2026<\/div><\/div><\/div><div class=\"dce-item dce-item_token elementor-repeater-item-2eeb17e\"><i class=\"far fa-clock\"><\/i><span>23:00<\/span><\/div><div class=\"dce-item dce-item_image elementor-repeater-item-bcc25aa\"><a class=\"dce-post-image\" href=\"https:\/\/www.kilowattfestival.it\/en\/contenuto\/dj-set-di-dj-tosco-commercial-kwt2026-musica\/\"><figure data-image-ratio=\"0.6\" class=\"dce-img\"><img loading=\"lazy\" decoding=\"async\" width=\"720\" height=\"1080\" src=\"https:\/\/www.kilowattfestival.it\/wp-content\/uploads\/2026\/05\/MUSICA_Dj-Tosco_KWT26.jpg\" class=\"\" alt=\"Dj-set by Dj Tosco (commercial)\" srcset=\"https:\/\/www.kilowattfestival.it\/wp-content\/uploads\/2026\/05\/MUSICA_Dj-Tosco_KWT26.jpg 720w, https:\/\/www.kilowattfestival.it\/wp-content\/uploads\/2026\/05\/MUSICA_Dj-Tosco_KWT26-300x450.jpg 300w\" sizes=\"(max-width: 720px) 100vw, 720px\" \/><\/figure><\/a><\/div><div class=\"dce-item dce-item_custommeta elementor-repeater-item-aa91113\"><div class=\"dce-post-custommeta dce-post-custommeta dce-post-custommeta dce-post-custommeta dce-post-custommeta dce-post-custommeta dce-post-custommeta dce-post-custommeta dce-post-custommeta dce-post-custommeta dce-post-custommeta dce-post-custommeta dce-post-custommeta dce-post-custommeta dce-post-custommeta dce-post-custommeta dce-post-custommeta dce-post-custommeta dce-post-custommeta dce-post-custommeta dce-post-custommeta dce-post-custommeta dce-post-custommeta dce-post-custommeta dce-post-custommeta dce-post-custommeta dce-post-custommeta dce-post-custommeta\"><div class=\"dce-meta-item dce-meta-546d9cf dce-meta-date elementor-repeater-item-546d9cf dce-meta-item dce-meta-aa91113 dce-meta-text elementor-repeater-item-aa91113\"><div>Dj Tosco<\/div><\/div><\/div><\/div><div class=\"dce-item dce-item_title elementor-repeater-item-a773ffa\"><h3 class=\"dce-post-title\">Dj-set by Dj Tosco (commercial)<\/h3><\/div><div class=\"dce-item dce-item_termstaxonomy elementor-repeater-item-76b0ed9\"><div class=\"dce-post-terms\"><ul class=\"dce-terms-list dce-taxonomy-capotravetags_libere\"><li class=\"dce-term-item\"><span class=\"dce-term dce-term-69\" data-dce-order=\"\">Music<\/span><\/li><\/ul><\/div><\/div><div class=\"dce-item dce-item_token elementor-repeater-item-deb9021\"><i class=\"fa fa-stopwatch\"><\/i>&nbsp; <span>running time: 180&#039;<\/span><\/div><div class=\"dce-item dce-item_token elementor-repeater-item-1b0d7c2\"><i class=\"fa fa-map-marker-alt\"><\/i>&nbsp; <span>Giardini di Piero<\/span><\/div><div class=\"dce-item dce-item_token elementor-repeater-item-bdde9fe\"><div class=\"eve-meta-ingresso\"><i class=\"fa fa-ticket-alt\"><\/i>&nbsp;<span> 1&nbsp;\u20ac<\/span><\/div><\/div>\t\t\t<\/div>\n\t\t<\/article>\n\t\t\t\t\t<\/div>\n\t\t\t\t\t<\/div>\n\t\t\t\t\t\t<\/div>\n\t\t\t\t<\/div>\n\t\t\t\t<div class=\"elementor-element elementor-element-e28de1d toggle-header elementor-widget elementor-widget-heading\" data-id=\"e28de1d\" data-element_type=\"widget\" data-widget_type=\"heading.default\">\n\t\t\t\t<div class=\"elementor-widget-container\">\n\t\t\t\t\t<div class=\"elementor-heading-title elementor-size-default\"><button><h3><i class=\"fa fa-calendar-day\"><\/i> &nbsp; Saturday, july 25, 2026<\/h3><\/button><\/div>\t\t\t\t<\/div>\n\t\t\t\t<\/div>\n\t\t\t\t<div class=\"elementor-element elementor-element-63917bd toggle-content dce-posts-layout-default dce-col-4 dce-col-tablet-3 dce-col-mobile-1 dce-align-left elementor-widget elementor-widget-dce-dynamicposts-v2\" data-id=\"63917bd\" data-element_type=\"widget\" id=\"giorno-9\" data-settings=\"{&quot;templatemode_linkable&quot;:&quot;yes&quot;,&quot;style_items&quot;:&quot;default&quot;,&quot;grid_grid_type&quot;:&quot;flex&quot;}\" data-widget_type=\"dce-dynamicposts-v2.grid\">\n\t\t\t\t<div class=\"elementor-widget-container\">\n\t\t\t\t\t\n\t\t<div class=\"dce-fix-background-loop dce-posts-container dce-posts dce-dynamic-posts-collection  dce-skin-grid dce-skin-grid-flex\">\n\t\t\t\t\t\t<div class=\"dce-posts-wrapper dce-wrapper-grid\">\n\t\t\t\n\t\t<article class=\"post-63332 contenuto type-contenuto status-publish has-post-thumbnail hentry capotravecategorie-festival-en capotravetags-events capotravetags-festival-events-2026 capotravetags_libere-replica-en capotravetags_libere-workshops dce-post dce-post-item dce-item-grid\" data-dce-post-id=\"63332\" data-dce-post-index=\"0\" data-post-link=\"https:\/\/www.kilowattfestival.it\/en\/contenuto\/il-corpo-come-soglia-kwt2026-laboratori-7\/\">\n\t\t\t<div class=\"dce-post-block elementor-animation-float\">\n\t\t<div class=\"dce-item dce-item_custommeta elementor-repeater-item-546d9cf\"><div class=\"dce-post-custommeta\"><div class=\"dce-meta-item dce-meta-546d9cf dce-meta-date elementor-repeater-item-546d9cf\">25\/07\/2026<\/div><\/div><\/div><div class=\"dce-item dce-item_token elementor-repeater-item-2eeb17e\"><i class=\"far fa-clock\"><\/i><span>09:45 - 16:45<\/span><\/div><div class=\"dce-item dce-item_image elementor-repeater-item-bcc25aa\"><a class=\"dce-post-image\" href=\"https:\/\/www.kilowattfestival.it\/en\/contenuto\/il-corpo-come-soglia-kwt2026-laboratori-7\/\"><figure data-image-ratio=\"0.6\" class=\"dce-img\"><img loading=\"lazy\" decoding=\"async\" width=\"768\" height=\"433\" src=\"https:\/\/www.kilowattfestival.it\/wp-content\/uploads\/2026\/05\/LAB_Il-corpo-come-soglia-Francesco-Marilungo_KWT26_v2-768x433.jpg\" class=\"\" alt=\"Il corpo come soglia\" srcset=\"https:\/\/www.kilowattfestival.it\/wp-content\/uploads\/2026\/05\/LAB_Il-corpo-come-soglia-Francesco-Marilungo_KWT26_v2-768x433.jpg 768w, https:\/\/www.kilowattfestival.it\/wp-content\/uploads\/2026\/05\/LAB_Il-corpo-come-soglia-Francesco-Marilungo_KWT26_v2-300x169.jpg 300w, https:\/\/www.kilowattfestival.it\/wp-content\/uploads\/2026\/05\/LAB_Il-corpo-come-soglia-Francesco-Marilungo_KWT26_v2.jpg 780w\" sizes=\"(max-width: 768px) 100vw, 768px\" \/><\/figure><\/a><\/div><div class=\"dce-item dce-item_custommeta elementor-repeater-item-aa91113\"><div class=\"dce-post-custommeta dce-post-custommeta\"><div class=\"dce-meta-item dce-meta-546d9cf dce-meta-date elementor-repeater-item-546d9cf dce-meta-item dce-meta-aa91113 dce-meta-text elementor-repeater-item-aa91113\"><div>Francesco Marilungo<\/div><\/div><\/div><\/div><div class=\"dce-item dce-item_title elementor-repeater-item-a773ffa\"><h3 class=\"dce-post-title\">Il corpo come soglia<\/h3><\/div><div class=\"dce-item dce-item_termstaxonomy elementor-repeater-item-76b0ed9\"><div class=\"dce-post-terms\"><ul class=\"dce-terms-list dce-taxonomy-capotravetags_libere\"><li class=\"dce-term-item\"><span class=\"dce-term dce-term-84\" data-dce-order=\"\">Repeat performance<\/span><\/li><li class=\"dce-term-item\"><span class=\"dce-separator\">\/<\/span><span class=\"dce-term dce-term-67\" data-dce-order=\"\">Workshops<\/span><\/li><\/ul><\/div><\/div><div class=\"dce-item dce-item_token elementor-repeater-item-deb9021\"><i class=\"fa fa-stopwatch\"><\/i>&nbsp; <span>running time: 7 days<\/span><\/div><div class=\"dce-item dce-item_token elementor-repeater-item-1b0d7c2\"><i class=\"fa fa-map-marker-alt\"><\/i>&nbsp; <span>Palestra della Scuola Primaria C.Collodi<\/span><\/div><div class=\"dce-item dce-item_token elementor-repeater-item-bdde9fe\"><\/div>\t\t\t<\/div>\n\t\t<\/article>\n\t\t\n\t\t<article class=\"post-63331 contenuto type-contenuto status-publish has-post-thumbnail hentry capotravecategorie-festival-en capotravetags-events capotravetags-festival-events-2026 capotravetags_libere-replica-en capotravetags_libere-workshops dce-post dce-post-item dce-item-grid\" data-dce-post-id=\"63331\" data-dce-post-index=\"1\" data-post-link=\"https:\/\/www.kilowattfestival.it\/en\/contenuto\/prove-di-libero-rigore-kwt2026-laboratori-6\/\">\n\t\t\t<div class=\"dce-post-block elementor-animation-float\">\n\t\t<div class=\"dce-item dce-item_custommeta elementor-repeater-item-546d9cf\"><div class=\"dce-post-custommeta dce-post-custommeta dce-post-custommeta\"><div class=\"dce-meta-item dce-meta-546d9cf dce-meta-date elementor-repeater-item-546d9cf\">25\/07\/2026<\/div><\/div><\/div><div class=\"dce-item dce-item_token elementor-repeater-item-2eeb17e\"><i class=\"far fa-clock\"><\/i><span>09:45 - 16:45<\/span><\/div><div class=\"dce-item dce-item_image elementor-repeater-item-bcc25aa\"><a class=\"dce-post-image\" href=\"https:\/\/www.kilowattfestival.it\/en\/contenuto\/prove-di-libero-rigore-kwt2026-laboratori-6\/\"><figure data-image-ratio=\"0.6\" class=\"dce-img\"><img loading=\"lazy\" decoding=\"async\" width=\"768\" height=\"432\" src=\"https:\/\/www.kilowattfestival.it\/wp-content\/uploads\/2026\/05\/LAB_Daria-Deflorian-Andrea-Pizzalis-Prove-di-libero-rigore_KWT26-768x432.jpg\" class=\"\" alt=\"Prove di libero rigore\" srcset=\"https:\/\/www.kilowattfestival.it\/wp-content\/uploads\/2026\/05\/LAB_Daria-Deflorian-Andrea-Pizzalis-Prove-di-libero-rigore_KWT26-768x432.jpg 768w, https:\/\/www.kilowattfestival.it\/wp-content\/uploads\/2026\/05\/LAB_Daria-Deflorian-Andrea-Pizzalis-Prove-di-libero-rigore_KWT26-300x169.jpg 300w, https:\/\/www.kilowattfestival.it\/wp-content\/uploads\/2026\/05\/LAB_Daria-Deflorian-Andrea-Pizzalis-Prove-di-libero-rigore_KWT26-1536x864.jpg 1536w, https:\/\/www.kilowattfestival.it\/wp-content\/uploads\/2026\/05\/LAB_Daria-Deflorian-Andrea-Pizzalis-Prove-di-libero-rigore_KWT26.jpg 1920w\" sizes=\"(max-width: 768px) 100vw, 768px\" \/><\/figure><\/a><\/div><div class=\"dce-item dce-item_custommeta elementor-repeater-item-aa91113\"><div class=\"dce-post-custommeta dce-post-custommeta dce-post-custommeta dce-post-custommeta\"><div class=\"dce-meta-item dce-meta-546d9cf dce-meta-date elementor-repeater-item-546d9cf dce-meta-item dce-meta-aa91113 dce-meta-text elementor-repeater-item-aa91113\"><div>Daria Deflorian<\/div><\/div><\/div><\/div><div class=\"dce-item dce-item_title elementor-repeater-item-a773ffa\"><h3 class=\"dce-post-title\">Prove di libero rigore<\/h3><\/div><div class=\"dce-item dce-item_termstaxonomy elementor-repeater-item-76b0ed9\"><div class=\"dce-post-terms\"><ul class=\"dce-terms-list dce-taxonomy-capotravetags_libere\"><li class=\"dce-term-item\"><span class=\"dce-term dce-term-84\" data-dce-order=\"\">Repeat performance<\/span><\/li><li class=\"dce-term-item\"><span class=\"dce-separator\">\/<\/span><span class=\"dce-term dce-term-67\" data-dce-order=\"\">Workshops<\/span><\/li><\/ul><\/div><\/div><div class=\"dce-item dce-item_token elementor-repeater-item-deb9021\"><i class=\"fa fa-stopwatch\"><\/i>&nbsp; <span>running time: 6 days<\/span><\/div><div class=\"dce-item dce-item_token elementor-repeater-item-1b0d7c2\"><i class=\"fa fa-map-marker-alt\"><\/i>&nbsp; <span>Tedamis<\/span><\/div><div class=\"dce-item dce-item_token elementor-repeater-item-bdde9fe\"><\/div>\t\t\t<\/div>\n\t\t<\/article>\n\t\t\n\t\t<article class=\"post-63276 contenuto type-contenuto status-publish has-post-thumbnail hentry capotravecategorie-festival-en capotravetags-events capotravetags-festival-events-2026 capotravetags_libere-meeting capotravetags_libere-replica-en dce-post dce-post-item dce-item-grid\" data-dce-post-id=\"63276\" data-dce-post-index=\"2\" data-post-link=\"https:\/\/www.kilowattfestival.it\/en\/contenuto\/feedback-visionari-kwt2026-incontro-8\/\">\n\t\t\t<div class=\"dce-post-block elementor-animation-float\">\n\t\t<div class=\"dce-item dce-item_custommeta elementor-repeater-item-546d9cf\"><div class=\"dce-post-custommeta dce-post-custommeta dce-post-custommeta dce-post-custommeta dce-post-custommeta\"><div class=\"dce-meta-item dce-meta-546d9cf dce-meta-date elementor-repeater-item-546d9cf\">25\/07\/2026<\/div><\/div><\/div><div class=\"dce-item dce-item_token elementor-repeater-item-2eeb17e\"><i class=\"far fa-clock\"><\/i><span>11:00 - 12:30<\/span><\/div><div class=\"dce-item dce-item_image elementor-repeater-item-bcc25aa\"><a class=\"dce-post-image\" href=\"https:\/\/www.kilowattfestival.it\/en\/contenuto\/feedback-visionari-kwt2026-incontro-8\/\"><figure data-image-ratio=\"0.6\" class=\"dce-img\"><img loading=\"lazy\" decoding=\"async\" width=\"768\" height=\"463\" src=\"https:\/\/www.kilowattfestival.it\/wp-content\/uploads\/2026\/05\/INCONTRI_PUBBLICI_TRA_I_VISIONARI_KWT26-768x463.jpg\" class=\"\" alt=\"Feedback Visionari\" srcset=\"https:\/\/www.kilowattfestival.it\/wp-content\/uploads\/2026\/05\/INCONTRI_PUBBLICI_TRA_I_VISIONARI_KWT26-768x463.jpg 768w, https:\/\/www.kilowattfestival.it\/wp-content\/uploads\/2026\/05\/INCONTRI_PUBBLICI_TRA_I_VISIONARI_KWT26-300x181.jpg 300w, https:\/\/www.kilowattfestival.it\/wp-content\/uploads\/2026\/05\/INCONTRI_PUBBLICI_TRA_I_VISIONARI_KWT26-1536x925.jpg 1536w, https:\/\/www.kilowattfestival.it\/wp-content\/uploads\/2026\/05\/INCONTRI_PUBBLICI_TRA_I_VISIONARI_KWT26.jpg 1793w\" sizes=\"(max-width: 768px) 100vw, 768px\" \/><\/figure><\/a><\/div><div class=\"dce-item dce-item_custommeta elementor-repeater-item-aa91113\"><div class=\"dce-post-custommeta dce-post-custommeta dce-post-custommeta dce-post-custommeta dce-post-custommeta dce-post-custommeta\"><div class=\"dce-meta-item dce-meta-546d9cf dce-meta-date elementor-repeater-item-546d9cf dce-meta-item dce-meta-aa91113 dce-meta-text elementor-repeater-item-aa91113\"><div>Visionari 2026<\/div><\/div><\/div><\/div><div class=\"dce-item dce-item_title elementor-repeater-item-a773ffa\"><h3 class=\"dce-post-title\">Feedback Visionari<\/h3><\/div><div class=\"dce-item dce-item_termstaxonomy elementor-repeater-item-76b0ed9\"><div class=\"dce-post-terms\"><ul class=\"dce-terms-list dce-taxonomy-capotravetags_libere\"><li class=\"dce-term-item\"><span class=\"dce-term dce-term-102\" data-dce-order=\"\">Meeting<\/span><\/li><li class=\"dce-term-item\"><span class=\"dce-separator\">\/<\/span><span class=\"dce-term dce-term-84\" data-dce-order=\"\">Repeat performance<\/span><\/li><\/ul><\/div><\/div><div class=\"dce-item dce-item_token elementor-repeater-item-deb9021\"><i class=\"fa fa-stopwatch\"><\/i>&nbsp; <span>running time: 9 days<\/span><\/div><div class=\"dce-item dce-item_token elementor-repeater-item-1b0d7c2\"><i class=\"fa fa-map-marker-alt\"><\/i>&nbsp; <span>Giardini di Piero<\/span><\/div><div class=\"dce-item dce-item_token elementor-repeater-item-bdde9fe\"><div class=\"eve-meta-ingresso\"><i class=\"fa fa-ticket-alt\"><\/i>&nbsp;<span>Free entrance<\/span><\/div><\/div>\t\t\t<\/div>\n\t\t<\/article>\n\t\t\n\t\t<article class=\"post-63238 contenuto type-contenuto status-publish has-post-thumbnail hentry capotravecategorie-festival-en capotravetags-events capotravetags-festival-events-2026 capotravetags_libere-replica-en capotravetags_libere-visual-art dce-post dce-post-item dce-item-grid\" data-dce-post-id=\"63238\" data-dce-post-index=\"3\" data-post-link=\"https:\/\/www.kilowattfestival.it\/en\/contenuto\/tre-mostre-dedicate-a-eugenio-barba-e-julia-varley-kwt2026-arte-visiva-9\/\">\n\t\t\t<div class=\"dce-post-block elementor-animation-float\">\n\t\t<div class=\"dce-item dce-item_custommeta elementor-repeater-item-546d9cf\"><div class=\"dce-post-custommeta dce-post-custommeta dce-post-custommeta dce-post-custommeta dce-post-custommeta dce-post-custommeta dce-post-custommeta\"><div class=\"dce-meta-item dce-meta-546d9cf dce-meta-date elementor-repeater-item-546d9cf\">25\/07\/2026<\/div><\/div><\/div><div class=\"dce-item dce-item_token elementor-repeater-item-2eeb17e\"><i class=\"far fa-clock\"><\/i><span>16:00 - 20:00<\/span><\/div><div class=\"dce-item dce-item_image elementor-repeater-item-bcc25aa\"><a class=\"dce-post-image\" href=\"https:\/\/www.kilowattfestival.it\/en\/contenuto\/tre-mostre-dedicate-a-eugenio-barba-e-julia-varley-kwt2026-arte-visiva-9\/\"><figure data-image-ratio=\"0.6\" class=\"dce-img\"><img loading=\"lazy\" decoding=\"async\" width=\"768\" height=\"488\" src=\"https:\/\/www.kilowattfestival.it\/wp-content\/uploads\/2026\/05\/Mostra_Imanifestidell_Odin_KWT26_v2-768x488.jpg\" class=\"\" alt=\"Three exhibitions dedicated to Eugenio Barba and Julia Varley\" srcset=\"https:\/\/www.kilowattfestival.it\/wp-content\/uploads\/2026\/05\/Mostra_Imanifestidell_Odin_KWT26_v2-768x488.jpg 768w, https:\/\/www.kilowattfestival.it\/wp-content\/uploads\/2026\/05\/Mostra_Imanifestidell_Odin_KWT26_v2-300x191.jpg 300w, https:\/\/www.kilowattfestival.it\/wp-content\/uploads\/2026\/05\/Mostra_Imanifestidell_Odin_KWT26_v2-1536x976.jpg 1536w, https:\/\/www.kilowattfestival.it\/wp-content\/uploads\/2026\/05\/Mostra_Imanifestidell_Odin_KWT26_v2.jpg 1700w\" sizes=\"(max-width: 768px) 100vw, 768px\" \/><\/figure><\/a><\/div><div class=\"dce-item dce-item_custommeta elementor-repeater-item-aa91113\"><div class=\"dce-post-custommeta dce-post-custommeta dce-post-custommeta dce-post-custommeta dce-post-custommeta dce-post-custommeta dce-post-custommeta dce-post-custommeta\"><div class=\"dce-meta-item dce-meta-546d9cf dce-meta-date elementor-repeater-item-546d9cf dce-meta-item dce-meta-aa91113 dce-meta-text elementor-repeater-item-aa91113\"><div>Francesco Galli, Annalisa Gonnella (curated by)<\/div><\/div><\/div><\/div><div class=\"dce-item dce-item_title elementor-repeater-item-a773ffa\"><h3 class=\"dce-post-title\">Three exhibitions dedicated to Eugenio Barba and Julia Varley<\/h3><\/div><div class=\"dce-item dce-item_termstaxonomy elementor-repeater-item-76b0ed9\"><div class=\"dce-post-terms\"><ul class=\"dce-terms-list dce-taxonomy-capotravetags_libere\"><li class=\"dce-term-item\"><span class=\"dce-term dce-term-84\" data-dce-order=\"\">Repeat performance<\/span><\/li><li class=\"dce-term-item\"><span class=\"dce-separator\">\/<\/span><span class=\"dce-term dce-term-99\" data-dce-order=\"\">Visual Art<\/span><\/li><\/ul><\/div><\/div><div class=\"dce-item dce-item_token elementor-repeater-item-deb9021\"><i class=\"fa fa-stopwatch\"><\/i>&nbsp; <span>running time: 9 days<\/span><\/div><div class=\"dce-item dce-item_token elementor-repeater-item-1b0d7c2\"><i class=\"fa fa-map-marker-alt\"><\/i>&nbsp; <span>Teatro alla Misericordia \/ Palazzo Alberti<\/span><\/div><div class=\"dce-item dce-item_token elementor-repeater-item-bdde9fe\"><div class=\"eve-meta-ingresso\"><i class=\"fa fa-ticket-alt\"><\/i>&nbsp;<span>Free entrance<\/span><\/div><\/div>\t\t\t<\/div>\n\t\t<\/article>\n\t\t\n\t\t<article class=\"post-63366 contenuto type-contenuto status-publish has-post-thumbnail hentry capotravecategorie-festival-en capotravetags-events capotravetags-festival-events-2026 capotravetags_libere-conference capotravetags_libere-replica-en dce-post dce-post-item dce-item-grid\" data-dce-post-id=\"63366\" data-dce-post-index=\"4\" data-post-link=\"https:\/\/www.kilowattfestival.it\/en\/contenuto\/della-luce-del-corpo-e-dello-spazio-kwt2026-convegno-3\/\">\n\t\t\t<div class=\"dce-post-block elementor-animation-float\">\n\t\t<div class=\"dce-item dce-item_custommeta elementor-repeater-item-546d9cf\"><div class=\"dce-post-custommeta dce-post-custommeta dce-post-custommeta dce-post-custommeta dce-post-custommeta dce-post-custommeta dce-post-custommeta dce-post-custommeta dce-post-custommeta\"><div class=\"dce-meta-item dce-meta-546d9cf dce-meta-date elementor-repeater-item-546d9cf\">25\/07\/2026<\/div><\/div><\/div><div class=\"dce-item dce-item_token elementor-repeater-item-2eeb17e\"><i class=\"far fa-clock\"><\/i><span>10:00 - 16:45<\/span><\/div><div class=\"dce-item dce-item_image elementor-repeater-item-bcc25aa\"><a class=\"dce-post-image\" href=\"https:\/\/www.kilowattfestival.it\/en\/contenuto\/della-luce-del-corpo-e-dello-spazio-kwt2026-convegno-3\/\"><figure data-image-ratio=\"0.6\" class=\"dce-img\"><img loading=\"lazy\" decoding=\"async\" width=\"768\" height=\"432\" src=\"https:\/\/www.kilowattfestival.it\/wp-content\/uploads\/2026\/05\/INCONTRO_DELLA_LUCE_KWT26_v2-768x432.jpg\" class=\"\" alt=\"Della luce, del corpo e dello spazio\" srcset=\"https:\/\/www.kilowattfestival.it\/wp-content\/uploads\/2026\/05\/INCONTRO_DELLA_LUCE_KWT26_v2-768x432.jpg 768w, https:\/\/www.kilowattfestival.it\/wp-content\/uploads\/2026\/05\/INCONTRO_DELLA_LUCE_KWT26_v2-300x169.jpg 300w, https:\/\/www.kilowattfestival.it\/wp-content\/uploads\/2026\/05\/INCONTRO_DELLA_LUCE_KWT26_v2-1536x864.jpg 1536w, https:\/\/www.kilowattfestival.it\/wp-content\/uploads\/2026\/05\/INCONTRO_DELLA_LUCE_KWT26_v2.jpg 1920w\" sizes=\"(max-width: 768px) 100vw, 768px\" \/><\/figure><\/a><\/div><div class=\"dce-item dce-item_custommeta elementor-repeater-item-aa91113\"><div class=\"dce-post-custommeta dce-post-custommeta dce-post-custommeta dce-post-custommeta dce-post-custommeta dce-post-custommeta dce-post-custommeta dce-post-custommeta dce-post-custommeta dce-post-custommeta\"><div class=\"dce-meta-item dce-meta-546d9cf dce-meta-date elementor-repeater-item-546d9cf dce-meta-item dce-meta-aa91113 dce-meta-text elementor-repeater-item-aa91113\"><div>Gianni Staropoli, Michelangelo Bellani (curated by)<\/div><\/div><\/div><\/div><div class=\"dce-item dce-item_title elementor-repeater-item-a773ffa\"><h3 class=\"dce-post-title\">Della luce, del corpo e dello spazio<\/h3><\/div><div class=\"dce-item dce-item_termstaxonomy elementor-repeater-item-76b0ed9\"><div class=\"dce-post-terms\"><ul class=\"dce-terms-list dce-taxonomy-capotravetags_libere\"><li class=\"dce-term-item\"><span class=\"dce-term dce-term-143\" data-dce-order=\"\">Conference<\/span><\/li><li class=\"dce-term-item\"><span class=\"dce-separator\">\/<\/span><span class=\"dce-term dce-term-84\" data-dce-order=\"\">Repeat performance<\/span><\/li><\/ul><\/div><\/div><div class=\"dce-item dce-item_token elementor-repeater-item-deb9021\"><i class=\"fa fa-stopwatch\"><\/i>&nbsp; <span>running time: 3 days<\/span><\/div><div class=\"dce-item dce-item_token elementor-repeater-item-1b0d7c2\"><i class=\"fa fa-map-marker-alt\"><\/i>&nbsp; <span>Palazzo Alberti<\/span><\/div><div class=\"dce-item dce-item_token elementor-repeater-item-bdde9fe\"><div class=\"eve-meta-ingresso\"><i class=\"fa fa-ticket-alt\"><\/i>&nbsp;<span>Free entrance<\/span><\/div><\/div>\t\t\t<\/div>\n\t\t<\/article>\n\t\t\n\t\t<article class=\"post-63318 contenuto type-contenuto status-publish has-post-thumbnail hentry capotravecategorie-festival-en capotravetags-events capotravetags-festival-events-2026 capotravetags_libere-meeting dce-post dce-post-item dce-item-grid\" data-dce-post-id=\"63318\" data-dce-post-index=\"5\" data-post-link=\"https:\/\/www.kilowattfestival.it\/en\/contenuto\/incontro-pubblico-della-rete-nazionale-giovane-danza-italiana-kwt2026-incontro\/\">\n\t\t\t<div class=\"dce-post-block elementor-animation-float\">\n\t\t<div class=\"dce-item dce-item_custommeta elementor-repeater-item-546d9cf\"><div class=\"dce-post-custommeta dce-post-custommeta dce-post-custommeta dce-post-custommeta dce-post-custommeta dce-post-custommeta dce-post-custommeta dce-post-custommeta dce-post-custommeta dce-post-custommeta dce-post-custommeta\"><div class=\"dce-meta-item dce-meta-546d9cf dce-meta-date elementor-repeater-item-546d9cf\">25\/07\/2026<\/div><\/div><\/div><div class=\"dce-item dce-item_token elementor-repeater-item-2eeb17e\"><i class=\"far fa-clock\"><\/i><span>15:00 - 16:45<\/span><\/div><div class=\"dce-item dce-item_image elementor-repeater-item-bcc25aa\"><a class=\"dce-post-image\" href=\"https:\/\/www.kilowattfestival.it\/en\/contenuto\/incontro-pubblico-della-rete-nazionale-giovane-danza-italiana-kwt2026-incontro\/\"><figure data-image-ratio=\"0.6\" class=\"dce-img\"><img loading=\"lazy\" decoding=\"async\" width=\"768\" height=\"528\" src=\"https:\/\/www.kilowattfestival.it\/wp-content\/uploads\/2026\/05\/INCONTRO_GIOVANE_DANZA_ITALIANA_KWT26-768x528.jpg\" class=\"\" alt=\"Public meeting of the national network Giovane Danza Italiana\" srcset=\"https:\/\/www.kilowattfestival.it\/wp-content\/uploads\/2026\/05\/INCONTRO_GIOVANE_DANZA_ITALIANA_KWT26-768x528.jpg 768w, https:\/\/www.kilowattfestival.it\/wp-content\/uploads\/2026\/05\/INCONTRO_GIOVANE_DANZA_ITALIANA_KWT26-300x206.jpg 300w, https:\/\/www.kilowattfestival.it\/wp-content\/uploads\/2026\/05\/INCONTRO_GIOVANE_DANZA_ITALIANA_KWT26-1536x1056.jpg 1536w, https:\/\/www.kilowattfestival.it\/wp-content\/uploads\/2026\/05\/INCONTRO_GIOVANE_DANZA_ITALIANA_KWT26.jpg 1600w\" sizes=\"(max-width: 768px) 100vw, 768px\" \/><\/figure><\/a><\/div><div class=\"dce-item dce-item_custommeta elementor-repeater-item-aa91113\"><div class=\"dce-post-custommeta dce-post-custommeta dce-post-custommeta dce-post-custommeta dce-post-custommeta dce-post-custommeta dce-post-custommeta dce-post-custommeta dce-post-custommeta dce-post-custommeta dce-post-custommeta dce-post-custommeta\"><div class=\"dce-meta-item dce-meta-546d9cf dce-meta-date elementor-repeater-item-546d9cf dce-meta-item dce-meta-aa91113 dce-meta-text elementor-repeater-item-aa91113\"><div>Giovane Danza Italiana<\/div><\/div><\/div><\/div><div class=\"dce-item dce-item_title elementor-repeater-item-a773ffa\"><h3 class=\"dce-post-title\">Public meeting of the national network Giovane Danza Italiana<\/h3><\/div><div class=\"dce-item dce-item_termstaxonomy elementor-repeater-item-76b0ed9\"><div class=\"dce-post-terms\"><ul class=\"dce-terms-list dce-taxonomy-capotravetags_libere\"><li class=\"dce-term-item\"><span class=\"dce-term dce-term-102\" data-dce-order=\"\">Meeting<\/span><\/li><\/ul><\/div><\/div><div class=\"dce-item dce-item_token elementor-repeater-item-deb9021\"><i class=\"fa fa-stopwatch\"><\/i>&nbsp; <span>running time: 105&#039;<\/span><\/div><div class=\"dce-item dce-item_token elementor-repeater-item-1b0d7c2\"><i class=\"fa fa-map-marker-alt\"><\/i>&nbsp; <span>Palazzo Alberti<\/span><\/div><div class=\"dce-item dce-item_token elementor-repeater-item-bdde9fe\"><div class=\"eve-meta-ingresso\"><i class=\"fa fa-ticket-alt\"><\/i>&nbsp;<span>Free entrance<\/span><\/div><\/div>\t\t\t<\/div>\n\t\t<\/article>\n\t\t\n\t\t<article class=\"post-63364 contenuto type-contenuto status-publish has-post-thumbnail hentry capotravecategorie-festival-en capotravetags-events capotravetags-festival-events-2026 capotravetags_libere-theatre dce-post dce-post-item dce-item-grid\" data-dce-post-id=\"63364\" data-dce-post-index=\"6\" data-post-link=\"https:\/\/www.kilowattfestival.it\/en\/contenuto\/perfect-days-kwt2026-teatro\/\">\n\t\t\t<div class=\"dce-post-block elementor-animation-float\">\n\t\t<div class=\"dce-item dce-item_custommeta elementor-repeater-item-546d9cf\"><div class=\"dce-post-custommeta dce-post-custommeta dce-post-custommeta dce-post-custommeta dce-post-custommeta dce-post-custommeta dce-post-custommeta dce-post-custommeta dce-post-custommeta dce-post-custommeta dce-post-custommeta dce-post-custommeta dce-post-custommeta\"><div class=\"dce-meta-item dce-meta-546d9cf dce-meta-date elementor-repeater-item-546d9cf\">25\/07\/2026<\/div><\/div><\/div><div class=\"dce-item dce-item_token elementor-repeater-item-2eeb17e\"><i class=\"far fa-clock\"><\/i><span>17:00<\/span><\/div><div class=\"dce-item dce-item_image elementor-repeater-item-bcc25aa\"><a class=\"dce-post-image\" href=\"https:\/\/www.kilowattfestival.it\/en\/contenuto\/perfect-days-kwt2026-teatro\/\"><figure data-image-ratio=\"0.6\" class=\"dce-img\"><img loading=\"lazy\" decoding=\"async\" width=\"768\" height=\"432\" src=\"https:\/\/www.kilowattfestival.it\/wp-content\/uploads\/2026\/05\/PERFECT_DAYS_Teatro-da-bar_KWT26-1-768x432.jpg\" class=\"\" alt=\"Perfect days\" srcset=\"https:\/\/www.kilowattfestival.it\/wp-content\/uploads\/2026\/05\/PERFECT_DAYS_Teatro-da-bar_KWT26-1-768x432.jpg 768w, https:\/\/www.kilowattfestival.it\/wp-content\/uploads\/2026\/05\/PERFECT_DAYS_Teatro-da-bar_KWT26-1-300x169.jpg 300w, https:\/\/www.kilowattfestival.it\/wp-content\/uploads\/2026\/05\/PERFECT_DAYS_Teatro-da-bar_KWT26-1-1536x864.jpg 1536w, https:\/\/www.kilowattfestival.it\/wp-content\/uploads\/2026\/05\/PERFECT_DAYS_Teatro-da-bar_KWT26-1.jpg 1920w\" sizes=\"(max-width: 768px) 100vw, 768px\" \/><\/figure><\/a><\/div><div class=\"dce-item dce-item_custommeta elementor-repeater-item-aa91113\"><div class=\"dce-post-custommeta dce-post-custommeta dce-post-custommeta dce-post-custommeta dce-post-custommeta dce-post-custommeta dce-post-custommeta dce-post-custommeta dce-post-custommeta dce-post-custommeta dce-post-custommeta dce-post-custommeta dce-post-custommeta dce-post-custommeta\"><div class=\"dce-meta-item dce-meta-546d9cf dce-meta-date elementor-repeater-item-546d9cf dce-meta-item dce-meta-aa91113 dce-meta-text elementor-repeater-item-aa91113\"><div>Teatro Da Bar<\/div><\/div><\/div><\/div><div class=\"dce-item dce-item_title elementor-repeater-item-a773ffa\"><h3 class=\"dce-post-title\">Perfect days<\/h3><\/div><div class=\"dce-item dce-item_termstaxonomy elementor-repeater-item-76b0ed9\"><div class=\"dce-post-terms\"><ul class=\"dce-terms-list dce-taxonomy-capotravetags_libere\"><li class=\"dce-term-item\"><span class=\"dce-term dce-term-65\" data-dce-order=\"\">Theatre<\/span><\/li><\/ul><\/div><\/div><div class=\"dce-item dce-item_token elementor-repeater-item-deb9021\"><i class=\"fa fa-stopwatch\"><\/i>&nbsp; <span>running time: 60&#039;<\/span><\/div><div class=\"dce-item dce-item_token elementor-repeater-item-1b0d7c2\"><i class=\"fa fa-map-marker-alt\"><\/i>&nbsp; <span>Auditorium di Santa Chiara<\/span><\/div><div class=\"dce-item dce-item_token elementor-repeater-item-bdde9fe\"><div class=\"eve-meta-ingresso\"><i class=\"fa fa-ticket-alt\"><\/i>&nbsp;<span> 10&nbsp;\u20ac&nbsp;full \/ 8&nbsp;\u20ac&nbsp;reduced<\/span><\/div><\/div>\t\t\t<\/div>\n\t\t<\/article>\n\t\t\n\t\t<article class=\"post-63363 contenuto type-contenuto status-publish has-post-thumbnail hentry capotravecategorie-festival-en capotravetags-events capotravetags-festival-events-2026 capotravetags_libere-urban-dance dce-post dce-post-item dce-item-grid\" data-dce-post-id=\"63363\" data-dce-post-index=\"7\" data-post-link=\"https:\/\/www.kilowattfestival.it\/en\/contenuto\/musicall-kwt2026-danza-urbana\/\">\n\t\t\t<div class=\"dce-post-block elementor-animation-float\">\n\t\t<div class=\"dce-item dce-item_custommeta elementor-repeater-item-546d9cf\"><div class=\"dce-post-custommeta dce-post-custommeta dce-post-custommeta dce-post-custommeta dce-post-custommeta dce-post-custommeta dce-post-custommeta dce-post-custommeta dce-post-custommeta dce-post-custommeta dce-post-custommeta dce-post-custommeta dce-post-custommeta dce-post-custommeta dce-post-custommeta\"><div class=\"dce-meta-item dce-meta-546d9cf dce-meta-date elementor-repeater-item-546d9cf\">25\/07\/2026<\/div><\/div><\/div><div class=\"dce-item dce-item_token elementor-repeater-item-2eeb17e\"><i class=\"far fa-clock\"><\/i><span>18:15<\/span><\/div><div class=\"dce-item dce-item_image elementor-repeater-item-bcc25aa\"><a class=\"dce-post-image\" href=\"https:\/\/www.kilowattfestival.it\/en\/contenuto\/musicall-kwt2026-danza-urbana\/\"><figure data-image-ratio=\"0.6\" class=\"dce-img\"><img loading=\"lazy\" decoding=\"async\" width=\"768\" height=\"432\" src=\"https:\/\/www.kilowattfestival.it\/wp-content\/uploads\/2026\/05\/MUSICALL_Lost-Movement_KWT26-768x432.jpg\" class=\"\" alt=\"musicALL\" srcset=\"https:\/\/www.kilowattfestival.it\/wp-content\/uploads\/2026\/05\/MUSICALL_Lost-Movement_KWT26-768x432.jpg 768w, https:\/\/www.kilowattfestival.it\/wp-content\/uploads\/2026\/05\/MUSICALL_Lost-Movement_KWT26-300x169.jpg 300w, https:\/\/www.kilowattfestival.it\/wp-content\/uploads\/2026\/05\/MUSICALL_Lost-Movement_KWT26-1536x864.jpg 1536w, https:\/\/www.kilowattfestival.it\/wp-content\/uploads\/2026\/05\/MUSICALL_Lost-Movement_KWT26.jpg 1920w\" sizes=\"(max-width: 768px) 100vw, 768px\" \/><\/figure><\/a><\/div><div class=\"dce-item dce-item_custommeta elementor-repeater-item-aa91113\"><div class=\"dce-post-custommeta dce-post-custommeta dce-post-custommeta dce-post-custommeta dce-post-custommeta dce-post-custommeta dce-post-custommeta dce-post-custommeta dce-post-custommeta dce-post-custommeta dce-post-custommeta dce-post-custommeta dce-post-custommeta dce-post-custommeta dce-post-custommeta dce-post-custommeta\"><div class=\"dce-meta-item dce-meta-546d9cf dce-meta-date elementor-repeater-item-546d9cf dce-meta-item dce-meta-aa91113 dce-meta-text elementor-repeater-item-aa91113\"><div>Lost Movement<\/div><\/div><\/div><\/div><div class=\"dce-item dce-item_title elementor-repeater-item-a773ffa\"><h3 class=\"dce-post-title\">musicALL<\/h3><\/div><div class=\"dce-item dce-item_termstaxonomy elementor-repeater-item-76b0ed9\"><div class=\"dce-post-terms\"><ul class=\"dce-terms-list dce-taxonomy-capotravetags_libere\"><li class=\"dce-term-item\"><span class=\"dce-term dce-term-100\" data-dce-order=\"\">Urban Dance<\/span><\/li><\/ul><\/div><\/div><div class=\"dce-item dce-item_token elementor-repeater-item-deb9021\"><i class=\"fa fa-stopwatch\"><\/i>&nbsp; <span>running time: 25&#039;<\/span><\/div><div class=\"dce-item dce-item_token elementor-repeater-item-1b0d7c2\"><i class=\"fa fa-map-marker-alt\"><\/i>&nbsp; <span>Piazza Torre di Berta<\/span><\/div><div class=\"dce-item dce-item_token elementor-repeater-item-bdde9fe\"><div class=\"eve-meta-ingresso\"><i class=\"fa fa-ticket-alt\"><\/i>&nbsp;<span> 1&nbsp;\u20ac<\/span><\/div><\/div>\t\t\t<\/div>\n\t\t<\/article>\n\t\t\n\t\t<article class=\"post-63312 contenuto type-contenuto status-publish has-post-thumbnail hentry capotravecategorie-festival-en capotravetags-events capotravetags-festival-events-2026 capotravetags_libere-music dce-post dce-post-item dce-item-grid\" data-dce-post-id=\"63312\" data-dce-post-index=\"8\" data-post-link=\"https:\/\/www.kilowattfestival.it\/en\/contenuto\/francesco-gibaldi-in-concerto-toy-music-loop-impro-kwt2026-musica\/\">\n\t\t\t<div class=\"dce-post-block elementor-animation-float\">\n\t\t<div class=\"dce-item dce-item_custommeta elementor-repeater-item-546d9cf\"><div class=\"dce-post-custommeta dce-post-custommeta dce-post-custommeta dce-post-custommeta dce-post-custommeta dce-post-custommeta dce-post-custommeta dce-post-custommeta dce-post-custommeta dce-post-custommeta dce-post-custommeta dce-post-custommeta dce-post-custommeta dce-post-custommeta dce-post-custommeta dce-post-custommeta dce-post-custommeta\"><div class=\"dce-meta-item dce-meta-546d9cf dce-meta-date elementor-repeater-item-546d9cf\">25\/07\/2026<\/div><\/div><\/div><div class=\"dce-item dce-item_token elementor-repeater-item-2eeb17e\"><i class=\"far fa-clock\"><\/i><span>19:00<\/span><\/div><div class=\"dce-item dce-item_image elementor-repeater-item-bcc25aa\"><a class=\"dce-post-image\" href=\"https:\/\/www.kilowattfestival.it\/en\/contenuto\/francesco-gibaldi-in-concerto-toy-music-loop-impro-kwt2026-musica\/\"><figure data-image-ratio=\"0.6\" class=\"dce-img\"><img loading=\"lazy\" decoding=\"async\" width=\"768\" height=\"513\" src=\"https:\/\/www.kilowattfestival.it\/wp-content\/uploads\/2026\/05\/MUSICA-Concerti_FRANCESCO_GIBALDI_KWT26-768x513.jpg\" class=\"\" alt=\"Francesco Gibaldi in concert (toy music, loop impro)\" srcset=\"https:\/\/www.kilowattfestival.it\/wp-content\/uploads\/2026\/05\/MUSICA-Concerti_FRANCESCO_GIBALDI_KWT26-768x513.jpg 768w, https:\/\/www.kilowattfestival.it\/wp-content\/uploads\/2026\/05\/MUSICA-Concerti_FRANCESCO_GIBALDI_KWT26-300x200.jpg 300w, https:\/\/www.kilowattfestival.it\/wp-content\/uploads\/2026\/05\/MUSICA-Concerti_FRANCESCO_GIBALDI_KWT26-1536x1026.jpg 1536w, https:\/\/www.kilowattfestival.it\/wp-content\/uploads\/2026\/05\/MUSICA-Concerti_FRANCESCO_GIBALDI_KWT26.jpg 1617w\" sizes=\"(max-width: 768px) 100vw, 768px\" \/><\/figure><\/a><\/div><div class=\"dce-item dce-item_custommeta elementor-repeater-item-aa91113\"><div class=\"dce-post-custommeta dce-post-custommeta dce-post-custommeta dce-post-custommeta dce-post-custommeta dce-post-custommeta dce-post-custommeta dce-post-custommeta dce-post-custommeta dce-post-custommeta dce-post-custommeta dce-post-custommeta dce-post-custommeta dce-post-custommeta dce-post-custommeta dce-post-custommeta dce-post-custommeta dce-post-custommeta\"><div class=\"dce-meta-item dce-meta-546d9cf dce-meta-date elementor-repeater-item-546d9cf dce-meta-item dce-meta-aa91113 dce-meta-text elementor-repeater-item-aa91113\"><div>Francesco Gibaldi<\/div><\/div><\/div><\/div><div class=\"dce-item dce-item_title elementor-repeater-item-a773ffa\"><h3 class=\"dce-post-title\">Francesco Gibaldi in concert (toy music, loop impro)<\/h3><\/div><div class=\"dce-item dce-item_termstaxonomy elementor-repeater-item-76b0ed9\"><div class=\"dce-post-terms\"><ul class=\"dce-terms-list dce-taxonomy-capotravetags_libere\"><li class=\"dce-term-item\"><span class=\"dce-term dce-term-69\" data-dce-order=\"\">Music<\/span><\/li><\/ul><\/div><\/div><div class=\"dce-item dce-item_token elementor-repeater-item-deb9021\"><i class=\"fa fa-stopwatch\"><\/i>&nbsp; <span>running time: 50&#039;<\/span><\/div><div class=\"dce-item dce-item_token elementor-repeater-item-1b0d7c2\"><i class=\"fa fa-map-marker-alt\"><\/i>&nbsp; <span>Giardini di Piero<\/span><\/div><div class=\"dce-item dce-item_token elementor-repeater-item-bdde9fe\"><div class=\"eve-meta-ingresso\"><i class=\"fa fa-ticket-alt\"><\/i>&nbsp;<span> 3&nbsp;\u20ac<\/span><\/div><\/div>\t\t\t<\/div>\n\t\t<\/article>\n\t\t\n\t\t<article class=\"post-63360 contenuto type-contenuto status-publish has-post-thumbnail hentry capotravecategorie-festival-en capotravetags-events capotravetags-festival-events-2026 capotravetags_libere-dance dce-post dce-post-item dce-item-grid\" data-dce-post-id=\"63360\" data-dce-post-index=\"9\" data-post-link=\"https:\/\/www.kilowattfestival.it\/en\/contenuto\/violetto-bellosguardo-kwt2026-danza\/\">\n\t\t\t<div class=\"dce-post-block elementor-animation-float\">\n\t\t<div class=\"dce-item dce-item_custommeta elementor-repeater-item-546d9cf\"><div class=\"dce-post-custommeta dce-post-custommeta dce-post-custommeta dce-post-custommeta dce-post-custommeta dce-post-custommeta dce-post-custommeta dce-post-custommeta dce-post-custommeta dce-post-custommeta dce-post-custommeta dce-post-custommeta dce-post-custommeta dce-post-custommeta dce-post-custommeta dce-post-custommeta dce-post-custommeta dce-post-custommeta dce-post-custommeta\"><div class=\"dce-meta-item dce-meta-546d9cf dce-meta-date elementor-repeater-item-546d9cf\">25\/07\/2026<\/div><\/div><\/div><div class=\"dce-item dce-item_token elementor-repeater-item-2eeb17e\"><i class=\"far fa-clock\"><\/i><span>20:15<\/span><\/div><div class=\"dce-item dce-item_image elementor-repeater-item-bcc25aa\"><a class=\"dce-post-image\" href=\"https:\/\/www.kilowattfestival.it\/en\/contenuto\/violetto-bellosguardo-kwt2026-danza\/\"><figure data-image-ratio=\"0.6\" class=\"dce-img\"><img loading=\"lazy\" decoding=\"async\" width=\"768\" height=\"511\" src=\"https:\/\/www.kilowattfestival.it\/wp-content\/uploads\/2026\/05\/VIOLETTO_BELLOSGUARDO_VittorioPorcelli_KWT26-768x511.jpg\" class=\"\" alt=\"Violetto Bellosguardo\" srcset=\"https:\/\/www.kilowattfestival.it\/wp-content\/uploads\/2026\/05\/VIOLETTO_BELLOSGUARDO_VittorioPorcelli_KWT26-768x511.jpg 768w, https:\/\/www.kilowattfestival.it\/wp-content\/uploads\/2026\/05\/VIOLETTO_BELLOSGUARDO_VittorioPorcelli_KWT26-300x200.jpg 300w, https:\/\/www.kilowattfestival.it\/wp-content\/uploads\/2026\/05\/VIOLETTO_BELLOSGUARDO_VittorioPorcelli_KWT26-1536x1022.jpg 1536w, https:\/\/www.kilowattfestival.it\/wp-content\/uploads\/2026\/05\/VIOLETTO_BELLOSGUARDO_VittorioPorcelli_KWT26.jpg 1623w\" sizes=\"(max-width: 768px) 100vw, 768px\" \/><\/figure><\/a><\/div><div class=\"dce-item dce-item_custommeta elementor-repeater-item-aa91113\"><div class=\"dce-post-custommeta dce-post-custommeta dce-post-custommeta dce-post-custommeta dce-post-custommeta dce-post-custommeta dce-post-custommeta dce-post-custommeta dce-post-custommeta dce-post-custommeta dce-post-custommeta dce-post-custommeta dce-post-custommeta dce-post-custommeta dce-post-custommeta dce-post-custommeta dce-post-custommeta dce-post-custommeta dce-post-custommeta dce-post-custommeta\"><div class=\"dce-meta-item dce-meta-546d9cf dce-meta-date elementor-repeater-item-546d9cf dce-meta-item dce-meta-aa91113 dce-meta-text elementor-repeater-item-aa91113\"><div>Vittorio Porcelli<\/div><\/div><\/div><\/div><div class=\"dce-item dce-item_title elementor-repeater-item-a773ffa\"><h3 class=\"dce-post-title\">Violetto Bellosguardo<\/h3><\/div><div class=\"dce-item dce-item_termstaxonomy elementor-repeater-item-76b0ed9\"><div class=\"dce-post-terms\"><ul class=\"dce-terms-list dce-taxonomy-capotravetags_libere\"><li class=\"dce-term-item\"><span class=\"dce-term dce-term-62\" data-dce-order=\"\">Dance<\/span><\/li><\/ul><\/div><\/div><div class=\"dce-item dce-item_token elementor-repeater-item-deb9021\"><i class=\"fa fa-stopwatch\"><\/i>&nbsp; <span>running time: 20&#039;<\/span><\/div><div class=\"dce-item dce-item_token elementor-repeater-item-1b0d7c2\"><i class=\"fa fa-map-marker-alt\"><\/i>&nbsp; <span>Teatro alla Misericordia<\/span><\/div><div class=\"dce-item dce-item_token elementor-repeater-item-bdde9fe\"><div class=\"eve-meta-ingresso\"><i class=\"fa fa-ticket-alt\"><\/i>&nbsp;<span> 10&nbsp;\u20ac&nbsp;full \/ 8&nbsp;\u20ac&nbsp;reduced<\/span><\/div><\/div>\t\t\t<\/div>\n\t\t<\/article>\n\t\t\n\t\t<article class=\"post-63359 contenuto type-contenuto status-publish has-post-thumbnail hentry capotravecategorie-festival-en capotravetags-events capotravetags-festival-events-2026 capotravetags_libere-replica-en capotravetags_libere-theatre dce-post dce-post-item dce-item-grid\" data-dce-post-id=\"63359\" data-dce-post-index=\"10\" data-post-link=\"https:\/\/www.kilowattfestival.it\/en\/contenuto\/non-una-voce-kwt2026-teatro-3\/\">\n\t\t\t<div class=\"dce-post-block elementor-animation-float\">\n\t\t<div class=\"dce-item dce-item_custommeta elementor-repeater-item-546d9cf\"><div class=\"dce-post-custommeta dce-post-custommeta dce-post-custommeta dce-post-custommeta dce-post-custommeta dce-post-custommeta dce-post-custommeta dce-post-custommeta dce-post-custommeta dce-post-custommeta dce-post-custommeta dce-post-custommeta dce-post-custommeta dce-post-custommeta dce-post-custommeta dce-post-custommeta dce-post-custommeta dce-post-custommeta dce-post-custommeta dce-post-custommeta dce-post-custommeta\"><div class=\"dce-meta-item dce-meta-546d9cf dce-meta-date elementor-repeater-item-546d9cf\">25\/07\/2026<\/div><\/div><\/div><div class=\"dce-item dce-item_token elementor-repeater-item-2eeb17e\"><i class=\"far fa-clock\"><\/i><span>20:15, 21:30, 23:00<\/span><\/div><div class=\"dce-item dce-item_image elementor-repeater-item-bcc25aa\"><a class=\"dce-post-image\" href=\"https:\/\/www.kilowattfestival.it\/en\/contenuto\/non-una-voce-kwt2026-teatro-3\/\"><figure data-image-ratio=\"0.6\" class=\"dce-img\"><img loading=\"lazy\" decoding=\"async\" width=\"768\" height=\"512\" src=\"https:\/\/www.kilowattfestival.it\/wp-content\/uploads\/2026\/05\/NON_UNA_VOCE_UltimiFuochi_KWT26-768x512.jpg\" class=\"\" alt=\"Non una voce\" srcset=\"https:\/\/www.kilowattfestival.it\/wp-content\/uploads\/2026\/05\/NON_UNA_VOCE_UltimiFuochi_KWT26-768x512.jpg 768w, https:\/\/www.kilowattfestival.it\/wp-content\/uploads\/2026\/05\/NON_UNA_VOCE_UltimiFuochi_KWT26-300x200.jpg 300w, https:\/\/www.kilowattfestival.it\/wp-content\/uploads\/2026\/05\/NON_UNA_VOCE_UltimiFuochi_KWT26-1536x1024.jpg 1536w, https:\/\/www.kilowattfestival.it\/wp-content\/uploads\/2026\/05\/NON_UNA_VOCE_UltimiFuochi_KWT26.jpg 1620w\" sizes=\"(max-width: 768px) 100vw, 768px\" \/><\/figure><\/a><\/div><div class=\"dce-item dce-item_custommeta elementor-repeater-item-aa91113\"><div class=\"dce-post-custommeta dce-post-custommeta dce-post-custommeta dce-post-custommeta dce-post-custommeta dce-post-custommeta dce-post-custommeta dce-post-custommeta dce-post-custommeta dce-post-custommeta dce-post-custommeta dce-post-custommeta dce-post-custommeta dce-post-custommeta dce-post-custommeta dce-post-custommeta dce-post-custommeta dce-post-custommeta dce-post-custommeta dce-post-custommeta dce-post-custommeta dce-post-custommeta\"><div class=\"dce-meta-item dce-meta-546d9cf dce-meta-date elementor-repeater-item-546d9cf dce-meta-item dce-meta-aa91113 dce-meta-text elementor-repeater-item-aa91113\"><div>Ultimi Fuochi Teatro - Roberto Magnani<\/div><\/div><\/div><\/div><div class=\"dce-item dce-item_title elementor-repeater-item-a773ffa\"><h3 class=\"dce-post-title\">Non una voce<\/h3><\/div><div class=\"dce-item dce-item_termstaxonomy elementor-repeater-item-76b0ed9\"><div class=\"dce-post-terms\"><ul class=\"dce-terms-list dce-taxonomy-capotravetags_libere\"><li class=\"dce-term-item\"><span class=\"dce-term dce-term-84\" data-dce-order=\"\">Repeat performance<\/span><\/li><li class=\"dce-term-item\"><span class=\"dce-separator\">\/<\/span><span class=\"dce-term dce-term-65\" data-dce-order=\"\">Theatre<\/span><\/li><\/ul><\/div><\/div><div class=\"dce-item dce-item_token elementor-repeater-item-deb9021\"><i class=\"fa fa-stopwatch\"><\/i>&nbsp; <span>running time: 60&#039;<\/span><\/div><div class=\"dce-item dce-item_token elementor-repeater-item-1b0d7c2\"><i class=\"fa fa-map-marker-alt\"><\/i>&nbsp; <span>Palazzo Pretorio<\/span><\/div><div class=\"dce-item dce-item_token elementor-repeater-item-bdde9fe\"><div class=\"eve-meta-ingresso\"><i class=\"fa fa-ticket-alt\"><\/i>&nbsp;<span> 10&nbsp;\u20ac&nbsp;full \/ 8&nbsp;\u20ac&nbsp;reduced<\/span><\/div><\/div>\t\t\t<\/div>\n\t\t<\/article>\n\t\t\n\t\t<article class=\"post-63417 contenuto type-contenuto status-publish has-post-thumbnail hentry capotravecategorie-festival-en capotravetags-events capotravetags-festival-events-2026 capotravetags_libere-theatre dce-post dce-post-item dce-item-grid\" data-dce-post-id=\"63417\" data-dce-post-index=\"11\" data-post-link=\"https:\/\/www.kilowattfestival.it\/en\/contenuto\/2100-kwt2026-teatro\/\">\n\t\t\t<div class=\"dce-post-block elementor-animation-float\">\n\t\t<div class=\"dce-item dce-item_custommeta elementor-repeater-item-546d9cf\"><div class=\"dce-post-custommeta dce-post-custommeta dce-post-custommeta dce-post-custommeta dce-post-custommeta dce-post-custommeta dce-post-custommeta dce-post-custommeta dce-post-custommeta dce-post-custommeta dce-post-custommeta dce-post-custommeta dce-post-custommeta dce-post-custommeta dce-post-custommeta dce-post-custommeta dce-post-custommeta dce-post-custommeta dce-post-custommeta dce-post-custommeta dce-post-custommeta dce-post-custommeta dce-post-custommeta\"><div class=\"dce-meta-item dce-meta-546d9cf dce-meta-date elementor-repeater-item-546d9cf\">25\/07\/2026<\/div><\/div><\/div><div class=\"dce-item dce-item_token elementor-repeater-item-2eeb17e\"><i class=\"far fa-clock\"><\/i><span>21:10<\/span><\/div><div class=\"dce-item dce-item_image elementor-repeater-item-bcc25aa\"><a class=\"dce-post-image\" href=\"https:\/\/www.kilowattfestival.it\/en\/contenuto\/2100-kwt2026-teatro\/\"><figure data-image-ratio=\"0.6\" class=\"dce-img\"><img loading=\"lazy\" decoding=\"async\" width=\"768\" height=\"432\" src=\"https:\/\/www.kilowattfestival.it\/wp-content\/uploads\/2026\/05\/2100_-CardelliniGonzalez_KWT26-768x432.jpg\" class=\"\" alt=\"2100\" srcset=\"https:\/\/www.kilowattfestival.it\/wp-content\/uploads\/2026\/05\/2100_-CardelliniGonzalez_KWT26-768x432.jpg 768w, https:\/\/www.kilowattfestival.it\/wp-content\/uploads\/2026\/05\/2100_-CardelliniGonzalez_KWT26-300x169.jpg 300w, https:\/\/www.kilowattfestival.it\/wp-content\/uploads\/2026\/05\/2100_-CardelliniGonzalez_KWT26-1536x864.jpg 1536w, https:\/\/www.kilowattfestival.it\/wp-content\/uploads\/2026\/05\/2100_-CardelliniGonzalez_KWT26.jpg 1920w\" sizes=\"(max-width: 768px) 100vw, 768px\" \/><\/figure><\/a><\/div><div class=\"dce-item dce-item_custommeta elementor-repeater-item-aa91113\"><div class=\"dce-post-custommeta dce-post-custommeta dce-post-custommeta dce-post-custommeta dce-post-custommeta dce-post-custommeta dce-post-custommeta dce-post-custommeta dce-post-custommeta dce-post-custommeta dce-post-custommeta dce-post-custommeta dce-post-custommeta dce-post-custommeta dce-post-custommeta dce-post-custommeta dce-post-custommeta dce-post-custommeta dce-post-custommeta dce-post-custommeta dce-post-custommeta dce-post-custommeta dce-post-custommeta dce-post-custommeta\"><div class=\"dce-meta-item dce-meta-546d9cf dce-meta-date elementor-repeater-item-546d9cf dce-meta-item dce-meta-aa91113 dce-meta-text elementor-repeater-item-aa91113\"><div>Cardellini - Gonzalez (CH)<\/div><\/div><\/div><\/div><div class=\"dce-item dce-item_title elementor-repeater-item-a773ffa\"><h3 class=\"dce-post-title\">2100<\/h3><\/div><div class=\"dce-item dce-item_termstaxonomy elementor-repeater-item-76b0ed9\"><div class=\"dce-post-terms\"><ul class=\"dce-terms-list dce-taxonomy-capotravetags_libere\"><li class=\"dce-term-item\"><span class=\"dce-term dce-term-65\" data-dce-order=\"\">Theatre<\/span><\/li><\/ul><\/div><\/div><div class=\"dce-item dce-item_token elementor-repeater-item-deb9021\"><i class=\"fa fa-stopwatch\"><\/i>&nbsp; <span>running time: 60&#039;<\/span><\/div><div class=\"dce-item dce-item_token elementor-repeater-item-1b0d7c2\"><i class=\"fa fa-map-marker-alt\"><\/i>&nbsp; <span>Chiostro di San Francesco<\/span><\/div><div class=\"dce-item dce-item_token elementor-repeater-item-bdde9fe\"><div class=\"eve-meta-ingresso\"><i class=\"fa fa-ticket-alt\"><\/i>&nbsp;<span> 10&nbsp;\u20ac&nbsp;full \/ 8&nbsp;\u20ac&nbsp;reduced<\/span><\/div><\/div>\t\t\t<\/div>\n\t\t<\/article>\n\t\t\n\t\t<article class=\"post-63357 contenuto type-contenuto status-publish has-post-thumbnail hentry capotravecategorie-festival-en capotravetags-events capotravetags-festival-events-2026 capotravetags_libere-dance dce-post dce-post-item dce-item-grid\" data-dce-post-id=\"63357\" data-dce-post-index=\"12\" data-post-link=\"https:\/\/www.kilowattfestival.it\/en\/contenuto\/echo-chambers-un-amore-senza-fine-kwt2026-danza\/\">\n\t\t\t<div class=\"dce-post-block elementor-animation-float\">\n\t\t<div class=\"dce-item dce-item_custommeta elementor-repeater-item-546d9cf\"><div class=\"dce-post-custommeta dce-post-custommeta dce-post-custommeta dce-post-custommeta dce-post-custommeta dce-post-custommeta dce-post-custommeta dce-post-custommeta dce-post-custommeta dce-post-custommeta dce-post-custommeta dce-post-custommeta dce-post-custommeta dce-post-custommeta dce-post-custommeta dce-post-custommeta dce-post-custommeta dce-post-custommeta dce-post-custommeta dce-post-custommeta dce-post-custommeta dce-post-custommeta dce-post-custommeta dce-post-custommeta dce-post-custommeta\"><div class=\"dce-meta-item dce-meta-546d9cf dce-meta-date elementor-repeater-item-546d9cf\">25\/07\/2026<\/div><\/div><\/div><div class=\"dce-item dce-item_token elementor-repeater-item-2eeb17e\"><i class=\"far fa-clock\"><\/i><span>22:35<\/span><\/div><div class=\"dce-item dce-item_image elementor-repeater-item-bcc25aa\"><a class=\"dce-post-image\" href=\"https:\/\/www.kilowattfestival.it\/en\/contenuto\/echo-chambers-un-amore-senza-fine-kwt2026-danza\/\"><figure data-image-ratio=\"0.6\" class=\"dce-img\"><img loading=\"lazy\" decoding=\"async\" width=\"768\" height=\"512\" src=\"https:\/\/www.kilowattfestival.it\/wp-content\/uploads\/2026\/05\/ECHO_CHAMBERS_VittorioPagani_KWT26-768x512.jpg\" class=\"\" alt=\"Echo Chambers. Un amore senza fine\" srcset=\"https:\/\/www.kilowattfestival.it\/wp-content\/uploads\/2026\/05\/ECHO_CHAMBERS_VittorioPagani_KWT26-768x512.jpg 768w, https:\/\/www.kilowattfestival.it\/wp-content\/uploads\/2026\/05\/ECHO_CHAMBERS_VittorioPagani_KWT26-300x200.jpg 300w, https:\/\/www.kilowattfestival.it\/wp-content\/uploads\/2026\/05\/ECHO_CHAMBERS_VittorioPagani_KWT26-1536x1024.jpg 1536w, https:\/\/www.kilowattfestival.it\/wp-content\/uploads\/2026\/05\/ECHO_CHAMBERS_VittorioPagani_KWT26.jpg 1620w\" sizes=\"(max-width: 768px) 100vw, 768px\" \/><\/figure><\/a><\/div><div class=\"dce-item dce-item_custommeta elementor-repeater-item-aa91113\"><div class=\"dce-post-custommeta dce-post-custommeta dce-post-custommeta dce-post-custommeta dce-post-custommeta dce-post-custommeta dce-post-custommeta dce-post-custommeta dce-post-custommeta dce-post-custommeta dce-post-custommeta dce-post-custommeta dce-post-custommeta dce-post-custommeta dce-post-custommeta dce-post-custommeta dce-post-custommeta dce-post-custommeta dce-post-custommeta dce-post-custommeta dce-post-custommeta dce-post-custommeta dce-post-custommeta dce-post-custommeta dce-post-custommeta dce-post-custommeta\"><div class=\"dce-meta-item dce-meta-546d9cf dce-meta-date elementor-repeater-item-546d9cf dce-meta-item dce-meta-aa91113 dce-meta-text elementor-repeater-item-aa91113\"><div>Vittorio Pagani<\/div><\/div><\/div><\/div><div class=\"dce-item dce-item_title elementor-repeater-item-a773ffa\"><h3 class=\"dce-post-title\">Echo Chambers. Un amore senza fine<\/h3><\/div><div class=\"dce-item dce-item_termstaxonomy elementor-repeater-item-76b0ed9\"><div class=\"dce-post-terms\"><ul class=\"dce-terms-list dce-taxonomy-capotravetags_libere\"><li class=\"dce-term-item\"><span class=\"dce-term dce-term-62\" data-dce-order=\"\">Dance<\/span><\/li><\/ul><\/div><\/div><div class=\"dce-item dce-item_token elementor-repeater-item-deb9021\"><i class=\"fa fa-stopwatch\"><\/i>&nbsp; <span>running time: 40&#039;<\/span><\/div><div class=\"dce-item dce-item_token elementor-repeater-item-1b0d7c2\"><i class=\"fa fa-map-marker-alt\"><\/i>&nbsp; <span>Chiostro di Santa Chiara<\/span><\/div><div class=\"dce-item dce-item_token elementor-repeater-item-bdde9fe\"><div class=\"eve-meta-ingresso\"><i class=\"fa fa-ticket-alt\"><\/i>&nbsp;<span> 10&nbsp;\u20ac&nbsp;full \/ 8&nbsp;\u20ac&nbsp;reduced<\/span><\/div><\/div>\t\t\t<\/div>\n\t\t<\/article>\n\t\t\n\t\t<article class=\"post-63305 contenuto type-contenuto status-publish has-post-thumbnail hentry capotravecategorie-festival-en capotravetags-events capotravetags-festival-events-2026 capotravetags_libere-music dce-post dce-post-item dce-item-grid\" data-dce-post-id=\"63305\" data-dce-post-index=\"13\" data-post-link=\"https:\/\/www.kilowattfestival.it\/en\/contenuto\/dj-set-di-dj-ruber-underground-kwt2026-musica\/\">\n\t\t\t<div class=\"dce-post-block elementor-animation-float\">\n\t\t<div class=\"dce-item dce-item_custommeta elementor-repeater-item-546d9cf\"><div class=\"dce-post-custommeta dce-post-custommeta dce-post-custommeta dce-post-custommeta dce-post-custommeta dce-post-custommeta dce-post-custommeta dce-post-custommeta dce-post-custommeta dce-post-custommeta dce-post-custommeta dce-post-custommeta dce-post-custommeta dce-post-custommeta dce-post-custommeta dce-post-custommeta dce-post-custommeta dce-post-custommeta dce-post-custommeta dce-post-custommeta dce-post-custommeta dce-post-custommeta dce-post-custommeta dce-post-custommeta dce-post-custommeta dce-post-custommeta dce-post-custommeta\"><div class=\"dce-meta-item dce-meta-546d9cf dce-meta-date elementor-repeater-item-546d9cf\">25\/07\/2026<\/div><\/div><\/div><div class=\"dce-item dce-item_token elementor-repeater-item-2eeb17e\"><i class=\"far fa-clock\"><\/i><span>23:00<\/span><\/div><div class=\"dce-item dce-item_image elementor-repeater-item-bcc25aa\"><a class=\"dce-post-image\" href=\"https:\/\/www.kilowattfestival.it\/en\/contenuto\/dj-set-di-dj-ruber-underground-kwt2026-musica\/\"><figure data-image-ratio=\"0.6\" class=\"dce-img\"><img loading=\"lazy\" decoding=\"async\" width=\"696\" height=\"1080\" src=\"https:\/\/www.kilowattfestival.it\/wp-content\/uploads\/2026\/05\/MUSICA_Dj-Ruber_KWT26.jpg\" class=\"\" alt=\"Dj-set by Dj Ruber (underground)\" srcset=\"https:\/\/www.kilowattfestival.it\/wp-content\/uploads\/2026\/05\/MUSICA_Dj-Ruber_KWT26.jpg 696w, https:\/\/www.kilowattfestival.it\/wp-content\/uploads\/2026\/05\/MUSICA_Dj-Ruber_KWT26-300x466.jpg 300w\" sizes=\"(max-width: 696px) 100vw, 696px\" \/><\/figure><\/a><\/div><div class=\"dce-item dce-item_custommeta elementor-repeater-item-aa91113\"><div class=\"dce-post-custommeta dce-post-custommeta dce-post-custommeta dce-post-custommeta dce-post-custommeta dce-post-custommeta dce-post-custommeta dce-post-custommeta dce-post-custommeta dce-post-custommeta dce-post-custommeta dce-post-custommeta dce-post-custommeta dce-post-custommeta dce-post-custommeta dce-post-custommeta dce-post-custommeta dce-post-custommeta dce-post-custommeta dce-post-custommeta dce-post-custommeta dce-post-custommeta dce-post-custommeta dce-post-custommeta dce-post-custommeta dce-post-custommeta dce-post-custommeta dce-post-custommeta\"><div class=\"dce-meta-item dce-meta-546d9cf dce-meta-date elementor-repeater-item-546d9cf dce-meta-item dce-meta-aa91113 dce-meta-text elementor-repeater-item-aa91113\"><div>Dj Ruber<\/div><\/div><\/div><\/div><div class=\"dce-item dce-item_title elementor-repeater-item-a773ffa\"><h3 class=\"dce-post-title\">Dj-set by Dj Ruber (underground)<\/h3><\/div><div class=\"dce-item dce-item_termstaxonomy elementor-repeater-item-76b0ed9\"><div class=\"dce-post-terms\"><ul class=\"dce-terms-list dce-taxonomy-capotravetags_libere\"><li class=\"dce-term-item\"><span class=\"dce-term dce-term-69\" data-dce-order=\"\">Music<\/span><\/li><\/ul><\/div><\/div><div class=\"dce-item dce-item_token elementor-repeater-item-deb9021\"><i class=\"fa fa-stopwatch\"><\/i>&nbsp; <span>running time: 180&#039;<\/span><\/div><div class=\"dce-item dce-item_token elementor-repeater-item-1b0d7c2\"><i class=\"fa fa-map-marker-alt\"><\/i>&nbsp; <span>Giardini di Piero<\/span><\/div><div class=\"dce-item dce-item_token elementor-repeater-item-bdde9fe\"><div class=\"eve-meta-ingresso\"><i class=\"fa fa-ticket-alt\"><\/i>&nbsp;<span> 1&nbsp;\u20ac<\/span><\/div><\/div>\t\t\t<\/div>\n\t\t<\/article>\n\t\t\t\t\t<\/div>\n\t\t\t\t\t<\/div>\n\t\t\t\t\t\t<\/div>\n\t\t\t\t<\/div>\n\t\t\t\t<div class=\"elementor-element elementor-element-989822b elementor-hidden-desktop elementor-hidden-tablet elementor-hidden-mobile elementor-widget elementor-widget-html\" data-id=\"989822b\" data-element_type=\"widget\" data-widget_type=\"html.default\">\n\t\t\t\t<div class=\"elementor-widget-container\">\n\t\t\t\t\t<script type=\"text\/javascript\">\r\njQuery(document).ready(function($) {\r\n\tvar headers = $('.toggle-header');\r\n\r\n\theaders.each(function() {\r\n\t\t$(this).on('click', function() {\r\n\t\t\tvar content = $(this).next('.toggle-content');\r\n\t\t\tvar day_border_btn = $(this).find('.elementor-widget-container');\r\n\t\t\tvar day_text_btn = $(this).find('h3');\r\n\t\t\tvar day_icon = $(this).find('.fa');\r\n\r\n\t\t\tif (content.is(':visible')) { \/\/Contenuto visibile, quindi chiudilo\r\n\t\t\t\tcontent.slideUp(400, function() {\r\n\t\t\t\t\tcontent.fadeOut(200);\r\n\t\t\t\t\tday_text_btn.css({'background-color': 'initial', 'border-color': 'initial', 'color': '#146F4D'});\r\n\t\t\t\t\tday_icon.add(day_border_btn).css({'background-color': 'initial', 'border-color': '#00A342', 'color': '#00A342'});\r\n\r\n\t\t\t\t});\r\n\t\t\t} else { \/\/Contenuto nascosto, quindi aprilo\r\n\t\t\t\tcontent.fadeIn(300, function() {\r\n\t\t\t\t\tcontent.slideDown(500);\r\n\t\t\t\t\tday_text_btn.add(day_border_btn).css({'background-color': '#146F4D', 'border-color': '#146F4D', 'color': '#FFF'});\r\n\t\t\t\t\tday_icon.css('color', '#FFF');\r\n\t\t\t\t});\r\n\t\t\t}\r\n\t\t});\r\n\t});\r\n});\r\n<\/script>\t\t\t\t<\/div>\n\t\t\t\t<\/div>\n\t\t<!-- dce invisible element 2ba7e5c -->\t\t\t<\/div>\n\t\t<\/div>\n\t\t\t\t\t<\/div>\n\t\t<\/section>\n\t\t\t\t<\/div>\n\t\t","protected":false},"excerpt":{"rendered":"<p>KILOWATT 202617\u25cf25 JULY FESTIVAL CALENDAR &nbsp; Friday, july 17, 2026 Sorry, the event calendar is not available for&nbsp;this&nbsp;day. &nbsp; Saturday, july 18, 2026 Sorry, the event calendar is not available for&nbsp;this&nbsp;day. &nbsp; Sunday, july 19, 2026 Sorry, the event calendar is not available for&nbsp;this&nbsp;day. &nbsp; Monday, july 20, 2026 Sorry, the event calendar is not [&hellip;]<\/p>\n","protected":false},"author":6,"featured_media":0,"parent":0,"menu_order":0,"comment_status":"closed","ping_status":"closed","template":"","meta":{"_acf_changed":false,"footnotes":""},"capotravecategorie":[],"class_list":["post-63158","page","type-page","status-publish","hentry"],"acf":[],"_links":{"self":[{"href":"https:\/\/www.kilowattfestival.it\/en\/wp-json\/wp\/v2\/pages\/63158","targetHints":{"allow":["GET"]}}],"collection":[{"href":"https:\/\/www.kilowattfestival.it\/en\/wp-json\/wp\/v2\/pages"}],"about":[{"href":"https:\/\/www.kilowattfestival.it\/en\/wp-json\/wp\/v2\/types\/page"}],"author":[{"embeddable":true,"href":"https:\/\/www.kilowattfestival.it\/en\/wp-json\/wp\/v2\/users\/6"}],"replies":[{"embeddable":true,"href":"https:\/\/www.kilowattfestival.it\/en\/wp-json\/wp\/v2\/comments?post=63158"}],"version-history":[{"count":5,"href":"https:\/\/www.kilowattfestival.it\/en\/wp-json\/wp\/v2\/pages\/63158\/revisions"}],"predecessor-version":[{"id":63170,"href":"https:\/\/www.kilowattfestival.it\/en\/wp-json\/wp\/v2\/pages\/63158\/revisions\/63170"}],"wp:attachment":[{"href":"https:\/\/www.kilowattfestival.it\/en\/wp-json\/wp\/v2\/media?parent=63158"}],"wp:term":[{"taxonomy":"capotravecategorie","embeddable":true,"href":"https:\/\/www.kilowattfestival.it\/en\/wp-json\/wp\/v2\/capotravecategorie?post=63158"}],"curies":[{"name":"wp","href":"https:\/\/api.w.org\/{rel}","templated":true}]}}